{"id":11074,"date":"2025-01-26T18:35:01","date_gmt":"2025-01-26T18:35:01","guid":{"rendered":"https:\/\/ultbit.com\/m2camper\/?page_id=11074"},"modified":"2025-04-17T10:42:02","modified_gmt":"2025-04-17T10:42:02","slug":"isolatori-oscuranti-per-opel","status":"publish","type":"page","link":"https:\/\/m2camper.com\/it\/isolatori-oscuranti-per-opel\/","title":{"rendered":"Isolanti oscuranti per Opel"},"content":{"rendered":"<div data-elementor-type=\"wp-page\" data-elementor-id=\"11074\" class=\"elementor elementor-11074\" data-elementor-post-type=\"page\">\n\t\t\t\t\t\t<section class=\"elementor-section elementor-top-section elementor-element elementor-element-12a524b elementor-section-boxed elementor-section-height-default elementor-section-height-default\" data-id=\"12a524b\" data-element_type=\"section\" data-e-type=\"section\" data-settings=\"{&quot;background_background&quot;:&quot;classic&quot;}\">\n\t\t\t\t\t\t\t<div class=\"elementor-background-overlay\"><\/div>\n\t\t\t\t\t\t\t<div class=\"elementor-container elementor-column-gap-default\">\n\t\t\t\t\t<div class=\"elementor-column elementor-col-100 elementor-top-column elementor-element elementor-element-fcd61ff\" data-id=\"fcd61ff\" data-element_type=\"column\" data-e-type=\"column\">\n\t\t\t<div class=\"elementor-widget-wrap elementor-element-populated\">\n\t\t\t\t\t\t<section class=\"elementor-section elementor-inner-section elementor-element elementor-element-c7217c5 elementor-section-boxed elementor-section-height-default elementor-section-height-default\" data-id=\"c7217c5\" data-element_type=\"section\" data-e-type=\"section\">\n\t\t\t\t\t\t<div class=\"elementor-container elementor-column-gap-default\">\n\t\t\t\t\t<div class=\"elementor-column elementor-col-100 elementor-inner-column elementor-element elementor-element-a9625b2\" data-id=\"a9625b2\" data-element_type=\"column\" data-e-type=\"column\">\n\t\t\t<div class=\"elementor-widget-wrap elementor-element-populated\">\n\t\t\t\t\t\t\t<\/div>\n\t\t<\/div>\n\t\t\t\t\t<\/div>\n\t\t<\/section>\n\t\t\t\t\t<\/div>\n\t\t<\/div>\n\t\t\t\t\t<\/div>\n\t\t<\/section>\n\t\t\t\t<section class=\"elementor-section elementor-top-section elementor-element elementor-element-46432d8 elementor-section-boxed elementor-section-height-default elementor-section-height-default\" data-id=\"46432d8\" data-element_type=\"section\" data-e-type=\"section\" data-settings=\"{&quot;background_background&quot;:&quot;classic&quot;}\">\n\t\t\t\t\t\t\t<div class=\"elementor-background-overlay\"><\/div>\n\t\t\t\t\t\t\t<div class=\"elementor-container elementor-column-gap-default\">\n\t\t\t\t\t<div class=\"elementor-column elementor-col-100 elementor-top-column elementor-element elementor-element-adbb7cd elementor-invisible\" data-id=\"adbb7cd\" data-element_type=\"column\" data-e-type=\"column\" data-settings=\"{&quot;animation&quot;:&quot;fadeInLeft&quot;}\">\n\t\t\t<div class=\"elementor-widget-wrap elementor-element-populated\">\n\t\t\t\t<div class=\"elementor-element elementor-element-3d7fcf0 e-flex e-con-boxed e-con e-parent\" data-id=\"3d7fcf0\" data-element_type=\"container\" data-e-type=\"container\">\n\t\t\t\t\t<div class=\"e-con-inner\">\n\t\t<div class=\"elementor-element elementor-element-8721e65 e-con-full e-flex e-con e-child\" data-id=\"8721e65\" data-element_type=\"container\" data-e-type=\"container\">\n\t\t\t\t<div class=\"elementor-element elementor-element-3854079 elementor-widget elementor-widget-image\" data-id=\"3854079\" data-element_type=\"widget\" data-e-type=\"widget\" data-widget_type=\"image.default\">\n\t\t\t\t<div class=\"elementor-widget-container\">\n\t\t\t\t\t\t\t\t\t\t\t\t\t\t\t<img decoding=\"async\" width=\"88\" height=\"74\" src=\"https:\/\/m2camper.com\/wp-content\/uploads\/2025\/01\/5_5_11zon.png\" class=\"attachment-large size-large wp-image-10875\" alt=\"\" \/>\t\t\t\t\t\t\t\t\t\t\t\t\t\t\t<\/div>\n\t\t\t\t<\/div>\n\t\t\t\t<\/div>\n\t\t<div class=\"elementor-element elementor-element-ec1c3fe e-con-full e-flex e-con e-child\" data-id=\"ec1c3fe\" data-element_type=\"container\" data-e-type=\"container\">\n\t\t\t\t<div class=\"elementor-element elementor-element-e526ce4 elementor-widget elementor-widget-text-editor\" data-id=\"e526ce4\" data-element_type=\"widget\" data-e-type=\"widget\" data-widget_type=\"text-editor.default\">\n\t\t\t\t<div class=\"elementor-widget-container\">\n\t\t\t\t\t\t\t\t\t<p>Esplora il mondo con la tua Opel e porta la tua esperienza di viaggio a un livello superiore con i nostri isolanti termici oscuranti a 9 strati, progettati specificamente per i veicoli Opel. Nel nostro negozio, ci impegniamo a offrirti soluzioni che trasformeranno il tuo veicolo in un&#039;oasi di comfort e privacy.<\/p><p><strong>Veicoli camper personalizzati<\/strong><br \/>Sappiamo che ogni modello Opel \u00e8 unico. Ecco perch\u00e9 offriamo soluzioni su misura per migliorare il tuo comfort di viaggio. Scopri la nostra gamma di prodotti progettati specificamente per il tuo veicolo, per garantirti una vestibilit\u00e0 perfetta.<\/p><p><strong>Vantaggi dei nostri prodotti<\/strong><\/p><ul><li><strong>Progettazione personalizzata:<\/strong> I nostri prodotti sono progettati specificamente per i modelli Opel, garantendo una vestibilit\u00e0 perfetta e un aspetto elegante.<\/li><li><strong>Isolamento termico superiore:<\/strong> Provate un comfort termico eccezionale con i nostri isolanti termici oscuranti di alta qualit\u00e0.<\/li><li><strong>Installazione facile:<\/strong> I nostri prodotti sono facili da installare grazie al sistema di fissaggio a ventosa.<\/li><\/ul>\t\t\t\t\t\t\t\t<\/div>\n\t\t\t\t<\/div>\n\t\t\t\t<\/div>\n\t\t\t\t\t<\/div>\n\t\t\t\t<\/div>\n\t\t\t\t\t<\/div>\n\t\t<\/div>\n\t\t\t\t\t<\/div>\n\t\t<\/section>\n\t\t<div class=\"elementor-element elementor-element-4cb6bf6 e-con-full e-flex e-con e-parent\" data-id=\"4cb6bf6\" data-element_type=\"container\" data-e-type=\"container\" data-settings=\"{&quot;background_background&quot;:&quot;classic&quot;}\">\n\t\t<div class=\"elementor-element elementor-element-d014bd8 e-con-full elementor-hidden-tablet elementor-hidden-mobile e-flex e-con e-child\" data-id=\"d014bd8\" data-element_type=\"container\" data-e-type=\"container\">\n\t\t\t\t<div class=\"elementor-element elementor-element-0855125 elementor-widget elementor-widget-elementskit-page-list\" data-id=\"0855125\" data-element_type=\"widget\" data-e-type=\"widget\" data-widget_type=\"elementskit-page-list.default\">\n\t\t\t\t<div class=\"elementor-widget-container\">\n\t\t\t\t\t<div class=\"ekit-wid-con\" >\t\t<div class=\"elementor-icon-list-items\">\n\t\t\t\t\t\t\t<div class=\"elementor-icon-list-item\">\n\t\t\t\t\t\t<a class=\"elementor-repeater-item-d0811d6 ekit_badge_left\" href=\"https:\/\/m2camper.com\/it\/isolatori-oscuranti-per-audi\/\">\n\t\t\t\t\t\t\t<div class=\"ekit_page_list_content\">\n\t\t\t\t\t\t\t\t\t\t\t\t\t\t\t\t<span class=\"elementor-icon-list-text\">\n\t\t\t\t\t\t\t\t\t<span class=\"ekit_page_list_title_title\">Audi<\/span>\n\t\t\t\t\t\t\t\t\t\t\t\t\t\t\t\t\t<\/span>\n\t\t\t\t\t\t\t<\/div>\n\t\t\t\t\t\t\t\t\t\t\t\t\t<\/a>\n\t\t\t\t\t<\/div>\n\t\t\t\t\t\t\t\t<div class=\"elementor-icon-list-item\">\n\t\t\t\t\t\t<a class=\"elementor-repeater-item-ea8a091 ekit_badge_left\" href=\"https:\/\/m2camper.com\/it\/isolatori-oscuranti-per-bmw\/\">\n\t\t\t\t\t\t\t<div class=\"ekit_page_list_content\">\n\t\t\t\t\t\t\t\t\t\t\t\t\t\t\t\t<span class=\"elementor-icon-list-text\">\n\t\t\t\t\t\t\t\t\t<span class=\"ekit_page_list_title_title\">BMW<\/span>\n\t\t\t\t\t\t\t\t\t\t\t\t\t\t\t\t\t<\/span>\n\t\t\t\t\t\t\t<\/div>\n\t\t\t\t\t\t\t\t\t\t\t\t\t<\/a>\n\t\t\t\t\t<\/div>\n\t\t\t\t\t\t\t\t<div class=\"elementor-icon-list-item\">\n\t\t\t\t\t\t<a class=\"elementor-repeater-item-172e267 ekit_badge_left\" href=\"https:\/\/m2camper.com\/it\/isolatori-oscuranti-per-chevrolet\/\">\n\t\t\t\t\t\t\t<div class=\"ekit_page_list_content\">\n\t\t\t\t\t\t\t\t\t\t\t\t\t\t\t\t<span class=\"elementor-icon-list-text\">\n\t\t\t\t\t\t\t\t\t<span class=\"ekit_page_list_title_title\">Chevrolet<\/span>\n\t\t\t\t\t\t\t\t\t\t\t\t\t\t\t\t\t<\/span>\n\t\t\t\t\t\t\t<\/div>\n\t\t\t\t\t\t\t\t\t\t\t\t\t<\/a>\n\t\t\t\t\t<\/div>\n\t\t\t\t\t\t\t\t<div class=\"elementor-icon-list-item\">\n\t\t\t\t\t\t<a class=\"elementor-repeater-item-efd62c3 ekit_badge_left\" href=\"https:\/\/m2camper.com\/it\/isolatori-oscuranti-per-chrysler\/\">\n\t\t\t\t\t\t\t<div class=\"ekit_page_list_content\">\n\t\t\t\t\t\t\t\t\t\t\t\t\t\t\t\t<span class=\"elementor-icon-list-text\">\n\t\t\t\t\t\t\t\t\t<span class=\"ekit_page_list_title_title\">Chrysler<\/span>\n\t\t\t\t\t\t\t\t\t\t\t\t\t\t\t\t\t<\/span>\n\t\t\t\t\t\t\t<\/div>\n\t\t\t\t\t\t\t\t\t\t\t\t\t<\/a>\n\t\t\t\t\t<\/div>\n\t\t\t\t\t\t\t\t<div class=\"elementor-icon-list-item\">\n\t\t\t\t\t\t<a class=\"elementor-repeater-item-72021d8 ekit_badge_left\" href=\"https:\/\/m2camper.com\/it\/isolatori-oscuranti-per-citroen\/\">\n\t\t\t\t\t\t\t<div class=\"ekit_page_list_content\">\n\t\t\t\t\t\t\t\t\t\t\t\t\t\t\t\t<span class=\"elementor-icon-list-text\">\n\t\t\t\t\t\t\t\t\t<span class=\"ekit_page_list_title_title\">Citro\u00ebn<\/span>\n\t\t\t\t\t\t\t\t\t\t\t\t\t\t\t\t\t<\/span>\n\t\t\t\t\t\t\t<\/div>\n\t\t\t\t\t\t\t\t\t\t\t\t\t<\/a>\n\t\t\t\t\t<\/div>\n\t\t\t\t\t\t\t\t<div class=\"elementor-icon-list-item\">\n\t\t\t\t\t\t<a class=\"elementor-repeater-item-cb33de3 ekit_badge_left\" href=\"https:\/\/m2camper.com\/it\/isolatori-oscuranti-per-dacia\/\">\n\t\t\t\t\t\t\t<div class=\"ekit_page_list_content\">\n\t\t\t\t\t\t\t\t\t\t\t\t\t\t\t\t<span class=\"elementor-icon-list-text\">\n\t\t\t\t\t\t\t\t\t<span class=\"ekit_page_list_title_title\">Dacia<\/span>\n\t\t\t\t\t\t\t\t\t\t\t\t\t\t\t\t\t<\/span>\n\t\t\t\t\t\t\t<\/div>\n\t\t\t\t\t\t\t\t\t\t\t\t\t<\/a>\n\t\t\t\t\t<\/div>\n\t\t\t\t\t\t\t\t<div class=\"elementor-icon-list-item\">\n\t\t\t\t\t\t<a class=\"elementor-repeater-item-1b65a80 ekit_badge_left\" href=\"https:\/\/m2camper.com\/it\/isolatori-oscuranti-per-fiat\/\">\n\t\t\t\t\t\t\t<div class=\"ekit_page_list_content\">\n\t\t\t\t\t\t\t\t\t\t\t\t\t\t\t\t<span class=\"elementor-icon-list-text\">\n\t\t\t\t\t\t\t\t\t<span class=\"ekit_page_list_title_title\">Fiat<\/span>\n\t\t\t\t\t\t\t\t\t\t\t\t\t\t\t\t\t<\/span>\n\t\t\t\t\t\t\t<\/div>\n\t\t\t\t\t\t\t\t\t\t\t\t\t<\/a>\n\t\t\t\t\t<\/div>\n\t\t\t\t\t\t\t\t<div class=\"elementor-icon-list-item\">\n\t\t\t\t\t\t<a class=\"elementor-repeater-item-7308ca1 ekit_badge_left\" href=\"https:\/\/m2camper.com\/it\/isolatori-oscuranti-per-ford\/\">\n\t\t\t\t\t\t\t<div class=\"ekit_page_list_content\">\n\t\t\t\t\t\t\t\t\t\t\t\t\t\t\t\t<span class=\"elementor-icon-list-text\">\n\t\t\t\t\t\t\t\t\t<span class=\"ekit_page_list_title_title\">Ford<\/span>\n\t\t\t\t\t\t\t\t\t\t\t\t\t\t\t\t\t<\/span>\n\t\t\t\t\t\t\t<\/div>\n\t\t\t\t\t\t\t\t\t\t\t\t\t<\/a>\n\t\t\t\t\t<\/div>\n\t\t\t\t\t\t\t\t<div class=\"elementor-icon-list-item\">\n\t\t\t\t\t\t<a class=\"elementor-repeater-item-d05c877 ekit_badge_left\" href=\"https:\/\/m2camper.com\/it\/isolatori-oscuranti-per-honda\/\">\n\t\t\t\t\t\t\t<div class=\"ekit_page_list_content\">\n\t\t\t\t\t\t\t\t\t\t\t\t\t\t\t\t<span class=\"elementor-icon-list-text\">\n\t\t\t\t\t\t\t\t\t<span class=\"ekit_page_list_title_title\">Honda<\/span>\n\t\t\t\t\t\t\t\t\t\t\t\t\t\t\t\t\t<\/span>\n\t\t\t\t\t\t\t<\/div>\n\t\t\t\t\t\t\t\t\t\t\t\t\t<\/a>\n\t\t\t\t\t<\/div>\n\t\t\t\t\t\t\t\t<div class=\"elementor-icon-list-item\">\n\t\t\t\t\t\t<a class=\"elementor-repeater-item-ea070ed ekit_badge_left\" href=\"https:\/\/m2camper.com\/it\/isolanti-oscuranti-per-hymer\/\">\n\t\t\t\t\t\t\t<div class=\"ekit_page_list_content\">\n\t\t\t\t\t\t\t\t\t\t\t\t\t\t\t\t<span class=\"elementor-icon-list-text\">\n\t\t\t\t\t\t\t\t\t<span class=\"ekit_page_list_title_title\">Hymer<\/span>\n\t\t\t\t\t\t\t\t\t\t\t\t\t\t\t\t\t<\/span>\n\t\t\t\t\t\t\t<\/div>\n\t\t\t\t\t\t\t\t\t\t\t\t\t<\/a>\n\t\t\t\t\t<\/div>\n\t\t\t\t\t\t\t\t<div class=\"elementor-icon-list-item\">\n\t\t\t\t\t\t<a class=\"elementor-repeater-item-9912345 ekit_badge_left\" href=\"https:\/\/m2camper.com\/it\/isolatori-oscuranti-per-hyundai\/\">\n\t\t\t\t\t\t\t<div class=\"ekit_page_list_content\">\n\t\t\t\t\t\t\t\t\t\t\t\t\t\t\t\t<span class=\"elementor-icon-list-text\">\n\t\t\t\t\t\t\t\t\t<span class=\"ekit_page_list_title_title\">Hyundai<\/span>\n\t\t\t\t\t\t\t\t\t\t\t\t\t\t\t\t\t<\/span>\n\t\t\t\t\t\t\t<\/div>\n\t\t\t\t\t\t\t\t\t\t\t\t\t<\/a>\n\t\t\t\t\t<\/div>\n\t\t\t\t\t\t\t\t<div class=\"elementor-icon-list-item\">\n\t\t\t\t\t\t<a class=\"elementor-repeater-item-d31a97c ekit_badge_left\" href=\"https:\/\/m2camper.com\/it\/isolatori-oscuranti-per-iveco\/\">\n\t\t\t\t\t\t\t<div class=\"ekit_page_list_content\">\n\t\t\t\t\t\t\t\t\t\t\t\t\t\t\t\t<span class=\"elementor-icon-list-text\">\n\t\t\t\t\t\t\t\t\t<span class=\"ekit_page_list_title_title\">Iveco<\/span>\n\t\t\t\t\t\t\t\t\t\t\t\t\t\t\t\t\t<\/span>\n\t\t\t\t\t\t\t<\/div>\n\t\t\t\t\t\t\t\t\t\t\t\t\t<\/a>\n\t\t\t\t\t<\/div>\n\t\t\t\t\t\t\t\t<div class=\"elementor-icon-list-item\">\n\t\t\t\t\t\t<a class=\"elementor-repeater-item-a6b942a ekit_badge_left\" href=\"https:\/\/m2camper.com\/it\/isolatori-oscuranti-per-jeep\/\">\n\t\t\t\t\t\t\t<div class=\"ekit_page_list_content\">\n\t\t\t\t\t\t\t\t\t\t\t\t\t\t\t\t<span class=\"elementor-icon-list-text\">\n\t\t\t\t\t\t\t\t\t<span class=\"ekit_page_list_title_title\">Jeep<\/span>\n\t\t\t\t\t\t\t\t\t\t\t\t\t\t\t\t\t<\/span>\n\t\t\t\t\t\t\t<\/div>\n\t\t\t\t\t\t\t\t\t\t\t\t\t<\/a>\n\t\t\t\t\t<\/div>\n\t\t\t\t\t\t\t\t<div class=\"elementor-icon-list-item\">\n\t\t\t\t\t\t<a class=\"elementor-repeater-item-02af42a ekit_badge_left\" href=\"https:\/\/m2camper.com\/it\/isolatori-oscuranti-per-land-rover\/\">\n\t\t\t\t\t\t\t<div class=\"ekit_page_list_content\">\n\t\t\t\t\t\t\t\t\t\t\t\t\t\t\t\t<span class=\"elementor-icon-list-text\">\n\t\t\t\t\t\t\t\t\t<span class=\"ekit_page_list_title_title\">Land Rover<\/span>\n\t\t\t\t\t\t\t\t\t\t\t\t\t\t\t\t\t<\/span>\n\t\t\t\t\t\t\t<\/div>\n\t\t\t\t\t\t\t\t\t\t\t\t\t<\/a>\n\t\t\t\t\t<\/div>\n\t\t\t\t\t\t\t\t<div class=\"elementor-icon-list-item\">\n\t\t\t\t\t\t<a class=\"elementor-repeater-item-85661e4 ekit_badge_left\" href=\"https:\/\/m2camper.com\/it\/isolanti-oscuranti-per-kia\/\">\n\t\t\t\t\t\t\t<div class=\"ekit_page_list_content\">\n\t\t\t\t\t\t\t\t\t\t\t\t\t\t\t\t<span class=\"elementor-icon-list-text\">\n\t\t\t\t\t\t\t\t\t<span class=\"ekit_page_list_title_title\">Kia<\/span>\n\t\t\t\t\t\t\t\t\t\t\t\t\t\t\t\t\t<\/span>\n\t\t\t\t\t\t\t<\/div>\n\t\t\t\t\t\t\t\t\t\t\t\t\t<\/a>\n\t\t\t\t\t<\/div>\n\t\t\t\t\t\t\t\t<div class=\"elementor-icon-list-item\">\n\t\t\t\t\t\t<a class=\"elementor-repeater-item-10929c4 ekit_badge_left\" href=\"https:\/\/m2camper.com\/it\/isolatori-oscuranti-per-mahindra\/\">\n\t\t\t\t\t\t\t<div class=\"ekit_page_list_content\">\n\t\t\t\t\t\t\t\t\t\t\t\t\t\t\t\t<span class=\"elementor-icon-list-text\">\n\t\t\t\t\t\t\t\t\t<span class=\"ekit_page_list_title_title\">Mahindra<\/span>\n\t\t\t\t\t\t\t\t\t\t\t\t\t\t\t\t\t<\/span>\n\t\t\t\t\t\t\t<\/div>\n\t\t\t\t\t\t\t\t\t\t\t\t\t<\/a>\n\t\t\t\t\t<\/div>\n\t\t\t\t\t\t\t\t<div class=\"elementor-icon-list-item\">\n\t\t\t\t\t\t<a class=\"elementor-repeater-item-78a6604 ekit_badge_left\" href=\"https:\/\/m2camper.com\/it\/isolatori-oscuranti-per-uomo\/\">\n\t\t\t\t\t\t\t<div class=\"ekit_page_list_content\">\n\t\t\t\t\t\t\t\t\t\t\t\t\t\t\t\t<span class=\"elementor-icon-list-text\">\n\t\t\t\t\t\t\t\t\t<span class=\"ekit_page_list_title_title\">MAN<\/span>\n\t\t\t\t\t\t\t\t\t\t\t\t\t\t\t\t\t<\/span>\n\t\t\t\t\t\t\t<\/div>\n\t\t\t\t\t\t\t\t\t\t\t\t\t<\/a>\n\t\t\t\t\t<\/div>\n\t\t\t\t\t\t\t\t<div class=\"elementor-icon-list-item\">\n\t\t\t\t\t\t<a class=\"elementor-repeater-item-7b1a506 ekit_badge_left\" href=\"https:\/\/m2camper.com\/it\/isolatori-oscuranti-per-maxus\/\">\n\t\t\t\t\t\t\t<div class=\"ekit_page_list_content\">\n\t\t\t\t\t\t\t\t\t\t\t\t\t\t\t\t<span class=\"elementor-icon-list-text\">\n\t\t\t\t\t\t\t\t\t<span class=\"ekit_page_list_title_title\">Maxus<\/span>\n\t\t\t\t\t\t\t\t\t\t\t\t\t\t\t\t\t<\/span>\n\t\t\t\t\t\t\t<\/div>\n\t\t\t\t\t\t\t\t\t\t\t\t\t<\/a>\n\t\t\t\t\t<\/div>\n\t\t\t\t\t\t\t\t<div class=\"elementor-icon-list-item\">\n\t\t\t\t\t\t<a class=\"elementor-repeater-item-2383061 ekit_badge_left\" href=\"https:\/\/m2camper.com\/it\/isolatori-oscuranti-per-mazda\/\">\n\t\t\t\t\t\t\t<div class=\"ekit_page_list_content\">\n\t\t\t\t\t\t\t\t\t\t\t\t\t\t\t\t<span class=\"elementor-icon-list-text\">\n\t\t\t\t\t\t\t\t\t<span class=\"ekit_page_list_title_title\">Mazda<\/span>\n\t\t\t\t\t\t\t\t\t\t\t\t\t\t\t\t\t<\/span>\n\t\t\t\t\t\t\t<\/div>\n\t\t\t\t\t\t\t\t\t\t\t\t\t<\/a>\n\t\t\t\t\t<\/div>\n\t\t\t\t\t\t\t\t<div class=\"elementor-icon-list-item\">\n\t\t\t\t\t\t<a class=\"elementor-repeater-item-3c64da2 ekit_badge_left\" href=\"https:\/\/m2camper.com\/it\/isolatori-oscuranti-per-mercedes\/\">\n\t\t\t\t\t\t\t<div class=\"ekit_page_list_content\">\n\t\t\t\t\t\t\t\t\t\t\t\t\t\t\t\t<span class=\"elementor-icon-list-text\">\n\t\t\t\t\t\t\t\t\t<span class=\"ekit_page_list_title_title\">Mercedes<\/span>\n\t\t\t\t\t\t\t\t\t\t\t\t\t\t\t\t\t<\/span>\n\t\t\t\t\t\t\t<\/div>\n\t\t\t\t\t\t\t\t\t\t\t\t\t<\/a>\n\t\t\t\t\t<\/div>\n\t\t\t\t\t\t\t\t<div class=\"elementor-icon-list-item\">\n\t\t\t\t\t\t<a class=\"elementor-repeater-item-8389c31 ekit_badge_left\" href=\"https:\/\/m2camper.com\/it\/isolatori-oscuranti-per-mitsubishi\/\">\n\t\t\t\t\t\t\t<div class=\"ekit_page_list_content\">\n\t\t\t\t\t\t\t\t\t\t\t\t\t\t\t\t<span class=\"elementor-icon-list-text\">\n\t\t\t\t\t\t\t\t\t<span class=\"ekit_page_list_title_title\">Mitsubishi<\/span>\n\t\t\t\t\t\t\t\t\t\t\t\t\t\t\t\t\t<\/span>\n\t\t\t\t\t\t\t<\/div>\n\t\t\t\t\t\t\t\t\t\t\t\t\t<\/a>\n\t\t\t\t\t<\/div>\n\t\t\t\t\t\t\t\t<div class=\"elementor-icon-list-item\">\n\t\t\t\t\t\t<a class=\"elementor-repeater-item-1b36eb5 ekit_badge_left\" href=\"https:\/\/m2camper.com\/it\/isolatori-oscuranti-per-nissan\/\">\n\t\t\t\t\t\t\t<div class=\"ekit_page_list_content\">\n\t\t\t\t\t\t\t\t\t\t\t\t\t\t\t\t<span class=\"elementor-icon-list-text\">\n\t\t\t\t\t\t\t\t\t<span class=\"ekit_page_list_title_title\">Nissan<\/span>\n\t\t\t\t\t\t\t\t\t\t\t\t\t\t\t\t\t<\/span>\n\t\t\t\t\t\t\t<\/div>\n\t\t\t\t\t\t\t\t\t\t\t\t\t<\/a>\n\t\t\t\t\t<\/div>\n\t\t\t\t\t\t\t\t<div class=\"elementor-icon-list-item\">\n\t\t\t\t\t\t<a class=\"elementor-repeater-item-5ca25b5 ekit_badge_left\" href=\"https:\/\/m2camper.com\/it\/isolatori-oscuranti-per-opel\/\">\n\t\t\t\t\t\t\t<div class=\"ekit_page_list_content\">\n\t\t\t\t\t\t\t\t\t\t\t\t\t\t\t\t<span class=\"elementor-icon-list-text\">\n\t\t\t\t\t\t\t\t\t<span class=\"ekit_page_list_title_title\">Opel<\/span>\n\t\t\t\t\t\t\t\t\t\t\t\t\t\t\t\t\t<\/span>\n\t\t\t\t\t\t\t<\/div>\n\t\t\t\t\t\t\t\t\t\t\t\t\t<\/a>\n\t\t\t\t\t<\/div>\n\t\t\t\t\t\t\t\t<div class=\"elementor-icon-list-item\">\n\t\t\t\t\t\t<a class=\"elementor-repeater-item-1c8dc86 ekit_badge_left\" href=\"https:\/\/m2camper.com\/it\/isolatori-oscuranti-per-peugeot\/\">\n\t\t\t\t\t\t\t<div class=\"ekit_page_list_content\">\n\t\t\t\t\t\t\t\t\t\t\t\t\t\t\t\t<span class=\"elementor-icon-list-text\">\n\t\t\t\t\t\t\t\t\t<span class=\"ekit_page_list_title_title\">Peugeot<\/span>\n\t\t\t\t\t\t\t\t\t\t\t\t\t\t\t\t\t<\/span>\n\t\t\t\t\t\t\t<\/div>\n\t\t\t\t\t\t\t\t\t\t\t\t\t<\/a>\n\t\t\t\t\t<\/div>\n\t\t\t\t\t\t\t\t<div class=\"elementor-icon-list-item\">\n\t\t\t\t\t\t<a class=\"elementor-repeater-item-b9fbdc9 ekit_badge_left\" href=\"https:\/\/m2camper.com\/it\/isolatori-oscuranti-per-porsche\/\">\n\t\t\t\t\t\t\t<div class=\"ekit_page_list_content\">\n\t\t\t\t\t\t\t\t\t\t\t\t\t\t\t\t<span class=\"elementor-icon-list-text\">\n\t\t\t\t\t\t\t\t\t<span class=\"ekit_page_list_title_title\">Porsche<\/span>\n\t\t\t\t\t\t\t\t\t\t\t\t\t\t\t\t\t<\/span>\n\t\t\t\t\t\t\t<\/div>\n\t\t\t\t\t\t\t\t\t\t\t\t\t<\/a>\n\t\t\t\t\t<\/div>\n\t\t\t\t\t\t\t\t<div class=\"elementor-icon-list-item\">\n\t\t\t\t\t\t<a class=\"elementor-repeater-item-81459e4 ekit_badge_left\" href=\"https:\/\/m2camper.com\/it\/isolatori-oscuranti-per-renault\/\">\n\t\t\t\t\t\t\t<div class=\"ekit_page_list_content\">\n\t\t\t\t\t\t\t\t\t\t\t\t\t\t\t\t<span class=\"elementor-icon-list-text\">\n\t\t\t\t\t\t\t\t\t<span class=\"ekit_page_list_title_title\">Renault<\/span>\n\t\t\t\t\t\t\t\t\t\t\t\t\t\t\t\t\t<\/span>\n\t\t\t\t\t\t\t<\/div>\n\t\t\t\t\t\t\t\t\t\t\t\t\t<\/a>\n\t\t\t\t\t<\/div>\n\t\t\t\t\t\t\t\t<div class=\"elementor-icon-list-item\">\n\t\t\t\t\t\t<a class=\"elementor-repeater-item-cb0323b ekit_badge_left\" href=\"https:\/\/m2camper.com\/it\/isolatori-oscuranti-per-scania\/\">\n\t\t\t\t\t\t\t<div class=\"ekit_page_list_content\">\n\t\t\t\t\t\t\t\t\t\t\t\t\t\t\t\t<span class=\"elementor-icon-list-text\">\n\t\t\t\t\t\t\t\t\t<span class=\"ekit_page_list_title_title\">Scania<\/span>\n\t\t\t\t\t\t\t\t\t\t\t\t\t\t\t\t\t<\/span>\n\t\t\t\t\t\t\t<\/div>\n\t\t\t\t\t\t\t\t\t\t\t\t\t<\/a>\n\t\t\t\t\t<\/div>\n\t\t\t\t\t\t\t\t<div class=\"elementor-icon-list-item\">\n\t\t\t\t\t\t<a class=\"elementor-repeater-item-ac53477 ekit_badge_left\" href=\"https:\/\/m2camper.com\/it\/isolatori-oscuranti-per-seat\/\">\n\t\t\t\t\t\t\t<div class=\"ekit_page_list_content\">\n\t\t\t\t\t\t\t\t\t\t\t\t\t\t\t\t<span class=\"elementor-icon-list-text\">\n\t\t\t\t\t\t\t\t\t<span class=\"ekit_page_list_title_title\">Seat<\/span>\n\t\t\t\t\t\t\t\t\t\t\t\t\t\t\t\t\t<\/span>\n\t\t\t\t\t\t\t<\/div>\n\t\t\t\t\t\t\t\t\t\t\t\t\t<\/a>\n\t\t\t\t\t<\/div>\n\t\t\t\t\t\t\t\t<div class=\"elementor-icon-list-item\">\n\t\t\t\t\t\t<a class=\"elementor-repeater-item-36beee6 ekit_badge_left\" href=\"https:\/\/m2camper.com\/it\/isolatori-oscuranti-per-skoda\/\">\n\t\t\t\t\t\t\t<div class=\"ekit_page_list_content\">\n\t\t\t\t\t\t\t\t\t\t\t\t\t\t\t\t<span class=\"elementor-icon-list-text\">\n\t\t\t\t\t\t\t\t\t<span class=\"ekit_page_list_title_title\">\u0160koda<\/span>\n\t\t\t\t\t\t\t\t\t\t\t\t\t\t\t\t\t<\/span>\n\t\t\t\t\t\t\t<\/div>\n\t\t\t\t\t\t\t\t\t\t\t\t\t<\/a>\n\t\t\t\t\t<\/div>\n\t\t\t\t\t\t\t\t<div class=\"elementor-icon-list-item\">\n\t\t\t\t\t\t<a class=\"elementor-repeater-item-10f697d ekit_badge_left\" href=\"https:\/\/m2camper.com\/it\/isolatori-oscuranti-per-ssangyong\/\">\n\t\t\t\t\t\t\t<div class=\"ekit_page_list_content\">\n\t\t\t\t\t\t\t\t\t\t\t\t\t\t\t\t<span class=\"elementor-icon-list-text\">\n\t\t\t\t\t\t\t\t\t<span class=\"ekit_page_list_title_title\">Ssangyong<\/span>\n\t\t\t\t\t\t\t\t\t\t\t\t\t\t\t\t\t<\/span>\n\t\t\t\t\t\t\t<\/div>\n\t\t\t\t\t\t\t\t\t\t\t\t\t<\/a>\n\t\t\t\t\t<\/div>\n\t\t\t\t\t\t\t\t<div class=\"elementor-icon-list-item\">\n\t\t\t\t\t\t<a class=\"elementor-repeater-item-4eb0074 ekit_badge_left\" href=\"https:\/\/m2camper.com\/it\/isolatori-oscuranti-per-subaru\/\">\n\t\t\t\t\t\t\t<div class=\"ekit_page_list_content\">\n\t\t\t\t\t\t\t\t\t\t\t\t\t\t\t\t<span class=\"elementor-icon-list-text\">\n\t\t\t\t\t\t\t\t\t<span class=\"ekit_page_list_title_title\">Subaru<\/span>\n\t\t\t\t\t\t\t\t\t\t\t\t\t\t\t\t\t<\/span>\n\t\t\t\t\t\t\t<\/div>\n\t\t\t\t\t\t\t\t\t\t\t\t\t<\/a>\n\t\t\t\t\t<\/div>\n\t\t\t\t\t\t\t\t<div class=\"elementor-icon-list-item\">\n\t\t\t\t\t\t<a class=\"elementor-repeater-item-d3f4d60 ekit_badge_left\" href=\"https:\/\/m2camper.com\/it\/isolatori-oscuranti-per-suzuki\/\">\n\t\t\t\t\t\t\t<div class=\"ekit_page_list_content\">\n\t\t\t\t\t\t\t\t\t\t\t\t\t\t\t\t<span class=\"elementor-icon-list-text\">\n\t\t\t\t\t\t\t\t\t<span class=\"ekit_page_list_title_title\">Suzuki<\/span>\n\t\t\t\t\t\t\t\t\t\t\t\t\t\t\t\t\t<\/span>\n\t\t\t\t\t\t\t<\/div>\n\t\t\t\t\t\t\t\t\t\t\t\t\t<\/a>\n\t\t\t\t\t<\/div>\n\t\t\t\t\t\t\t\t<div class=\"elementor-icon-list-item\">\n\t\t\t\t\t\t<a class=\"elementor-repeater-item-2e49d7f ekit_badge_left\" href=\"https:\/\/m2camper.com\/it\/isolatori-oscuranti-per-toyota\/\">\n\t\t\t\t\t\t\t<div class=\"ekit_page_list_content\">\n\t\t\t\t\t\t\t\t\t\t\t\t\t\t\t\t<span class=\"elementor-icon-list-text\">\n\t\t\t\t\t\t\t\t\t<span class=\"ekit_page_list_title_title\">Toyota<\/span>\n\t\t\t\t\t\t\t\t\t\t\t\t\t\t\t\t\t<\/span>\n\t\t\t\t\t\t\t<\/div>\n\t\t\t\t\t\t\t\t\t\t\t\t\t<\/a>\n\t\t\t\t\t<\/div>\n\t\t\t\t\t\t\t\t<div class=\"elementor-icon-list-item\">\n\t\t\t\t\t\t<a class=\"elementor-repeater-item-3c58ebe ekit_badge_left\" href=\"https:\/\/m2camper.com\/it\/isolatori-oscuranti-per-volkswagen\/\">\n\t\t\t\t\t\t\t<div class=\"ekit_page_list_content\">\n\t\t\t\t\t\t\t\t\t\t\t\t\t\t\t\t<span class=\"elementor-icon-list-text\">\n\t\t\t\t\t\t\t\t\t<span class=\"ekit_page_list_title_title\">Volkswagen<\/span>\n\t\t\t\t\t\t\t\t\t\t\t\t\t\t\t\t\t<\/span>\n\t\t\t\t\t\t\t<\/div>\n\t\t\t\t\t\t\t\t\t\t\t\t\t<\/a>\n\t\t\t\t\t<\/div>\n\t\t\t\t\t\t\t\t<div class=\"elementor-icon-list-item\">\n\t\t\t\t\t\t<a class=\"elementor-repeater-item-d5429e7 ekit_badge_left\" href=\"https:\/\/m2camper.com\/it\/isolatori-oscuranti-per-volvo\/\">\n\t\t\t\t\t\t\t<div class=\"ekit_page_list_content\">\n\t\t\t\t\t\t\t\t\t\t\t\t\t\t\t\t<span class=\"elementor-icon-list-text\">\n\t\t\t\t\t\t\t\t\t<span class=\"ekit_page_list_title_title\">Volvo<\/span>\n\t\t\t\t\t\t\t\t\t\t\t\t\t\t\t\t\t<\/span>\n\t\t\t\t\t\t\t<\/div>\n\t\t\t\t\t\t\t\t\t\t\t\t\t<\/a>\n\t\t\t\t\t<\/div>\n\t\t\t\t\t\t<\/div>\n\t\t<\/div>\t\t\t\t<\/div>\n\t\t\t\t<\/div>\n\t\t\t\t<div class=\"elementor-element elementor-element-4006f33 elementor-icon-list--layout-traditional elementor-list-item-link-full_width elementor-widget elementor-widget-icon-list\" data-id=\"4006f33\" data-element_type=\"widget\" data-e-type=\"widget\" data-widget_type=\"icon-list.default\">\n\t\t\t\t<div class=\"elementor-widget-container\">\n\t\t\t\t\t\t\t<ul class=\"elementor-icon-list-items\">\n\t\t\t\t\t\t\t<li class=\"elementor-icon-list-item\">\n\t\t\t\t\t\t\t\t\t\t\t<a href=\"https:\/\/m2camper.com\/it\/dadi-a-ventosa\/\">\n\n\t\t\t\t\t\t\t\t\t\t\t<span class=\"elementor-icon-list-text\">Ventose + Dadi<\/span>\n\t\t\t\t\t\t\t\t\t\t\t<\/a>\n\t\t\t\t\t\t\t\t\t<\/li>\n\t\t\t\t\t\t\t\t<li class=\"elementor-icon-list-item\">\n\t\t\t\t\t\t\t\t\t\t\t<a href=\"https:\/\/m2camper.com\/it\/aislantes-termicos-piezas-sueltas-2\/\">\n\n\t\t\t\t\t\t\t\t\t\t\t<span class=\"elementor-icon-list-text\">Parti sciolte degli isolanti termici<\/span>\n\t\t\t\t\t\t\t\t\t\t\t<\/a>\n\t\t\t\t\t\t\t\t\t<\/li>\n\t\t\t\t\t\t\t\t<li class=\"elementor-icon-list-item\">\n\t\t\t\t\t\t\t\t\t\t\t<a href=\"https:\/\/m2camper.com\/it\/bolsillos-2\/\">\n\n\t\t\t\t\t\t\t\t\t\t\t<span class=\"elementor-icon-list-text\">Tasche<\/span>\n\t\t\t\t\t\t\t\t\t\t\t<\/a>\n\t\t\t\t\t\t\t\t\t<\/li>\n\t\t\t\t\t\t<\/ul>\n\t\t\t\t\t\t<\/div>\n\t\t\t\t<\/div>\n\t\t\t\t<\/div>\n\t\t<div class=\"elementor-element elementor-element-e48e7e3 e-con-full e-flex e-con e-child\" data-id=\"e48e7e3\" data-element_type=\"container\" data-e-type=\"container\">\n\t\t<div class=\"elementor-element elementor-element-7d8aa44 e-con-full elementor-hidden-desktop e-flex e-con e-child\" data-id=\"7d8aa44\" data-element_type=\"container\" data-e-type=\"container\">\n\t\t\t\t<div class=\"elementor-element elementor-element-c72ea56 elementor-align-right elementor-widget elementor-widget-button\" data-id=\"c72ea56\" data-element_type=\"widget\" data-e-type=\"widget\" data-widget_type=\"button.default\">\n\t\t\t\t<div class=\"elementor-widget-container\">\n\t\t\t\t\t\t\t\t\t<div class=\"elementor-button-wrapper\">\n\t\t\t\t\t<a class=\"elementor-button elementor-button-link elementor-size-sm\" href=\"#elementor-action%3Aaction%3Doff_canvas%3Aopen%26settings%3DeyJpZCI6IjhiNDRlMTQiLCJkaXNwbGF5TW9kZSI6Im9wZW4ifQ%3D%3D\">\n\t\t\t\t\t\t<span class=\"elementor-button-content-wrapper\">\n\t\t\t\t\t\t<span class=\"elementor-button-icon\">\n\t\t\t\t<i aria-hidden=\"true\" class=\"ti-filter\"><\/i>\t\t\t<\/span>\n\t\t\t\t\t\t\t\t\t<span class=\"elementor-button-text\">Filtra i prodotti<\/span>\n\t\t\t\t\t<\/span>\n\t\t\t\t\t<\/a>\n\t\t\t\t<\/div>\n\t\t\t\t\t\t\t\t<\/div>\n\t\t\t\t<\/div>\n\t\t\t\t<div class=\"elementor-element elementor-element-8b44e14 elementor-widget elementor-widget-off-canvas\" data-id=\"8b44e14\" data-element_type=\"widget\" data-e-type=\"widget\" data-widget_type=\"off-canvas.default\">\n\t\t\t\t<div class=\"elementor-widget-container\">\n\t\t\t\t\t\t\t<div id=\"off-canvas-8b44e14\" class=\"e-off-canvas\" role=\"dialog\" aria-hidden=\"true\" aria-label=\"Fuori tela\" aria-modal=\"true\" inert=\"\" data-delay-child-handlers=\"true\">\n\t\t\t<div class=\"e-off-canvas__overlay\"><\/div>\n\t\t\t<div class=\"e-off-canvas__main\">\n\t\t\t\t<div class=\"e-off-canvas__content\">\n\t\t\t\t\t<div class=\"elementor-element elementor-element-3b45681 e-con-full e-flex e-con e-child\" data-id=\"3b45681\" data-element_type=\"container\" data-e-type=\"container\">\n\t\t<div class=\"elementor-element elementor-element-20d374e e-con-full e-flex e-con e-child\" data-id=\"20d374e\" data-element_type=\"container\" data-e-type=\"container\">\n\t\t\t\t<div class=\"elementor-element elementor-element-0ef9382 elementor-widget elementor-widget-elementskit-page-list\" data-id=\"0ef9382\" data-element_type=\"widget\" data-e-type=\"widget\" data-widget_type=\"elementskit-page-list.default\">\n\t\t\t\t<div class=\"elementor-widget-container\">\n\t\t\t\t\t<div class=\"ekit-wid-con\" >\t\t<div class=\"elementor-icon-list-items\">\n\t\t\t\t\t\t\t<div class=\"elementor-icon-list-item\">\n\t\t\t\t\t\t<a class=\"elementor-repeater-item-d0811d6 ekit_badge_left\" href=\"https:\/\/m2camper.com\/it\/isolatori-oscuranti-per-audi\/\">\n\t\t\t\t\t\t\t<div class=\"ekit_page_list_content\">\n\t\t\t\t\t\t\t\t\t\t\t\t\t\t\t\t<span class=\"elementor-icon-list-text\">\n\t\t\t\t\t\t\t\t\t<span class=\"ekit_page_list_title_title\">Audi<\/span>\n\t\t\t\t\t\t\t\t\t\t\t\t\t\t\t\t\t<\/span>\n\t\t\t\t\t\t\t<\/div>\n\t\t\t\t\t\t\t\t\t\t\t\t\t<\/a>\n\t\t\t\t\t<\/div>\n\t\t\t\t\t\t\t\t<div class=\"elementor-icon-list-item\">\n\t\t\t\t\t\t<a class=\"elementor-repeater-item-ea8a091 ekit_badge_left\" href=\"https:\/\/m2camper.com\/it\/isolatori-oscuranti-per-bmw\/\">\n\t\t\t\t\t\t\t<div class=\"ekit_page_list_content\">\n\t\t\t\t\t\t\t\t\t\t\t\t\t\t\t\t<span class=\"elementor-icon-list-text\">\n\t\t\t\t\t\t\t\t\t<span class=\"ekit_page_list_title_title\">BMW<\/span>\n\t\t\t\t\t\t\t\t\t\t\t\t\t\t\t\t\t<\/span>\n\t\t\t\t\t\t\t<\/div>\n\t\t\t\t\t\t\t\t\t\t\t\t\t<\/a>\n\t\t\t\t\t<\/div>\n\t\t\t\t\t\t\t\t<div class=\"elementor-icon-list-item\">\n\t\t\t\t\t\t<a class=\"elementor-repeater-item-172e267 ekit_badge_left\" href=\"https:\/\/m2camper.com\/it\/isolatori-oscuranti-per-chevrolet\/\">\n\t\t\t\t\t\t\t<div class=\"ekit_page_list_content\">\n\t\t\t\t\t\t\t\t\t\t\t\t\t\t\t\t<span class=\"elementor-icon-list-text\">\n\t\t\t\t\t\t\t\t\t<span class=\"ekit_page_list_title_title\">Chevrolet<\/span>\n\t\t\t\t\t\t\t\t\t\t\t\t\t\t\t\t\t<\/span>\n\t\t\t\t\t\t\t<\/div>\n\t\t\t\t\t\t\t\t\t\t\t\t\t<\/a>\n\t\t\t\t\t<\/div>\n\t\t\t\t\t\t\t\t<div class=\"elementor-icon-list-item\">\n\t\t\t\t\t\t<a class=\"elementor-repeater-item-efd62c3 ekit_badge_left\" href=\"https:\/\/m2camper.com\/it\/isolatori-oscuranti-per-chrysler\/\">\n\t\t\t\t\t\t\t<div class=\"ekit_page_list_content\">\n\t\t\t\t\t\t\t\t\t\t\t\t\t\t\t\t<span class=\"elementor-icon-list-text\">\n\t\t\t\t\t\t\t\t\t<span class=\"ekit_page_list_title_title\">Chrysler<\/span>\n\t\t\t\t\t\t\t\t\t\t\t\t\t\t\t\t\t<\/span>\n\t\t\t\t\t\t\t<\/div>\n\t\t\t\t\t\t\t\t\t\t\t\t\t<\/a>\n\t\t\t\t\t<\/div>\n\t\t\t\t\t\t\t\t<div class=\"elementor-icon-list-item\">\n\t\t\t\t\t\t<a class=\"elementor-repeater-item-72021d8 ekit_badge_left\" href=\"https:\/\/m2camper.com\/it\/isolatori-oscuranti-per-citroen\/\">\n\t\t\t\t\t\t\t<div class=\"ekit_page_list_content\">\n\t\t\t\t\t\t\t\t\t\t\t\t\t\t\t\t<span class=\"elementor-icon-list-text\">\n\t\t\t\t\t\t\t\t\t<span class=\"ekit_page_list_title_title\">Citro\u00ebn<\/span>\n\t\t\t\t\t\t\t\t\t\t\t\t\t\t\t\t\t<\/span>\n\t\t\t\t\t\t\t<\/div>\n\t\t\t\t\t\t\t\t\t\t\t\t\t<\/a>\n\t\t\t\t\t<\/div>\n\t\t\t\t\t\t\t\t<div class=\"elementor-icon-list-item\">\n\t\t\t\t\t\t<a class=\"elementor-repeater-item-cb33de3 ekit_badge_left\" href=\"https:\/\/m2camper.com\/it\/isolatori-oscuranti-per-dacia\/\">\n\t\t\t\t\t\t\t<div class=\"ekit_page_list_content\">\n\t\t\t\t\t\t\t\t\t\t\t\t\t\t\t\t<span class=\"elementor-icon-list-text\">\n\t\t\t\t\t\t\t\t\t<span class=\"ekit_page_list_title_title\">Dacia<\/span>\n\t\t\t\t\t\t\t\t\t\t\t\t\t\t\t\t\t<\/span>\n\t\t\t\t\t\t\t<\/div>\n\t\t\t\t\t\t\t\t\t\t\t\t\t<\/a>\n\t\t\t\t\t<\/div>\n\t\t\t\t\t\t\t\t<div class=\"elementor-icon-list-item\">\n\t\t\t\t\t\t<a class=\"elementor-repeater-item-1b65a80 ekit_badge_left\" href=\"https:\/\/m2camper.com\/it\/isolatori-oscuranti-per-fiat\/\">\n\t\t\t\t\t\t\t<div class=\"ekit_page_list_content\">\n\t\t\t\t\t\t\t\t\t\t\t\t\t\t\t\t<span class=\"elementor-icon-list-text\">\n\t\t\t\t\t\t\t\t\t<span class=\"ekit_page_list_title_title\">Fiat<\/span>\n\t\t\t\t\t\t\t\t\t\t\t\t\t\t\t\t\t<\/span>\n\t\t\t\t\t\t\t<\/div>\n\t\t\t\t\t\t\t\t\t\t\t\t\t<\/a>\n\t\t\t\t\t<\/div>\n\t\t\t\t\t\t\t\t<div class=\"elementor-icon-list-item\">\n\t\t\t\t\t\t<a class=\"elementor-repeater-item-7308ca1 ekit_badge_left\" href=\"https:\/\/m2camper.com\/it\/isolatori-oscuranti-per-ford\/\">\n\t\t\t\t\t\t\t<div class=\"ekit_page_list_content\">\n\t\t\t\t\t\t\t\t\t\t\t\t\t\t\t\t<span class=\"elementor-icon-list-text\">\n\t\t\t\t\t\t\t\t\t<span class=\"ekit_page_list_title_title\">Ford<\/span>\n\t\t\t\t\t\t\t\t\t\t\t\t\t\t\t\t\t<\/span>\n\t\t\t\t\t\t\t<\/div>\n\t\t\t\t\t\t\t\t\t\t\t\t\t<\/a>\n\t\t\t\t\t<\/div>\n\t\t\t\t\t\t\t\t<div class=\"elementor-icon-list-item\">\n\t\t\t\t\t\t<a class=\"elementor-repeater-item-d05c877 ekit_badge_left\" href=\"https:\/\/m2camper.com\/it\/isolatori-oscuranti-per-honda\/\">\n\t\t\t\t\t\t\t<div class=\"ekit_page_list_content\">\n\t\t\t\t\t\t\t\t\t\t\t\t\t\t\t\t<span class=\"elementor-icon-list-text\">\n\t\t\t\t\t\t\t\t\t<span class=\"ekit_page_list_title_title\">Honda<\/span>\n\t\t\t\t\t\t\t\t\t\t\t\t\t\t\t\t\t<\/span>\n\t\t\t\t\t\t\t<\/div>\n\t\t\t\t\t\t\t\t\t\t\t\t\t<\/a>\n\t\t\t\t\t<\/div>\n\t\t\t\t\t\t\t\t<div class=\"elementor-icon-list-item\">\n\t\t\t\t\t\t<a class=\"elementor-repeater-item-ea070ed ekit_badge_left\" href=\"https:\/\/m2camper.com\/it\/isolanti-oscuranti-per-hymer\/\">\n\t\t\t\t\t\t\t<div class=\"ekit_page_list_content\">\n\t\t\t\t\t\t\t\t\t\t\t\t\t\t\t\t<span class=\"elementor-icon-list-text\">\n\t\t\t\t\t\t\t\t\t<span class=\"ekit_page_list_title_title\">Hymer<\/span>\n\t\t\t\t\t\t\t\t\t\t\t\t\t\t\t\t\t<\/span>\n\t\t\t\t\t\t\t<\/div>\n\t\t\t\t\t\t\t\t\t\t\t\t\t<\/a>\n\t\t\t\t\t<\/div>\n\t\t\t\t\t\t\t\t<div class=\"elementor-icon-list-item\">\n\t\t\t\t\t\t<a class=\"elementor-repeater-item-9912345 ekit_badge_left\" href=\"https:\/\/m2camper.com\/it\/isolatori-oscuranti-per-hyundai\/\">\n\t\t\t\t\t\t\t<div class=\"ekit_page_list_content\">\n\t\t\t\t\t\t\t\t\t\t\t\t\t\t\t\t<span class=\"elementor-icon-list-text\">\n\t\t\t\t\t\t\t\t\t<span class=\"ekit_page_list_title_title\">Hyundai<\/span>\n\t\t\t\t\t\t\t\t\t\t\t\t\t\t\t\t\t<\/span>\n\t\t\t\t\t\t\t<\/div>\n\t\t\t\t\t\t\t\t\t\t\t\t\t<\/a>\n\t\t\t\t\t<\/div>\n\t\t\t\t\t\t\t\t<div class=\"elementor-icon-list-item\">\n\t\t\t\t\t\t<a class=\"elementor-repeater-item-d31a97c ekit_badge_left\" href=\"https:\/\/m2camper.com\/it\/isolatori-oscuranti-per-iveco\/\">\n\t\t\t\t\t\t\t<div class=\"ekit_page_list_content\">\n\t\t\t\t\t\t\t\t\t\t\t\t\t\t\t\t<span class=\"elementor-icon-list-text\">\n\t\t\t\t\t\t\t\t\t<span class=\"ekit_page_list_title_title\">Iveco<\/span>\n\t\t\t\t\t\t\t\t\t\t\t\t\t\t\t\t\t<\/span>\n\t\t\t\t\t\t\t<\/div>\n\t\t\t\t\t\t\t\t\t\t\t\t\t<\/a>\n\t\t\t\t\t<\/div>\n\t\t\t\t\t\t\t\t<div class=\"elementor-icon-list-item\">\n\t\t\t\t\t\t<a class=\"elementor-repeater-item-a6b942a ekit_badge_left\" href=\"https:\/\/m2camper.com\/it\/isolatori-oscuranti-per-jeep\/\">\n\t\t\t\t\t\t\t<div class=\"ekit_page_list_content\">\n\t\t\t\t\t\t\t\t\t\t\t\t\t\t\t\t<span class=\"elementor-icon-list-text\">\n\t\t\t\t\t\t\t\t\t<span class=\"ekit_page_list_title_title\">Jeep<\/span>\n\t\t\t\t\t\t\t\t\t\t\t\t\t\t\t\t\t<\/span>\n\t\t\t\t\t\t\t<\/div>\n\t\t\t\t\t\t\t\t\t\t\t\t\t<\/a>\n\t\t\t\t\t<\/div>\n\t\t\t\t\t\t\t\t<div class=\"elementor-icon-list-item\">\n\t\t\t\t\t\t<a class=\"elementor-repeater-item-02af42a ekit_badge_left\" href=\"https:\/\/m2camper.com\/it\/isolatori-oscuranti-per-land-rover\/\">\n\t\t\t\t\t\t\t<div class=\"ekit_page_list_content\">\n\t\t\t\t\t\t\t\t\t\t\t\t\t\t\t\t<span class=\"elementor-icon-list-text\">\n\t\t\t\t\t\t\t\t\t<span class=\"ekit_page_list_title_title\">Land Rover<\/span>\n\t\t\t\t\t\t\t\t\t\t\t\t\t\t\t\t\t<\/span>\n\t\t\t\t\t\t\t<\/div>\n\t\t\t\t\t\t\t\t\t\t\t\t\t<\/a>\n\t\t\t\t\t<\/div>\n\t\t\t\t\t\t\t\t<div class=\"elementor-icon-list-item\">\n\t\t\t\t\t\t<a class=\"elementor-repeater-item-85661e4 ekit_badge_left\" href=\"https:\/\/m2camper.com\/it\/isolanti-oscuranti-per-kia\/\">\n\t\t\t\t\t\t\t<div class=\"ekit_page_list_content\">\n\t\t\t\t\t\t\t\t\t\t\t\t\t\t\t\t<span class=\"elementor-icon-list-text\">\n\t\t\t\t\t\t\t\t\t<span class=\"ekit_page_list_title_title\">Kia<\/span>\n\t\t\t\t\t\t\t\t\t\t\t\t\t\t\t\t\t<\/span>\n\t\t\t\t\t\t\t<\/div>\n\t\t\t\t\t\t\t\t\t\t\t\t\t<\/a>\n\t\t\t\t\t<\/div>\n\t\t\t\t\t\t\t\t<div class=\"elementor-icon-list-item\">\n\t\t\t\t\t\t<a class=\"elementor-repeater-item-10929c4 ekit_badge_left\" href=\"https:\/\/m2camper.com\/it\/isolatori-oscuranti-per-mahindra\/\">\n\t\t\t\t\t\t\t<div class=\"ekit_page_list_content\">\n\t\t\t\t\t\t\t\t\t\t\t\t\t\t\t\t<span class=\"elementor-icon-list-text\">\n\t\t\t\t\t\t\t\t\t<span class=\"ekit_page_list_title_title\">Mahindra<\/span>\n\t\t\t\t\t\t\t\t\t\t\t\t\t\t\t\t\t<\/span>\n\t\t\t\t\t\t\t<\/div>\n\t\t\t\t\t\t\t\t\t\t\t\t\t<\/a>\n\t\t\t\t\t<\/div>\n\t\t\t\t\t\t\t\t<div class=\"elementor-icon-list-item\">\n\t\t\t\t\t\t<a class=\"elementor-repeater-item-78a6604 ekit_badge_left\" href=\"https:\/\/m2camper.com\/it\/isolatori-oscuranti-per-uomo\/\">\n\t\t\t\t\t\t\t<div class=\"ekit_page_list_content\">\n\t\t\t\t\t\t\t\t\t\t\t\t\t\t\t\t<span class=\"elementor-icon-list-text\">\n\t\t\t\t\t\t\t\t\t<span class=\"ekit_page_list_title_title\">MAN<\/span>\n\t\t\t\t\t\t\t\t\t\t\t\t\t\t\t\t\t<\/span>\n\t\t\t\t\t\t\t<\/div>\n\t\t\t\t\t\t\t\t\t\t\t\t\t<\/a>\n\t\t\t\t\t<\/div>\n\t\t\t\t\t\t\t\t<div class=\"elementor-icon-list-item\">\n\t\t\t\t\t\t<a class=\"elementor-repeater-item-7b1a506 ekit_badge_left\" href=\"https:\/\/m2camper.com\/it\/isolatori-oscuranti-per-maxus\/\">\n\t\t\t\t\t\t\t<div class=\"ekit_page_list_content\">\n\t\t\t\t\t\t\t\t\t\t\t\t\t\t\t\t<span class=\"elementor-icon-list-text\">\n\t\t\t\t\t\t\t\t\t<span class=\"ekit_page_list_title_title\">Maxus<\/span>\n\t\t\t\t\t\t\t\t\t\t\t\t\t\t\t\t\t<\/span>\n\t\t\t\t\t\t\t<\/div>\n\t\t\t\t\t\t\t\t\t\t\t\t\t<\/a>\n\t\t\t\t\t<\/div>\n\t\t\t\t\t\t\t\t<div class=\"elementor-icon-list-item\">\n\t\t\t\t\t\t<a class=\"elementor-repeater-item-2383061 ekit_badge_left\" href=\"https:\/\/m2camper.com\/it\/isolatori-oscuranti-per-mazda\/\">\n\t\t\t\t\t\t\t<div class=\"ekit_page_list_content\">\n\t\t\t\t\t\t\t\t\t\t\t\t\t\t\t\t<span class=\"elementor-icon-list-text\">\n\t\t\t\t\t\t\t\t\t<span class=\"ekit_page_list_title_title\">Mazda<\/span>\n\t\t\t\t\t\t\t\t\t\t\t\t\t\t\t\t\t<\/span>\n\t\t\t\t\t\t\t<\/div>\n\t\t\t\t\t\t\t\t\t\t\t\t\t<\/a>\n\t\t\t\t\t<\/div>\n\t\t\t\t\t\t\t\t<div class=\"elementor-icon-list-item\">\n\t\t\t\t\t\t<a class=\"elementor-repeater-item-3c64da2 ekit_badge_left\" href=\"https:\/\/m2camper.com\/it\/isolatori-oscuranti-per-mercedes\/\">\n\t\t\t\t\t\t\t<div class=\"ekit_page_list_content\">\n\t\t\t\t\t\t\t\t\t\t\t\t\t\t\t\t<span class=\"elementor-icon-list-text\">\n\t\t\t\t\t\t\t\t\t<span class=\"ekit_page_list_title_title\">Mercedes<\/span>\n\t\t\t\t\t\t\t\t\t\t\t\t\t\t\t\t\t<\/span>\n\t\t\t\t\t\t\t<\/div>\n\t\t\t\t\t\t\t\t\t\t\t\t\t<\/a>\n\t\t\t\t\t<\/div>\n\t\t\t\t\t\t\t\t<div class=\"elementor-icon-list-item\">\n\t\t\t\t\t\t<a class=\"elementor-repeater-item-8389c31 ekit_badge_left\" href=\"https:\/\/m2camper.com\/it\/isolatori-oscuranti-per-mitsubishi\/\">\n\t\t\t\t\t\t\t<div class=\"ekit_page_list_content\">\n\t\t\t\t\t\t\t\t\t\t\t\t\t\t\t\t<span class=\"elementor-icon-list-text\">\n\t\t\t\t\t\t\t\t\t<span class=\"ekit_page_list_title_title\">Mitsubishi<\/span>\n\t\t\t\t\t\t\t\t\t\t\t\t\t\t\t\t\t<\/span>\n\t\t\t\t\t\t\t<\/div>\n\t\t\t\t\t\t\t\t\t\t\t\t\t<\/a>\n\t\t\t\t\t<\/div>\n\t\t\t\t\t\t\t\t<div class=\"elementor-icon-list-item\">\n\t\t\t\t\t\t<a class=\"elementor-repeater-item-1b36eb5 ekit_badge_left\" href=\"https:\/\/m2camper.com\/it\/isolatori-oscuranti-per-nissan\/\">\n\t\t\t\t\t\t\t<div class=\"ekit_page_list_content\">\n\t\t\t\t\t\t\t\t\t\t\t\t\t\t\t\t<span class=\"elementor-icon-list-text\">\n\t\t\t\t\t\t\t\t\t<span class=\"ekit_page_list_title_title\">Nissan<\/span>\n\t\t\t\t\t\t\t\t\t\t\t\t\t\t\t\t\t<\/span>\n\t\t\t\t\t\t\t<\/div>\n\t\t\t\t\t\t\t\t\t\t\t\t\t<\/a>\n\t\t\t\t\t<\/div>\n\t\t\t\t\t\t\t\t<div class=\"elementor-icon-list-item\">\n\t\t\t\t\t\t<a class=\"elementor-repeater-item-5ca25b5 ekit_badge_left\" href=\"https:\/\/m2camper.com\/it\/isolatori-oscuranti-per-opel\/\">\n\t\t\t\t\t\t\t<div class=\"ekit_page_list_content\">\n\t\t\t\t\t\t\t\t\t\t\t\t\t\t\t\t<span class=\"elementor-icon-list-text\">\n\t\t\t\t\t\t\t\t\t<span class=\"ekit_page_list_title_title\">Opel<\/span>\n\t\t\t\t\t\t\t\t\t\t\t\t\t\t\t\t\t<\/span>\n\t\t\t\t\t\t\t<\/div>\n\t\t\t\t\t\t\t\t\t\t\t\t\t<\/a>\n\t\t\t\t\t<\/div>\n\t\t\t\t\t\t\t\t<div class=\"elementor-icon-list-item\">\n\t\t\t\t\t\t<a class=\"elementor-repeater-item-1c8dc86 ekit_badge_left\" href=\"https:\/\/m2camper.com\/it\/isolatori-oscuranti-per-peugeot\/\">\n\t\t\t\t\t\t\t<div class=\"ekit_page_list_content\">\n\t\t\t\t\t\t\t\t\t\t\t\t\t\t\t\t<span class=\"elementor-icon-list-text\">\n\t\t\t\t\t\t\t\t\t<span class=\"ekit_page_list_title_title\">Peugeot<\/span>\n\t\t\t\t\t\t\t\t\t\t\t\t\t\t\t\t\t<\/span>\n\t\t\t\t\t\t\t<\/div>\n\t\t\t\t\t\t\t\t\t\t\t\t\t<\/a>\n\t\t\t\t\t<\/div>\n\t\t\t\t\t\t\t\t<div class=\"elementor-icon-list-item\">\n\t\t\t\t\t\t<a class=\"elementor-repeater-item-b9fbdc9 ekit_badge_left\" href=\"https:\/\/m2camper.com\/it\/isolatori-oscuranti-per-porsche\/\">\n\t\t\t\t\t\t\t<div class=\"ekit_page_list_content\">\n\t\t\t\t\t\t\t\t\t\t\t\t\t\t\t\t<span class=\"elementor-icon-list-text\">\n\t\t\t\t\t\t\t\t\t<span class=\"ekit_page_list_title_title\">Porsche<\/span>\n\t\t\t\t\t\t\t\t\t\t\t\t\t\t\t\t\t<\/span>\n\t\t\t\t\t\t\t<\/div>\n\t\t\t\t\t\t\t\t\t\t\t\t\t<\/a>\n\t\t\t\t\t<\/div>\n\t\t\t\t\t\t\t\t<div class=\"elementor-icon-list-item\">\n\t\t\t\t\t\t<a class=\"elementor-repeater-item-81459e4 ekit_badge_left\" href=\"https:\/\/m2camper.com\/it\/isolatori-oscuranti-per-renault\/\">\n\t\t\t\t\t\t\t<div class=\"ekit_page_list_content\">\n\t\t\t\t\t\t\t\t\t\t\t\t\t\t\t\t<span class=\"elementor-icon-list-text\">\n\t\t\t\t\t\t\t\t\t<span class=\"ekit_page_list_title_title\">Renault<\/span>\n\t\t\t\t\t\t\t\t\t\t\t\t\t\t\t\t\t<\/span>\n\t\t\t\t\t\t\t<\/div>\n\t\t\t\t\t\t\t\t\t\t\t\t\t<\/a>\n\t\t\t\t\t<\/div>\n\t\t\t\t\t\t\t\t<div class=\"elementor-icon-list-item\">\n\t\t\t\t\t\t<a class=\"elementor-repeater-item-cb0323b ekit_badge_left\" href=\"https:\/\/m2camper.com\/it\/isolatori-oscuranti-per-scania\/\">\n\t\t\t\t\t\t\t<div class=\"ekit_page_list_content\">\n\t\t\t\t\t\t\t\t\t\t\t\t\t\t\t\t<span class=\"elementor-icon-list-text\">\n\t\t\t\t\t\t\t\t\t<span class=\"ekit_page_list_title_title\">Scania<\/span>\n\t\t\t\t\t\t\t\t\t\t\t\t\t\t\t\t\t<\/span>\n\t\t\t\t\t\t\t<\/div>\n\t\t\t\t\t\t\t\t\t\t\t\t\t<\/a>\n\t\t\t\t\t<\/div>\n\t\t\t\t\t\t\t\t<div class=\"elementor-icon-list-item\">\n\t\t\t\t\t\t<a class=\"elementor-repeater-item-26dce49 ekit_badge_left\" href=\"https:\/\/m2camper.com\/it\/isolatori-oscuranti-per-seat\/\">\n\t\t\t\t\t\t\t<div class=\"ekit_page_list_content\">\n\t\t\t\t\t\t\t\t\t\t\t\t\t\t\t\t<span class=\"elementor-icon-list-text\">\n\t\t\t\t\t\t\t\t\t<span class=\"ekit_page_list_title_title\">Seat<\/span>\n\t\t\t\t\t\t\t\t\t\t\t\t\t\t\t\t\t<\/span>\n\t\t\t\t\t\t\t<\/div>\n\t\t\t\t\t\t\t\t\t\t\t\t\t<\/a>\n\t\t\t\t\t<\/div>\n\t\t\t\t\t\t\t\t<div class=\"elementor-icon-list-item\">\n\t\t\t\t\t\t<a class=\"elementor-repeater-item-36beee6 ekit_badge_left\" href=\"https:\/\/m2camper.com\/it\/isolatori-oscuranti-per-skoda\/\">\n\t\t\t\t\t\t\t<div class=\"ekit_page_list_content\">\n\t\t\t\t\t\t\t\t\t\t\t\t\t\t\t\t<span class=\"elementor-icon-list-text\">\n\t\t\t\t\t\t\t\t\t<span class=\"ekit_page_list_title_title\">\u0160koda<\/span>\n\t\t\t\t\t\t\t\t\t\t\t\t\t\t\t\t\t<\/span>\n\t\t\t\t\t\t\t<\/div>\n\t\t\t\t\t\t\t\t\t\t\t\t\t<\/a>\n\t\t\t\t\t<\/div>\n\t\t\t\t\t\t\t\t<div class=\"elementor-icon-list-item\">\n\t\t\t\t\t\t<a class=\"elementor-repeater-item-10f697d ekit_badge_left\" href=\"https:\/\/m2camper.com\/it\/isolatori-oscuranti-per-ssangyong\/\">\n\t\t\t\t\t\t\t<div class=\"ekit_page_list_content\">\n\t\t\t\t\t\t\t\t\t\t\t\t\t\t\t\t<span class=\"elementor-icon-list-text\">\n\t\t\t\t\t\t\t\t\t<span class=\"ekit_page_list_title_title\">Ssangyong<\/span>\n\t\t\t\t\t\t\t\t\t\t\t\t\t\t\t\t\t<\/span>\n\t\t\t\t\t\t\t<\/div>\n\t\t\t\t\t\t\t\t\t\t\t\t\t<\/a>\n\t\t\t\t\t<\/div>\n\t\t\t\t\t\t\t\t<div class=\"elementor-icon-list-item\">\n\t\t\t\t\t\t<a class=\"elementor-repeater-item-4eb0074 ekit_badge_left\" href=\"https:\/\/m2camper.com\/it\/isolatori-oscuranti-per-subaru\/\">\n\t\t\t\t\t\t\t<div class=\"ekit_page_list_content\">\n\t\t\t\t\t\t\t\t\t\t\t\t\t\t\t\t<span class=\"elementor-icon-list-text\">\n\t\t\t\t\t\t\t\t\t<span class=\"ekit_page_list_title_title\">Subaru<\/span>\n\t\t\t\t\t\t\t\t\t\t\t\t\t\t\t\t\t<\/span>\n\t\t\t\t\t\t\t<\/div>\n\t\t\t\t\t\t\t\t\t\t\t\t\t<\/a>\n\t\t\t\t\t<\/div>\n\t\t\t\t\t\t\t\t<div class=\"elementor-icon-list-item\">\n\t\t\t\t\t\t<a class=\"elementor-repeater-item-d3f4d60 ekit_badge_left\" href=\"https:\/\/m2camper.com\/it\/isolatori-oscuranti-per-suzuki\/\">\n\t\t\t\t\t\t\t<div class=\"ekit_page_list_content\">\n\t\t\t\t\t\t\t\t\t\t\t\t\t\t\t\t<span class=\"elementor-icon-list-text\">\n\t\t\t\t\t\t\t\t\t<span class=\"ekit_page_list_title_title\">Suzuki<\/span>\n\t\t\t\t\t\t\t\t\t\t\t\t\t\t\t\t\t<\/span>\n\t\t\t\t\t\t\t<\/div>\n\t\t\t\t\t\t\t\t\t\t\t\t\t<\/a>\n\t\t\t\t\t<\/div>\n\t\t\t\t\t\t\t\t<div class=\"elementor-icon-list-item\">\n\t\t\t\t\t\t<a class=\"elementor-repeater-item-2e49d7f ekit_badge_left\" href=\"https:\/\/m2camper.com\/it\/isolatori-oscuranti-per-toyota\/\">\n\t\t\t\t\t\t\t<div class=\"ekit_page_list_content\">\n\t\t\t\t\t\t\t\t\t\t\t\t\t\t\t\t<span class=\"elementor-icon-list-text\">\n\t\t\t\t\t\t\t\t\t<span class=\"ekit_page_list_title_title\">Toyota<\/span>\n\t\t\t\t\t\t\t\t\t\t\t\t\t\t\t\t\t<\/span>\n\t\t\t\t\t\t\t<\/div>\n\t\t\t\t\t\t\t\t\t\t\t\t\t<\/a>\n\t\t\t\t\t<\/div>\n\t\t\t\t\t\t\t\t<div class=\"elementor-icon-list-item\">\n\t\t\t\t\t\t<a class=\"elementor-repeater-item-3c58ebe ekit_badge_left\" href=\"https:\/\/m2camper.com\/it\/isolatori-oscuranti-per-volkswagen\/\">\n\t\t\t\t\t\t\t<div class=\"ekit_page_list_content\">\n\t\t\t\t\t\t\t\t\t\t\t\t\t\t\t\t<span class=\"elementor-icon-list-text\">\n\t\t\t\t\t\t\t\t\t<span class=\"ekit_page_list_title_title\">Volkswagen<\/span>\n\t\t\t\t\t\t\t\t\t\t\t\t\t\t\t\t\t<\/span>\n\t\t\t\t\t\t\t<\/div>\n\t\t\t\t\t\t\t\t\t\t\t\t\t<\/a>\n\t\t\t\t\t<\/div>\n\t\t\t\t\t\t\t\t<div class=\"elementor-icon-list-item\">\n\t\t\t\t\t\t<a class=\"elementor-repeater-item-d5429e7 ekit_badge_left\" href=\"https:\/\/m2camper.com\/it\/isolatori-oscuranti-per-volvo\/\">\n\t\t\t\t\t\t\t<div class=\"ekit_page_list_content\">\n\t\t\t\t\t\t\t\t\t\t\t\t\t\t\t\t<span class=\"elementor-icon-list-text\">\n\t\t\t\t\t\t\t\t\t<span class=\"ekit_page_list_title_title\">Volvo<\/span>\n\t\t\t\t\t\t\t\t\t\t\t\t\t\t\t\t\t<\/span>\n\t\t\t\t\t\t\t<\/div>\n\t\t\t\t\t\t\t\t\t\t\t\t\t<\/a>\n\t\t\t\t\t<\/div>\n\t\t\t\t\t\t<\/div>\n\t\t<\/div>\t\t\t\t<\/div>\n\t\t\t\t<\/div>\n\t\t\t\t<div class=\"elementor-element elementor-element-fb66bda elementor-icon-list--layout-traditional elementor-list-item-link-full_width elementor-widget elementor-widget-icon-list\" data-id=\"fb66bda\" data-element_type=\"widget\" data-e-type=\"widget\" data-widget_type=\"icon-list.default\">\n\t\t\t\t<div class=\"elementor-widget-container\">\n\t\t\t\t\t\t\t<ul class=\"elementor-icon-list-items\">\n\t\t\t\t\t\t\t<li class=\"elementor-icon-list-item\">\n\t\t\t\t\t\t\t\t\t\t\t<a href=\"https:\/\/m2camper.com\/it\/dadi-a-ventosa\/\">\n\n\t\t\t\t\t\t\t\t\t\t\t<span class=\"elementor-icon-list-text\">Ventose + Dadi<\/span>\n\t\t\t\t\t\t\t\t\t\t\t<\/a>\n\t\t\t\t\t\t\t\t\t<\/li>\n\t\t\t\t\t\t\t\t<li class=\"elementor-icon-list-item\">\n\t\t\t\t\t\t\t\t\t\t\t<a href=\"https:\/\/m2camper.com\/it\/aislantes-termicos-piezas-sueltas-2\/\">\n\n\t\t\t\t\t\t\t\t\t\t\t<span class=\"elementor-icon-list-text\">Parti sciolte degli isolanti termici<\/span>\n\t\t\t\t\t\t\t\t\t\t\t<\/a>\n\t\t\t\t\t\t\t\t\t<\/li>\n\t\t\t\t\t\t\t\t<li class=\"elementor-icon-list-item\">\n\t\t\t\t\t\t\t\t\t\t\t<a href=\"https:\/\/m2camper.com\/it\/bolsillos-2\/\">\n\n\t\t\t\t\t\t\t\t\t\t\t<span class=\"elementor-icon-list-text\">Tasche<\/span>\n\t\t\t\t\t\t\t\t\t\t\t<\/a>\n\t\t\t\t\t\t\t\t\t<\/li>\n\t\t\t\t\t\t<\/ul>\n\t\t\t\t\t\t<\/div>\n\t\t\t\t<\/div>\n\t\t\t\t<\/div>\n\t\t\t\t<\/div>\n\t\t\t\t\t\t<\/div>\n\t\t\t<\/div>\n\t\t<\/div>\n\t\t\t\t\t\t<\/div>\n\t\t\t\t<\/div>\n\t\t\t\t<\/div>\n\t\t\t\t<div class=\"elementor-element elementor-element-ff60438 elementor-grid-3 elementor-product-loop-item--align-center elementor-grid-mobile-1 elementor-grid-tablet-3 elementor-products-grid elementor-wc-products elementor-widget elementor-widget-woocommerce-products\" data-id=\"ff60438\" data-element_type=\"widget\" data-e-type=\"widget\" data-widget_type=\"woocommerce-products.default\">\n\t\t\t\t<div class=\"elementor-widget-container\">\n\t\t\t\t\t<div class=\"woocommerce columns-3\"><span class=\"wpfHidden\" data-shortcode-attribute=\"{&quot;limit&quot;:&quot;-1&quot;,&quot;columns&quot;:3,&quot;rows&quot;:999,&quot;orderby&quot;:&quot;&quot;,&quot;order&quot;:&quot;&quot;,&quot;ids&quot;:&quot;&quot;,&quot;skus&quot;:&quot;&quot;,&quot;category&quot;:&quot;&quot;,&quot;cat_operator&quot;:&quot;IN&quot;,&quot;attribute&quot;:&quot;&quot;,&quot;terms&quot;:&quot;&quot;,&quot;terms_operator&quot;:&quot;IN&quot;,&quot;tag&quot;:&quot;&quot;,&quot;tag_operator&quot;:&quot;IN&quot;,&quot;visibility&quot;:&quot;visible&quot;,&quot;class&quot;:&quot;&quot;,&quot;page&quot;:1,&quot;paginate&quot;:&quot;&quot;,&quot;cache&quot;:false}\"><\/span><ul class=\"products elementor-grid columns-3\">\n<li class=\"product type-product post-1379 status-publish first instock product_cat-opel product_cat-aislantes product_cat-all-products has-post-thumbnail taxable shipping-taxable purchasable product-type-variable\">\n\t<div class=\"nv-card-content-wrapper\"><a href=\"https:\/\/m2camper.com\/it\/isolamento-termico-e-oscuranti-per-opel-corsa-2014-2019\/\" class=\"woocommerce-LoopProduct-link woocommerce-loop-product__link\"><div class=\"sp-product-image\"><div class=\"img-wrap\"><img fetchpriority=\"high\" decoding=\"async\" width=\"300\" height=\"205\" src=\"https:\/\/m2camper.com\/wp-content\/uploads\/2025\/01\/60c9aa_c4096d1e819d4ed7b7467a92e325867emv2-300x205.png\" class=\"attachment-woocommerce_thumbnail size-woocommerce_thumbnail\" alt=\"Isolanti termici oscuranti per Opel Corsa 2014-2019\" srcset=\"https:\/\/m2camper.com\/wp-content\/uploads\/2025\/01\/60c9aa_c4096d1e819d4ed7b7467a92e325867emv2-300x205.png 300w, https:\/\/m2camper.com\/wp-content\/uploads\/2025\/01\/60c9aa_c4096d1e819d4ed7b7467a92e325867emv2-600x409.png 600w, https:\/\/m2camper.com\/wp-content\/uploads\/2025\/01\/60c9aa_c4096d1e819d4ed7b7467a92e325867emv2.png 1092w\" sizes=\"(max-width: 300px) 100vw, 300px\" \/><\/div><\/div><h2 class=\"woocommerce-loop-product__title\">Isolanti termici oscuranti per Opel Corsa 2014-2019<\/h2>\n\t<span class=\"price\"><span class=\"woocommerce-Price-amount amount\" aria-hidden=\"true\"><bdi>148,00&nbsp;<span class=\"woocommerce-Price-currencySymbol\">&euro;<\/span><\/bdi><\/span> <span aria-hidden=\"true\">\u2013<\/span> <span class=\"woocommerce-Price-amount amount\" aria-hidden=\"true\"><bdi>200,00&nbsp;<span class=\"woocommerce-Price-currencySymbol\">&euro;<\/span><\/bdi><\/span><span class=\"screen-reader-text\" data-no-translation=\"\" data-trp-gettext=\"\">Fascia di prezzo: da 148,00&nbsp;&euro; a 200,00&nbsp;&euro;<\/span><\/span>\n<\/a><a href=\"https:\/\/m2camper.com\/it\/isolamento-termico-e-oscuranti-per-opel-corsa-2014-2019\/\" aria-describedby=\"woocommerce_loop_add_to_cart_link_describedby_1379\" data-quantity=\"1\" class=\"button product_type_variable add_to_cart_button\" data-product_id=\"1379\" data-product_sku=\"\" aria-label=\"Seleziona le opzioni per \u201cAislantes t\u00e9rmicos oscurecedores Opel Corsa 2014-2019\u201d\" rel=\"nofollow\" data-no-translation=\"\" data-trp-gettext=\"\" data-no-translation-aria-label=\"\">Seleziona le opzioni<\/a>\t<span id=\"woocommerce_loop_add_to_cart_link_describedby_1379\" class=\"screen-reader-text\">\n\t\tQuesto prodotto ha pi\u00f9 varianti. Le opzioni possono essere scelte nella pagina del prodotto\t<\/span>\n<\/div><\/li>\n<li class=\"product type-product post-793 status-publish instock product_cat-opel product_cat-aislantes product_cat-all-products has-post-thumbnail taxable shipping-taxable purchasable product-type-variable\">\n\t<div class=\"nv-card-content-wrapper\"><a href=\"https:\/\/m2camper.com\/it\/opel-mokka-a-isolanti-termici-per-oscuramento\/\" class=\"woocommerce-LoopProduct-link woocommerce-loop-product__link\"><div class=\"sp-product-image\"><div class=\"img-wrap\"><img decoding=\"async\" width=\"300\" height=\"188\" src=\"https:\/\/m2camper.com\/wp-content\/uploads\/2025\/01\/60c9aa_f14adf61f82446889f95731b9ca19dbbmv2-300x188.png\" class=\"attachment-woocommerce_thumbnail size-woocommerce_thumbnail\" alt=\"Isolanti termici per Opel Mokka A\" srcset=\"https:\/\/m2camper.com\/wp-content\/uploads\/2025\/01\/60c9aa_f14adf61f82446889f95731b9ca19dbbmv2-300x188.png 300w, https:\/\/m2camper.com\/wp-content\/uploads\/2025\/01\/60c9aa_f14adf61f82446889f95731b9ca19dbbmv2-600x375.png 600w, https:\/\/m2camper.com\/wp-content\/uploads\/2025\/01\/60c9aa_f14adf61f82446889f95731b9ca19dbbmv2.png 632w\" sizes=\"(max-width: 300px) 100vw, 300px\" \/><\/div><\/div><h2 class=\"woocommerce-loop-product__title\">Isolanti termici per Opel Mokka A<\/h2>\n\t<span class=\"price\"><span class=\"woocommerce-Price-amount amount\" aria-hidden=\"true\"><bdi>148,00&nbsp;<span class=\"woocommerce-Price-currencySymbol\">&euro;<\/span><\/bdi><\/span> <span aria-hidden=\"true\">\u2013<\/span> <span class=\"woocommerce-Price-amount amount\" aria-hidden=\"true\"><bdi>200,00&nbsp;<span class=\"woocommerce-Price-currencySymbol\">&euro;<\/span><\/bdi><\/span><span class=\"screen-reader-text\" data-no-translation=\"\" data-trp-gettext=\"\">Fascia di prezzo: da 148,00&nbsp;&euro; a 200,00&nbsp;&euro;<\/span><\/span>\n<\/a><a href=\"https:\/\/m2camper.com\/it\/opel-mokka-a-isolanti-termici-per-oscuramento\/\" aria-describedby=\"woocommerce_loop_add_to_cart_link_describedby_793\" data-quantity=\"1\" class=\"button product_type_variable add_to_cart_button\" data-product_id=\"793\" data-product_sku=\"\" aria-label=\"Seleziona le opzioni per \u201cAislantes t\u00e9rmicos oscurecedores Opel Mokka A\u201d\" rel=\"nofollow\" data-no-translation=\"\" data-trp-gettext=\"\" data-no-translation-aria-label=\"\">Seleziona le opzioni<\/a>\t<span id=\"woocommerce_loop_add_to_cart_link_describedby_793\" class=\"screen-reader-text\">\n\t\tQuesto prodotto ha pi\u00f9 varianti. Le opzioni possono essere scelte nella pagina del prodotto\t<\/span>\n<\/div><\/li>\n<li class=\"product type-product post-269 status-publish last instock product_cat-opel product_cat-aislantes product_cat-all-products has-post-thumbnail taxable shipping-taxable purchasable product-type-variable\">\n\t<div class=\"nv-card-content-wrapper\"><a href=\"https:\/\/m2camper.com\/it\/isolamento-termico-e-oscuranti-per-opel-zafira-tourer-2011-2019\/\" class=\"woocommerce-LoopProduct-link woocommerce-loop-product__link\"><div class=\"sp-product-image\"><div class=\"img-wrap\"><img loading=\"lazy\" decoding=\"async\" width=\"300\" height=\"225\" src=\"https:\/\/m2camper.com\/wp-content\/uploads\/2025\/01\/60c9aa_054c54c702964c8887347e3a25fbcc02mv2-300x225.png\" class=\"attachment-woocommerce_thumbnail size-woocommerce_thumbnail\" alt=\"Isolanti termici oscuranti per Opel Zafira Tourer 2011-2019\" srcset=\"https:\/\/m2camper.com\/wp-content\/uploads\/2025\/01\/60c9aa_054c54c702964c8887347e3a25fbcc02mv2-300x225.png 300w, https:\/\/m2camper.com\/wp-content\/uploads\/2025\/01\/60c9aa_054c54c702964c8887347e3a25fbcc02mv2.png 577w\" sizes=\"(max-width: 300px) 100vw, 300px\" \/><\/div><\/div><h2 class=\"woocommerce-loop-product__title\">Isolanti termici oscuranti per Opel Zafira Tourer 2011-2019<\/h2>\n\t<span class=\"price\"><span class=\"woocommerce-Price-amount amount\" aria-hidden=\"true\"><bdi>148,00&nbsp;<span class=\"woocommerce-Price-currencySymbol\">&euro;<\/span><\/bdi><\/span> <span aria-hidden=\"true\">\u2013<\/span> <span class=\"woocommerce-Price-amount amount\" aria-hidden=\"true\"><bdi>200,00&nbsp;<span class=\"woocommerce-Price-currencySymbol\">&euro;<\/span><\/bdi><\/span><span class=\"screen-reader-text\" data-no-translation=\"\" data-trp-gettext=\"\">Fascia di prezzo: da 148,00&nbsp;&euro; a 200,00&nbsp;&euro;<\/span><\/span>\n<\/a><a href=\"https:\/\/m2camper.com\/it\/isolamento-termico-e-oscuranti-per-opel-zafira-tourer-2011-2019\/\" aria-describedby=\"woocommerce_loop_add_to_cart_link_describedby_269\" data-quantity=\"1\" class=\"button product_type_variable add_to_cart_button\" data-product_id=\"269\" data-product_sku=\"\" aria-label=\"Seleziona le opzioni per \u201cAislantes t\u00e9rmicos oscurecedores Opel Zafira Tourer 2011-2019\u201d\" rel=\"nofollow\" data-no-translation=\"\" data-trp-gettext=\"\" data-no-translation-aria-label=\"\">Seleziona le opzioni<\/a>\t<span id=\"woocommerce_loop_add_to_cart_link_describedby_269\" class=\"screen-reader-text\">\n\t\tQuesto prodotto ha pi\u00f9 varianti. Le opzioni possono essere scelte nella pagina del prodotto\t<\/span>\n<\/div><\/li>\n<li class=\"product type-product post-5344 status-publish first instock product_cat-opel product_cat-aislantes product_cat-all-products has-post-thumbnail taxable shipping-taxable purchasable product-type-variable\">\n\t<div class=\"nv-card-content-wrapper\"><a href=\"https:\/\/m2camper.com\/it\/isolanti-termici-opel-combo-ii-con-tende-oscuranti\/\" class=\"woocommerce-LoopProduct-link woocommerce-loop-product__link\"><div class=\"sp-product-image\"><div class=\"img-wrap\"><img loading=\"lazy\" decoding=\"async\" width=\"300\" height=\"149\" src=\"https:\/\/m2camper.com\/wp-content\/uploads\/2025\/01\/60c9aa_4c340fccce384566a41a1e0c95748abemv2-300x149.png\" class=\"attachment-woocommerce_thumbnail size-woocommerce_thumbnail\" alt=\"Isolanti termici oscuranti per Opel Combo II\" srcset=\"https:\/\/m2camper.com\/wp-content\/uploads\/2025\/01\/60c9aa_4c340fccce384566a41a1e0c95748abemv2-300x149.png 300w, https:\/\/m2camper.com\/wp-content\/uploads\/2025\/01\/60c9aa_4c340fccce384566a41a1e0c95748abemv2-600x298.png 600w, https:\/\/m2camper.com\/wp-content\/uploads\/2025\/01\/60c9aa_4c340fccce384566a41a1e0c95748abemv2.png 630w\" sizes=\"(max-width: 300px) 100vw, 300px\" \/><\/div><\/div><h2 class=\"woocommerce-loop-product__title\">Isolanti termici oscuranti per Opel Combo II<\/h2>\n\t<span class=\"price\"><span class=\"woocommerce-Price-amount amount\" aria-hidden=\"true\"><bdi>60,00&nbsp;<span class=\"woocommerce-Price-currencySymbol\">&euro;<\/span><\/bdi><\/span> <span aria-hidden=\"true\">\u2013<\/span> <span class=\"woocommerce-Price-amount amount\" aria-hidden=\"true\"><bdi>190,00&nbsp;<span class=\"woocommerce-Price-currencySymbol\">&euro;<\/span><\/bdi><\/span><span class=\"screen-reader-text\" data-no-translation=\"\" data-trp-gettext=\"\">Fascia di prezzo: da 60,00&nbsp;&euro; a 190,00&nbsp;&euro;<\/span><\/span>\n<\/a><a href=\"https:\/\/m2camper.com\/it\/isolanti-termici-opel-combo-ii-con-tende-oscuranti\/\" aria-describedby=\"woocommerce_loop_add_to_cart_link_describedby_5344\" data-quantity=\"1\" class=\"button product_type_variable add_to_cart_button\" data-product_id=\"5344\" data-product_sku=\"\" aria-label=\"Seleziona le opzioni per \u201cAislantes t\u00e9rmicos oscurecedores Opel Combo II\u201d\" rel=\"nofollow\" data-no-translation=\"\" data-trp-gettext=\"\" data-no-translation-aria-label=\"\">Seleziona le opzioni<\/a>\t<span id=\"woocommerce_loop_add_to_cart_link_describedby_5344\" class=\"screen-reader-text\">\n\t\tQuesto prodotto ha pi\u00f9 varianti. Le opzioni possono essere scelte nella pagina del prodotto\t<\/span>\n<\/div><\/li>\n<li class=\"product type-product post-3313 status-publish instock product_cat-opel product_cat-aislantes product_cat-all-products has-post-thumbnail taxable shipping-taxable purchasable product-type-variable\">\n\t<div class=\"nv-card-content-wrapper\"><a href=\"https:\/\/m2camper.com\/it\/isolanti-termici-opel-combo-iii-con-tende-oscuranti\/\" class=\"woocommerce-LoopProduct-link woocommerce-loop-product__link\"><div class=\"sp-product-image\"><div class=\"img-wrap\"><img loading=\"lazy\" decoding=\"async\" width=\"300\" height=\"200\" src=\"https:\/\/m2camper.com\/wp-content\/uploads\/2025\/01\/60c9aa_baeea829b7784dacb5a2c805b78ac1b8mv2-300x200.png\" class=\"attachment-woocommerce_thumbnail size-woocommerce_thumbnail\" alt=\"Opel Combo III Isolamento Termico Oscuranti\" srcset=\"https:\/\/m2camper.com\/wp-content\/uploads\/2025\/01\/60c9aa_baeea829b7784dacb5a2c805b78ac1b8mv2-300x200.png 300w, https:\/\/m2camper.com\/wp-content\/uploads\/2025\/01\/60c9aa_baeea829b7784dacb5a2c805b78ac1b8mv2.png 600w\" sizes=\"(max-width: 300px) 100vw, 300px\" \/><\/div><\/div><h2 class=\"woocommerce-loop-product__title\">Opel Combo III Isolamento Termico Oscuranti<\/h2>\n\t<span class=\"price\"><span class=\"woocommerce-Price-amount amount\" aria-hidden=\"true\"><bdi>60,00&nbsp;<span class=\"woocommerce-Price-currencySymbol\">&euro;<\/span><\/bdi><\/span> <span aria-hidden=\"true\">\u2013<\/span> <span class=\"woocommerce-Price-amount amount\" aria-hidden=\"true\"><bdi>190,00&nbsp;<span class=\"woocommerce-Price-currencySymbol\">&euro;<\/span><\/bdi><\/span><span class=\"screen-reader-text\" data-no-translation=\"\" data-trp-gettext=\"\">Fascia di prezzo: da 60,00&nbsp;&euro; a 190,00&nbsp;&euro;<\/span><\/span>\n<\/a><a href=\"https:\/\/m2camper.com\/it\/isolanti-termici-opel-combo-iii-con-tende-oscuranti\/\" aria-describedby=\"woocommerce_loop_add_to_cart_link_describedby_3313\" data-quantity=\"1\" class=\"button product_type_variable add_to_cart_button\" data-product_id=\"3313\" data-product_sku=\"\" aria-label=\"Seleziona le opzioni per \u201cAislantes t\u00e9rmicos oscurecedores Opel Combo III\u201d\" rel=\"nofollow\" data-no-translation=\"\" data-trp-gettext=\"\" data-no-translation-aria-label=\"\">Seleziona le opzioni<\/a>\t<span id=\"woocommerce_loop_add_to_cart_link_describedby_3313\" class=\"screen-reader-text\">\n\t\tQuesto prodotto ha pi\u00f9 varianti. Le opzioni possono essere scelte nella pagina del prodotto\t<\/span>\n<\/div><\/li>\n<li class=\"product type-product post-3126 status-publish last instock product_cat-opel product_cat-aislantes product_cat-all-products has-post-thumbnail taxable shipping-taxable purchasable product-type-variable\">\n\t<div class=\"nv-card-content-wrapper\"><a href=\"https:\/\/m2camper.com\/it\/isolamento-termico-e-oscuranti-per-opel-combo-life-iv-short\/\" class=\"woocommerce-LoopProduct-link woocommerce-loop-product__link\"><div class=\"sp-product-image\"><div class=\"img-wrap\"><img loading=\"lazy\" decoding=\"async\" width=\"300\" height=\"225\" src=\"https:\/\/m2camper.com\/wp-content\/uploads\/2025\/01\/60c9aa_b8cfb778525241ec85e036d2c371d5eamv2-300x225.png\" class=\"attachment-woocommerce_thumbnail size-woocommerce_thumbnail\" alt=\"Isolanti termici per Opel Combo Life IV Short\" srcset=\"https:\/\/m2camper.com\/wp-content\/uploads\/2025\/01\/60c9aa_b8cfb778525241ec85e036d2c371d5eamv2-300x225.png 300w, https:\/\/m2camper.com\/wp-content\/uploads\/2025\/01\/60c9aa_b8cfb778525241ec85e036d2c371d5eamv2-600x450.png 600w, https:\/\/m2camper.com\/wp-content\/uploads\/2025\/01\/60c9aa_b8cfb778525241ec85e036d2c371d5eamv2.png 800w\" sizes=\"(max-width: 300px) 100vw, 300px\" \/><\/div><\/div><h2 class=\"woocommerce-loop-product__title\">Isolanti termici per Opel Combo Life IV Short<\/h2>\n\t<span class=\"price\"><span class=\"woocommerce-Price-amount amount\" aria-hidden=\"true\"><bdi>32,00&nbsp;<span class=\"woocommerce-Price-currencySymbol\">&euro;<\/span><\/bdi><\/span> <span aria-hidden=\"true\">\u2013<\/span> <span class=\"woocommerce-Price-amount amount\" aria-hidden=\"true\"><bdi>190,00&nbsp;<span class=\"woocommerce-Price-currencySymbol\">&euro;<\/span><\/bdi><\/span><span class=\"screen-reader-text\" data-no-translation=\"\" data-trp-gettext=\"\">Fascia di prezzo: da 32,00&nbsp;&euro; a 190,00&nbsp;&euro;<\/span><\/span>\n<\/a><a href=\"https:\/\/m2camper.com\/it\/isolamento-termico-e-oscuranti-per-opel-combo-life-iv-short\/\" aria-describedby=\"woocommerce_loop_add_to_cart_link_describedby_3126\" data-quantity=\"1\" class=\"button product_type_variable add_to_cart_button\" data-product_id=\"3126\" data-product_sku=\"\" aria-label=\"Seleziona le opzioni per \u201cAislantes t\u00e9rmicos oscurecedores Opel Combo Life IV Corta\u201d\" rel=\"nofollow\" data-no-translation=\"\" data-trp-gettext=\"\" data-no-translation-aria-label=\"\">Seleziona le opzioni<\/a>\t<span id=\"woocommerce_loop_add_to_cart_link_describedby_3126\" class=\"screen-reader-text\">\n\t\tQuesto prodotto ha pi\u00f9 varianti. Le opzioni possono essere scelte nella pagina del prodotto\t<\/span>\n<\/div><\/li>\n<li class=\"product type-product post-1771 status-publish first instock product_cat-opel product_cat-aislantes product_cat-all-products has-post-thumbnail taxable shipping-taxable purchasable product-type-variable\">\n\t<div class=\"nv-card-content-wrapper\"><a href=\"https:\/\/m2camper.com\/it\/tendine-isolanti-termiche-lunghe-opel-combo-life-iv\/\" class=\"woocommerce-LoopProduct-link woocommerce-loop-product__link\"><div class=\"sp-product-image\"><div class=\"img-wrap\"><img loading=\"lazy\" decoding=\"async\" width=\"300\" height=\"200\" src=\"https:\/\/m2camper.com\/wp-content\/uploads\/2025\/01\/60c9aa_137fbad265f343408afc6f38180e4deamv2-300x200.png\" class=\"attachment-woocommerce_thumbnail size-woocommerce_thumbnail\" alt=\"Opel Combo Life IV Long Thermal Insulation Blackouts\" srcset=\"https:\/\/m2camper.com\/wp-content\/uploads\/2025\/01\/60c9aa_137fbad265f343408afc6f38180e4deamv2-300x200.png 300w, https:\/\/m2camper.com\/wp-content\/uploads\/2025\/01\/60c9aa_137fbad265f343408afc6f38180e4deamv2-600x400.png 600w, https:\/\/m2camper.com\/wp-content\/uploads\/2025\/01\/60c9aa_137fbad265f343408afc6f38180e4deamv2.png 620w\" sizes=\"(max-width: 300px) 100vw, 300px\" \/><\/div><\/div><h2 class=\"woocommerce-loop-product__title\">Opel Combo Life IV Long Thermal Insulation Blackouts<\/h2>\n\t<span class=\"price\"><span class=\"woocommerce-Price-amount amount\" aria-hidden=\"true\"><bdi>32,00&nbsp;<span class=\"woocommerce-Price-currencySymbol\">&euro;<\/span><\/bdi><\/span> <span aria-hidden=\"true\">\u2013<\/span> <span class=\"woocommerce-Price-amount amount\" aria-hidden=\"true\"><bdi>195,00&nbsp;<span class=\"woocommerce-Price-currencySymbol\">&euro;<\/span><\/bdi><\/span><span class=\"screen-reader-text\" data-no-translation=\"\" data-trp-gettext=\"\">Fascia di prezzo: da 32,00&nbsp;&euro; a 195,00&nbsp;&euro;<\/span><\/span>\n<\/a><a href=\"https:\/\/m2camper.com\/it\/tendine-isolanti-termiche-lunghe-opel-combo-life-iv\/\" aria-describedby=\"woocommerce_loop_add_to_cart_link_describedby_1771\" data-quantity=\"1\" class=\"button product_type_variable add_to_cart_button\" data-product_id=\"1771\" data-product_sku=\"\" aria-label=\"Seleziona le opzioni per \u201cAislantes t\u00e9rmicos oscurecedores Opel Combo Life IV Larga\u201d\" rel=\"nofollow\" data-no-translation=\"\" data-trp-gettext=\"\" data-no-translation-aria-label=\"\">Seleziona le opzioni<\/a>\t<span id=\"woocommerce_loop_add_to_cart_link_describedby_1771\" class=\"screen-reader-text\">\n\t\tQuesto prodotto ha pi\u00f9 varianti. Le opzioni possono essere scelte nella pagina del prodotto\t<\/span>\n<\/div><\/li>\n<li class=\"product type-product post-2538 status-publish instock product_cat-opel product_cat-aislantes product_cat-all-products has-post-thumbnail taxable shipping-taxable purchasable product-type-variable\">\n\t<div class=\"nv-card-content-wrapper\"><a href=\"https:\/\/m2camper.com\/it\/isolamento-termico-e-oscuranti-per-la-opel-zafira-life-compact-2019-2021\/\" class=\"woocommerce-LoopProduct-link woocommerce-loop-product__link\"><div class=\"sp-product-image\"><div class=\"img-wrap\"><img loading=\"lazy\" decoding=\"async\" width=\"300\" height=\"169\" src=\"https:\/\/m2camper.com\/wp-content\/uploads\/2025\/01\/60c9aa_1d99d1e0e3cc4b69bdb9b8b6db9a356cmv2-300x169.png\" class=\"attachment-woocommerce_thumbnail size-woocommerce_thumbnail\" alt=\"Isolanti termici oscuranti per Opel Zafira Life Compact 2019-2021\" srcset=\"https:\/\/m2camper.com\/wp-content\/uploads\/2025\/01\/60c9aa_1d99d1e0e3cc4b69bdb9b8b6db9a356cmv2-300x169.png 300w, https:\/\/m2camper.com\/wp-content\/uploads\/2025\/01\/60c9aa_1d99d1e0e3cc4b69bdb9b8b6db9a356cmv2.png 448w\" sizes=\"(max-width: 300px) 100vw, 300px\" \/><\/div><\/div><h2 class=\"woocommerce-loop-product__title\">Isolanti termici oscuranti per Opel Zafira Life Compact 2019-2021<\/h2>\n\t<span class=\"price\"><span class=\"woocommerce-Price-amount amount\" aria-hidden=\"true\"><bdi>60,00&nbsp;<span class=\"woocommerce-Price-currencySymbol\">&euro;<\/span><\/bdi><\/span> <span aria-hidden=\"true\">\u2013<\/span> <span class=\"woocommerce-Price-amount amount\" aria-hidden=\"true\"><bdi>195,00&nbsp;<span class=\"woocommerce-Price-currencySymbol\">&euro;<\/span><\/bdi><\/span><span class=\"screen-reader-text\" data-no-translation=\"\" data-trp-gettext=\"\">Fascia di prezzo: da 60,00&nbsp;&euro; a 195,00&nbsp;&euro;<\/span><\/span>\n<\/a><a href=\"https:\/\/m2camper.com\/it\/isolamento-termico-e-oscuranti-per-la-opel-zafira-life-compact-2019-2021\/\" aria-describedby=\"woocommerce_loop_add_to_cart_link_describedby_2538\" data-quantity=\"1\" class=\"button product_type_variable add_to_cart_button\" data-product_id=\"2538\" data-product_sku=\"\" aria-label=\"Seleziona le opzioni per \u201cAislantes t\u00e9rmicos oscurecedores Opel Zafira Life Compacta 2019-2021\u201d\" rel=\"nofollow\" data-no-translation=\"\" data-trp-gettext=\"\" data-no-translation-aria-label=\"\">Seleziona le opzioni<\/a>\t<span id=\"woocommerce_loop_add_to_cart_link_describedby_2538\" class=\"screen-reader-text\">\n\t\tQuesto prodotto ha pi\u00f9 varianti. Le opzioni possono essere scelte nella pagina del prodotto\t<\/span>\n<\/div><\/li>\n<li class=\"product type-product post-2508 status-publish last instock product_cat-opel product_cat-aislantes product_cat-all-products has-post-thumbnail taxable shipping-taxable purchasable product-type-variable\">\n\t<div class=\"nv-card-content-wrapper\"><a href=\"https:\/\/m2camper.com\/it\/isolamento-termico-e-oscuranti-per-opel-zafira-life-medium-2019-2021\/\" class=\"woocommerce-LoopProduct-link woocommerce-loop-product__link\"><div class=\"sp-product-image\"><div class=\"img-wrap\"><img loading=\"lazy\" decoding=\"async\" width=\"300\" height=\"169\" src=\"https:\/\/m2camper.com\/wp-content\/uploads\/2025\/01\/60c9aa_6f3319312db74df6aef9403d4309a7a8mv2-300x169.png\" class=\"attachment-woocommerce_thumbnail size-woocommerce_thumbnail\" alt=\"Isolanti termici oscuranti per Opel Zafira Life Medium 2019-2021\" srcset=\"https:\/\/m2camper.com\/wp-content\/uploads\/2025\/01\/60c9aa_6f3319312db74df6aef9403d4309a7a8mv2-300x169.png 300w, https:\/\/m2camper.com\/wp-content\/uploads\/2025\/01\/60c9aa_6f3319312db74df6aef9403d4309a7a8mv2.png 448w\" sizes=\"(max-width: 300px) 100vw, 300px\" \/><\/div><\/div><h2 class=\"woocommerce-loop-product__title\">Isolanti termici oscuranti per Opel Zafira Life Medium 2019-2021<\/h2>\n\t<span class=\"price\"><span class=\"woocommerce-Price-amount amount\" aria-hidden=\"true\"><bdi>60,00&nbsp;<span class=\"woocommerce-Price-currencySymbol\">&euro;<\/span><\/bdi><\/span> <span aria-hidden=\"true\">\u2013<\/span> <span class=\"woocommerce-Price-amount amount\" aria-hidden=\"true\"><bdi>200,00&nbsp;<span class=\"woocommerce-Price-currencySymbol\">&euro;<\/span><\/bdi><\/span><span class=\"screen-reader-text\" data-no-translation=\"\" data-trp-gettext=\"\">Fascia di prezzo: da 60,00&nbsp;&euro; a 200,00&nbsp;&euro;<\/span><\/span>\n<\/a><a href=\"https:\/\/m2camper.com\/it\/isolamento-termico-e-oscuranti-per-opel-zafira-life-medium-2019-2021\/\" aria-describedby=\"woocommerce_loop_add_to_cart_link_describedby_2508\" data-quantity=\"1\" class=\"button product_type_variable add_to_cart_button\" data-product_id=\"2508\" data-product_sku=\"\" aria-label=\"Seleziona le opzioni per \u201cAislantes t\u00e9rmicos oscurecedores Opel Zafira Life Medium 2019-2021\u201d\" rel=\"nofollow\" data-no-translation=\"\" data-trp-gettext=\"\" data-no-translation-aria-label=\"\">Seleziona le opzioni<\/a>\t<span id=\"woocommerce_loop_add_to_cart_link_describedby_2508\" class=\"screen-reader-text\">\n\t\tQuesto prodotto ha pi\u00f9 varianti. Le opzioni possono essere scelte nella pagina del prodotto\t<\/span>\n<\/div><\/li>\n<li class=\"product type-product post-2478 status-publish first instock product_cat-opel product_cat-aislantes product_cat-all-products has-post-thumbnail taxable shipping-taxable purchasable product-type-variable\">\n\t<div class=\"nv-card-content-wrapper\"><a href=\"https:\/\/m2camper.com\/it\/isolamento-termico-per-opel-zafira-long-life-2019-2021\/\" class=\"woocommerce-LoopProduct-link woocommerce-loop-product__link\"><div class=\"sp-product-image\"><div class=\"img-wrap\"><img loading=\"lazy\" decoding=\"async\" width=\"300\" height=\"169\" src=\"https:\/\/m2camper.com\/wp-content\/uploads\/2025\/01\/60c9aa_7d9a9b2de08248ffb0b3f94f6ad55e45mv2-300x169.png\" class=\"attachment-woocommerce_thumbnail size-woocommerce_thumbnail\" alt=\"Isolanti termici oscuranti per Opel Zafira Long Life 2019-2021\" srcset=\"https:\/\/m2camper.com\/wp-content\/uploads\/2025\/01\/60c9aa_7d9a9b2de08248ffb0b3f94f6ad55e45mv2-300x169.png 300w, https:\/\/m2camper.com\/wp-content\/uploads\/2025\/01\/60c9aa_7d9a9b2de08248ffb0b3f94f6ad55e45mv2.png 448w\" sizes=\"(max-width: 300px) 100vw, 300px\" \/><\/div><\/div><h2 class=\"woocommerce-loop-product__title\">Isolanti termici oscuranti per Opel Zafira Long Life 2019-2021<\/h2>\n\t<span class=\"price\"><span class=\"woocommerce-Price-amount amount\" aria-hidden=\"true\"><bdi>60,00&nbsp;<span class=\"woocommerce-Price-currencySymbol\">&euro;<\/span><\/bdi><\/span> <span aria-hidden=\"true\">\u2013<\/span> <span class=\"woocommerce-Price-amount amount\" aria-hidden=\"true\"><bdi>208,00&nbsp;<span class=\"woocommerce-Price-currencySymbol\">&euro;<\/span><\/bdi><\/span><span class=\"screen-reader-text\" data-no-translation=\"\" data-trp-gettext=\"\">Fascia di prezzo: da 60,00&nbsp;&euro; a 208,00&nbsp;&euro;<\/span><\/span>\n<\/a><a href=\"https:\/\/m2camper.com\/it\/isolamento-termico-per-opel-zafira-long-life-2019-2021\/\" aria-describedby=\"woocommerce_loop_add_to_cart_link_describedby_2478\" data-quantity=\"1\" class=\"button product_type_variable add_to_cart_button\" data-product_id=\"2478\" data-product_sku=\"\" aria-label=\"Seleziona le opzioni per \u201cAislantes t\u00e9rmicos oscurecedores Opel Zafira Life Larga 2019-2021\u201d\" rel=\"nofollow\" data-no-translation=\"\" data-trp-gettext=\"\" data-no-translation-aria-label=\"\">Seleziona le opzioni<\/a>\t<span id=\"woocommerce_loop_add_to_cart_link_describedby_2478\" class=\"screen-reader-text\">\n\t\tQuesto prodotto ha pi\u00f9 varianti. Le opzioni possono essere scelte nella pagina del prodotto\t<\/span>\n<\/div><\/li>\n<li class=\"product type-product post-5253 status-publish instock product_cat-opel product_cat-aislantes product_cat-all-products has-post-thumbnail taxable shipping-taxable purchasable product-type-variable\">\n\t<div class=\"nv-card-content-wrapper\"><a href=\"https:\/\/m2camper.com\/it\/isolamento-termico-per-opel-vivaro-iii-x82-corto-2014\/\" class=\"woocommerce-LoopProduct-link woocommerce-loop-product__link\"><div class=\"sp-product-image\"><div class=\"img-wrap\"><img loading=\"lazy\" decoding=\"async\" width=\"300\" height=\"180\" src=\"https:\/\/m2camper.com\/wp-content\/uploads\/2025\/01\/60c9aa_52d9468cccfb4c9daaf4606b4f43cd89mv2-300x180.png\" class=\"attachment-woocommerce_thumbnail size-woocommerce_thumbnail\" alt=\"Isolanti termici per Opel Vivaro III X82, 2014\" srcset=\"https:\/\/m2camper.com\/wp-content\/uploads\/2025\/01\/60c9aa_52d9468cccfb4c9daaf4606b4f43cd89mv2-300x180.png 300w, https:\/\/m2camper.com\/wp-content\/uploads\/2025\/01\/60c9aa_52d9468cccfb4c9daaf4606b4f43cd89mv2.png 500w\" sizes=\"(max-width: 300px) 100vw, 300px\" \/><\/div><\/div><h2 class=\"woocommerce-loop-product__title\">Isolanti termici per Opel Vivaro III X82, 2014<\/h2>\n\t<span class=\"price\"><span class=\"woocommerce-Price-amount amount\" aria-hidden=\"true\"><bdi>60,00&nbsp;<span class=\"woocommerce-Price-currencySymbol\">&euro;<\/span><\/bdi><\/span> <span aria-hidden=\"true\">\u2013<\/span> <span class=\"woocommerce-Price-amount amount\" aria-hidden=\"true\"><bdi>200,00&nbsp;<span class=\"woocommerce-Price-currencySymbol\">&euro;<\/span><\/bdi><\/span><span class=\"screen-reader-text\" data-no-translation=\"\" data-trp-gettext=\"\">Fascia di prezzo: da 60,00&nbsp;&euro; a 200,00&nbsp;&euro;<\/span><\/span>\n<\/a><a href=\"https:\/\/m2camper.com\/it\/isolamento-termico-per-opel-vivaro-iii-x82-corto-2014\/\" aria-describedby=\"woocommerce_loop_add_to_cart_link_describedby_5253\" data-quantity=\"1\" class=\"button product_type_variable add_to_cart_button\" data-product_id=\"5253\" data-product_sku=\"\" aria-label=\"Seleziona le opzioni per \u201cAislantes t\u00e9rmicos oscurecedores Opel Vivaro III X82 Corta a\u00f1o 2014\u201d\" rel=\"nofollow\" data-no-translation=\"\" data-trp-gettext=\"\" data-no-translation-aria-label=\"\">Seleziona le opzioni<\/a>\t<span id=\"woocommerce_loop_add_to_cart_link_describedby_5253\" class=\"screen-reader-text\">\n\t\tQuesto prodotto ha pi\u00f9 varianti. Le opzioni possono essere scelte nella pagina del prodotto\t<\/span>\n<\/div><\/li>\n<li class=\"product type-product post-5219 status-publish last instock product_cat-opel product_cat-aislantes product_cat-all-products has-post-thumbnail taxable shipping-taxable purchasable product-type-variable\">\n\t<div class=\"nv-card-content-wrapper\"><a href=\"https:\/\/m2camper.com\/it\/isolamento-termico-per-opel-vivaro-iii-x82-lungo-oscuranti-2014\/\" class=\"woocommerce-LoopProduct-link woocommerce-loop-product__link\"><div class=\"sp-product-image\"><div class=\"img-wrap\"><img loading=\"lazy\" decoding=\"async\" width=\"300\" height=\"196\" src=\"https:\/\/m2camper.com\/wp-content\/uploads\/2025\/01\/60c9aa_e462f92e6a9041b590f093a6d9485687mv2-300x196.png\" class=\"attachment-woocommerce_thumbnail size-woocommerce_thumbnail\" alt=\"Isolanti termici per Opel Vivaro III X82 Long, 2014\" srcset=\"https:\/\/m2camper.com\/wp-content\/uploads\/2025\/01\/60c9aa_e462f92e6a9041b590f093a6d9485687mv2-300x196.png 300w, https:\/\/m2camper.com\/wp-content\/uploads\/2025\/01\/60c9aa_e462f92e6a9041b590f093a6d9485687mv2.png 359w\" sizes=\"(max-width: 300px) 100vw, 300px\" \/><\/div><\/div><h2 class=\"woocommerce-loop-product__title\">Isolanti termici per Opel Vivaro III X82 Long, 2014<\/h2>\n\t<span class=\"price\"><span class=\"woocommerce-Price-amount amount\" aria-hidden=\"true\"><bdi>60,00&nbsp;<span class=\"woocommerce-Price-currencySymbol\">&euro;<\/span><\/bdi><\/span> <span aria-hidden=\"true\">\u2013<\/span> <span class=\"woocommerce-Price-amount amount\" aria-hidden=\"true\"><bdi>216,00&nbsp;<span class=\"woocommerce-Price-currencySymbol\">&euro;<\/span><\/bdi><\/span><span class=\"screen-reader-text\" data-no-translation=\"\" data-trp-gettext=\"\">Fascia di prezzo: da 60,00&nbsp;&euro; a 216,00&nbsp;&euro;<\/span><\/span>\n<\/a><a href=\"https:\/\/m2camper.com\/it\/isolamento-termico-per-opel-vivaro-iii-x82-lungo-oscuranti-2014\/\" aria-describedby=\"woocommerce_loop_add_to_cart_link_describedby_5219\" data-quantity=\"1\" class=\"button product_type_variable add_to_cart_button\" data-product_id=\"5219\" data-product_sku=\"\" aria-label=\"Seleziona le opzioni per \u201cAislantes t\u00e9rmicos oscurecedores Opel Vivaro III X82 Larga a\u00f1o 2014\u201d\" rel=\"nofollow\" data-no-translation=\"\" data-trp-gettext=\"\" data-no-translation-aria-label=\"\">Seleziona le opzioni<\/a>\t<span id=\"woocommerce_loop_add_to_cart_link_describedby_5219\" class=\"screen-reader-text\">\n\t\tQuesto prodotto ha pi\u00f9 varianti. Le opzioni possono essere scelte nella pagina del prodotto\t<\/span>\n<\/div><\/li>\n<li class=\"product type-product post-5295 status-publish first instock product_cat-opel product_cat-aislantes product_cat-all-products has-post-thumbnail taxable shipping-taxable purchasable product-type-variable\">\n\t<div class=\"nv-card-content-wrapper\"><a href=\"https:\/\/m2camper.com\/it\/isolamento-termico-e-oscuramento-per-lopel-vivaro-ii-x83-corto\/\" class=\"woocommerce-LoopProduct-link woocommerce-loop-product__link\"><div class=\"sp-product-image\"><div class=\"img-wrap\"><img loading=\"lazy\" decoding=\"async\" width=\"300\" height=\"188\" src=\"https:\/\/m2camper.com\/wp-content\/uploads\/2025\/01\/60c9aa_b9e9de4d69da4421a7409e45e18f7071mv2-300x188.png\" class=\"attachment-woocommerce_thumbnail size-woocommerce_thumbnail\" alt=\"Isolanti termici per Opel Vivaro II X83 Short\" srcset=\"https:\/\/m2camper.com\/wp-content\/uploads\/2025\/01\/60c9aa_b9e9de4d69da4421a7409e45e18f7071mv2-300x188.png 300w, https:\/\/m2camper.com\/wp-content\/uploads\/2025\/01\/60c9aa_b9e9de4d69da4421a7409e45e18f7071mv2.png 480w\" sizes=\"(max-width: 300px) 100vw, 300px\" \/><\/div><\/div><h2 class=\"woocommerce-loop-product__title\">Isolanti termici per Opel Vivaro II X83 Short<\/h2>\n\t<span class=\"price\"><span class=\"woocommerce-Price-amount amount\" aria-hidden=\"true\"><bdi>60,00&nbsp;<span class=\"woocommerce-Price-currencySymbol\">&euro;<\/span><\/bdi><\/span> <span aria-hidden=\"true\">\u2013<\/span> <span class=\"woocommerce-Price-amount amount\" aria-hidden=\"true\"><bdi>200,00&nbsp;<span class=\"woocommerce-Price-currencySymbol\">&euro;<\/span><\/bdi><\/span><span class=\"screen-reader-text\" data-no-translation=\"\" data-trp-gettext=\"\">Fascia di prezzo: da 60,00&nbsp;&euro; a 200,00&nbsp;&euro;<\/span><\/span>\n<\/a><a href=\"https:\/\/m2camper.com\/it\/isolamento-termico-e-oscuramento-per-lopel-vivaro-ii-x83-corto\/\" aria-describedby=\"woocommerce_loop_add_to_cart_link_describedby_5295\" data-quantity=\"1\" class=\"button product_type_variable add_to_cart_button\" data-product_id=\"5295\" data-product_sku=\"\" aria-label=\"Seleziona le opzioni per \u201cAislantes t\u00e9rmicos oscurecedores Opel Vivaro II X83 Corta\u201d\" rel=\"nofollow\" data-no-translation=\"\" data-trp-gettext=\"\" data-no-translation-aria-label=\"\">Seleziona le opzioni<\/a>\t<span id=\"woocommerce_loop_add_to_cart_link_describedby_5295\" class=\"screen-reader-text\">\n\t\tQuesto prodotto ha pi\u00f9 varianti. Le opzioni possono essere scelte nella pagina del prodotto\t<\/span>\n<\/div><\/li>\n<li class=\"product type-product post-2276 status-publish instock product_cat-opel product_cat-aislantes product_cat-all-products has-post-thumbnail taxable shipping-taxable purchasable product-type-variable\">\n\t<div class=\"nv-card-content-wrapper\"><a href=\"https:\/\/m2camper.com\/it\/isolanti-termici-per-tende-lunghe-opel-vivaro-ii-x83\/\" class=\"woocommerce-LoopProduct-link woocommerce-loop-product__link\"><div class=\"sp-product-image\"><div class=\"img-wrap\"><img loading=\"lazy\" decoding=\"async\" width=\"300\" height=\"225\" src=\"https:\/\/m2camper.com\/wp-content\/uploads\/2025\/01\/60c9aa_1cc19f1dac7e4cbb8784e5782ca2d9acmv2-300x225.png\" class=\"attachment-woocommerce_thumbnail size-woocommerce_thumbnail\" alt=\"Isolanti termici per Opel Vivaro II X83 Long\" srcset=\"https:\/\/m2camper.com\/wp-content\/uploads\/2025\/01\/60c9aa_1cc19f1dac7e4cbb8784e5782ca2d9acmv2-300x225.png 300w, https:\/\/m2camper.com\/wp-content\/uploads\/2025\/01\/60c9aa_1cc19f1dac7e4cbb8784e5782ca2d9acmv2-600x450.png 600w, https:\/\/m2camper.com\/wp-content\/uploads\/2025\/01\/60c9aa_1cc19f1dac7e4cbb8784e5782ca2d9acmv2.png 640w\" sizes=\"(max-width: 300px) 100vw, 300px\" \/><\/div><\/div><h2 class=\"woocommerce-loop-product__title\">Isolanti termici per Opel Vivaro II X83 Long<\/h2>\n\t<span class=\"price\"><span class=\"woocommerce-Price-amount amount\" aria-hidden=\"true\"><bdi>60,00&nbsp;<span class=\"woocommerce-Price-currencySymbol\">&euro;<\/span><\/bdi><\/span> <span aria-hidden=\"true\">\u2013<\/span> <span class=\"woocommerce-Price-amount amount\" aria-hidden=\"true\"><bdi>216,00&nbsp;<span class=\"woocommerce-Price-currencySymbol\">&euro;<\/span><\/bdi><\/span><span class=\"screen-reader-text\" data-no-translation=\"\" data-trp-gettext=\"\">Fascia di prezzo: da 60,00&nbsp;&euro; a 216,00&nbsp;&euro;<\/span><\/span>\n<\/a><a href=\"https:\/\/m2camper.com\/it\/isolanti-termici-per-tende-lunghe-opel-vivaro-ii-x83\/\" aria-describedby=\"woocommerce_loop_add_to_cart_link_describedby_2276\" data-quantity=\"1\" class=\"button product_type_variable add_to_cart_button\" data-product_id=\"2276\" data-product_sku=\"\" aria-label=\"Seleziona le opzioni per \u201cAislantes t\u00e9rmicos oscurecedores Opel Vivaro II X83 Larga\u201d\" rel=\"nofollow\" data-no-translation=\"\" data-trp-gettext=\"\" data-no-translation-aria-label=\"\">Seleziona le opzioni<\/a>\t<span id=\"woocommerce_loop_add_to_cart_link_describedby_2276\" class=\"screen-reader-text\">\n\t\tQuesto prodotto ha pi\u00f9 varianti. Le opzioni possono essere scelte nella pagina del prodotto\t<\/span>\n<\/div><\/li>\n<li class=\"product type-product post-1539 status-publish last instock product_cat-opel product_cat-aislantes product_cat-all-products has-post-thumbnail taxable shipping-taxable purchasable product-type-variable\">\n\t<div class=\"nv-card-content-wrapper\"><a href=\"https:\/\/m2camper.com\/it\/isolamento-termico-per-tende-corte-opel-vivaro-2020-2023\/\" class=\"woocommerce-LoopProduct-link woocommerce-loop-product__link\"><div class=\"sp-product-image\"><div class=\"img-wrap\"><img loading=\"lazy\" decoding=\"async\" width=\"300\" height=\"169\" src=\"https:\/\/m2camper.com\/wp-content\/uploads\/2025\/01\/60c9aa_a5b9a17b66184ef09e3330af513b8163mv2-300x169.png\" class=\"attachment-woocommerce_thumbnail size-woocommerce_thumbnail\" alt=\"Isolanti termici oscuranti Opel Vivaro Corta 2020-2023\" srcset=\"https:\/\/m2camper.com\/wp-content\/uploads\/2025\/01\/60c9aa_a5b9a17b66184ef09e3330af513b8163mv2-300x169.png 300w, https:\/\/m2camper.com\/wp-content\/uploads\/2025\/01\/60c9aa_a5b9a17b66184ef09e3330af513b8163mv2-600x338.png 600w, https:\/\/m2camper.com\/wp-content\/uploads\/2025\/01\/60c9aa_a5b9a17b66184ef09e3330af513b8163mv2.png 1200w\" sizes=\"(max-width: 300px) 100vw, 300px\" \/><\/div><\/div><h2 class=\"woocommerce-loop-product__title\">Isolanti termici oscuranti Opel Vivaro Corta 2020-2023<\/h2>\n\t<span class=\"price\"><span class=\"woocommerce-Price-amount amount\" aria-hidden=\"true\"><bdi>60,00&nbsp;<span class=\"woocommerce-Price-currencySymbol\">&euro;<\/span><\/bdi><\/span> <span aria-hidden=\"true\">\u2013<\/span> <span class=\"woocommerce-Price-amount amount\" aria-hidden=\"true\"><bdi>200,00&nbsp;<span class=\"woocommerce-Price-currencySymbol\">&euro;<\/span><\/bdi><\/span><span class=\"screen-reader-text\" data-no-translation=\"\" data-trp-gettext=\"\">Fascia di prezzo: da 60,00&nbsp;&euro; a 200,00&nbsp;&euro;<\/span><\/span>\n<\/a><a href=\"https:\/\/m2camper.com\/it\/isolamento-termico-per-tende-corte-opel-vivaro-2020-2023\/\" aria-describedby=\"woocommerce_loop_add_to_cart_link_describedby_1539\" data-quantity=\"1\" class=\"button product_type_variable add_to_cart_button\" data-product_id=\"1539\" data-product_sku=\"\" aria-label=\"Seleziona le opzioni per \u201cAislantes t\u00e9rmicos oscurecedores Opel Vivaro Corta 2020-2023\u201d\" rel=\"nofollow\" data-no-translation=\"\" data-trp-gettext=\"\" data-no-translation-aria-label=\"\">Seleziona le opzioni<\/a>\t<span id=\"woocommerce_loop_add_to_cart_link_describedby_1539\" class=\"screen-reader-text\">\n\t\tQuesto prodotto ha pi\u00f9 varianti. Le opzioni possono essere scelte nella pagina del prodotto\t<\/span>\n<\/div><\/li>\n<li class=\"product type-product post-1525 status-publish first instock product_cat-opel product_cat-aislantes product_cat-all-products has-post-thumbnail taxable shipping-taxable purchasable product-type-variable\">\n\t<div class=\"nv-card-content-wrapper\"><a href=\"https:\/\/m2camper.com\/it\/isolamento-termico-per-opel-vivaro-long-2020-2023\/\" class=\"woocommerce-LoopProduct-link woocommerce-loop-product__link\"><div class=\"sp-product-image\"><div class=\"img-wrap\"><img loading=\"lazy\" decoding=\"async\" width=\"300\" height=\"200\" src=\"https:\/\/m2camper.com\/wp-content\/uploads\/2025\/01\/60c9aa_4ea4d57c6046449c84dd89987c9a37d5mv2-300x200.png\" class=\"attachment-woocommerce_thumbnail size-woocommerce_thumbnail\" alt=\"Isolanti termici oscuranti Opel Vivaro Larga 2020-2023\" srcset=\"https:\/\/m2camper.com\/wp-content\/uploads\/2025\/01\/60c9aa_4ea4d57c6046449c84dd89987c9a37d5mv2-300x200.png 300w, https:\/\/m2camper.com\/wp-content\/uploads\/2025\/01\/60c9aa_4ea4d57c6046449c84dd89987c9a37d5mv2-600x400.png 600w, https:\/\/m2camper.com\/wp-content\/uploads\/2025\/01\/60c9aa_4ea4d57c6046449c84dd89987c9a37d5mv2.png 1110w\" sizes=\"(max-width: 300px) 100vw, 300px\" \/><\/div><\/div><h2 class=\"woocommerce-loop-product__title\">Isolanti termici oscuranti Opel Vivaro Larga 2020-2023<\/h2>\n\t<span class=\"price\"><span class=\"woocommerce-Price-amount amount\" aria-hidden=\"true\"><bdi>60,00&nbsp;<span class=\"woocommerce-Price-currencySymbol\">&euro;<\/span><\/bdi><\/span> <span aria-hidden=\"true\">\u2013<\/span> <span class=\"woocommerce-Price-amount amount\" aria-hidden=\"true\"><bdi>216,00&nbsp;<span class=\"woocommerce-Price-currencySymbol\">&euro;<\/span><\/bdi><\/span><span class=\"screen-reader-text\" data-no-translation=\"\" data-trp-gettext=\"\">Fascia di prezzo: da 60,00&nbsp;&euro; a 216,00&nbsp;&euro;<\/span><\/span>\n<\/a><a href=\"https:\/\/m2camper.com\/it\/isolamento-termico-per-opel-vivaro-long-2020-2023\/\" aria-describedby=\"woocommerce_loop_add_to_cart_link_describedby_1525\" data-quantity=\"1\" class=\"button product_type_variable add_to_cart_button\" data-product_id=\"1525\" data-product_sku=\"\" aria-label=\"Seleziona le opzioni per \u201cAislantes t\u00e9rmicos oscurecedores Opel Vivaro Larga 2020-2023\u201d\" rel=\"nofollow\" data-no-translation=\"\" data-trp-gettext=\"\" data-no-translation-aria-label=\"\">Seleziona le opzioni<\/a>\t<span id=\"woocommerce_loop_add_to_cart_link_describedby_1525\" class=\"screen-reader-text\">\n\t\tQuesto prodotto ha pi\u00f9 varianti. Le opzioni possono essere scelte nella pagina del prodotto\t<\/span>\n<\/div><\/li>\n<li class=\"product type-product post-988 status-publish instock product_cat-opel product_cat-aislantes product_cat-all-products has-post-thumbnail taxable shipping-taxable purchasable product-type-variable\">\n\t<div class=\"nv-card-content-wrapper\"><a href=\"https:\/\/m2camper.com\/it\/isolanti-termici-opel-movano-iii-con-tende-oscuranti\/\" class=\"woocommerce-LoopProduct-link woocommerce-loop-product__link\"><div class=\"sp-product-image\"><div class=\"img-wrap\"><img loading=\"lazy\" decoding=\"async\" width=\"300\" height=\"225\" src=\"https:\/\/m2camper.com\/wp-content\/uploads\/2025\/01\/60c9aa_181d8487822b4c5b8b70f99666669b4emv2-300x225.png\" class=\"attachment-woocommerce_thumbnail size-woocommerce_thumbnail\" alt=\"Isolanti termici oscuranti per Opel Movano III\" srcset=\"https:\/\/m2camper.com\/wp-content\/uploads\/2025\/01\/60c9aa_181d8487822b4c5b8b70f99666669b4emv2-300x225.png 300w, https:\/\/m2camper.com\/wp-content\/uploads\/2025\/01\/60c9aa_181d8487822b4c5b8b70f99666669b4emv2.png 577w\" sizes=\"(max-width: 300px) 100vw, 300px\" \/><\/div><\/div><h2 class=\"woocommerce-loop-product__title\">Isolanti termici oscuranti per Opel Movano III<\/h2>\n\t<span class=\"price\"><span class=\"woocommerce-Price-amount amount\" aria-hidden=\"true\"><bdi>85,00&nbsp;<span class=\"woocommerce-Price-currencySymbol\">&euro;<\/span><\/bdi><\/span> <span aria-hidden=\"true\">\u2013<\/span> <span class=\"woocommerce-Price-amount amount\" aria-hidden=\"true\"><bdi>117,00&nbsp;<span class=\"woocommerce-Price-currencySymbol\">&euro;<\/span><\/bdi><\/span><span class=\"screen-reader-text\" data-no-translation=\"\" data-trp-gettext=\"\">Fascia di prezzo: da 85,00&nbsp;&euro; a 117,00&nbsp;&euro;<\/span><\/span>\n<\/a><a href=\"https:\/\/m2camper.com\/it\/isolanti-termici-opel-movano-iii-con-tende-oscuranti\/\" aria-describedby=\"woocommerce_loop_add_to_cart_link_describedby_988\" data-quantity=\"1\" class=\"button product_type_variable add_to_cart_button\" data-product_id=\"988\" data-product_sku=\"\" aria-label=\"Seleziona le opzioni per \u201cAislantes t\u00e9rmicos oscurecedores Opel Movano III\u201d\" rel=\"nofollow\" data-no-translation=\"\" data-trp-gettext=\"\" data-no-translation-aria-label=\"\">Seleziona le opzioni<\/a>\t<span id=\"woocommerce_loop_add_to_cart_link_describedby_988\" class=\"screen-reader-text\">\n\t\tQuesto prodotto ha pi\u00f9 varianti. Le opzioni possono essere scelte nella pagina del prodotto\t<\/span>\n<\/div><\/li>\n<\/ul>\n<\/div>\t\t\t\t<\/div>\n\t\t\t\t<\/div>\n\t\t\t\t<\/div>\n\t\t\t\t<\/div>\n\t\t\t\t<section class=\"elementor-section elementor-top-section elementor-element elementor-element-a180132 elementor-reverse-tablet elementor-reverse-mobile elementor-section-boxed elementor-section-height-default elementor-section-height-default\" data-id=\"a180132\" data-element_type=\"section\" data-e-type=\"section\" data-settings=\"{&quot;background_background&quot;:&quot;classic&quot;}\">\n\t\t\t\t\t\t\t<div class=\"elementor-background-overlay\"><\/div>\n\t\t\t\t\t\t\t<div class=\"elementor-container elementor-column-gap-default\">\n\t\t\t\t\t<div class=\"elementor-column elementor-col-100 elementor-top-column elementor-element elementor-element-68d88cf elementor-invisible\" data-id=\"68d88cf\" data-element_type=\"column\" data-e-type=\"column\" data-settings=\"{&quot;animation&quot;:&quot;fadeInRight&quot;}\">\n\t\t\t<div class=\"elementor-widget-wrap elementor-element-populated\">\n\t\t\t\t\t\t<div class=\"elementor-element elementor-element-8777649 elementor-widget elementor-widget-heading\" data-id=\"8777649\" data-element_type=\"widget\" data-e-type=\"widget\" data-widget_type=\"heading.default\">\n\t\t\t\t<div class=\"elementor-widget-container\">\n\t\t\t\t\t<h3 class=\"elementor-heading-title elementor-size-default\">Non riesci a trovare quello che stai cercando?<\/h3>\t\t\t\t<\/div>\n\t\t\t\t<\/div>\n\t\t\t\t<div class=\"elementor-element elementor-element-ba0406a elementor-widget elementor-widget-text-editor\" data-id=\"ba0406a\" data-element_type=\"widget\" data-e-type=\"widget\" data-widget_type=\"text-editor.default\">\n\t\t\t\t<div class=\"elementor-widget-container\">\n\t\t\t\t\t\t\t\t\t<p class=\"font_7 wixui-rich-text__text\">Se non trovi il prodotto che cerchi, non esitare a contattarci. Il nostro team \u00e8 qui per aiutarti a trovare la soluzione perfetta. La tua soddisfazione \u00e8 la nostra priorit\u00e0!<\/p>\t\t\t\t\t\t\t\t<\/div>\n\t\t\t\t<\/div>\n\t\t\t\t<div class=\"elementor-element elementor-element-080781a elementor-align-center elementor-widget elementor-widget-button\" data-id=\"080781a\" data-element_type=\"widget\" data-e-type=\"widget\" data-widget_type=\"button.default\">\n\t\t\t\t<div class=\"elementor-widget-container\">\n\t\t\t\t\t\t\t\t\t<div class=\"elementor-button-wrapper\">\n\t\t\t\t\t<a class=\"elementor-button elementor-button-link elementor-size-sm\" href=\"https:\/\/m2camper.com\/it\/contatto\/\">\n\t\t\t\t\t\t<span class=\"elementor-button-content-wrapper\">\n\t\t\t\t\t\t\t\t\t<span class=\"elementor-button-text\">Contattaci<\/span>\n\t\t\t\t\t<\/span>\n\t\t\t\t\t<\/a>\n\t\t\t\t<\/div>\n\t\t\t\t\t\t\t\t<\/div>\n\t\t\t\t<\/div>\n\t\t\t\t\t<\/div>\n\t\t<\/div>\n\t\t\t\t\t<\/div>\n\t\t<\/section>\n\t\t\t\t<\/div>","protected":false},"excerpt":{"rendered":"<p>Explora el mundo con tu Opel y lleva tu experiencia de viaje al siguiente nivel con nuestros aislantes t\u00e9rmicos oscurecedores de 9 capas, dise\u00f1ados espec\u00edficamente para veh\u00edculos Opel. En nuestra tienda, nos apasiona ofrecerte soluciones que transformar\u00e1n tu veh\u00edculo en un oasis de comodidad y privacidad. Veh\u00edculos Camper a MedidaSabemos que cada modelo de Opel&hellip;&nbsp;<a href=\"https:\/\/m2camper.com\/it\/isolatori-oscuranti-per-opel\/\" rel=\"bookmark\">Leggi tutto &raquo;<span class=\"screen-reader-text\">Isolanti oscuranti per Opel<\/span><\/a><\/p>","protected":false},"author":1,"featured_media":0,"parent":0,"menu_order":0,"comment_status":"closed","ping_status":"closed","template":"page-templates\/template-pagebuilder-full-width.php","meta":{"neve_meta_sidebar":"","neve_meta_container":"","neve_meta_enable_content_width":"off","neve_meta_content_width":100,"neve_meta_title_alignment":"","neve_meta_author_avatar":"","neve_post_elements_order":"","neve_meta_disable_header":"","neve_meta_disable_footer":"","neve_meta_disable_title":"","footnotes":""},"class_list":["post-11074","page","type-page","status-publish","hentry"],"yoast_head":"<!-- This site is optimized with the Yoast SEO plugin v27.4 - https:\/\/yoast.com\/product\/yoast-seo-wordpress\/ -->\n<title>Aislantes oscurecedores para Opel - M2 Camper | Aislantes t\u00e9rmicos y oscurecedores para campers<\/title>\n<meta name=\"robots\" content=\"index, follow, max-snippet:-1, max-image-preview:large, max-video-preview:-1\" \/>\n<link rel=\"canonical\" href=\"https:\/\/m2camper.com\/it\/isolatori-oscuranti-per-opel\/\" \/>\n<meta property=\"og:locale\" content=\"it_IT\" \/>\n<meta property=\"og:type\" content=\"article\" \/>\n<meta property=\"og:title\" content=\"Aislantes oscurecedores para Opel - M2 Camper | Aislantes t\u00e9rmicos y oscurecedores para campers\" \/>\n<meta property=\"og:description\" content=\"Explora el mundo con tu Opel y lleva tu experiencia de viaje al siguiente nivel con nuestros aislantes t\u00e9rmicos oscurecedores de 9 capas, dise\u00f1ados espec\u00edficamente para veh\u00edculos Opel. En nuestra tienda, nos apasiona ofrecerte soluciones que transformar\u00e1n tu veh\u00edculo en un oasis de comodidad y privacidad. Veh\u00edculos Camper a MedidaSabemos que cada modelo de Opel&hellip;&nbsp;Leggi tutto &raquo;Aislantes oscurecedores para Opel\" \/>\n<meta property=\"og:url\" content=\"https:\/\/m2camper.com\/it\/isolatori-oscuranti-per-opel\/\" \/>\n<meta property=\"og:site_name\" content=\"M2 Camper | Aislantes t\u00e9rmicos y oscurecedores para campers\" \/>\n<meta property=\"article:modified_time\" content=\"2025-04-17T10:42:02+00:00\" \/>\n<meta property=\"og:image\" content=\"https:\/\/m2camper.com\/wp-content\/uploads\/2025\/01\/5_5_11zon.png\" \/>\n<meta name=\"twitter:card\" content=\"summary_large_image\" \/>\n<meta name=\"twitter:label1\" content=\"Tempo di lettura stimato\" \/>\n\t<meta name=\"twitter:data1\" content=\"8 minuti\" \/>\n<script type=\"application\/ld+json\" class=\"yoast-schema-graph\">{\"@context\":\"https:\\\/\\\/schema.org\",\"@graph\":[{\"@type\":\"WebPage\",\"@id\":\"https:\\\/\\\/m2camper.com\\\/ca\\\/aillants-enfosquidors-per-a-opel\\\/\",\"url\":\"https:\\\/\\\/m2camper.com\\\/ca\\\/aillants-enfosquidors-per-a-opel\\\/\",\"name\":\"Aislantes oscurecedores para Opel - M2 Camper | Aislantes t\u00e9rmicos y oscurecedores para campers\",\"isPartOf\":{\"@id\":\"https:\\\/\\\/m2camper.com\\\/pt\\\/#website\"},\"primaryImageOfPage\":{\"@id\":\"https:\\\/\\\/m2camper.com\\\/ca\\\/aillants-enfosquidors-per-a-opel\\\/#primaryimage\"},\"image\":{\"@id\":\"https:\\\/\\\/m2camper.com\\\/ca\\\/aillants-enfosquidors-per-a-opel\\\/#primaryimage\"},\"thumbnailUrl\":\"https:\\\/\\\/m2camper.com\\\/wp-content\\\/uploads\\\/2025\\\/01\\\/5_5_11zon.png\",\"datePublished\":\"2025-01-26T18:35:01+00:00\",\"dateModified\":\"2025-04-17T10:42:02+00:00\",\"breadcrumb\":{\"@id\":\"https:\\\/\\\/m2camper.com\\\/ca\\\/aillants-enfosquidors-per-a-opel\\\/#breadcrumb\"},\"inLanguage\":\"it-IT\",\"potentialAction\":[{\"@type\":\"ReadAction\",\"target\":[\"https:\\\/\\\/m2camper.com\\\/ca\\\/aillants-enfosquidors-per-a-opel\\\/\"]}]},{\"@type\":\"ImageObject\",\"inLanguage\":\"it-IT\",\"@id\":\"https:\\\/\\\/m2camper.com\\\/ca\\\/aillants-enfosquidors-per-a-opel\\\/#primaryimage\",\"url\":\"https:\\\/\\\/m2camper.com\\\/wp-content\\\/uploads\\\/2025\\\/01\\\/5_5_11zon.png\",\"contentUrl\":\"https:\\\/\\\/m2camper.com\\\/wp-content\\\/uploads\\\/2025\\\/01\\\/5_5_11zon.png\"},{\"@type\":\"BreadcrumbList\",\"@id\":\"https:\\\/\\\/m2camper.com\\\/ca\\\/aillants-enfosquidors-per-a-opel\\\/#breadcrumb\",\"itemListElement\":[{\"@type\":\"ListItem\",\"position\":1,\"name\":\"Portada\",\"item\":\"https:\\\/\\\/m2camper.com\\\/pt\\\/\"},{\"@type\":\"ListItem\",\"position\":2,\"name\":\"Aislantes oscurecedores para Opel\"}]},{\"@type\":\"WebSite\",\"@id\":\"https:\\\/\\\/m2camper.com\\\/pt\\\/#website\",\"url\":\"https:\\\/\\\/m2camper.com\\\/pt\\\/\",\"name\":\"M2 Campers | Aislantes t\u00e9rmicos y oscurecedores para campers\",\"description\":\"Descubre calidad y confort de nuestros aislantes t\u00e9rmicos oscurecedores y colchones para veh\u00edculos. Optimiza tu experiencia en carretera con M2 Camper.\",\"potentialAction\":[{\"@type\":\"SearchAction\",\"target\":{\"@type\":\"EntryPoint\",\"urlTemplate\":\"https:\\\/\\\/m2camper.com\\\/pt\\\/?s={search_term_string}\"},\"query-input\":{\"@type\":\"PropertyValueSpecification\",\"valueRequired\":true,\"valueName\":\"search_term_string\"}}],\"inLanguage\":\"it-IT\"}]}<\/script>\n<!-- \/ Yoast SEO plugin. -->","yoast_head_json":{"title":"Isolamento termico e oscuranti per Opel - M2 Camper | Isolamento termico e oscuranti per camper","robots":{"index":"index","follow":"follow","max-snippet":"max-snippet:-1","max-image-preview":"max-image-preview:large","max-video-preview":"max-video-preview:-1"},"canonical":"https:\/\/m2camper.com\/it\/isolatori-oscuranti-per-opel\/","og_locale":"it_IT","og_type":"article","og_title":"Aislantes oscurecedores para Opel - M2 Camper | Aislantes t\u00e9rmicos y oscurecedores para campers","og_description":"Explora el mundo con tu Opel y lleva tu experiencia de viaje al siguiente nivel con nuestros aislantes t\u00e9rmicos oscurecedores de 9 capas, dise\u00f1ados espec\u00edficamente para veh\u00edculos Opel. En nuestra tienda, nos apasiona ofrecerte soluciones que transformar\u00e1n tu veh\u00edculo en un oasis de comodidad y privacidad. Veh\u00edculos Camper a MedidaSabemos que cada modelo de Opel&hellip;&nbsp;Leggi tutto &raquo;Aislantes oscurecedores para Opel","og_url":"https:\/\/m2camper.com\/it\/isolatori-oscuranti-per-opel\/","og_site_name":"M2 Camper | Aislantes t\u00e9rmicos y oscurecedores para campers","article_modified_time":"2025-04-17T10:42:02+00:00","og_image":[{"url":"https:\/\/m2camper.com\/wp-content\/uploads\/2025\/01\/5_5_11zon.png","type":"","width":"","height":""}],"twitter_card":"summary_large_image","twitter_misc":{"Tempo di lettura stimato":"8 minuti"},"schema":{"@context":"https:\/\/schema.org","@graph":[{"@type":"WebPage","@id":"https:\/\/m2camper.com\/ca\/aillants-enfosquidors-per-a-opel\/","url":"https:\/\/m2camper.com\/ca\/aillants-enfosquidors-per-a-opel\/","name":"Isolamento termico e oscuranti per Opel - M2 Camper | Isolamento termico e oscuranti per camper","isPartOf":{"@id":"https:\/\/m2camper.com\/pt\/#website"},"primaryImageOfPage":{"@id":"https:\/\/m2camper.com\/ca\/aillants-enfosquidors-per-a-opel\/#primaryimage"},"image":{"@id":"https:\/\/m2camper.com\/ca\/aillants-enfosquidors-per-a-opel\/#primaryimage"},"thumbnailUrl":"https:\/\/m2camper.com\/wp-content\/uploads\/2025\/01\/5_5_11zon.png","datePublished":"2025-01-26T18:35:01+00:00","dateModified":"2025-04-17T10:42:02+00:00","breadcrumb":{"@id":"https:\/\/m2camper.com\/ca\/aillants-enfosquidors-per-a-opel\/#breadcrumb"},"inLanguage":"it-IT","potentialAction":[{"@type":"ReadAction","target":["https:\/\/m2camper.com\/ca\/aillants-enfosquidors-per-a-opel\/"]}]},{"@type":"ImageObject","inLanguage":"it-IT","@id":"https:\/\/m2camper.com\/ca\/aillants-enfosquidors-per-a-opel\/#primaryimage","url":"https:\/\/m2camper.com\/wp-content\/uploads\/2025\/01\/5_5_11zon.png","contentUrl":"https:\/\/m2camper.com\/wp-content\/uploads\/2025\/01\/5_5_11zon.png"},{"@type":"BreadcrumbList","@id":"https:\/\/m2camper.com\/ca\/aillants-enfosquidors-per-a-opel\/#breadcrumb","itemListElement":[{"@type":"ListItem","position":1,"name":"Portada","item":"https:\/\/m2camper.com\/pt\/"},{"@type":"ListItem","position":2,"name":"Aislantes oscurecedores para Opel"}]},{"@type":"WebSite","@id":"https:\/\/m2camper.com\/pt\/#website","url":"https:\/\/m2camper.com\/pt\/","name":"M2 Campers | Isolamento termico e oscuranti per camper","description":"Scopri la qualit\u00e0 e il comfort del nostro isolamento termico oscurante e dei materassi per veicoli. Ottimizza la tua esperienza di viaggio con M2 Camper.","potentialAction":[{"@type":"SearchAction","target":{"@type":"EntryPoint","urlTemplate":"https:\/\/m2camper.com\/pt\/?s={search_term_string}"},"query-input":{"@type":"PropertyValueSpecification","valueRequired":true,"valueName":"search_term_string"}}],"inLanguage":"it-IT"}]}},"_links":{"self":[{"href":"https:\/\/m2camper.com\/it\/wp-json\/wp\/v2\/pages\/11074","targetHints":{"allow":["GET"]}}],"collection":[{"href":"https:\/\/m2camper.com\/it\/wp-json\/wp\/v2\/pages"}],"about":[{"href":"https:\/\/m2camper.com\/it\/wp-json\/wp\/v2\/types\/page"}],"author":[{"embeddable":true,"href":"https:\/\/m2camper.com\/it\/wp-json\/wp\/v2\/users\/1"}],"replies":[{"embeddable":true,"href":"https:\/\/m2camper.com\/it\/wp-json\/wp\/v2\/comments?post=11074"}],"version-history":[{"count":32,"href":"https:\/\/m2camper.com\/it\/wp-json\/wp\/v2\/pages\/11074\/revisions"}],"predecessor-version":[{"id":13267,"href":"https:\/\/m2camper.com\/it\/wp-json\/wp\/v2\/pages\/11074\/revisions\/13267"}],"wp:attachment":[{"href":"https:\/\/m2camper.com\/it\/wp-json\/wp\/v2\/media?parent=11074"}],"curies":[{"name":"wp","href":"https:\/\/api.w.org\/{rel}","templated":true}]}}