{"id":10975,"date":"2025-01-26T17:10:32","date_gmt":"2025-01-26T17:10:32","guid":{"rendered":"https:\/\/ultbit.com\/m2camper\/?page_id=10975"},"modified":"2025-04-17T10:35:47","modified_gmt":"2025-04-17T10:35:47","slug":"isolatori-oscuranti-per-citroen","status":"publish","type":"page","link":"https:\/\/m2camper.com\/it\/isolatori-oscuranti-per-citroen\/","title":{"rendered":"Isolanti oscuranti per Citro\u00ebn"},"content":{"rendered":"<div data-elementor-type=\"wp-page\" data-elementor-id=\"10975\" class=\"elementor elementor-10975\" data-elementor-post-type=\"page\">\n\t\t\t\t\t\t<section class=\"elementor-section elementor-top-section elementor-element elementor-element-12a524b elementor-section-boxed elementor-section-height-default elementor-section-height-default\" data-id=\"12a524b\" data-element_type=\"section\" data-e-type=\"section\" data-settings=\"{&quot;background_background&quot;:&quot;classic&quot;}\">\n\t\t\t\t\t\t\t<div class=\"elementor-background-overlay\"><\/div>\n\t\t\t\t\t\t\t<div class=\"elementor-container elementor-column-gap-default\">\n\t\t\t\t\t<div class=\"elementor-column elementor-col-100 elementor-top-column elementor-element elementor-element-fcd61ff\" data-id=\"fcd61ff\" data-element_type=\"column\" data-e-type=\"column\">\n\t\t\t<div class=\"elementor-widget-wrap elementor-element-populated\">\n\t\t\t\t\t\t<section class=\"elementor-section elementor-inner-section elementor-element elementor-element-c7217c5 elementor-section-boxed elementor-section-height-default elementor-section-height-default\" data-id=\"c7217c5\" data-element_type=\"section\" data-e-type=\"section\">\n\t\t\t\t\t\t<div class=\"elementor-container elementor-column-gap-default\">\n\t\t\t\t\t<div class=\"elementor-column elementor-col-100 elementor-inner-column elementor-element elementor-element-a9625b2\" data-id=\"a9625b2\" data-element_type=\"column\" data-e-type=\"column\">\n\t\t\t<div class=\"elementor-widget-wrap elementor-element-populated\">\n\t\t\t\t\t\t\t<\/div>\n\t\t<\/div>\n\t\t\t\t\t<\/div>\n\t\t<\/section>\n\t\t\t\t\t<\/div>\n\t\t<\/div>\n\t\t\t\t\t<\/div>\n\t\t<\/section>\n\t\t\t\t<section class=\"elementor-section elementor-top-section elementor-element elementor-element-46432d8 elementor-section-boxed elementor-section-height-default elementor-section-height-default\" data-id=\"46432d8\" data-element_type=\"section\" data-e-type=\"section\" data-settings=\"{&quot;background_background&quot;:&quot;classic&quot;}\">\n\t\t\t\t\t\t\t<div class=\"elementor-background-overlay\"><\/div>\n\t\t\t\t\t\t\t<div class=\"elementor-container elementor-column-gap-default\">\n\t\t\t\t\t<div class=\"elementor-column elementor-col-100 elementor-top-column elementor-element elementor-element-adbb7cd elementor-invisible\" data-id=\"adbb7cd\" data-element_type=\"column\" data-e-type=\"column\" data-settings=\"{&quot;animation&quot;:&quot;fadeInLeft&quot;}\">\n\t\t\t<div class=\"elementor-widget-wrap elementor-element-populated\">\n\t\t\t\t<div class=\"elementor-element elementor-element-3d7fcf0 e-flex e-con-boxed e-con e-parent\" data-id=\"3d7fcf0\" data-element_type=\"container\" data-e-type=\"container\">\n\t\t\t\t\t<div class=\"e-con-inner\">\n\t\t<div class=\"elementor-element elementor-element-8721e65 e-con-full e-flex e-con e-child\" data-id=\"8721e65\" data-element_type=\"container\" data-e-type=\"container\">\n\t\t\t\t<div class=\"elementor-element elementor-element-3854079 elementor-widget elementor-widget-image\" data-id=\"3854079\" data-element_type=\"widget\" data-e-type=\"widget\" data-widget_type=\"image.default\">\n\t\t\t\t<div class=\"elementor-widget-container\">\n\t\t\t\t\t\t\t\t\t\t\t\t\t\t\t<img decoding=\"async\" width=\"99\" height=\"79\" src=\"https:\/\/m2camper.com\/wp-content\/uploads\/2025\/01\/1_1_11zon.png\" class=\"attachment-large size-large wp-image-10871\" alt=\"\" \/>\t\t\t\t\t\t\t\t\t\t\t\t\t\t\t<\/div>\n\t\t\t\t<\/div>\n\t\t\t\t<\/div>\n\t\t<div class=\"elementor-element elementor-element-ec1c3fe e-con-full e-flex e-con e-child\" data-id=\"ec1c3fe\" data-element_type=\"container\" data-e-type=\"container\">\n\t\t\t\t<div class=\"elementor-element elementor-element-e526ce4 elementor-widget elementor-widget-text-editor\" data-id=\"e526ce4\" data-element_type=\"widget\" data-e-type=\"widget\" data-widget_type=\"text-editor.default\">\n\t\t\t\t<div class=\"elementor-widget-container\">\n\t\t\t\t\t\t\t\t\t<p>Esplora il mondo con la tua Citro\u00ebn e porta la tua esperienza di viaggio a un livello superiore con i nostri isolanti termici oscuranti a 9 strati, progettati specificamente per i veicoli Citro\u00ebn. Nel nostro negozio, ci impegniamo a offrirti soluzioni che trasformeranno il tuo veicolo in un&#039;oasi di comfort e privacy.<\/p><p><strong>Veicoli camper personalizzati<\/strong><br \/>Sappiamo che ogni modello Citro\u00ebn \u00e8 unico. Ecco perch\u00e9 offriamo soluzioni su misura per migliorare il tuo comfort di viaggio. Scopri la nostra gamma di prodotti progettati specificamente per il tuo veicolo, garantendo che ogni prodotto si adatti perfettamente alla tua Citro\u00ebn.<\/p><p><strong>Vantaggi dei nostri prodotti<\/strong><\/p><ul><li><strong>Progettazione personalizzata:<\/strong> I nostri prodotti sono progettati specificamente per i modelli Citro\u00ebn, garantendo una vestibilit\u00e0 perfetta e un aspetto elegante.<\/li><li><strong>Isolamento termico superiore:<\/strong> Provate un comfort termico eccezionale con i nostri isolanti termici oscuranti di alta qualit\u00e0.<\/li><li><strong>Installazione facile:<\/strong> I nostri prodotti sono facili da installare grazie al sistema di ventose avvitabili.<\/li><\/ul>\t\t\t\t\t\t\t\t<\/div>\n\t\t\t\t<\/div>\n\t\t\t\t<\/div>\n\t\t\t\t\t<\/div>\n\t\t\t\t<\/div>\n\t\t\t\t\t<\/div>\n\t\t<\/div>\n\t\t\t\t\t<\/div>\n\t\t<\/section>\n\t\t<div class=\"elementor-element elementor-element-4cb6bf6 e-con-full e-flex e-con e-parent\" data-id=\"4cb6bf6\" data-element_type=\"container\" data-e-type=\"container\" data-settings=\"{&quot;background_background&quot;:&quot;classic&quot;}\">\n\t\t<div class=\"elementor-element elementor-element-2f43076 e-con-full elementor-hidden-tablet elementor-hidden-mobile e-flex e-con e-child\" data-id=\"2f43076\" data-element_type=\"container\" data-e-type=\"container\">\n\t\t\t\t<div class=\"elementor-element elementor-element-e96bffd elementor-hidden-tablet elementor-hidden-mobile elementor-widget elementor-widget-elementskit-page-list\" data-id=\"e96bffd\" data-element_type=\"widget\" data-e-type=\"widget\" data-widget_type=\"elementskit-page-list.default\">\n\t\t\t\t<div class=\"elementor-widget-container\">\n\t\t\t\t\t<div class=\"ekit-wid-con\" >\t\t<div class=\"elementor-icon-list-items\">\n\t\t\t\t\t\t\t<div class=\"elementor-icon-list-item\">\n\t\t\t\t\t\t<a class=\"elementor-repeater-item-d0811d6 ekit_badge_left\" href=\"https:\/\/m2camper.com\/it\/isolatori-oscuranti-per-audi\/\">\n\t\t\t\t\t\t\t<div class=\"ekit_page_list_content\">\n\t\t\t\t\t\t\t\t\t\t\t\t\t\t\t\t<span class=\"elementor-icon-list-text\">\n\t\t\t\t\t\t\t\t\t<span class=\"ekit_page_list_title_title\">Audi<\/span>\n\t\t\t\t\t\t\t\t\t\t\t\t\t\t\t\t\t<\/span>\n\t\t\t\t\t\t\t<\/div>\n\t\t\t\t\t\t\t\t\t\t\t\t\t<\/a>\n\t\t\t\t\t<\/div>\n\t\t\t\t\t\t\t\t<div class=\"elementor-icon-list-item\">\n\t\t\t\t\t\t<a class=\"elementor-repeater-item-ea8a091 ekit_badge_left\" href=\"https:\/\/m2camper.com\/it\/isolatori-oscuranti-per-bmw\/\">\n\t\t\t\t\t\t\t<div class=\"ekit_page_list_content\">\n\t\t\t\t\t\t\t\t\t\t\t\t\t\t\t\t<span class=\"elementor-icon-list-text\">\n\t\t\t\t\t\t\t\t\t<span class=\"ekit_page_list_title_title\">BMW<\/span>\n\t\t\t\t\t\t\t\t\t\t\t\t\t\t\t\t\t<\/span>\n\t\t\t\t\t\t\t<\/div>\n\t\t\t\t\t\t\t\t\t\t\t\t\t<\/a>\n\t\t\t\t\t<\/div>\n\t\t\t\t\t\t\t\t<div class=\"elementor-icon-list-item\">\n\t\t\t\t\t\t<a class=\"elementor-repeater-item-172e267 ekit_badge_left\" href=\"https:\/\/m2camper.com\/it\/isolatori-oscuranti-per-chevrolet\/\">\n\t\t\t\t\t\t\t<div class=\"ekit_page_list_content\">\n\t\t\t\t\t\t\t\t\t\t\t\t\t\t\t\t<span class=\"elementor-icon-list-text\">\n\t\t\t\t\t\t\t\t\t<span class=\"ekit_page_list_title_title\">Chevrolet<\/span>\n\t\t\t\t\t\t\t\t\t\t\t\t\t\t\t\t\t<\/span>\n\t\t\t\t\t\t\t<\/div>\n\t\t\t\t\t\t\t\t\t\t\t\t\t<\/a>\n\t\t\t\t\t<\/div>\n\t\t\t\t\t\t\t\t<div class=\"elementor-icon-list-item\">\n\t\t\t\t\t\t<a class=\"elementor-repeater-item-efd62c3 ekit_badge_left\" href=\"https:\/\/m2camper.com\/it\/isolatori-oscuranti-per-chrysler\/\">\n\t\t\t\t\t\t\t<div class=\"ekit_page_list_content\">\n\t\t\t\t\t\t\t\t\t\t\t\t\t\t\t\t<span class=\"elementor-icon-list-text\">\n\t\t\t\t\t\t\t\t\t<span class=\"ekit_page_list_title_title\">Chrysler<\/span>\n\t\t\t\t\t\t\t\t\t\t\t\t\t\t\t\t\t<\/span>\n\t\t\t\t\t\t\t<\/div>\n\t\t\t\t\t\t\t\t\t\t\t\t\t<\/a>\n\t\t\t\t\t<\/div>\n\t\t\t\t\t\t\t\t<div class=\"elementor-icon-list-item\">\n\t\t\t\t\t\t<a class=\"elementor-repeater-item-72021d8 ekit_badge_left\" href=\"https:\/\/m2camper.com\/it\/isolatori-oscuranti-per-citroen\/\">\n\t\t\t\t\t\t\t<div class=\"ekit_page_list_content\">\n\t\t\t\t\t\t\t\t\t\t\t\t\t\t\t\t<span class=\"elementor-icon-list-text\">\n\t\t\t\t\t\t\t\t\t<span class=\"ekit_page_list_title_title\">Citro\u00ebn<\/span>\n\t\t\t\t\t\t\t\t\t\t\t\t\t\t\t\t\t<\/span>\n\t\t\t\t\t\t\t<\/div>\n\t\t\t\t\t\t\t\t\t\t\t\t\t<\/a>\n\t\t\t\t\t<\/div>\n\t\t\t\t\t\t\t\t<div class=\"elementor-icon-list-item\">\n\t\t\t\t\t\t<a class=\"elementor-repeater-item-cb33de3 ekit_badge_left\" href=\"https:\/\/m2camper.com\/it\/isolatori-oscuranti-per-dacia\/\">\n\t\t\t\t\t\t\t<div class=\"ekit_page_list_content\">\n\t\t\t\t\t\t\t\t\t\t\t\t\t\t\t\t<span class=\"elementor-icon-list-text\">\n\t\t\t\t\t\t\t\t\t<span class=\"ekit_page_list_title_title\">Dacia<\/span>\n\t\t\t\t\t\t\t\t\t\t\t\t\t\t\t\t\t<\/span>\n\t\t\t\t\t\t\t<\/div>\n\t\t\t\t\t\t\t\t\t\t\t\t\t<\/a>\n\t\t\t\t\t<\/div>\n\t\t\t\t\t\t\t\t<div class=\"elementor-icon-list-item\">\n\t\t\t\t\t\t<a class=\"elementor-repeater-item-1b65a80 ekit_badge_left\" href=\"https:\/\/m2camper.com\/it\/isolatori-oscuranti-per-fiat\/\">\n\t\t\t\t\t\t\t<div class=\"ekit_page_list_content\">\n\t\t\t\t\t\t\t\t\t\t\t\t\t\t\t\t<span class=\"elementor-icon-list-text\">\n\t\t\t\t\t\t\t\t\t<span class=\"ekit_page_list_title_title\">Fiat<\/span>\n\t\t\t\t\t\t\t\t\t\t\t\t\t\t\t\t\t<\/span>\n\t\t\t\t\t\t\t<\/div>\n\t\t\t\t\t\t\t\t\t\t\t\t\t<\/a>\n\t\t\t\t\t<\/div>\n\t\t\t\t\t\t\t\t<div class=\"elementor-icon-list-item\">\n\t\t\t\t\t\t<a class=\"elementor-repeater-item-7308ca1 ekit_badge_left\" href=\"https:\/\/m2camper.com\/it\/isolatori-oscuranti-per-ford\/\">\n\t\t\t\t\t\t\t<div class=\"ekit_page_list_content\">\n\t\t\t\t\t\t\t\t\t\t\t\t\t\t\t\t<span class=\"elementor-icon-list-text\">\n\t\t\t\t\t\t\t\t\t<span class=\"ekit_page_list_title_title\">Ford<\/span>\n\t\t\t\t\t\t\t\t\t\t\t\t\t\t\t\t\t<\/span>\n\t\t\t\t\t\t\t<\/div>\n\t\t\t\t\t\t\t\t\t\t\t\t\t<\/a>\n\t\t\t\t\t<\/div>\n\t\t\t\t\t\t\t\t<div class=\"elementor-icon-list-item\">\n\t\t\t\t\t\t<a class=\"elementor-repeater-item-d05c877 ekit_badge_left\" href=\"https:\/\/m2camper.com\/it\/isolatori-oscuranti-per-honda\/\">\n\t\t\t\t\t\t\t<div class=\"ekit_page_list_content\">\n\t\t\t\t\t\t\t\t\t\t\t\t\t\t\t\t<span class=\"elementor-icon-list-text\">\n\t\t\t\t\t\t\t\t\t<span class=\"ekit_page_list_title_title\">Honda<\/span>\n\t\t\t\t\t\t\t\t\t\t\t\t\t\t\t\t\t<\/span>\n\t\t\t\t\t\t\t<\/div>\n\t\t\t\t\t\t\t\t\t\t\t\t\t<\/a>\n\t\t\t\t\t<\/div>\n\t\t\t\t\t\t\t\t<div class=\"elementor-icon-list-item\">\n\t\t\t\t\t\t<a class=\"elementor-repeater-item-ea070ed ekit_badge_left\" href=\"https:\/\/m2camper.com\/it\/isolanti-oscuranti-per-hymer\/\">\n\t\t\t\t\t\t\t<div class=\"ekit_page_list_content\">\n\t\t\t\t\t\t\t\t\t\t\t\t\t\t\t\t<span class=\"elementor-icon-list-text\">\n\t\t\t\t\t\t\t\t\t<span class=\"ekit_page_list_title_title\">Hymer<\/span>\n\t\t\t\t\t\t\t\t\t\t\t\t\t\t\t\t\t<\/span>\n\t\t\t\t\t\t\t<\/div>\n\t\t\t\t\t\t\t\t\t\t\t\t\t<\/a>\n\t\t\t\t\t<\/div>\n\t\t\t\t\t\t\t\t<div class=\"elementor-icon-list-item\">\n\t\t\t\t\t\t<a class=\"elementor-repeater-item-9912345 ekit_badge_left\" href=\"https:\/\/m2camper.com\/it\/isolatori-oscuranti-per-hyundai\/\">\n\t\t\t\t\t\t\t<div class=\"ekit_page_list_content\">\n\t\t\t\t\t\t\t\t\t\t\t\t\t\t\t\t<span class=\"elementor-icon-list-text\">\n\t\t\t\t\t\t\t\t\t<span class=\"ekit_page_list_title_title\">Hyundai<\/span>\n\t\t\t\t\t\t\t\t\t\t\t\t\t\t\t\t\t<\/span>\n\t\t\t\t\t\t\t<\/div>\n\t\t\t\t\t\t\t\t\t\t\t\t\t<\/a>\n\t\t\t\t\t<\/div>\n\t\t\t\t\t\t\t\t<div class=\"elementor-icon-list-item\">\n\t\t\t\t\t\t<a class=\"elementor-repeater-item-d31a97c ekit_badge_left\" href=\"https:\/\/m2camper.com\/it\/isolatori-oscuranti-per-iveco\/\">\n\t\t\t\t\t\t\t<div class=\"ekit_page_list_content\">\n\t\t\t\t\t\t\t\t\t\t\t\t\t\t\t\t<span class=\"elementor-icon-list-text\">\n\t\t\t\t\t\t\t\t\t<span class=\"ekit_page_list_title_title\">Iveco<\/span>\n\t\t\t\t\t\t\t\t\t\t\t\t\t\t\t\t\t<\/span>\n\t\t\t\t\t\t\t<\/div>\n\t\t\t\t\t\t\t\t\t\t\t\t\t<\/a>\n\t\t\t\t\t<\/div>\n\t\t\t\t\t\t\t\t<div class=\"elementor-icon-list-item\">\n\t\t\t\t\t\t<a class=\"elementor-repeater-item-a6b942a ekit_badge_left\" href=\"https:\/\/m2camper.com\/it\/isolatori-oscuranti-per-jeep\/\">\n\t\t\t\t\t\t\t<div class=\"ekit_page_list_content\">\n\t\t\t\t\t\t\t\t\t\t\t\t\t\t\t\t<span class=\"elementor-icon-list-text\">\n\t\t\t\t\t\t\t\t\t<span class=\"ekit_page_list_title_title\">Jeep<\/span>\n\t\t\t\t\t\t\t\t\t\t\t\t\t\t\t\t\t<\/span>\n\t\t\t\t\t\t\t<\/div>\n\t\t\t\t\t\t\t\t\t\t\t\t\t<\/a>\n\t\t\t\t\t<\/div>\n\t\t\t\t\t\t\t\t<div class=\"elementor-icon-list-item\">\n\t\t\t\t\t\t<a class=\"elementor-repeater-item-02af42a ekit_badge_left\" href=\"https:\/\/m2camper.com\/it\/isolatori-oscuranti-per-land-rover\/\">\n\t\t\t\t\t\t\t<div class=\"ekit_page_list_content\">\n\t\t\t\t\t\t\t\t\t\t\t\t\t\t\t\t<span class=\"elementor-icon-list-text\">\n\t\t\t\t\t\t\t\t\t<span class=\"ekit_page_list_title_title\">Land Rover<\/span>\n\t\t\t\t\t\t\t\t\t\t\t\t\t\t\t\t\t<\/span>\n\t\t\t\t\t\t\t<\/div>\n\t\t\t\t\t\t\t\t\t\t\t\t\t<\/a>\n\t\t\t\t\t<\/div>\n\t\t\t\t\t\t\t\t<div class=\"elementor-icon-list-item\">\n\t\t\t\t\t\t<a class=\"elementor-repeater-item-85661e4 ekit_badge_left\" href=\"https:\/\/m2camper.com\/it\/isolanti-oscuranti-per-kia\/\">\n\t\t\t\t\t\t\t<div class=\"ekit_page_list_content\">\n\t\t\t\t\t\t\t\t\t\t\t\t\t\t\t\t<span class=\"elementor-icon-list-text\">\n\t\t\t\t\t\t\t\t\t<span class=\"ekit_page_list_title_title\">Kia<\/span>\n\t\t\t\t\t\t\t\t\t\t\t\t\t\t\t\t\t<\/span>\n\t\t\t\t\t\t\t<\/div>\n\t\t\t\t\t\t\t\t\t\t\t\t\t<\/a>\n\t\t\t\t\t<\/div>\n\t\t\t\t\t\t\t\t<div class=\"elementor-icon-list-item\">\n\t\t\t\t\t\t<a class=\"elementor-repeater-item-10929c4 ekit_badge_left\" href=\"https:\/\/m2camper.com\/it\/isolatori-oscuranti-per-mahindra\/\">\n\t\t\t\t\t\t\t<div class=\"ekit_page_list_content\">\n\t\t\t\t\t\t\t\t\t\t\t\t\t\t\t\t<span class=\"elementor-icon-list-text\">\n\t\t\t\t\t\t\t\t\t<span class=\"ekit_page_list_title_title\">Mahindra<\/span>\n\t\t\t\t\t\t\t\t\t\t\t\t\t\t\t\t\t<\/span>\n\t\t\t\t\t\t\t<\/div>\n\t\t\t\t\t\t\t\t\t\t\t\t\t<\/a>\n\t\t\t\t\t<\/div>\n\t\t\t\t\t\t\t\t<div class=\"elementor-icon-list-item\">\n\t\t\t\t\t\t<a class=\"elementor-repeater-item-78a6604 ekit_badge_left\" href=\"https:\/\/m2camper.com\/it\/isolatori-oscuranti-per-uomo\/\">\n\t\t\t\t\t\t\t<div class=\"ekit_page_list_content\">\n\t\t\t\t\t\t\t\t\t\t\t\t\t\t\t\t<span class=\"elementor-icon-list-text\">\n\t\t\t\t\t\t\t\t\t<span class=\"ekit_page_list_title_title\">MAN<\/span>\n\t\t\t\t\t\t\t\t\t\t\t\t\t\t\t\t\t<\/span>\n\t\t\t\t\t\t\t<\/div>\n\t\t\t\t\t\t\t\t\t\t\t\t\t<\/a>\n\t\t\t\t\t<\/div>\n\t\t\t\t\t\t\t\t<div class=\"elementor-icon-list-item\">\n\t\t\t\t\t\t<a class=\"elementor-repeater-item-7b1a506 ekit_badge_left\" href=\"https:\/\/m2camper.com\/it\/isolatori-oscuranti-per-maxus\/\">\n\t\t\t\t\t\t\t<div class=\"ekit_page_list_content\">\n\t\t\t\t\t\t\t\t\t\t\t\t\t\t\t\t<span class=\"elementor-icon-list-text\">\n\t\t\t\t\t\t\t\t\t<span class=\"ekit_page_list_title_title\">Maxus<\/span>\n\t\t\t\t\t\t\t\t\t\t\t\t\t\t\t\t\t<\/span>\n\t\t\t\t\t\t\t<\/div>\n\t\t\t\t\t\t\t\t\t\t\t\t\t<\/a>\n\t\t\t\t\t<\/div>\n\t\t\t\t\t\t\t\t<div class=\"elementor-icon-list-item\">\n\t\t\t\t\t\t<a class=\"elementor-repeater-item-2383061 ekit_badge_left\" href=\"https:\/\/m2camper.com\/it\/isolatori-oscuranti-per-mazda\/\">\n\t\t\t\t\t\t\t<div class=\"ekit_page_list_content\">\n\t\t\t\t\t\t\t\t\t\t\t\t\t\t\t\t<span class=\"elementor-icon-list-text\">\n\t\t\t\t\t\t\t\t\t<span class=\"ekit_page_list_title_title\">Mazda<\/span>\n\t\t\t\t\t\t\t\t\t\t\t\t\t\t\t\t\t<\/span>\n\t\t\t\t\t\t\t<\/div>\n\t\t\t\t\t\t\t\t\t\t\t\t\t<\/a>\n\t\t\t\t\t<\/div>\n\t\t\t\t\t\t\t\t<div class=\"elementor-icon-list-item\">\n\t\t\t\t\t\t<a class=\"elementor-repeater-item-3c64da2 ekit_badge_left\" href=\"https:\/\/m2camper.com\/it\/isolatori-oscuranti-per-mercedes\/\">\n\t\t\t\t\t\t\t<div class=\"ekit_page_list_content\">\n\t\t\t\t\t\t\t\t\t\t\t\t\t\t\t\t<span class=\"elementor-icon-list-text\">\n\t\t\t\t\t\t\t\t\t<span class=\"ekit_page_list_title_title\">Mercedes<\/span>\n\t\t\t\t\t\t\t\t\t\t\t\t\t\t\t\t\t<\/span>\n\t\t\t\t\t\t\t<\/div>\n\t\t\t\t\t\t\t\t\t\t\t\t\t<\/a>\n\t\t\t\t\t<\/div>\n\t\t\t\t\t\t\t\t<div class=\"elementor-icon-list-item\">\n\t\t\t\t\t\t<a class=\"elementor-repeater-item-8389c31 ekit_badge_left\" href=\"https:\/\/m2camper.com\/it\/isolatori-oscuranti-per-mitsubishi\/\">\n\t\t\t\t\t\t\t<div class=\"ekit_page_list_content\">\n\t\t\t\t\t\t\t\t\t\t\t\t\t\t\t\t<span class=\"elementor-icon-list-text\">\n\t\t\t\t\t\t\t\t\t<span class=\"ekit_page_list_title_title\">Mitsubishi<\/span>\n\t\t\t\t\t\t\t\t\t\t\t\t\t\t\t\t\t<\/span>\n\t\t\t\t\t\t\t<\/div>\n\t\t\t\t\t\t\t\t\t\t\t\t\t<\/a>\n\t\t\t\t\t<\/div>\n\t\t\t\t\t\t\t\t<div class=\"elementor-icon-list-item\">\n\t\t\t\t\t\t<a class=\"elementor-repeater-item-1b36eb5 ekit_badge_left\" href=\"https:\/\/m2camper.com\/it\/isolatori-oscuranti-per-nissan\/\">\n\t\t\t\t\t\t\t<div class=\"ekit_page_list_content\">\n\t\t\t\t\t\t\t\t\t\t\t\t\t\t\t\t<span class=\"elementor-icon-list-text\">\n\t\t\t\t\t\t\t\t\t<span class=\"ekit_page_list_title_title\">Nissan<\/span>\n\t\t\t\t\t\t\t\t\t\t\t\t\t\t\t\t\t<\/span>\n\t\t\t\t\t\t\t<\/div>\n\t\t\t\t\t\t\t\t\t\t\t\t\t<\/a>\n\t\t\t\t\t<\/div>\n\t\t\t\t\t\t\t\t<div class=\"elementor-icon-list-item\">\n\t\t\t\t\t\t<a class=\"elementor-repeater-item-5ca25b5 ekit_badge_left\" href=\"https:\/\/m2camper.com\/it\/isolatori-oscuranti-per-opel\/\">\n\t\t\t\t\t\t\t<div class=\"ekit_page_list_content\">\n\t\t\t\t\t\t\t\t\t\t\t\t\t\t\t\t<span class=\"elementor-icon-list-text\">\n\t\t\t\t\t\t\t\t\t<span class=\"ekit_page_list_title_title\">Opel<\/span>\n\t\t\t\t\t\t\t\t\t\t\t\t\t\t\t\t\t<\/span>\n\t\t\t\t\t\t\t<\/div>\n\t\t\t\t\t\t\t\t\t\t\t\t\t<\/a>\n\t\t\t\t\t<\/div>\n\t\t\t\t\t\t\t\t<div class=\"elementor-icon-list-item\">\n\t\t\t\t\t\t<a class=\"elementor-repeater-item-1c8dc86 ekit_badge_left\" href=\"https:\/\/m2camper.com\/it\/isolatori-oscuranti-per-peugeot\/\">\n\t\t\t\t\t\t\t<div class=\"ekit_page_list_content\">\n\t\t\t\t\t\t\t\t\t\t\t\t\t\t\t\t<span class=\"elementor-icon-list-text\">\n\t\t\t\t\t\t\t\t\t<span class=\"ekit_page_list_title_title\">Peugeot<\/span>\n\t\t\t\t\t\t\t\t\t\t\t\t\t\t\t\t\t<\/span>\n\t\t\t\t\t\t\t<\/div>\n\t\t\t\t\t\t\t\t\t\t\t\t\t<\/a>\n\t\t\t\t\t<\/div>\n\t\t\t\t\t\t\t\t<div class=\"elementor-icon-list-item\">\n\t\t\t\t\t\t<a class=\"elementor-repeater-item-b9fbdc9 ekit_badge_left\" href=\"https:\/\/m2camper.com\/it\/isolatori-oscuranti-per-porsche\/\">\n\t\t\t\t\t\t\t<div class=\"ekit_page_list_content\">\n\t\t\t\t\t\t\t\t\t\t\t\t\t\t\t\t<span class=\"elementor-icon-list-text\">\n\t\t\t\t\t\t\t\t\t<span class=\"ekit_page_list_title_title\">Porsche<\/span>\n\t\t\t\t\t\t\t\t\t\t\t\t\t\t\t\t\t<\/span>\n\t\t\t\t\t\t\t<\/div>\n\t\t\t\t\t\t\t\t\t\t\t\t\t<\/a>\n\t\t\t\t\t<\/div>\n\t\t\t\t\t\t\t\t<div class=\"elementor-icon-list-item\">\n\t\t\t\t\t\t<a class=\"elementor-repeater-item-81459e4 ekit_badge_left\" href=\"https:\/\/m2camper.com\/it\/isolatori-oscuranti-per-renault\/\">\n\t\t\t\t\t\t\t<div class=\"ekit_page_list_content\">\n\t\t\t\t\t\t\t\t\t\t\t\t\t\t\t\t<span class=\"elementor-icon-list-text\">\n\t\t\t\t\t\t\t\t\t<span class=\"ekit_page_list_title_title\">Renault<\/span>\n\t\t\t\t\t\t\t\t\t\t\t\t\t\t\t\t\t<\/span>\n\t\t\t\t\t\t\t<\/div>\n\t\t\t\t\t\t\t\t\t\t\t\t\t<\/a>\n\t\t\t\t\t<\/div>\n\t\t\t\t\t\t\t\t<div class=\"elementor-icon-list-item\">\n\t\t\t\t\t\t<a class=\"elementor-repeater-item-cb0323b ekit_badge_left\" href=\"https:\/\/m2camper.com\/it\/isolatori-oscuranti-per-scania\/\">\n\t\t\t\t\t\t\t<div class=\"ekit_page_list_content\">\n\t\t\t\t\t\t\t\t\t\t\t\t\t\t\t\t<span class=\"elementor-icon-list-text\">\n\t\t\t\t\t\t\t\t\t<span class=\"ekit_page_list_title_title\">Scania<\/span>\n\t\t\t\t\t\t\t\t\t\t\t\t\t\t\t\t\t<\/span>\n\t\t\t\t\t\t\t<\/div>\n\t\t\t\t\t\t\t\t\t\t\t\t\t<\/a>\n\t\t\t\t\t<\/div>\n\t\t\t\t\t\t\t\t<div class=\"elementor-icon-list-item\">\n\t\t\t\t\t\t<a class=\"elementor-repeater-item-1aac998 ekit_badge_left\" href=\"https:\/\/m2camper.com\/it\/isolatori-oscuranti-per-seat\/\">\n\t\t\t\t\t\t\t<div class=\"ekit_page_list_content\">\n\t\t\t\t\t\t\t\t\t\t\t\t\t\t\t\t<span class=\"elementor-icon-list-text\">\n\t\t\t\t\t\t\t\t\t<span class=\"ekit_page_list_title_title\">Seat<\/span>\n\t\t\t\t\t\t\t\t\t\t\t\t\t\t\t\t\t<\/span>\n\t\t\t\t\t\t\t<\/div>\n\t\t\t\t\t\t\t\t\t\t\t\t\t<\/a>\n\t\t\t\t\t<\/div>\n\t\t\t\t\t\t\t\t<div class=\"elementor-icon-list-item\">\n\t\t\t\t\t\t<a class=\"elementor-repeater-item-36beee6 ekit_badge_left\" href=\"https:\/\/m2camper.com\/it\/isolatori-oscuranti-per-skoda\/\">\n\t\t\t\t\t\t\t<div class=\"ekit_page_list_content\">\n\t\t\t\t\t\t\t\t\t\t\t\t\t\t\t\t<span class=\"elementor-icon-list-text\">\n\t\t\t\t\t\t\t\t\t<span class=\"ekit_page_list_title_title\">\u0160koda<\/span>\n\t\t\t\t\t\t\t\t\t\t\t\t\t\t\t\t\t<\/span>\n\t\t\t\t\t\t\t<\/div>\n\t\t\t\t\t\t\t\t\t\t\t\t\t<\/a>\n\t\t\t\t\t<\/div>\n\t\t\t\t\t\t\t\t<div class=\"elementor-icon-list-item\">\n\t\t\t\t\t\t<a class=\"elementor-repeater-item-10f697d ekit_badge_left\" href=\"https:\/\/m2camper.com\/it\/isolatori-oscuranti-per-ssangyong\/\">\n\t\t\t\t\t\t\t<div class=\"ekit_page_list_content\">\n\t\t\t\t\t\t\t\t\t\t\t\t\t\t\t\t<span class=\"elementor-icon-list-text\">\n\t\t\t\t\t\t\t\t\t<span class=\"ekit_page_list_title_title\">Ssangyong<\/span>\n\t\t\t\t\t\t\t\t\t\t\t\t\t\t\t\t\t<\/span>\n\t\t\t\t\t\t\t<\/div>\n\t\t\t\t\t\t\t\t\t\t\t\t\t<\/a>\n\t\t\t\t\t<\/div>\n\t\t\t\t\t\t\t\t<div class=\"elementor-icon-list-item\">\n\t\t\t\t\t\t<a class=\"elementor-repeater-item-4eb0074 ekit_badge_left\" href=\"https:\/\/m2camper.com\/it\/isolatori-oscuranti-per-subaru\/\">\n\t\t\t\t\t\t\t<div class=\"ekit_page_list_content\">\n\t\t\t\t\t\t\t\t\t\t\t\t\t\t\t\t<span class=\"elementor-icon-list-text\">\n\t\t\t\t\t\t\t\t\t<span class=\"ekit_page_list_title_title\">Subaru<\/span>\n\t\t\t\t\t\t\t\t\t\t\t\t\t\t\t\t\t<\/span>\n\t\t\t\t\t\t\t<\/div>\n\t\t\t\t\t\t\t\t\t\t\t\t\t<\/a>\n\t\t\t\t\t<\/div>\n\t\t\t\t\t\t\t\t<div class=\"elementor-icon-list-item\">\n\t\t\t\t\t\t<a class=\"elementor-repeater-item-d3f4d60 ekit_badge_left\" href=\"https:\/\/m2camper.com\/it\/isolatori-oscuranti-per-suzuki\/\">\n\t\t\t\t\t\t\t<div class=\"ekit_page_list_content\">\n\t\t\t\t\t\t\t\t\t\t\t\t\t\t\t\t<span class=\"elementor-icon-list-text\">\n\t\t\t\t\t\t\t\t\t<span class=\"ekit_page_list_title_title\">Suzuki<\/span>\n\t\t\t\t\t\t\t\t\t\t\t\t\t\t\t\t\t<\/span>\n\t\t\t\t\t\t\t<\/div>\n\t\t\t\t\t\t\t\t\t\t\t\t\t<\/a>\n\t\t\t\t\t<\/div>\n\t\t\t\t\t\t\t\t<div class=\"elementor-icon-list-item\">\n\t\t\t\t\t\t<a class=\"elementor-repeater-item-2e49d7f ekit_badge_left\" href=\"https:\/\/m2camper.com\/it\/isolatori-oscuranti-per-toyota\/\">\n\t\t\t\t\t\t\t<div class=\"ekit_page_list_content\">\n\t\t\t\t\t\t\t\t\t\t\t\t\t\t\t\t<span class=\"elementor-icon-list-text\">\n\t\t\t\t\t\t\t\t\t<span class=\"ekit_page_list_title_title\">Toyota<\/span>\n\t\t\t\t\t\t\t\t\t\t\t\t\t\t\t\t\t<\/span>\n\t\t\t\t\t\t\t<\/div>\n\t\t\t\t\t\t\t\t\t\t\t\t\t<\/a>\n\t\t\t\t\t<\/div>\n\t\t\t\t\t\t\t\t<div class=\"elementor-icon-list-item\">\n\t\t\t\t\t\t<a class=\"elementor-repeater-item-3c58ebe ekit_badge_left\" href=\"https:\/\/m2camper.com\/it\/isolatori-oscuranti-per-volkswagen\/\">\n\t\t\t\t\t\t\t<div class=\"ekit_page_list_content\">\n\t\t\t\t\t\t\t\t\t\t\t\t\t\t\t\t<span class=\"elementor-icon-list-text\">\n\t\t\t\t\t\t\t\t\t<span class=\"ekit_page_list_title_title\">Volkswagen<\/span>\n\t\t\t\t\t\t\t\t\t\t\t\t\t\t\t\t\t<\/span>\n\t\t\t\t\t\t\t<\/div>\n\t\t\t\t\t\t\t\t\t\t\t\t\t<\/a>\n\t\t\t\t\t<\/div>\n\t\t\t\t\t\t\t\t<div class=\"elementor-icon-list-item\">\n\t\t\t\t\t\t<a class=\"elementor-repeater-item-d5429e7 ekit_badge_left\" href=\"https:\/\/m2camper.com\/it\/isolatori-oscuranti-per-volvo\/\">\n\t\t\t\t\t\t\t<div class=\"ekit_page_list_content\">\n\t\t\t\t\t\t\t\t\t\t\t\t\t\t\t\t<span class=\"elementor-icon-list-text\">\n\t\t\t\t\t\t\t\t\t<span class=\"ekit_page_list_title_title\">Volvo<\/span>\n\t\t\t\t\t\t\t\t\t\t\t\t\t\t\t\t\t<\/span>\n\t\t\t\t\t\t\t<\/div>\n\t\t\t\t\t\t\t\t\t\t\t\t\t<\/a>\n\t\t\t\t\t<\/div>\n\t\t\t\t\t\t<\/div>\n\t\t<\/div>\t\t\t\t<\/div>\n\t\t\t\t<\/div>\n\t\t\t\t<div class=\"elementor-element elementor-element-49a4e32 elementor-icon-list--layout-traditional elementor-list-item-link-full_width elementor-widget elementor-widget-icon-list\" data-id=\"49a4e32\" data-element_type=\"widget\" data-e-type=\"widget\" data-widget_type=\"icon-list.default\">\n\t\t\t\t<div class=\"elementor-widget-container\">\n\t\t\t\t\t\t\t<ul class=\"elementor-icon-list-items\">\n\t\t\t\t\t\t\t<li class=\"elementor-icon-list-item\">\n\t\t\t\t\t\t\t\t\t\t\t<a href=\"https:\/\/m2camper.com\/it\/dadi-a-ventosa\/\">\n\n\t\t\t\t\t\t\t\t\t\t\t<span class=\"elementor-icon-list-text\">Ventose + Dadi<\/span>\n\t\t\t\t\t\t\t\t\t\t\t<\/a>\n\t\t\t\t\t\t\t\t\t<\/li>\n\t\t\t\t\t\t\t\t<li class=\"elementor-icon-list-item\">\n\t\t\t\t\t\t\t\t\t\t\t<a href=\"https:\/\/m2camper.com\/it\/aislantes-termicos-piezas-sueltas-2\/\">\n\n\t\t\t\t\t\t\t\t\t\t\t<span class=\"elementor-icon-list-text\">Parti sciolte degli isolanti termici<\/span>\n\t\t\t\t\t\t\t\t\t\t\t<\/a>\n\t\t\t\t\t\t\t\t\t<\/li>\n\t\t\t\t\t\t\t\t<li class=\"elementor-icon-list-item\">\n\t\t\t\t\t\t\t\t\t\t\t<a href=\"https:\/\/m2camper.com\/it\/bolsillos-2\/\">\n\n\t\t\t\t\t\t\t\t\t\t\t<span class=\"elementor-icon-list-text\">Tasche<\/span>\n\t\t\t\t\t\t\t\t\t\t\t<\/a>\n\t\t\t\t\t\t\t\t\t<\/li>\n\t\t\t\t\t\t<\/ul>\n\t\t\t\t\t\t<\/div>\n\t\t\t\t<\/div>\n\t\t\t\t<\/div>\n\t\t<div class=\"elementor-element elementor-element-e48e7e3 e-con-full e-flex e-con e-child\" data-id=\"e48e7e3\" data-element_type=\"container\" data-e-type=\"container\">\n\t\t<div class=\"elementor-element elementor-element-7d8aa44 e-con-full elementor-hidden-desktop e-flex e-con e-child\" data-id=\"7d8aa44\" data-element_type=\"container\" data-e-type=\"container\">\n\t\t\t\t<div class=\"elementor-element elementor-element-c72ea56 elementor-align-right elementor-widget elementor-widget-button\" data-id=\"c72ea56\" data-element_type=\"widget\" data-e-type=\"widget\" data-widget_type=\"button.default\">\n\t\t\t\t<div class=\"elementor-widget-container\">\n\t\t\t\t\t\t\t\t\t<div class=\"elementor-button-wrapper\">\n\t\t\t\t\t<a class=\"elementor-button elementor-button-link elementor-size-sm\" href=\"#elementor-action%3Aaction%3Doff_canvas%3Aopen%26settings%3DeyJpZCI6IjhiNDRlMTQiLCJkaXNwbGF5TW9kZSI6Im9wZW4ifQ%3D%3D\">\n\t\t\t\t\t\t<span class=\"elementor-button-content-wrapper\">\n\t\t\t\t\t\t<span class=\"elementor-button-icon\">\n\t\t\t\t<i aria-hidden=\"true\" class=\"ti-filter\"><\/i>\t\t\t<\/span>\n\t\t\t\t\t\t\t\t\t<span class=\"elementor-button-text\">Filtra i prodotti<\/span>\n\t\t\t\t\t<\/span>\n\t\t\t\t\t<\/a>\n\t\t\t\t<\/div>\n\t\t\t\t\t\t\t\t<\/div>\n\t\t\t\t<\/div>\n\t\t\t\t<div class=\"elementor-element elementor-element-8b44e14 elementor-widget elementor-widget-off-canvas\" data-id=\"8b44e14\" data-element_type=\"widget\" data-e-type=\"widget\" data-widget_type=\"off-canvas.default\">\n\t\t\t\t<div class=\"elementor-widget-container\">\n\t\t\t\t\t\t\t<div id=\"off-canvas-8b44e14\" class=\"e-off-canvas\" role=\"dialog\" aria-hidden=\"true\" aria-label=\"Fuori tela\" aria-modal=\"true\" inert=\"\" data-delay-child-handlers=\"true\">\n\t\t\t<div class=\"e-off-canvas__overlay\"><\/div>\n\t\t\t<div class=\"e-off-canvas__main\">\n\t\t\t\t<div class=\"e-off-canvas__content\">\n\t\t\t\t\t<div class=\"elementor-element elementor-element-3b45681 e-con-full e-flex e-con e-child\" data-id=\"3b45681\" data-element_type=\"container\" data-e-type=\"container\">\n\t\t<div class=\"elementor-element elementor-element-b236774 e-con-full e-flex e-con e-child\" data-id=\"b236774\" data-element_type=\"container\" data-e-type=\"container\">\n\t\t\t\t<div class=\"elementor-element elementor-element-715591e elementor-widget elementor-widget-elementskit-page-list\" data-id=\"715591e\" data-element_type=\"widget\" data-e-type=\"widget\" data-widget_type=\"elementskit-page-list.default\">\n\t\t\t\t<div class=\"elementor-widget-container\">\n\t\t\t\t\t<div class=\"ekit-wid-con\" >\t\t<div class=\"elementor-icon-list-items\">\n\t\t\t\t\t\t\t<div class=\"elementor-icon-list-item\">\n\t\t\t\t\t\t<a class=\"elementor-repeater-item-d0811d6 ekit_badge_left\" href=\"https:\/\/m2camper.com\/it\/isolatori-oscuranti-per-audi\/\">\n\t\t\t\t\t\t\t<div class=\"ekit_page_list_content\">\n\t\t\t\t\t\t\t\t\t\t\t\t\t\t\t\t<span class=\"elementor-icon-list-text\">\n\t\t\t\t\t\t\t\t\t<span class=\"ekit_page_list_title_title\">Audi<\/span>\n\t\t\t\t\t\t\t\t\t\t\t\t\t\t\t\t\t<\/span>\n\t\t\t\t\t\t\t<\/div>\n\t\t\t\t\t\t\t\t\t\t\t\t\t<\/a>\n\t\t\t\t\t<\/div>\n\t\t\t\t\t\t\t\t<div class=\"elementor-icon-list-item\">\n\t\t\t\t\t\t<a class=\"elementor-repeater-item-ea8a091 ekit_badge_left\" href=\"https:\/\/m2camper.com\/it\/isolatori-oscuranti-per-bmw\/\">\n\t\t\t\t\t\t\t<div class=\"ekit_page_list_content\">\n\t\t\t\t\t\t\t\t\t\t\t\t\t\t\t\t<span class=\"elementor-icon-list-text\">\n\t\t\t\t\t\t\t\t\t<span class=\"ekit_page_list_title_title\">BMW<\/span>\n\t\t\t\t\t\t\t\t\t\t\t\t\t\t\t\t\t<\/span>\n\t\t\t\t\t\t\t<\/div>\n\t\t\t\t\t\t\t\t\t\t\t\t\t<\/a>\n\t\t\t\t\t<\/div>\n\t\t\t\t\t\t\t\t<div class=\"elementor-icon-list-item\">\n\t\t\t\t\t\t<a class=\"elementor-repeater-item-172e267 ekit_badge_left\" href=\"https:\/\/m2camper.com\/it\/isolatori-oscuranti-per-chevrolet\/\">\n\t\t\t\t\t\t\t<div class=\"ekit_page_list_content\">\n\t\t\t\t\t\t\t\t\t\t\t\t\t\t\t\t<span class=\"elementor-icon-list-text\">\n\t\t\t\t\t\t\t\t\t<span class=\"ekit_page_list_title_title\">Chevrolet<\/span>\n\t\t\t\t\t\t\t\t\t\t\t\t\t\t\t\t\t<\/span>\n\t\t\t\t\t\t\t<\/div>\n\t\t\t\t\t\t\t\t\t\t\t\t\t<\/a>\n\t\t\t\t\t<\/div>\n\t\t\t\t\t\t\t\t<div class=\"elementor-icon-list-item\">\n\t\t\t\t\t\t<a class=\"elementor-repeater-item-efd62c3 ekit_badge_left\" href=\"https:\/\/m2camper.com\/it\/isolatori-oscuranti-per-chrysler\/\">\n\t\t\t\t\t\t\t<div class=\"ekit_page_list_content\">\n\t\t\t\t\t\t\t\t\t\t\t\t\t\t\t\t<span class=\"elementor-icon-list-text\">\n\t\t\t\t\t\t\t\t\t<span class=\"ekit_page_list_title_title\">Chrysler<\/span>\n\t\t\t\t\t\t\t\t\t\t\t\t\t\t\t\t\t<\/span>\n\t\t\t\t\t\t\t<\/div>\n\t\t\t\t\t\t\t\t\t\t\t\t\t<\/a>\n\t\t\t\t\t<\/div>\n\t\t\t\t\t\t\t\t<div class=\"elementor-icon-list-item\">\n\t\t\t\t\t\t<a class=\"elementor-repeater-item-72021d8 ekit_badge_left\" href=\"https:\/\/m2camper.com\/it\/isolatori-oscuranti-per-citroen\/\">\n\t\t\t\t\t\t\t<div class=\"ekit_page_list_content\">\n\t\t\t\t\t\t\t\t\t\t\t\t\t\t\t\t<span class=\"elementor-icon-list-text\">\n\t\t\t\t\t\t\t\t\t<span class=\"ekit_page_list_title_title\">Citro\u00ebn<\/span>\n\t\t\t\t\t\t\t\t\t\t\t\t\t\t\t\t\t<\/span>\n\t\t\t\t\t\t\t<\/div>\n\t\t\t\t\t\t\t\t\t\t\t\t\t<\/a>\n\t\t\t\t\t<\/div>\n\t\t\t\t\t\t\t\t<div class=\"elementor-icon-list-item\">\n\t\t\t\t\t\t<a class=\"elementor-repeater-item-cb33de3 ekit_badge_left\" href=\"https:\/\/m2camper.com\/it\/isolatori-oscuranti-per-dacia\/\">\n\t\t\t\t\t\t\t<div class=\"ekit_page_list_content\">\n\t\t\t\t\t\t\t\t\t\t\t\t\t\t\t\t<span class=\"elementor-icon-list-text\">\n\t\t\t\t\t\t\t\t\t<span class=\"ekit_page_list_title_title\">Dacia<\/span>\n\t\t\t\t\t\t\t\t\t\t\t\t\t\t\t\t\t<\/span>\n\t\t\t\t\t\t\t<\/div>\n\t\t\t\t\t\t\t\t\t\t\t\t\t<\/a>\n\t\t\t\t\t<\/div>\n\t\t\t\t\t\t\t\t<div class=\"elementor-icon-list-item\">\n\t\t\t\t\t\t<a class=\"elementor-repeater-item-1b65a80 ekit_badge_left\" href=\"https:\/\/m2camper.com\/it\/isolatori-oscuranti-per-fiat\/\">\n\t\t\t\t\t\t\t<div class=\"ekit_page_list_content\">\n\t\t\t\t\t\t\t\t\t\t\t\t\t\t\t\t<span class=\"elementor-icon-list-text\">\n\t\t\t\t\t\t\t\t\t<span class=\"ekit_page_list_title_title\">Fiat<\/span>\n\t\t\t\t\t\t\t\t\t\t\t\t\t\t\t\t\t<\/span>\n\t\t\t\t\t\t\t<\/div>\n\t\t\t\t\t\t\t\t\t\t\t\t\t<\/a>\n\t\t\t\t\t<\/div>\n\t\t\t\t\t\t\t\t<div class=\"elementor-icon-list-item\">\n\t\t\t\t\t\t<a class=\"elementor-repeater-item-7308ca1 ekit_badge_left\" href=\"https:\/\/m2camper.com\/it\/isolatori-oscuranti-per-ford\/\">\n\t\t\t\t\t\t\t<div class=\"ekit_page_list_content\">\n\t\t\t\t\t\t\t\t\t\t\t\t\t\t\t\t<span class=\"elementor-icon-list-text\">\n\t\t\t\t\t\t\t\t\t<span class=\"ekit_page_list_title_title\">Ford<\/span>\n\t\t\t\t\t\t\t\t\t\t\t\t\t\t\t\t\t<\/span>\n\t\t\t\t\t\t\t<\/div>\n\t\t\t\t\t\t\t\t\t\t\t\t\t<\/a>\n\t\t\t\t\t<\/div>\n\t\t\t\t\t\t\t\t<div class=\"elementor-icon-list-item\">\n\t\t\t\t\t\t<a class=\"elementor-repeater-item-d05c877 ekit_badge_left\" href=\"https:\/\/m2camper.com\/it\/isolatori-oscuranti-per-honda\/\">\n\t\t\t\t\t\t\t<div class=\"ekit_page_list_content\">\n\t\t\t\t\t\t\t\t\t\t\t\t\t\t\t\t<span class=\"elementor-icon-list-text\">\n\t\t\t\t\t\t\t\t\t<span class=\"ekit_page_list_title_title\">Honda<\/span>\n\t\t\t\t\t\t\t\t\t\t\t\t\t\t\t\t\t<\/span>\n\t\t\t\t\t\t\t<\/div>\n\t\t\t\t\t\t\t\t\t\t\t\t\t<\/a>\n\t\t\t\t\t<\/div>\n\t\t\t\t\t\t\t\t<div class=\"elementor-icon-list-item\">\n\t\t\t\t\t\t<a class=\"elementor-repeater-item-ea070ed ekit_badge_left\" href=\"https:\/\/m2camper.com\/it\/isolanti-oscuranti-per-hymer\/\">\n\t\t\t\t\t\t\t<div class=\"ekit_page_list_content\">\n\t\t\t\t\t\t\t\t\t\t\t\t\t\t\t\t<span class=\"elementor-icon-list-text\">\n\t\t\t\t\t\t\t\t\t<span class=\"ekit_page_list_title_title\">Hymer<\/span>\n\t\t\t\t\t\t\t\t\t\t\t\t\t\t\t\t\t<\/span>\n\t\t\t\t\t\t\t<\/div>\n\t\t\t\t\t\t\t\t\t\t\t\t\t<\/a>\n\t\t\t\t\t<\/div>\n\t\t\t\t\t\t\t\t<div class=\"elementor-icon-list-item\">\n\t\t\t\t\t\t<a class=\"elementor-repeater-item-9912345 ekit_badge_left\" href=\"https:\/\/m2camper.com\/it\/isolatori-oscuranti-per-hyundai\/\">\n\t\t\t\t\t\t\t<div class=\"ekit_page_list_content\">\n\t\t\t\t\t\t\t\t\t\t\t\t\t\t\t\t<span class=\"elementor-icon-list-text\">\n\t\t\t\t\t\t\t\t\t<span class=\"ekit_page_list_title_title\">Hyundai<\/span>\n\t\t\t\t\t\t\t\t\t\t\t\t\t\t\t\t\t<\/span>\n\t\t\t\t\t\t\t<\/div>\n\t\t\t\t\t\t\t\t\t\t\t\t\t<\/a>\n\t\t\t\t\t<\/div>\n\t\t\t\t\t\t\t\t<div class=\"elementor-icon-list-item\">\n\t\t\t\t\t\t<a class=\"elementor-repeater-item-d31a97c ekit_badge_left\" href=\"https:\/\/m2camper.com\/it\/isolatori-oscuranti-per-iveco\/\">\n\t\t\t\t\t\t\t<div class=\"ekit_page_list_content\">\n\t\t\t\t\t\t\t\t\t\t\t\t\t\t\t\t<span class=\"elementor-icon-list-text\">\n\t\t\t\t\t\t\t\t\t<span class=\"ekit_page_list_title_title\">Iveco<\/span>\n\t\t\t\t\t\t\t\t\t\t\t\t\t\t\t\t\t<\/span>\n\t\t\t\t\t\t\t<\/div>\n\t\t\t\t\t\t\t\t\t\t\t\t\t<\/a>\n\t\t\t\t\t<\/div>\n\t\t\t\t\t\t\t\t<div class=\"elementor-icon-list-item\">\n\t\t\t\t\t\t<a class=\"elementor-repeater-item-a6b942a ekit_badge_left\" href=\"https:\/\/m2camper.com\/it\/isolatori-oscuranti-per-jeep\/\">\n\t\t\t\t\t\t\t<div class=\"ekit_page_list_content\">\n\t\t\t\t\t\t\t\t\t\t\t\t\t\t\t\t<span class=\"elementor-icon-list-text\">\n\t\t\t\t\t\t\t\t\t<span class=\"ekit_page_list_title_title\">Jeep<\/span>\n\t\t\t\t\t\t\t\t\t\t\t\t\t\t\t\t\t<\/span>\n\t\t\t\t\t\t\t<\/div>\n\t\t\t\t\t\t\t\t\t\t\t\t\t<\/a>\n\t\t\t\t\t<\/div>\n\t\t\t\t\t\t\t\t<div class=\"elementor-icon-list-item\">\n\t\t\t\t\t\t<a class=\"elementor-repeater-item-02af42a ekit_badge_left\" href=\"https:\/\/m2camper.com\/it\/isolatori-oscuranti-per-land-rover\/\">\n\t\t\t\t\t\t\t<div class=\"ekit_page_list_content\">\n\t\t\t\t\t\t\t\t\t\t\t\t\t\t\t\t<span class=\"elementor-icon-list-text\">\n\t\t\t\t\t\t\t\t\t<span class=\"ekit_page_list_title_title\">Land Rover<\/span>\n\t\t\t\t\t\t\t\t\t\t\t\t\t\t\t\t\t<\/span>\n\t\t\t\t\t\t\t<\/div>\n\t\t\t\t\t\t\t\t\t\t\t\t\t<\/a>\n\t\t\t\t\t<\/div>\n\t\t\t\t\t\t\t\t<div class=\"elementor-icon-list-item\">\n\t\t\t\t\t\t<a class=\"elementor-repeater-item-85661e4 ekit_badge_left\" href=\"https:\/\/m2camper.com\/it\/isolanti-oscuranti-per-kia\/\">\n\t\t\t\t\t\t\t<div class=\"ekit_page_list_content\">\n\t\t\t\t\t\t\t\t\t\t\t\t\t\t\t\t<span class=\"elementor-icon-list-text\">\n\t\t\t\t\t\t\t\t\t<span class=\"ekit_page_list_title_title\">Kia<\/span>\n\t\t\t\t\t\t\t\t\t\t\t\t\t\t\t\t\t<\/span>\n\t\t\t\t\t\t\t<\/div>\n\t\t\t\t\t\t\t\t\t\t\t\t\t<\/a>\n\t\t\t\t\t<\/div>\n\t\t\t\t\t\t\t\t<div class=\"elementor-icon-list-item\">\n\t\t\t\t\t\t<a class=\"elementor-repeater-item-10929c4 ekit_badge_left\" href=\"https:\/\/m2camper.com\/it\/isolatori-oscuranti-per-mahindra\/\">\n\t\t\t\t\t\t\t<div class=\"ekit_page_list_content\">\n\t\t\t\t\t\t\t\t\t\t\t\t\t\t\t\t<span class=\"elementor-icon-list-text\">\n\t\t\t\t\t\t\t\t\t<span class=\"ekit_page_list_title_title\">Mahindra<\/span>\n\t\t\t\t\t\t\t\t\t\t\t\t\t\t\t\t\t<\/span>\n\t\t\t\t\t\t\t<\/div>\n\t\t\t\t\t\t\t\t\t\t\t\t\t<\/a>\n\t\t\t\t\t<\/div>\n\t\t\t\t\t\t\t\t<div class=\"elementor-icon-list-item\">\n\t\t\t\t\t\t<a class=\"elementor-repeater-item-78a6604 ekit_badge_left\" href=\"https:\/\/m2camper.com\/it\/isolatori-oscuranti-per-uomo\/\">\n\t\t\t\t\t\t\t<div class=\"ekit_page_list_content\">\n\t\t\t\t\t\t\t\t\t\t\t\t\t\t\t\t<span class=\"elementor-icon-list-text\">\n\t\t\t\t\t\t\t\t\t<span class=\"ekit_page_list_title_title\">MAN<\/span>\n\t\t\t\t\t\t\t\t\t\t\t\t\t\t\t\t\t<\/span>\n\t\t\t\t\t\t\t<\/div>\n\t\t\t\t\t\t\t\t\t\t\t\t\t<\/a>\n\t\t\t\t\t<\/div>\n\t\t\t\t\t\t\t\t<div class=\"elementor-icon-list-item\">\n\t\t\t\t\t\t<a class=\"elementor-repeater-item-7b1a506 ekit_badge_left\" href=\"https:\/\/m2camper.com\/it\/isolatori-oscuranti-per-maxus\/\">\n\t\t\t\t\t\t\t<div class=\"ekit_page_list_content\">\n\t\t\t\t\t\t\t\t\t\t\t\t\t\t\t\t<span class=\"elementor-icon-list-text\">\n\t\t\t\t\t\t\t\t\t<span class=\"ekit_page_list_title_title\">Maxus<\/span>\n\t\t\t\t\t\t\t\t\t\t\t\t\t\t\t\t\t<\/span>\n\t\t\t\t\t\t\t<\/div>\n\t\t\t\t\t\t\t\t\t\t\t\t\t<\/a>\n\t\t\t\t\t<\/div>\n\t\t\t\t\t\t\t\t<div class=\"elementor-icon-list-item\">\n\t\t\t\t\t\t<a class=\"elementor-repeater-item-2383061 ekit_badge_left\" href=\"https:\/\/m2camper.com\/it\/isolatori-oscuranti-per-mazda\/\">\n\t\t\t\t\t\t\t<div class=\"ekit_page_list_content\">\n\t\t\t\t\t\t\t\t\t\t\t\t\t\t\t\t<span class=\"elementor-icon-list-text\">\n\t\t\t\t\t\t\t\t\t<span class=\"ekit_page_list_title_title\">Mazda<\/span>\n\t\t\t\t\t\t\t\t\t\t\t\t\t\t\t\t\t<\/span>\n\t\t\t\t\t\t\t<\/div>\n\t\t\t\t\t\t\t\t\t\t\t\t\t<\/a>\n\t\t\t\t\t<\/div>\n\t\t\t\t\t\t\t\t<div class=\"elementor-icon-list-item\">\n\t\t\t\t\t\t<a class=\"elementor-repeater-item-3c64da2 ekit_badge_left\" href=\"https:\/\/m2camper.com\/it\/isolatori-oscuranti-per-mercedes\/\">\n\t\t\t\t\t\t\t<div class=\"ekit_page_list_content\">\n\t\t\t\t\t\t\t\t\t\t\t\t\t\t\t\t<span class=\"elementor-icon-list-text\">\n\t\t\t\t\t\t\t\t\t<span class=\"ekit_page_list_title_title\">Mercedes<\/span>\n\t\t\t\t\t\t\t\t\t\t\t\t\t\t\t\t\t<\/span>\n\t\t\t\t\t\t\t<\/div>\n\t\t\t\t\t\t\t\t\t\t\t\t\t<\/a>\n\t\t\t\t\t<\/div>\n\t\t\t\t\t\t\t\t<div class=\"elementor-icon-list-item\">\n\t\t\t\t\t\t<a class=\"elementor-repeater-item-8389c31 ekit_badge_left\" href=\"https:\/\/m2camper.com\/it\/isolatori-oscuranti-per-mitsubishi\/\">\n\t\t\t\t\t\t\t<div class=\"ekit_page_list_content\">\n\t\t\t\t\t\t\t\t\t\t\t\t\t\t\t\t<span class=\"elementor-icon-list-text\">\n\t\t\t\t\t\t\t\t\t<span class=\"ekit_page_list_title_title\">Mitsubishi<\/span>\n\t\t\t\t\t\t\t\t\t\t\t\t\t\t\t\t\t<\/span>\n\t\t\t\t\t\t\t<\/div>\n\t\t\t\t\t\t\t\t\t\t\t\t\t<\/a>\n\t\t\t\t\t<\/div>\n\t\t\t\t\t\t\t\t<div class=\"elementor-icon-list-item\">\n\t\t\t\t\t\t<a class=\"elementor-repeater-item-1b36eb5 ekit_badge_left\" href=\"https:\/\/m2camper.com\/it\/isolatori-oscuranti-per-nissan\/\">\n\t\t\t\t\t\t\t<div class=\"ekit_page_list_content\">\n\t\t\t\t\t\t\t\t\t\t\t\t\t\t\t\t<span class=\"elementor-icon-list-text\">\n\t\t\t\t\t\t\t\t\t<span class=\"ekit_page_list_title_title\">Nissan<\/span>\n\t\t\t\t\t\t\t\t\t\t\t\t\t\t\t\t\t<\/span>\n\t\t\t\t\t\t\t<\/div>\n\t\t\t\t\t\t\t\t\t\t\t\t\t<\/a>\n\t\t\t\t\t<\/div>\n\t\t\t\t\t\t\t\t<div class=\"elementor-icon-list-item\">\n\t\t\t\t\t\t<a class=\"elementor-repeater-item-5ca25b5 ekit_badge_left\" href=\"https:\/\/m2camper.com\/it\/isolatori-oscuranti-per-opel\/\">\n\t\t\t\t\t\t\t<div class=\"ekit_page_list_content\">\n\t\t\t\t\t\t\t\t\t\t\t\t\t\t\t\t<span class=\"elementor-icon-list-text\">\n\t\t\t\t\t\t\t\t\t<span class=\"ekit_page_list_title_title\">Opel<\/span>\n\t\t\t\t\t\t\t\t\t\t\t\t\t\t\t\t\t<\/span>\n\t\t\t\t\t\t\t<\/div>\n\t\t\t\t\t\t\t\t\t\t\t\t\t<\/a>\n\t\t\t\t\t<\/div>\n\t\t\t\t\t\t\t\t<div class=\"elementor-icon-list-item\">\n\t\t\t\t\t\t<a class=\"elementor-repeater-item-1c8dc86 ekit_badge_left\" href=\"https:\/\/m2camper.com\/it\/isolatori-oscuranti-per-peugeot\/\">\n\t\t\t\t\t\t\t<div class=\"ekit_page_list_content\">\n\t\t\t\t\t\t\t\t\t\t\t\t\t\t\t\t<span class=\"elementor-icon-list-text\">\n\t\t\t\t\t\t\t\t\t<span class=\"ekit_page_list_title_title\">Peugeot<\/span>\n\t\t\t\t\t\t\t\t\t\t\t\t\t\t\t\t\t<\/span>\n\t\t\t\t\t\t\t<\/div>\n\t\t\t\t\t\t\t\t\t\t\t\t\t<\/a>\n\t\t\t\t\t<\/div>\n\t\t\t\t\t\t\t\t<div class=\"elementor-icon-list-item\">\n\t\t\t\t\t\t<a class=\"elementor-repeater-item-b9fbdc9 ekit_badge_left\" href=\"https:\/\/m2camper.com\/it\/isolatori-oscuranti-per-porsche\/\">\n\t\t\t\t\t\t\t<div class=\"ekit_page_list_content\">\n\t\t\t\t\t\t\t\t\t\t\t\t\t\t\t\t<span class=\"elementor-icon-list-text\">\n\t\t\t\t\t\t\t\t\t<span class=\"ekit_page_list_title_title\">Porsche<\/span>\n\t\t\t\t\t\t\t\t\t\t\t\t\t\t\t\t\t<\/span>\n\t\t\t\t\t\t\t<\/div>\n\t\t\t\t\t\t\t\t\t\t\t\t\t<\/a>\n\t\t\t\t\t<\/div>\n\t\t\t\t\t\t\t\t<div class=\"elementor-icon-list-item\">\n\t\t\t\t\t\t<a class=\"elementor-repeater-item-81459e4 ekit_badge_left\" href=\"https:\/\/m2camper.com\/it\/isolatori-oscuranti-per-renault\/\">\n\t\t\t\t\t\t\t<div class=\"ekit_page_list_content\">\n\t\t\t\t\t\t\t\t\t\t\t\t\t\t\t\t<span class=\"elementor-icon-list-text\">\n\t\t\t\t\t\t\t\t\t<span class=\"ekit_page_list_title_title\">Renault<\/span>\n\t\t\t\t\t\t\t\t\t\t\t\t\t\t\t\t\t<\/span>\n\t\t\t\t\t\t\t<\/div>\n\t\t\t\t\t\t\t\t\t\t\t\t\t<\/a>\n\t\t\t\t\t<\/div>\n\t\t\t\t\t\t\t\t<div class=\"elementor-icon-list-item\">\n\t\t\t\t\t\t<a class=\"elementor-repeater-item-cb0323b ekit_badge_left\" href=\"https:\/\/m2camper.com\/it\/isolatori-oscuranti-per-scania\/\">\n\t\t\t\t\t\t\t<div class=\"ekit_page_list_content\">\n\t\t\t\t\t\t\t\t\t\t\t\t\t\t\t\t<span class=\"elementor-icon-list-text\">\n\t\t\t\t\t\t\t\t\t<span class=\"ekit_page_list_title_title\">Scania<\/span>\n\t\t\t\t\t\t\t\t\t\t\t\t\t\t\t\t\t<\/span>\n\t\t\t\t\t\t\t<\/div>\n\t\t\t\t\t\t\t\t\t\t\t\t\t<\/a>\n\t\t\t\t\t<\/div>\n\t\t\t\t\t\t\t\t<div class=\"elementor-icon-list-item\">\n\t\t\t\t\t\t<a class=\"elementor-repeater-item-1aac998 ekit_badge_left\" href=\"https:\/\/m2camper.com\/it\/isolatori-oscuranti-per-seat\/\">\n\t\t\t\t\t\t\t<div class=\"ekit_page_list_content\">\n\t\t\t\t\t\t\t\t\t\t\t\t\t\t\t\t<span class=\"elementor-icon-list-text\">\n\t\t\t\t\t\t\t\t\t<span class=\"ekit_page_list_title_title\">Seat<\/span>\n\t\t\t\t\t\t\t\t\t\t\t\t\t\t\t\t\t<\/span>\n\t\t\t\t\t\t\t<\/div>\n\t\t\t\t\t\t\t\t\t\t\t\t\t<\/a>\n\t\t\t\t\t<\/div>\n\t\t\t\t\t\t\t\t<div class=\"elementor-icon-list-item\">\n\t\t\t\t\t\t<a class=\"elementor-repeater-item-36beee6 ekit_badge_left\" href=\"https:\/\/m2camper.com\/it\/isolatori-oscuranti-per-skoda\/\">\n\t\t\t\t\t\t\t<div class=\"ekit_page_list_content\">\n\t\t\t\t\t\t\t\t\t\t\t\t\t\t\t\t<span class=\"elementor-icon-list-text\">\n\t\t\t\t\t\t\t\t\t<span class=\"ekit_page_list_title_title\">\u0160koda<\/span>\n\t\t\t\t\t\t\t\t\t\t\t\t\t\t\t\t\t<\/span>\n\t\t\t\t\t\t\t<\/div>\n\t\t\t\t\t\t\t\t\t\t\t\t\t<\/a>\n\t\t\t\t\t<\/div>\n\t\t\t\t\t\t\t\t<div class=\"elementor-icon-list-item\">\n\t\t\t\t\t\t<a class=\"elementor-repeater-item-10f697d ekit_badge_left\" href=\"https:\/\/m2camper.com\/it\/isolatori-oscuranti-per-ssangyong\/\">\n\t\t\t\t\t\t\t<div class=\"ekit_page_list_content\">\n\t\t\t\t\t\t\t\t\t\t\t\t\t\t\t\t<span class=\"elementor-icon-list-text\">\n\t\t\t\t\t\t\t\t\t<span class=\"ekit_page_list_title_title\">Ssangyong<\/span>\n\t\t\t\t\t\t\t\t\t\t\t\t\t\t\t\t\t<\/span>\n\t\t\t\t\t\t\t<\/div>\n\t\t\t\t\t\t\t\t\t\t\t\t\t<\/a>\n\t\t\t\t\t<\/div>\n\t\t\t\t\t\t\t\t<div class=\"elementor-icon-list-item\">\n\t\t\t\t\t\t<a class=\"elementor-repeater-item-4eb0074 ekit_badge_left\" href=\"https:\/\/m2camper.com\/it\/isolatori-oscuranti-per-subaru\/\">\n\t\t\t\t\t\t\t<div class=\"ekit_page_list_content\">\n\t\t\t\t\t\t\t\t\t\t\t\t\t\t\t\t<span class=\"elementor-icon-list-text\">\n\t\t\t\t\t\t\t\t\t<span class=\"ekit_page_list_title_title\">Subaru<\/span>\n\t\t\t\t\t\t\t\t\t\t\t\t\t\t\t\t\t<\/span>\n\t\t\t\t\t\t\t<\/div>\n\t\t\t\t\t\t\t\t\t\t\t\t\t<\/a>\n\t\t\t\t\t<\/div>\n\t\t\t\t\t\t\t\t<div class=\"elementor-icon-list-item\">\n\t\t\t\t\t\t<a class=\"elementor-repeater-item-d3f4d60 ekit_badge_left\" href=\"https:\/\/m2camper.com\/it\/isolatori-oscuranti-per-suzuki\/\">\n\t\t\t\t\t\t\t<div class=\"ekit_page_list_content\">\n\t\t\t\t\t\t\t\t\t\t\t\t\t\t\t\t<span class=\"elementor-icon-list-text\">\n\t\t\t\t\t\t\t\t\t<span class=\"ekit_page_list_title_title\">Suzuki<\/span>\n\t\t\t\t\t\t\t\t\t\t\t\t\t\t\t\t\t<\/span>\n\t\t\t\t\t\t\t<\/div>\n\t\t\t\t\t\t\t\t\t\t\t\t\t<\/a>\n\t\t\t\t\t<\/div>\n\t\t\t\t\t\t\t\t<div class=\"elementor-icon-list-item\">\n\t\t\t\t\t\t<a class=\"elementor-repeater-item-2e49d7f ekit_badge_left\" href=\"https:\/\/m2camper.com\/it\/isolatori-oscuranti-per-toyota\/\">\n\t\t\t\t\t\t\t<div class=\"ekit_page_list_content\">\n\t\t\t\t\t\t\t\t\t\t\t\t\t\t\t\t<span class=\"elementor-icon-list-text\">\n\t\t\t\t\t\t\t\t\t<span class=\"ekit_page_list_title_title\">Toyota<\/span>\n\t\t\t\t\t\t\t\t\t\t\t\t\t\t\t\t\t<\/span>\n\t\t\t\t\t\t\t<\/div>\n\t\t\t\t\t\t\t\t\t\t\t\t\t<\/a>\n\t\t\t\t\t<\/div>\n\t\t\t\t\t\t\t\t<div class=\"elementor-icon-list-item\">\n\t\t\t\t\t\t<a class=\"elementor-repeater-item-3c58ebe ekit_badge_left\" href=\"https:\/\/m2camper.com\/it\/isolatori-oscuranti-per-volkswagen\/\">\n\t\t\t\t\t\t\t<div class=\"ekit_page_list_content\">\n\t\t\t\t\t\t\t\t\t\t\t\t\t\t\t\t<span class=\"elementor-icon-list-text\">\n\t\t\t\t\t\t\t\t\t<span class=\"ekit_page_list_title_title\">Volkswagen<\/span>\n\t\t\t\t\t\t\t\t\t\t\t\t\t\t\t\t\t<\/span>\n\t\t\t\t\t\t\t<\/div>\n\t\t\t\t\t\t\t\t\t\t\t\t\t<\/a>\n\t\t\t\t\t<\/div>\n\t\t\t\t\t\t\t\t<div class=\"elementor-icon-list-item\">\n\t\t\t\t\t\t<a class=\"elementor-repeater-item-d5429e7 ekit_badge_left\" href=\"https:\/\/m2camper.com\/it\/isolatori-oscuranti-per-volvo\/\">\n\t\t\t\t\t\t\t<div class=\"ekit_page_list_content\">\n\t\t\t\t\t\t\t\t\t\t\t\t\t\t\t\t<span class=\"elementor-icon-list-text\">\n\t\t\t\t\t\t\t\t\t<span class=\"ekit_page_list_title_title\">Volvo<\/span>\n\t\t\t\t\t\t\t\t\t\t\t\t\t\t\t\t\t<\/span>\n\t\t\t\t\t\t\t<\/div>\n\t\t\t\t\t\t\t\t\t\t\t\t\t<\/a>\n\t\t\t\t\t<\/div>\n\t\t\t\t\t\t<\/div>\n\t\t<\/div>\t\t\t\t<\/div>\n\t\t\t\t<\/div>\n\t\t\t\t<div class=\"elementor-element elementor-element-c27e164 elementor-icon-list--layout-traditional elementor-list-item-link-full_width elementor-widget elementor-widget-icon-list\" data-id=\"c27e164\" data-element_type=\"widget\" data-e-type=\"widget\" data-widget_type=\"icon-list.default\">\n\t\t\t\t<div class=\"elementor-widget-container\">\n\t\t\t\t\t\t\t<ul class=\"elementor-icon-list-items\">\n\t\t\t\t\t\t\t<li class=\"elementor-icon-list-item\">\n\t\t\t\t\t\t\t\t\t\t\t<a href=\"https:\/\/m2camper.com\/it\/dadi-a-ventosa\/\">\n\n\t\t\t\t\t\t\t\t\t\t\t<span class=\"elementor-icon-list-text\">Ventose + Dadi<\/span>\n\t\t\t\t\t\t\t\t\t\t\t<\/a>\n\t\t\t\t\t\t\t\t\t<\/li>\n\t\t\t\t\t\t\t\t<li class=\"elementor-icon-list-item\">\n\t\t\t\t\t\t\t\t\t\t\t<a href=\"https:\/\/m2camper.com\/it\/aislantes-termicos-piezas-sueltas-2\/\">\n\n\t\t\t\t\t\t\t\t\t\t\t<span class=\"elementor-icon-list-text\">Parti sciolte degli isolanti termici<\/span>\n\t\t\t\t\t\t\t\t\t\t\t<\/a>\n\t\t\t\t\t\t\t\t\t<\/li>\n\t\t\t\t\t\t\t\t<li class=\"elementor-icon-list-item\">\n\t\t\t\t\t\t\t\t\t\t\t<a href=\"https:\/\/m2camper.com\/it\/bolsillos-2\/\">\n\n\t\t\t\t\t\t\t\t\t\t\t<span class=\"elementor-icon-list-text\">Tasche<\/span>\n\t\t\t\t\t\t\t\t\t\t\t<\/a>\n\t\t\t\t\t\t\t\t\t<\/li>\n\t\t\t\t\t\t<\/ul>\n\t\t\t\t\t\t<\/div>\n\t\t\t\t<\/div>\n\t\t\t\t<\/div>\n\t\t\t\t<\/div>\n\t\t\t\t\t\t<\/div>\n\t\t\t<\/div>\n\t\t<\/div>\n\t\t\t\t\t\t<\/div>\n\t\t\t\t<\/div>\n\t\t\t\t<\/div>\n\t\t\t\t<div class=\"elementor-element elementor-element-ff60438 elementor-grid-3 elementor-product-loop-item--align-center elementor-grid-mobile-1 elementor-grid-tablet-3 elementor-products-grid elementor-wc-products elementor-widget elementor-widget-woocommerce-products\" data-id=\"ff60438\" data-element_type=\"widget\" data-e-type=\"widget\" data-widget_type=\"woocommerce-products.default\">\n\t\t\t\t<div class=\"elementor-widget-container\">\n\t\t\t\t\t<div class=\"woocommerce columns-3\"><span class=\"wpfHidden\" data-shortcode-attribute=\"{&quot;limit&quot;:&quot;-1&quot;,&quot;columns&quot;:3,&quot;rows&quot;:999,&quot;orderby&quot;:&quot;&quot;,&quot;order&quot;:&quot;&quot;,&quot;ids&quot;:&quot;&quot;,&quot;skus&quot;:&quot;&quot;,&quot;category&quot;:&quot;&quot;,&quot;cat_operator&quot;:&quot;IN&quot;,&quot;attribute&quot;:&quot;&quot;,&quot;terms&quot;:&quot;&quot;,&quot;terms_operator&quot;:&quot;IN&quot;,&quot;tag&quot;:&quot;&quot;,&quot;tag_operator&quot;:&quot;IN&quot;,&quot;visibility&quot;:&quot;visible&quot;,&quot;class&quot;:&quot;&quot;,&quot;page&quot;:1,&quot;paginate&quot;:&quot;&quot;,&quot;cache&quot;:false}\"><\/span><ul class=\"products elementor-grid columns-3\">\n<li class=\"product type-product post-687 status-publish first instock product_cat-citroen product_cat-aislantes product_cat-all-products has-post-thumbnail taxable shipping-taxable purchasable product-type-variable\">\n\t<div class=\"nv-card-content-wrapper\"><a href=\"https:\/\/m2camper.com\/it\/isolanti-termici-per-oscuramenti-citroen-c3-aircross\/\" class=\"woocommerce-LoopProduct-link woocommerce-loop-product__link\"><div class=\"sp-product-image\"><div class=\"img-wrap\"><img fetchpriority=\"high\" decoding=\"async\" width=\"300\" height=\"168\" src=\"https:\/\/m2camper.com\/wp-content\/uploads\/2025\/01\/60c9aa_20f584e220434d179dee810b94402f11mv2-300x168.png\" class=\"attachment-woocommerce_thumbnail size-woocommerce_thumbnail\" alt=\"Isolanti termici oscuranti per Citro\u00ebn C3 Aircross\" srcset=\"https:\/\/m2camper.com\/wp-content\/uploads\/2025\/01\/60c9aa_20f584e220434d179dee810b94402f11mv2-300x168.png 300w, https:\/\/m2camper.com\/wp-content\/uploads\/2025\/01\/60c9aa_20f584e220434d179dee810b94402f11mv2-600x337.png 600w, https:\/\/m2camper.com\/wp-content\/uploads\/2025\/01\/60c9aa_20f584e220434d179dee810b94402f11mv2.png 666w\" sizes=\"(max-width: 300px) 100vw, 300px\" \/><\/div><\/div><h2 class=\"woocommerce-loop-product__title\">Isolanti termici oscuranti per Citro\u00ebn C3 Aircross<\/h2>\n\t<span class=\"price\"><span class=\"woocommerce-Price-amount amount\" aria-hidden=\"true\"><bdi>148,00&nbsp;<span class=\"woocommerce-Price-currencySymbol\">&euro;<\/span><\/bdi><\/span> <span aria-hidden=\"true\">\u2013<\/span> <span class=\"woocommerce-Price-amount amount\" aria-hidden=\"true\"><bdi>200,00&nbsp;<span class=\"woocommerce-Price-currencySymbol\">&euro;<\/span><\/bdi><\/span><span class=\"screen-reader-text\" data-no-translation=\"\" data-trp-gettext=\"\">Fascia di prezzo: da 148,00&nbsp;&euro; a 200,00&nbsp;&euro;<\/span><\/span>\n<\/a><a href=\"https:\/\/m2camper.com\/it\/isolanti-termici-per-oscuramenti-citroen-c3-aircross\/\" aria-describedby=\"woocommerce_loop_add_to_cart_link_describedby_687\" data-quantity=\"1\" class=\"button product_type_variable add_to_cart_button\" data-product_id=\"687\" data-product_sku=\"\" aria-label=\"Seleziona le opzioni per \u201cAislantes t\u00e9rmicos oscurecedores Citro\u00ebn C3 Aircross\u201d\" rel=\"nofollow\" data-no-translation=\"\" data-trp-gettext=\"\" data-no-translation-aria-label=\"\">Seleziona le opzioni<\/a>\t<span id=\"woocommerce_loop_add_to_cart_link_describedby_687\" class=\"screen-reader-text\">\n\t\tQuesto prodotto ha pi\u00f9 varianti. Le opzioni possono essere scelte nella pagina del prodotto\t<\/span>\n<\/div><\/li>\n<li class=\"product type-product post-1563 status-publish instock product_cat-citroen product_cat-aislantes product_cat-all-products has-post-thumbnail taxable shipping-taxable purchasable product-type-variable\">\n\t<div class=\"nv-card-content-wrapper\"><a href=\"https:\/\/m2camper.com\/it\/isolanti-termici-citroen-c3-puretech-per-oscuramento\/\" class=\"woocommerce-LoopProduct-link woocommerce-loop-product__link\"><div class=\"sp-product-image\"><div class=\"img-wrap\"><img decoding=\"async\" width=\"300\" height=\"185\" src=\"https:\/\/m2camper.com\/wp-content\/uploads\/2025\/01\/60c9aa_5cc0d6d6812e4f7b8299e5c8d8cc92c9mv2-300x185.png\" class=\"attachment-woocommerce_thumbnail size-woocommerce_thumbnail\" alt=\"Isolanti termici oscuranti Citro\u00ebn C3 PureTech\" srcset=\"https:\/\/m2camper.com\/wp-content\/uploads\/2025\/01\/60c9aa_5cc0d6d6812e4f7b8299e5c8d8cc92c9mv2-300x185.png 300w, https:\/\/m2camper.com\/wp-content\/uploads\/2025\/01\/60c9aa_5cc0d6d6812e4f7b8299e5c8d8cc92c9mv2-600x369.png 600w, https:\/\/m2camper.com\/wp-content\/uploads\/2025\/01\/60c9aa_5cc0d6d6812e4f7b8299e5c8d8cc92c9mv2.png 1001w\" sizes=\"(max-width: 300px) 100vw, 300px\" \/><\/div><\/div><h2 class=\"woocommerce-loop-product__title\">Isolanti termici oscuranti Citro\u00ebn C3 PureTech<\/h2>\n\t<span class=\"price\"><span class=\"woocommerce-Price-amount amount\" aria-hidden=\"true\"><bdi>148,00&nbsp;<span class=\"woocommerce-Price-currencySymbol\">&euro;<\/span><\/bdi><\/span> <span aria-hidden=\"true\">\u2013<\/span> <span class=\"woocommerce-Price-amount amount\" aria-hidden=\"true\"><bdi>200,00&nbsp;<span class=\"woocommerce-Price-currencySymbol\">&euro;<\/span><\/bdi><\/span><span class=\"screen-reader-text\" data-no-translation=\"\" data-trp-gettext=\"\">Fascia di prezzo: da 148,00&nbsp;&euro; a 200,00&nbsp;&euro;<\/span><\/span>\n<\/a><a href=\"https:\/\/m2camper.com\/it\/isolanti-termici-citroen-c3-puretech-per-oscuramento\/\" aria-describedby=\"woocommerce_loop_add_to_cart_link_describedby_1563\" data-quantity=\"1\" class=\"button product_type_variable add_to_cart_button\" data-product_id=\"1563\" data-product_sku=\"\" aria-label=\"Seleziona le opzioni per \u201cAislantes t\u00e9rmicos oscurecedores Citro\u00ebn C3 PureTech\u201d\" rel=\"nofollow\" data-no-translation=\"\" data-trp-gettext=\"\" data-no-translation-aria-label=\"\">Seleziona le opzioni<\/a>\t<span id=\"woocommerce_loop_add_to_cart_link_describedby_1563\" class=\"screen-reader-text\">\n\t\tQuesto prodotto ha pi\u00f9 varianti. Le opzioni possono essere scelte nella pagina del prodotto\t<\/span>\n<\/div><\/li>\n<li class=\"product type-product post-2802 status-publish last instock product_cat-citroen product_cat-aislantes product_cat-all-products has-post-thumbnail taxable shipping-taxable purchasable product-type-variable\">\n\t<div class=\"nv-card-content-wrapper\"><a href=\"https:\/\/m2camper.com\/it\/isolanti-termici-per-oscuramenti-citroen-c3-picasso\/\" class=\"woocommerce-LoopProduct-link woocommerce-loop-product__link\"><div class=\"sp-product-image\"><div class=\"img-wrap\"><img loading=\"lazy\" decoding=\"async\" width=\"300\" height=\"225\" src=\"https:\/\/m2camper.com\/wp-content\/uploads\/2025\/01\/60c9aa_147d6cb706384b9f9bf19529c4b9fdf8mv2-300x225.png\" class=\"attachment-woocommerce_thumbnail size-woocommerce_thumbnail\" alt=\"Isolanti termici oscuranti per Citro\u00ebn C3 Picasso\" srcset=\"https:\/\/m2camper.com\/wp-content\/uploads\/2025\/01\/60c9aa_147d6cb706384b9f9bf19529c4b9fdf8mv2-300x225.png 300w, https:\/\/m2camper.com\/wp-content\/uploads\/2025\/01\/60c9aa_147d6cb706384b9f9bf19529c4b9fdf8mv2-600x450.png 600w, https:\/\/m2camper.com\/wp-content\/uploads\/2025\/01\/60c9aa_147d6cb706384b9f9bf19529c4b9fdf8mv2.png 1600w\" sizes=\"(max-width: 300px) 100vw, 300px\" \/><\/div><\/div><h2 class=\"woocommerce-loop-product__title\">Isolanti termici oscuranti per Citro\u00ebn C3 Picasso<\/h2>\n\t<span class=\"price\"><span class=\"woocommerce-Price-amount amount\" aria-hidden=\"true\"><bdi>69,00&nbsp;<span class=\"woocommerce-Price-currencySymbol\">&euro;<\/span><\/bdi><\/span> <span aria-hidden=\"true\">\u2013<\/span> <span class=\"woocommerce-Price-amount amount\" aria-hidden=\"true\"><bdi>208,00&nbsp;<span class=\"woocommerce-Price-currencySymbol\">&euro;<\/span><\/bdi><\/span><span class=\"screen-reader-text\" data-no-translation=\"\" data-trp-gettext=\"\">Fascia di prezzo: da 69,00&nbsp;&euro; a 208,00&nbsp;&euro;<\/span><\/span>\n<\/a><a href=\"https:\/\/m2camper.com\/it\/isolanti-termici-per-oscuramenti-citroen-c3-picasso\/\" aria-describedby=\"woocommerce_loop_add_to_cart_link_describedby_2802\" data-quantity=\"1\" class=\"button product_type_variable add_to_cart_button\" data-product_id=\"2802\" data-product_sku=\"\" aria-label=\"Seleziona le opzioni per \u201cAislantes t\u00e9rmicos oscurecedores Citro\u00ebn C3 Picasso\u201d\" rel=\"nofollow\" data-no-translation=\"\" data-trp-gettext=\"\" data-no-translation-aria-label=\"\">Seleziona le opzioni<\/a>\t<span id=\"woocommerce_loop_add_to_cart_link_describedby_2802\" class=\"screen-reader-text\">\n\t\tQuesto prodotto ha pi\u00f9 varianti. Le opzioni possono essere scelte nella pagina del prodotto\t<\/span>\n<\/div><\/li>\n<li class=\"product type-product post-1937 status-publish first instock product_cat-citroen product_cat-aislantes product_cat-all-products has-post-thumbnail taxable shipping-taxable purchasable product-type-variable\">\n\t<div class=\"nv-card-content-wrapper\"><a href=\"https:\/\/m2camper.com\/it\/isolanti-termici-oscuranti-per-citroen-c4-cactus\/\" class=\"woocommerce-LoopProduct-link woocommerce-loop-product__link\"><div class=\"sp-product-image\"><div class=\"img-wrap\"><img loading=\"lazy\" decoding=\"async\" width=\"300\" height=\"183\" src=\"https:\/\/m2camper.com\/wp-content\/uploads\/2025\/01\/60c9aa_7bca567e50fd46b2969fc4aa94f943b1mv2-300x183.png\" class=\"attachment-woocommerce_thumbnail size-woocommerce_thumbnail\" alt=\"Isolanti termici oscuranti per Citro\u00ebn C4 Cactus\" srcset=\"https:\/\/m2camper.com\/wp-content\/uploads\/2025\/01\/60c9aa_7bca567e50fd46b2969fc4aa94f943b1mv2-300x183.png 300w, https:\/\/m2camper.com\/wp-content\/uploads\/2025\/01\/60c9aa_7bca567e50fd46b2969fc4aa94f943b1mv2-600x366.png 600w, https:\/\/m2camper.com\/wp-content\/uploads\/2025\/01\/60c9aa_7bca567e50fd46b2969fc4aa94f943b1mv2.png 639w\" sizes=\"(max-width: 300px) 100vw, 300px\" \/><\/div><\/div><h2 class=\"woocommerce-loop-product__title\">Isolanti termici oscuranti per Citro\u00ebn C4 Cactus<\/h2>\n\t<span class=\"price\"><span class=\"woocommerce-Price-amount amount\" aria-hidden=\"true\"><bdi>148,00&nbsp;<span class=\"woocommerce-Price-currencySymbol\">&euro;<\/span><\/bdi><\/span> <span aria-hidden=\"true\">\u2013<\/span> <span class=\"woocommerce-Price-amount amount\" aria-hidden=\"true\"><bdi>200,00&nbsp;<span class=\"woocommerce-Price-currencySymbol\">&euro;<\/span><\/bdi><\/span><span class=\"screen-reader-text\" data-no-translation=\"\" data-trp-gettext=\"\">Fascia di prezzo: da 148,00&nbsp;&euro; a 200,00&nbsp;&euro;<\/span><\/span>\n<\/a><a href=\"https:\/\/m2camper.com\/it\/isolanti-termici-oscuranti-per-citroen-c4-cactus\/\" aria-describedby=\"woocommerce_loop_add_to_cart_link_describedby_1937\" data-quantity=\"1\" class=\"button product_type_variable add_to_cart_button\" data-product_id=\"1937\" data-product_sku=\"\" aria-label=\"Seleziona le opzioni per \u201cAislantes t\u00e9rmicos oscurecedores Citro\u00ebn C4 Cactus\u201d\" rel=\"nofollow\" data-no-translation=\"\" data-trp-gettext=\"\" data-no-translation-aria-label=\"\">Seleziona le opzioni<\/a>\t<span id=\"woocommerce_loop_add_to_cart_link_describedby_1937\" class=\"screen-reader-text\">\n\t\tQuesto prodotto ha pi\u00f9 varianti. Le opzioni possono essere scelte nella pagina del prodotto\t<\/span>\n<\/div><\/li>\n<li class=\"product type-product post-2366 status-publish instock product_cat-citroen product_cat-aislantes product_cat-all-products has-post-thumbnail taxable shipping-taxable purchasable product-type-variable\">\n\t<div class=\"nv-card-content-wrapper\"><a href=\"https:\/\/m2camper.com\/it\/isolamento-termico-e-oscuramento-per-citroen-xsara-picasso-1999-2012\/\" class=\"woocommerce-LoopProduct-link woocommerce-loop-product__link\"><div class=\"sp-product-image\"><div class=\"img-wrap\"><img loading=\"lazy\" decoding=\"async\" width=\"300\" height=\"169\" src=\"https:\/\/m2camper.com\/wp-content\/uploads\/2025\/01\/60c9aa_6c70357b52864c5ca5921223a4552882mv2-300x169.png\" class=\"attachment-woocommerce_thumbnail size-woocommerce_thumbnail\" alt=\"Isolanti termici per Citro\u00ebn Xsara Picasso 1999-2012\" srcset=\"https:\/\/m2camper.com\/wp-content\/uploads\/2025\/01\/60c9aa_6c70357b52864c5ca5921223a4552882mv2-300x169.png 300w, https:\/\/m2camper.com\/wp-content\/uploads\/2025\/01\/60c9aa_6c70357b52864c5ca5921223a4552882mv2-600x337.png 600w, https:\/\/m2camper.com\/wp-content\/uploads\/2025\/01\/60c9aa_6c70357b52864c5ca5921223a4552882mv2.png 1279w\" sizes=\"(max-width: 300px) 100vw, 300px\" \/><\/div><\/div><h2 class=\"woocommerce-loop-product__title\">Isolanti termici per Citro\u00ebn Xsara Picasso 1999-2012<\/h2>\n\t<span class=\"price\"><span class=\"woocommerce-Price-amount amount\" aria-hidden=\"true\"><bdi>153,00&nbsp;<span class=\"woocommerce-Price-currencySymbol\">&euro;<\/span><\/bdi><\/span> <span aria-hidden=\"true\">\u2013<\/span> <span class=\"woocommerce-Price-amount amount\" aria-hidden=\"true\"><bdi>208,00&nbsp;<span class=\"woocommerce-Price-currencySymbol\">&euro;<\/span><\/bdi><\/span><span class=\"screen-reader-text\" data-no-translation=\"\" data-trp-gettext=\"\">Fascia di prezzo: da 153,00&nbsp;&euro; a 208,00&nbsp;&euro;<\/span><\/span>\n<\/a><a href=\"https:\/\/m2camper.com\/it\/isolamento-termico-e-oscuramento-per-citroen-xsara-picasso-1999-2012\/\" aria-describedby=\"woocommerce_loop_add_to_cart_link_describedby_2366\" data-quantity=\"1\" class=\"button product_type_variable add_to_cart_button\" data-product_id=\"2366\" data-product_sku=\"\" aria-label=\"Seleziona le opzioni per \u201cAislantes t\u00e9rmicos oscurecedores Citro\u00ebn Xsara Picasso 1999-2012\u201d\" rel=\"nofollow\" data-no-translation=\"\" data-trp-gettext=\"\" data-no-translation-aria-label=\"\">Seleziona le opzioni<\/a>\t<span id=\"woocommerce_loop_add_to_cart_link_describedby_2366\" class=\"screen-reader-text\">\n\t\tQuesto prodotto ha pi\u00f9 varianti. Le opzioni possono essere scelte nella pagina del prodotto\t<\/span>\n<\/div><\/li>\n<li class=\"product type-product post-2574 status-publish last instock product_cat-citroen product_cat-aislantes product_cat-all-products has-post-thumbnail taxable shipping-taxable purchasable product-type-variable\">\n\t<div class=\"nv-card-content-wrapper\"><a href=\"https:\/\/m2camper.com\/it\/isolamento-termico-e-oscuranti-per-la-citroen-c4-picasso-2006-2013\/\" class=\"woocommerce-LoopProduct-link woocommerce-loop-product__link\"><div class=\"sp-product-image\"><div class=\"img-wrap\"><img loading=\"lazy\" decoding=\"async\" width=\"300\" height=\"225\" src=\"https:\/\/m2camper.com\/wp-content\/uploads\/2025\/01\/60c9aa_014b6cd6bcc648588ea121e12339994amv2-300x225.png\" class=\"attachment-woocommerce_thumbnail size-woocommerce_thumbnail\" alt=\"Isolanti termici per Citro\u00ebn C4 Picasso 2006-2013\" srcset=\"https:\/\/m2camper.com\/wp-content\/uploads\/2025\/01\/60c9aa_014b6cd6bcc648588ea121e12339994amv2-300x225.png 300w, https:\/\/m2camper.com\/wp-content\/uploads\/2025\/01\/60c9aa_014b6cd6bcc648588ea121e12339994amv2.png 577w\" sizes=\"(max-width: 300px) 100vw, 300px\" \/><\/div><\/div><h2 class=\"woocommerce-loop-product__title\">Isolanti termici per Citro\u00ebn C4 Picasso 2006-2013<\/h2>\n\t<span class=\"price\"><span class=\"woocommerce-Price-amount amount\" aria-hidden=\"true\"><bdi>153,00&nbsp;<span class=\"woocommerce-Price-currencySymbol\">&euro;<\/span><\/bdi><\/span> <span aria-hidden=\"true\">\u2013<\/span> <span class=\"woocommerce-Price-amount amount\" aria-hidden=\"true\"><bdi>208,00&nbsp;<span class=\"woocommerce-Price-currencySymbol\">&euro;<\/span><\/bdi><\/span><span class=\"screen-reader-text\" data-no-translation=\"\" data-trp-gettext=\"\">Fascia di prezzo: da 153,00&nbsp;&euro; a 208,00&nbsp;&euro;<\/span><\/span>\n<\/a><a href=\"https:\/\/m2camper.com\/it\/isolamento-termico-e-oscuranti-per-la-citroen-c4-picasso-2006-2013\/\" aria-describedby=\"woocommerce_loop_add_to_cart_link_describedby_2574\" data-quantity=\"1\" class=\"button product_type_variable add_to_cart_button\" data-product_id=\"2574\" data-product_sku=\"\" aria-label=\"Seleziona le opzioni per \u201cAislantes t\u00e9rmicos oscurecedores Citro\u00ebn C4 Picasso 2006-2013\u201d\" rel=\"nofollow\" data-no-translation=\"\" data-trp-gettext=\"\" data-no-translation-aria-label=\"\">Seleziona le opzioni<\/a>\t<span id=\"woocommerce_loop_add_to_cart_link_describedby_2574\" class=\"screen-reader-text\">\n\t\tQuesto prodotto ha pi\u00f9 varianti. Le opzioni possono essere scelte nella pagina del prodotto\t<\/span>\n<\/div><\/li>\n<li class=\"product type-product post-857 status-publish first instock product_cat-citroen product_cat-aislantes product_cat-all-products has-post-thumbnail taxable shipping-taxable purchasable product-type-variable\">\n\t<div class=\"nv-card-content-wrapper\"><a href=\"https:\/\/m2camper.com\/it\/isolanti-termici-per-oscuramenti-citroen-c4-picasso-2013-2022\/\" class=\"woocommerce-LoopProduct-link woocommerce-loop-product__link\"><div class=\"sp-product-image\"><div class=\"img-wrap\"><img loading=\"lazy\" decoding=\"async\" width=\"300\" height=\"160\" src=\"https:\/\/m2camper.com\/wp-content\/uploads\/2025\/01\/60c9aa_5b49a9faacf3432da93b206c38b425fcmv2-300x160.png\" class=\"attachment-woocommerce_thumbnail size-woocommerce_thumbnail\" alt=\"Citro\u00ebn C4 Picasso 2013-2022 Tende isolanti termiche\" srcset=\"https:\/\/m2camper.com\/wp-content\/uploads\/2025\/01\/60c9aa_5b49a9faacf3432da93b206c38b425fcmv2-300x160.png 300w, https:\/\/m2camper.com\/wp-content\/uploads\/2025\/01\/60c9aa_5b49a9faacf3432da93b206c38b425fcmv2-600x320.png 600w, https:\/\/m2camper.com\/wp-content\/uploads\/2025\/01\/60c9aa_5b49a9faacf3432da93b206c38b425fcmv2.png 684w\" sizes=\"(max-width: 300px) 100vw, 300px\" \/><\/div><\/div><h2 class=\"woocommerce-loop-product__title\">Citro\u00ebn C4 Picasso 2013-2022 Tende isolanti termiche<\/h2>\n\t<span class=\"price\"><span class=\"woocommerce-Price-amount amount\" aria-hidden=\"true\"><bdi>153,00&nbsp;<span class=\"woocommerce-Price-currencySymbol\">&euro;<\/span><\/bdi><\/span> <span aria-hidden=\"true\">\u2013<\/span> <span class=\"woocommerce-Price-amount amount\" aria-hidden=\"true\"><bdi>208,00&nbsp;<span class=\"woocommerce-Price-currencySymbol\">&euro;<\/span><\/bdi><\/span><span class=\"screen-reader-text\" data-no-translation=\"\" data-trp-gettext=\"\">Fascia di prezzo: da 153,00&nbsp;&euro; a 208,00&nbsp;&euro;<\/span><\/span>\n<\/a><a href=\"https:\/\/m2camper.com\/it\/isolanti-termici-per-oscuramenti-citroen-c4-picasso-2013-2022\/\" aria-describedby=\"woocommerce_loop_add_to_cart_link_describedby_857\" data-quantity=\"1\" class=\"button product_type_variable add_to_cart_button\" data-product_id=\"857\" data-product_sku=\"\" aria-label=\"Seleziona le opzioni per \u201cAislantes t\u00e9rmicos oscurecedores Citro\u00ebn C4 Picasso 2013-2022\u201d\" rel=\"nofollow\" data-no-translation=\"\" data-trp-gettext=\"\" data-no-translation-aria-label=\"\">Seleziona le opzioni<\/a>\t<span id=\"woocommerce_loop_add_to_cart_link_describedby_857\" class=\"screen-reader-text\">\n\t\tQuesto prodotto ha pi\u00f9 varianti. Le opzioni possono essere scelte nella pagina del prodotto\t<\/span>\n<\/div><\/li>\n<li class=\"product type-product post-2568 status-publish instock product_cat-citroen product_cat-aislantes product_cat-all-products has-post-thumbnail taxable shipping-taxable purchasable product-type-variable\">\n\t<div class=\"nv-card-content-wrapper\"><a href=\"https:\/\/m2camper.com\/it\/isolamento-termico-e-oscuranti-per-la-citroen-c4-grand-picasso-2006-2013\/\" class=\"woocommerce-LoopProduct-link woocommerce-loop-product__link\"><div class=\"sp-product-image\"><div class=\"img-wrap\"><img loading=\"lazy\" decoding=\"async\" width=\"300\" height=\"110\" src=\"https:\/\/m2camper.com\/wp-content\/uploads\/2025\/01\/60c9aa_ce654fde02c14023bef7ffc218e9c9f8mv2-300x110.png\" class=\"attachment-woocommerce_thumbnail size-woocommerce_thumbnail\" alt=\"Isolanti termici per Citro\u00ebn C4 Grand Picasso 2006-2013\" srcset=\"https:\/\/m2camper.com\/wp-content\/uploads\/2025\/01\/60c9aa_ce654fde02c14023bef7ffc218e9c9f8mv2-300x110.png 300w, https:\/\/m2camper.com\/wp-content\/uploads\/2025\/01\/60c9aa_ce654fde02c14023bef7ffc218e9c9f8mv2-600x220.png 600w, https:\/\/m2camper.com\/wp-content\/uploads\/2025\/01\/60c9aa_ce654fde02c14023bef7ffc218e9c9f8mv2.png 1540w\" sizes=\"(max-width: 300px) 100vw, 300px\" \/><\/div><\/div><h2 class=\"woocommerce-loop-product__title\">Isolanti termici per Citro\u00ebn C4 Grand Picasso 2006-2013<\/h2>\n\t<span class=\"price\"><span class=\"woocommerce-Price-amount amount\" aria-hidden=\"true\"><bdi>153,00&nbsp;<span class=\"woocommerce-Price-currencySymbol\">&euro;<\/span><\/bdi><\/span> <span aria-hidden=\"true\">\u2013<\/span> <span class=\"woocommerce-Price-amount amount\" aria-hidden=\"true\"><bdi>208,00&nbsp;<span class=\"woocommerce-Price-currencySymbol\">&euro;<\/span><\/bdi><\/span><span class=\"screen-reader-text\" data-no-translation=\"\" data-trp-gettext=\"\">Fascia di prezzo: da 153,00&nbsp;&euro; a 208,00&nbsp;&euro;<\/span><\/span>\n<\/a><a href=\"https:\/\/m2camper.com\/it\/isolamento-termico-e-oscuranti-per-la-citroen-c4-grand-picasso-2006-2013\/\" aria-describedby=\"woocommerce_loop_add_to_cart_link_describedby_2568\" data-quantity=\"1\" class=\"button product_type_variable add_to_cart_button\" data-product_id=\"2568\" data-product_sku=\"\" aria-label=\"Seleziona le opzioni per \u201cAislantes t\u00e9rmicos oscurecedores Citro\u00ebn C4 Grand Picasso 2006-2013\u201d\" rel=\"nofollow\" data-no-translation=\"\" data-trp-gettext=\"\" data-no-translation-aria-label=\"\">Seleziona le opzioni<\/a>\t<span id=\"woocommerce_loop_add_to_cart_link_describedby_2568\" class=\"screen-reader-text\">\n\t\tQuesto prodotto ha pi\u00f9 varianti. Le opzioni possono essere scelte nella pagina del prodotto\t<\/span>\n<\/div><\/li>\n<li class=\"product type-product post-2816 status-publish last instock product_cat-citroen product_cat-aislantes product_cat-all-products has-post-thumbnail taxable shipping-taxable purchasable product-type-variable\">\n\t<div class=\"nv-card-content-wrapper\"><a href=\"https:\/\/m2camper.com\/it\/isolamento-termico-e-oscuranti-per-la-citroen-c4-grand-picasso-2013-2022\/\" class=\"woocommerce-LoopProduct-link woocommerce-loop-product__link\"><div class=\"sp-product-image\"><div class=\"img-wrap\"><img loading=\"lazy\" decoding=\"async\" width=\"300\" height=\"225\" src=\"https:\/\/m2camper.com\/wp-content\/uploads\/2025\/01\/60c9aa_9608e373204841069d0d18b66043bd79mv2-300x225.png\" class=\"attachment-woocommerce_thumbnail size-woocommerce_thumbnail\" alt=\"Isolanti termici per Citro\u00ebn C4 Grand Picasso 2013-2022\" srcset=\"https:\/\/m2camper.com\/wp-content\/uploads\/2025\/01\/60c9aa_9608e373204841069d0d18b66043bd79mv2-300x225.png 300w, https:\/\/m2camper.com\/wp-content\/uploads\/2025\/01\/60c9aa_9608e373204841069d0d18b66043bd79mv2-600x450.png 600w, https:\/\/m2camper.com\/wp-content\/uploads\/2025\/01\/60c9aa_9608e373204841069d0d18b66043bd79mv2.png 933w\" sizes=\"(max-width: 300px) 100vw, 300px\" \/><\/div><\/div><h2 class=\"woocommerce-loop-product__title\">Isolanti termici per Citro\u00ebn C4 Grand Picasso 2013-2022<\/h2>\n\t<span class=\"price\"><span class=\"woocommerce-Price-amount amount\" aria-hidden=\"true\"><bdi>74,00&nbsp;<span class=\"woocommerce-Price-currencySymbol\">&euro;<\/span><\/bdi><\/span> <span aria-hidden=\"true\">\u2013<\/span> <span class=\"woocommerce-Price-amount amount\" aria-hidden=\"true\"><bdi>208,00&nbsp;<span class=\"woocommerce-Price-currencySymbol\">&euro;<\/span><\/bdi><\/span><span class=\"screen-reader-text\" data-no-translation=\"\" data-trp-gettext=\"\">Fascia di prezzo: da 74,00&nbsp;&euro; a 208,00&nbsp;&euro;<\/span><\/span>\n<\/a><a href=\"https:\/\/m2camper.com\/it\/isolamento-termico-e-oscuranti-per-la-citroen-c4-grand-picasso-2013-2022\/\" aria-describedby=\"woocommerce_loop_add_to_cart_link_describedby_2816\" data-quantity=\"1\" class=\"button product_type_variable add_to_cart_button\" data-product_id=\"2816\" data-product_sku=\"\" aria-label=\"Seleziona le opzioni per \u201cAislantes t\u00e9rmicos oscurecedores Citro\u00ebn C4 Grand Picasso 2013-2022\u201d\" rel=\"nofollow\" data-no-translation=\"\" data-trp-gettext=\"\" data-no-translation-aria-label=\"\">Seleziona le opzioni<\/a>\t<span id=\"woocommerce_loop_add_to_cart_link_describedby_2816\" class=\"screen-reader-text\">\n\t\tQuesto prodotto ha pi\u00f9 varianti. Le opzioni possono essere scelte nella pagina del prodotto\t<\/span>\n<\/div><\/li>\n<li class=\"product type-product post-725 status-publish first instock product_cat-citroen product_cat-aislantes product_cat-all-products has-post-thumbnail taxable shipping-taxable purchasable product-type-variable\">\n\t<div class=\"nv-card-content-wrapper\"><a href=\"https:\/\/m2camper.com\/it\/isolanti-termici-per-oscuramenti-citroen-c5-aircross-2017-2023\/\" class=\"woocommerce-LoopProduct-link woocommerce-loop-product__link\"><div class=\"sp-product-image\"><div class=\"img-wrap\"><img loading=\"lazy\" decoding=\"async\" width=\"300\" height=\"165\" src=\"https:\/\/m2camper.com\/wp-content\/uploads\/2025\/01\/60c9aa_4523cac5fe684041ba2c4ee8b43fe54bmv2-300x165.png\" class=\"attachment-woocommerce_thumbnail size-woocommerce_thumbnail\" alt=\"Isolanti termici per Citro\u00ebn C5 Aircross 2017-2023\" srcset=\"https:\/\/m2camper.com\/wp-content\/uploads\/2025\/01\/60c9aa_4523cac5fe684041ba2c4ee8b43fe54bmv2-300x165.png 300w, https:\/\/m2camper.com\/wp-content\/uploads\/2025\/01\/60c9aa_4523cac5fe684041ba2c4ee8b43fe54bmv2-600x331.png 600w, https:\/\/m2camper.com\/wp-content\/uploads\/2025\/01\/60c9aa_4523cac5fe684041ba2c4ee8b43fe54bmv2.png 673w\" sizes=\"(max-width: 300px) 100vw, 300px\" \/><\/div><\/div><h2 class=\"woocommerce-loop-product__title\">Isolanti termici per Citro\u00ebn C5 Aircross 2017-2023<\/h2>\n\t<span class=\"price\"><span class=\"woocommerce-Price-amount amount\" aria-hidden=\"true\"><bdi>148,00&nbsp;<span class=\"woocommerce-Price-currencySymbol\">&euro;<\/span><\/bdi><\/span> <span aria-hidden=\"true\">\u2013<\/span> <span class=\"woocommerce-Price-amount amount\" aria-hidden=\"true\"><bdi>200,00&nbsp;<span class=\"woocommerce-Price-currencySymbol\">&euro;<\/span><\/bdi><\/span><span class=\"screen-reader-text\" data-no-translation=\"\" data-trp-gettext=\"\">Fascia di prezzo: da 148,00&nbsp;&euro; a 200,00&nbsp;&euro;<\/span><\/span>\n<\/a><a href=\"https:\/\/m2camper.com\/it\/isolanti-termici-per-oscuramenti-citroen-c5-aircross-2017-2023\/\" aria-describedby=\"woocommerce_loop_add_to_cart_link_describedby_725\" data-quantity=\"1\" class=\"button product_type_variable add_to_cart_button\" data-product_id=\"725\" data-product_sku=\"\" aria-label=\"Seleziona le opzioni per \u201cAislantes t\u00e9rmicos oscurecedores Citro\u00ebn C5 Aircross 2017-2023\u201d\" rel=\"nofollow\" data-no-translation=\"\" data-trp-gettext=\"\" data-no-translation-aria-label=\"\">Seleziona le opzioni<\/a>\t<span id=\"woocommerce_loop_add_to_cart_link_describedby_725\" class=\"screen-reader-text\">\n\t\tQuesto prodotto ha pi\u00f9 varianti. Le opzioni possono essere scelte nella pagina del prodotto\t<\/span>\n<\/div><\/li>\n<li class=\"product type-product post-2744 status-publish instock product_cat-citroen product_cat-aislantes product_cat-all-products has-post-thumbnail taxable shipping-taxable purchasable product-type-variable\">\n\t<div class=\"nv-card-content-wrapper\"><a href=\"https:\/\/m2camper.com\/it\/isolanti-termici-e-tende-oscuranti-per-citroen-c8\/\" class=\"woocommerce-LoopProduct-link woocommerce-loop-product__link\"><div class=\"sp-product-image\"><div class=\"img-wrap\"><img loading=\"lazy\" decoding=\"async\" width=\"295\" height=\"155\" src=\"https:\/\/m2camper.com\/wp-content\/uploads\/2025\/01\/60c9aa_680bfa9f0291430d83e1432887336521mv2.png\" class=\"attachment-woocommerce_thumbnail size-woocommerce_thumbnail\" alt=\"Isolanti termici oscuranti per Citro\u00ebn C8\" \/><\/div><\/div><h2 class=\"woocommerce-loop-product__title\">Isolanti termici oscuranti per Citro\u00ebn C8<\/h2>\n\t<span class=\"price\"><span class=\"woocommerce-Price-amount amount\" aria-hidden=\"true\"><bdi>148,00&nbsp;<span class=\"woocommerce-Price-currencySymbol\">&euro;<\/span><\/bdi><\/span> <span aria-hidden=\"true\">\u2013<\/span> <span class=\"woocommerce-Price-amount amount\" aria-hidden=\"true\"><bdi>200,00&nbsp;<span class=\"woocommerce-Price-currencySymbol\">&euro;<\/span><\/bdi><\/span><span class=\"screen-reader-text\" data-no-translation=\"\" data-trp-gettext=\"\">Fascia di prezzo: da 148,00&nbsp;&euro; a 200,00&nbsp;&euro;<\/span><\/span>\n<\/a><a href=\"https:\/\/m2camper.com\/it\/isolanti-termici-e-tende-oscuranti-per-citroen-c8\/\" aria-describedby=\"woocommerce_loop_add_to_cart_link_describedby_2744\" data-quantity=\"1\" class=\"button product_type_variable add_to_cart_button\" data-product_id=\"2744\" data-product_sku=\"\" aria-label=\"Seleziona le opzioni per \u201cAislantes t\u00e9rmicos oscurecedores Citro\u00ebn C8\u201d\" rel=\"nofollow\" data-no-translation=\"\" data-trp-gettext=\"\" data-no-translation-aria-label=\"\">Seleziona le opzioni<\/a>\t<span id=\"woocommerce_loop_add_to_cart_link_describedby_2744\" class=\"screen-reader-text\">\n\t\tQuesto prodotto ha pi\u00f9 varianti. Le opzioni possono essere scelte nella pagina del prodotto\t<\/span>\n<\/div><\/li>\n<li class=\"product type-product post-296 status-publish last instock product_cat-citroen product_cat-aislantes product_cat-all-products has-post-thumbnail taxable shipping-taxable purchasable product-type-variable\">\n\t<div class=\"nv-card-content-wrapper\"><a href=\"https:\/\/m2camper.com\/it\/isolanti-termici-per-oscuramenti-citroen-nemo\/\" class=\"woocommerce-LoopProduct-link woocommerce-loop-product__link\"><div class=\"sp-product-image\"><div class=\"img-wrap\"><img loading=\"lazy\" decoding=\"async\" width=\"300\" height=\"208\" src=\"https:\/\/m2camper.com\/wp-content\/uploads\/2025\/01\/60c9aa_9c10c53de2524c82b418a41dcd90a43dmv2-300x208.png\" class=\"attachment-woocommerce_thumbnail size-woocommerce_thumbnail\" alt=\"Isolanti termici oscuranti Citro\u00ebn Nemo\" srcset=\"https:\/\/m2camper.com\/wp-content\/uploads\/2025\/01\/60c9aa_9c10c53de2524c82b418a41dcd90a43dmv2-300x208.png 300w, https:\/\/m2camper.com\/wp-content\/uploads\/2025\/01\/60c9aa_9c10c53de2524c82b418a41dcd90a43dmv2.png 600w\" sizes=\"(max-width: 300px) 100vw, 300px\" \/><\/div><\/div><h2 class=\"woocommerce-loop-product__title\">Isolanti termici oscuranti Citro\u00ebn Nemo<\/h2>\n\t<span class=\"price\"><span class=\"woocommerce-Price-amount amount\" aria-hidden=\"true\"><bdi>60,00&nbsp;<span class=\"woocommerce-Price-currencySymbol\">&euro;<\/span><\/bdi><\/span> <span aria-hidden=\"true\">\u2013<\/span> <span class=\"woocommerce-Price-amount amount\" aria-hidden=\"true\"><bdi>175,00&nbsp;<span class=\"woocommerce-Price-currencySymbol\">&euro;<\/span><\/bdi><\/span><span class=\"screen-reader-text\" data-no-translation=\"\" data-trp-gettext=\"\">Fascia di prezzo: da 60,00&nbsp;&euro; a 175,00&nbsp;&euro;<\/span><\/span>\n<\/a><a href=\"https:\/\/m2camper.com\/it\/isolanti-termici-per-oscuramenti-citroen-nemo\/\" aria-describedby=\"woocommerce_loop_add_to_cart_link_describedby_296\" data-quantity=\"1\" class=\"button product_type_variable add_to_cart_button\" data-product_id=\"296\" data-product_sku=\"\" aria-label=\"Seleziona le opzioni per \u201cAislantes t\u00e9rmicos oscurecedores Citro\u00ebn Nemo\u201d\" rel=\"nofollow\" data-no-translation=\"\" data-trp-gettext=\"\" data-no-translation-aria-label=\"\">Seleziona le opzioni<\/a>\t<span id=\"woocommerce_loop_add_to_cart_link_describedby_296\" class=\"screen-reader-text\">\n\t\tQuesto prodotto ha pi\u00f9 varianti. Le opzioni possono essere scelte nella pagina del prodotto\t<\/span>\n<\/div><\/li>\n<li class=\"product type-product post-4211 status-publish first instock product_cat-citroen product_cat-aislantes product_cat-all-products has-post-thumbnail taxable shipping-taxable purchasable product-type-variable\">\n\t<div class=\"nv-card-content-wrapper\"><a href=\"https:\/\/m2camper.com\/it\/isolanti-termici-citroen-berlingo-i-con-tende-oscuranti\/\" class=\"woocommerce-LoopProduct-link woocommerce-loop-product__link\"><div class=\"sp-product-image\"><div class=\"img-wrap\"><img loading=\"lazy\" decoding=\"async\" width=\"300\" height=\"169\" src=\"https:\/\/m2camper.com\/wp-content\/uploads\/2025\/01\/60c9aa_24860631b8db40ab8756efa241468927mv2-300x169.png\" class=\"attachment-woocommerce_thumbnail size-woocommerce_thumbnail\" alt=\"Isolanti termici oscuranti Citro\u00ebn Berlingo I\" srcset=\"https:\/\/m2camper.com\/wp-content\/uploads\/2025\/01\/60c9aa_24860631b8db40ab8756efa241468927mv2-300x169.png 300w, https:\/\/m2camper.com\/wp-content\/uploads\/2025\/01\/60c9aa_24860631b8db40ab8756efa241468927mv2-600x338.png 600w, https:\/\/m2camper.com\/wp-content\/uploads\/2025\/01\/60c9aa_24860631b8db40ab8756efa241468927mv2.png 710w\" sizes=\"(max-width: 300px) 100vw, 300px\" \/><\/div><\/div><h2 class=\"woocommerce-loop-product__title\">Isolanti termici oscuranti Citro\u00ebn Berlingo I<\/h2>\n\t<span class=\"price\"><span class=\"woocommerce-Price-amount amount\" aria-hidden=\"true\"><bdi>60,00&nbsp;<span class=\"woocommerce-Price-currencySymbol\">&euro;<\/span><\/bdi><\/span> <span aria-hidden=\"true\">\u2013<\/span> <span class=\"woocommerce-Price-amount amount\" aria-hidden=\"true\"><bdi>190,00&nbsp;<span class=\"woocommerce-Price-currencySymbol\">&euro;<\/span><\/bdi><\/span><span class=\"screen-reader-text\" data-no-translation=\"\" data-trp-gettext=\"\">Fascia di prezzo: da 60,00&nbsp;&euro; a 190,00&nbsp;&euro;<\/span><\/span>\n<\/a><a href=\"https:\/\/m2camper.com\/it\/isolanti-termici-citroen-berlingo-i-con-tende-oscuranti\/\" aria-describedby=\"woocommerce_loop_add_to_cart_link_describedby_4211\" data-quantity=\"1\" class=\"button product_type_variable add_to_cart_button\" data-product_id=\"4211\" data-product_sku=\"\" aria-label=\"Seleziona le opzioni per \u201cAislantes t\u00e9rmicos oscurecedores Citro\u00ebn Berlingo I\u201d\" rel=\"nofollow\" data-no-translation=\"\" data-trp-gettext=\"\" data-no-translation-aria-label=\"\">Seleziona le opzioni<\/a>\t<span id=\"woocommerce_loop_add_to_cart_link_describedby_4211\" class=\"screen-reader-text\">\n\t\tQuesto prodotto ha pi\u00f9 varianti. Le opzioni possono essere scelte nella pagina del prodotto\t<\/span>\n<\/div><\/li>\n<li class=\"product type-product post-4181 status-publish instock product_cat-citroen product_cat-aislantes product_cat-all-products has-post-thumbnail taxable shipping-taxable purchasable product-type-variable\">\n\t<div class=\"nv-card-content-wrapper\"><a href=\"https:\/\/m2camper.com\/it\/isolanti-termici-citroen-berlingo-ii-con-tende-oscuranti\/\" class=\"woocommerce-LoopProduct-link woocommerce-loop-product__link\"><div class=\"sp-product-image\"><div class=\"img-wrap\"><img loading=\"lazy\" decoding=\"async\" width=\"300\" height=\"169\" src=\"https:\/\/m2camper.com\/wp-content\/uploads\/2025\/01\/60c9aa_b73b50fd9ce64810bb99fcf90e40e4b0mv2-300x169.png\" class=\"attachment-woocommerce_thumbnail size-woocommerce_thumbnail\" alt=\"Isolanti termici oscuranti Citro\u00ebn Berlingo II\" srcset=\"https:\/\/m2camper.com\/wp-content\/uploads\/2025\/01\/60c9aa_b73b50fd9ce64810bb99fcf90e40e4b0mv2-300x169.png 300w, https:\/\/m2camper.com\/wp-content\/uploads\/2025\/01\/60c9aa_b73b50fd9ce64810bb99fcf90e40e4b0mv2-600x338.png 600w, https:\/\/m2camper.com\/wp-content\/uploads\/2025\/01\/60c9aa_b73b50fd9ce64810bb99fcf90e40e4b0mv2.png 800w\" sizes=\"(max-width: 300px) 100vw, 300px\" \/><\/div><\/div><h2 class=\"woocommerce-loop-product__title\">Isolanti termici oscuranti Citro\u00ebn Berlingo II<\/h2>\n\t<span class=\"price\"><span class=\"woocommerce-Price-amount amount\" aria-hidden=\"true\"><bdi>60,00&nbsp;<span class=\"woocommerce-Price-currencySymbol\">&euro;<\/span><\/bdi><\/span> <span aria-hidden=\"true\">\u2013<\/span> <span class=\"woocommerce-Price-amount amount\" aria-hidden=\"true\"><bdi>190,00&nbsp;<span class=\"woocommerce-Price-currencySymbol\">&euro;<\/span><\/bdi><\/span><span class=\"screen-reader-text\" data-no-translation=\"\" data-trp-gettext=\"\">Fascia di prezzo: da 60,00&nbsp;&euro; a 190,00&nbsp;&euro;<\/span><\/span>\n<\/a><a href=\"https:\/\/m2camper.com\/it\/isolanti-termici-citroen-berlingo-ii-con-tende-oscuranti\/\" aria-describedby=\"woocommerce_loop_add_to_cart_link_describedby_4181\" data-quantity=\"1\" class=\"button product_type_variable add_to_cart_button\" data-product_id=\"4181\" data-product_sku=\"\" aria-label=\"Seleziona le opzioni per \u201cAislantes t\u00e9rmicos oscurecedores Citro\u00ebn Berlingo II\u201d\" rel=\"nofollow\" data-no-translation=\"\" data-trp-gettext=\"\" data-no-translation-aria-label=\"\">Seleziona le opzioni<\/a>\t<span id=\"woocommerce_loop_add_to_cart_link_describedby_4181\" class=\"screen-reader-text\">\n\t\tQuesto prodotto ha pi\u00f9 varianti. Le opzioni possono essere scelte nella pagina del prodotto\t<\/span>\n<\/div><\/li>\n<li class=\"product type-product post-3168 status-publish last instock product_cat-citroen product_cat-aislantes product_cat-all-products has-post-thumbnail taxable shipping-taxable purchasable product-type-variable\">\n\t<div class=\"nv-card-content-wrapper\"><a href=\"https:\/\/m2camper.com\/it\/isolanti-termici-citroen-berlingo-iii-con-tende-oscuranti\/\" class=\"woocommerce-LoopProduct-link woocommerce-loop-product__link\"><div class=\"sp-product-image\"><div class=\"img-wrap\"><img loading=\"lazy\" decoding=\"async\" width=\"300\" height=\"200\" src=\"https:\/\/m2camper.com\/wp-content\/uploads\/2025\/01\/60c9aa_519161048ee44cb69d602f74aa5d14f7mv2-300x200.png\" class=\"attachment-woocommerce_thumbnail size-woocommerce_thumbnail\" alt=\"Isolanti termici oscuranti Citro\u00ebn Berlingo III\" srcset=\"https:\/\/m2camper.com\/wp-content\/uploads\/2025\/01\/60c9aa_519161048ee44cb69d602f74aa5d14f7mv2-300x200.png 300w, https:\/\/m2camper.com\/wp-content\/uploads\/2025\/01\/60c9aa_519161048ee44cb69d602f74aa5d14f7mv2-600x399.png 600w, https:\/\/m2camper.com\/wp-content\/uploads\/2025\/01\/60c9aa_519161048ee44cb69d602f74aa5d14f7mv2.png 1556w\" sizes=\"(max-width: 300px) 100vw, 300px\" \/><\/div><\/div><h2 class=\"woocommerce-loop-product__title\">Isolanti termici oscuranti Citro\u00ebn Berlingo III<\/h2>\n\t<span class=\"price\"><span class=\"woocommerce-Price-amount amount\" aria-hidden=\"true\"><bdi>60,00&nbsp;<span class=\"woocommerce-Price-currencySymbol\">&euro;<\/span><\/bdi><\/span> <span aria-hidden=\"true\">\u2013<\/span> <span class=\"woocommerce-Price-amount amount\" aria-hidden=\"true\"><bdi>190,00&nbsp;<span class=\"woocommerce-Price-currencySymbol\">&euro;<\/span><\/bdi><\/span><span class=\"screen-reader-text\" data-no-translation=\"\" data-trp-gettext=\"\">Fascia di prezzo: da 60,00&nbsp;&euro; a 190,00&nbsp;&euro;<\/span><\/span>\n<\/a><a href=\"https:\/\/m2camper.com\/it\/isolanti-termici-citroen-berlingo-iii-con-tende-oscuranti\/\" aria-describedby=\"woocommerce_loop_add_to_cart_link_describedby_3168\" data-quantity=\"1\" class=\"button product_type_variable add_to_cart_button\" data-product_id=\"3168\" data-product_sku=\"\" aria-label=\"Seleziona le opzioni per \u201cAislantes t\u00e9rmicos oscurecedores Citro\u00ebn Berlingo III\u201d\" rel=\"nofollow\" data-no-translation=\"\" data-trp-gettext=\"\" data-no-translation-aria-label=\"\">Seleziona le opzioni<\/a>\t<span id=\"woocommerce_loop_add_to_cart_link_describedby_3168\" class=\"screen-reader-text\">\n\t\tQuesto prodotto ha pi\u00f9 varianti. Le opzioni possono essere scelte nella pagina del prodotto\t<\/span>\n<\/div><\/li>\n<li class=\"product type-product post-3154 status-publish first instock product_cat-citroen product_cat-aislantes product_cat-all-products has-post-thumbnail taxable shipping-taxable purchasable product-type-variable\">\n\t<div class=\"nv-card-content-wrapper\"><a href=\"https:\/\/m2camper.com\/it\/isolanti-termici-e-oscuranti-per-la-citroen-berlingo-iii-lunga\/\" class=\"woocommerce-LoopProduct-link woocommerce-loop-product__link\"><div class=\"sp-product-image\"><div class=\"img-wrap\"><img loading=\"lazy\" decoding=\"async\" width=\"300\" height=\"119\" src=\"https:\/\/m2camper.com\/wp-content\/uploads\/2025\/01\/60c9aa_75055198ef07427db21e70e8cd7aec41mv2-300x119.png\" class=\"attachment-woocommerce_thumbnail size-woocommerce_thumbnail\" alt=\"Isolanti termici per Citro\u00ebn Berlingo III Long\" srcset=\"https:\/\/m2camper.com\/wp-content\/uploads\/2025\/01\/60c9aa_75055198ef07427db21e70e8cd7aec41mv2-300x119.png 300w, https:\/\/m2camper.com\/wp-content\/uploads\/2025\/01\/60c9aa_75055198ef07427db21e70e8cd7aec41mv2-600x237.png 600w, https:\/\/m2camper.com\/wp-content\/uploads\/2025\/01\/60c9aa_75055198ef07427db21e70e8cd7aec41mv2.png 1024w\" sizes=\"(max-width: 300px) 100vw, 300px\" \/><\/div><\/div><h2 class=\"woocommerce-loop-product__title\">Isolanti termici per Citro\u00ebn Berlingo III Long<\/h2>\n\t<span class=\"price\"><span class=\"woocommerce-Price-amount amount\" aria-hidden=\"true\"><bdi>60,00&nbsp;<span class=\"woocommerce-Price-currencySymbol\">&euro;<\/span><\/bdi><\/span> <span aria-hidden=\"true\">\u2013<\/span> <span class=\"woocommerce-Price-amount amount\" aria-hidden=\"true\"><bdi>195,00&nbsp;<span class=\"woocommerce-Price-currencySymbol\">&euro;<\/span><\/bdi><\/span><span class=\"screen-reader-text\" data-no-translation=\"\" data-trp-gettext=\"\">Fascia di prezzo: da 60,00&nbsp;&euro; a 195,00&nbsp;&euro;<\/span><\/span>\n<\/a><a href=\"https:\/\/m2camper.com\/it\/isolanti-termici-e-oscuranti-per-la-citroen-berlingo-iii-lunga\/\" aria-describedby=\"woocommerce_loop_add_to_cart_link_describedby_3154\" data-quantity=\"1\" class=\"button product_type_variable add_to_cart_button\" data-product_id=\"3154\" data-product_sku=\"\" aria-label=\"Seleziona le opzioni per \u201cAislantes t\u00e9rmicos oscurecedores Citro\u00ebn Berlingo III Larga\u201d\" rel=\"nofollow\" data-no-translation=\"\" data-trp-gettext=\"\" data-no-translation-aria-label=\"\">Seleziona le opzioni<\/a>\t<span id=\"woocommerce_loop_add_to_cart_link_describedby_3154\" class=\"screen-reader-text\">\n\t\tQuesto prodotto ha pi\u00f9 varianti. Le opzioni possono essere scelte nella pagina del prodotto\t<\/span>\n<\/div><\/li>\n<li class=\"product type-product post-4170 status-publish instock product_cat-citroen product_cat-aislantes product_cat-all-products has-post-thumbnail taxable shipping-taxable purchasable product-type-variable\">\n\t<div class=\"nv-card-content-wrapper\"><a href=\"https:\/\/m2camper.com\/it\/isolanti-termici-e-oscuranti-per-il-tetto-modutop-della-citroen-berlingo-ii\/\" class=\"woocommerce-LoopProduct-link woocommerce-loop-product__link\"><div class=\"sp-product-image\"><div class=\"img-wrap\"><img loading=\"lazy\" decoding=\"async\" width=\"300\" height=\"187\" src=\"https:\/\/m2camper.com\/wp-content\/uploads\/2025\/01\/60c9aa_c6a21aa2ba8b49dca2a0d7af3d12d3f6mv2-300x187.jpg\" class=\"attachment-woocommerce_thumbnail size-woocommerce_thumbnail\" alt=\"Citro\u00ebn Berlingo II Modutop Tetto Isolante Termico Tende\" srcset=\"https:\/\/m2camper.com\/wp-content\/uploads\/2025\/01\/60c9aa_c6a21aa2ba8b49dca2a0d7af3d12d3f6mv2-300x187.jpg 300w, https:\/\/m2camper.com\/wp-content\/uploads\/2025\/01\/60c9aa_c6a21aa2ba8b49dca2a0d7af3d12d3f6mv2-600x375.jpg 600w, https:\/\/m2camper.com\/wp-content\/uploads\/2025\/01\/60c9aa_c6a21aa2ba8b49dca2a0d7af3d12d3f6mv2.jpg 1229w\" sizes=\"(max-width: 300px) 100vw, 300px\" \/><\/div><\/div><h2 class=\"woocommerce-loop-product__title\">Citro\u00ebn Berlingo II Modutop Tetto Isolante Termico Tende<\/h2>\n\t<span class=\"price\"><span class=\"woocommerce-Price-amount amount\" aria-hidden=\"true\"><bdi>32,00&nbsp;<span class=\"woocommerce-Price-currencySymbol\">&euro;<\/span><\/bdi><\/span> <span aria-hidden=\"true\">\u2013<\/span> <span class=\"woocommerce-Price-amount amount\" aria-hidden=\"true\"><bdi>235,00&nbsp;<span class=\"woocommerce-Price-currencySymbol\">&euro;<\/span><\/bdi><\/span><span class=\"screen-reader-text\" data-no-translation=\"\" data-trp-gettext=\"\">Fascia di prezzo: da 32,00&nbsp;&euro; a 235,00&nbsp;&euro;<\/span><\/span>\n<\/a><a href=\"https:\/\/m2camper.com\/it\/isolanti-termici-e-oscuranti-per-il-tetto-modutop-della-citroen-berlingo-ii\/\" aria-describedby=\"woocommerce_loop_add_to_cart_link_describedby_4170\" data-quantity=\"1\" class=\"button product_type_variable add_to_cart_button\" data-product_id=\"4170\" data-product_sku=\"\" aria-label=\"Seleziona le opzioni per \u201cAislantes t\u00e9rmicos oscurecedores Citro\u00ebn Berlingo II Techo Modutop\u201d\" rel=\"nofollow\" data-no-translation=\"\" data-trp-gettext=\"\" data-no-translation-aria-label=\"\">Seleziona le opzioni<\/a>\t<span id=\"woocommerce_loop_add_to_cart_link_describedby_4170\" class=\"screen-reader-text\">\n\t\tQuesto prodotto ha pi\u00f9 varianti. Le opzioni possono essere scelte nella pagina del prodotto\t<\/span>\n<\/div><\/li>\n<li class=\"product type-product post-3144 status-publish last instock product_cat-citroen product_cat-aislantes product_cat-all-products has-post-thumbnail taxable shipping-taxable purchasable product-type-variable\">\n\t<div class=\"nv-card-content-wrapper\"><a href=\"https:\/\/m2camper.com\/it\/isolanti-termici-e-oscuranti-modutop-per-citroen-berlingo-iii\/\" class=\"woocommerce-LoopProduct-link woocommerce-loop-product__link\"><div class=\"sp-product-image\"><div class=\"img-wrap\"><img loading=\"lazy\" decoding=\"async\" width=\"300\" height=\"155\" src=\"https:\/\/m2camper.com\/wp-content\/uploads\/2025\/01\/60c9aa_1bb063d0ad314a529f38aea9f16aed66mv2-300x155.jpg\" class=\"attachment-woocommerce_thumbnail size-woocommerce_thumbnail\" alt=\"Citro\u00ebn Berlingo III Modutop Tende isolanti termiche per il tetto\" srcset=\"https:\/\/m2camper.com\/wp-content\/uploads\/2025\/01\/60c9aa_1bb063d0ad314a529f38aea9f16aed66mv2-300x155.jpg 300w, https:\/\/m2camper.com\/wp-content\/uploads\/2025\/01\/60c9aa_1bb063d0ad314a529f38aea9f16aed66mv2.jpg 564w\" sizes=\"(max-width: 300px) 100vw, 300px\" \/><\/div><\/div><h2 class=\"woocommerce-loop-product__title\">Citro\u00ebn Berlingo III Modutop Tende isolanti termiche per il tetto<\/h2>\n\t<span class=\"price\"><span class=\"woocommerce-Price-amount amount\" aria-hidden=\"true\"><bdi>32,00&nbsp;<span class=\"woocommerce-Price-currencySymbol\">&euro;<\/span><\/bdi><\/span> <span aria-hidden=\"true\">\u2013<\/span> <span class=\"woocommerce-Price-amount amount\" aria-hidden=\"true\"><bdi>235,00&nbsp;<span class=\"woocommerce-Price-currencySymbol\">&euro;<\/span><\/bdi><\/span><span class=\"screen-reader-text\" data-no-translation=\"\" data-trp-gettext=\"\">Fascia di prezzo: da 32,00&nbsp;&euro; a 235,00&nbsp;&euro;<\/span><\/span>\n<\/a><a href=\"https:\/\/m2camper.com\/it\/isolanti-termici-e-oscuranti-modutop-per-citroen-berlingo-iii\/\" aria-describedby=\"woocommerce_loop_add_to_cart_link_describedby_3144\" data-quantity=\"1\" class=\"button product_type_variable add_to_cart_button\" data-product_id=\"3144\" data-product_sku=\"\" aria-label=\"Seleziona le opzioni per \u201cAislantes t\u00e9rmicos oscurecedores Citro\u00ebn Berlingo III Techo Modutop\u201d\" rel=\"nofollow\" data-no-translation=\"\" data-trp-gettext=\"\" data-no-translation-aria-label=\"\">Seleziona le opzioni<\/a>\t<span id=\"woocommerce_loop_add_to_cart_link_describedby_3144\" class=\"screen-reader-text\">\n\t\tQuesto prodotto ha pi\u00f9 varianti. Le opzioni possono essere scelte nella pagina del prodotto\t<\/span>\n<\/div><\/li>\n<li class=\"product type-product post-2848 status-publish first instock product_cat-citroen product_cat-aislantes product_cat-all-products has-post-thumbnail taxable shipping-taxable purchasable product-type-variable\">\n\t<div class=\"nv-card-content-wrapper\"><a href=\"https:\/\/m2camper.com\/it\/isolanti-termici-oscuranti-per-citroen-jumpy-l1-2007-2016\/\" class=\"woocommerce-LoopProduct-link woocommerce-loop-product__link\"><div class=\"sp-product-image\"><div class=\"img-wrap\"><img loading=\"lazy\" decoding=\"async\" width=\"300\" height=\"201\" src=\"https:\/\/m2camper.com\/wp-content\/uploads\/2025\/01\/60c9aa_9d8700ff1dbe45f99274fdb524bfeb4amv2-300x201.png\" class=\"attachment-woocommerce_thumbnail size-woocommerce_thumbnail\" alt=\"Isolanti termici per Citro\u00ebn Jumpy L1 2007-2016\" srcset=\"https:\/\/m2camper.com\/wp-content\/uploads\/2025\/01\/60c9aa_9d8700ff1dbe45f99274fdb524bfeb4amv2-300x201.png 300w, https:\/\/m2camper.com\/wp-content\/uploads\/2025\/01\/60c9aa_9d8700ff1dbe45f99274fdb524bfeb4amv2-600x401.png 600w\" sizes=\"(max-width: 300px) 100vw, 300px\" \/><\/div><\/div><h2 class=\"woocommerce-loop-product__title\">Isolanti termici per Citro\u00ebn Jumpy L1 2007-2016<\/h2>\n\t<span class=\"price\"><span class=\"woocommerce-Price-amount amount\" aria-hidden=\"true\"><bdi>60,00&nbsp;<span class=\"woocommerce-Price-currencySymbol\">&euro;<\/span><\/bdi><\/span> <span aria-hidden=\"true\">\u2013<\/span> <span class=\"woocommerce-Price-amount amount\" aria-hidden=\"true\"><bdi>200,00&nbsp;<span class=\"woocommerce-Price-currencySymbol\">&euro;<\/span><\/bdi><\/span><span class=\"screen-reader-text\" data-no-translation=\"\" data-trp-gettext=\"\">Fascia di prezzo: da 60,00&nbsp;&euro; a 200,00&nbsp;&euro;<\/span><\/span>\n<\/a><a href=\"https:\/\/m2camper.com\/it\/isolanti-termici-oscuranti-per-citroen-jumpy-l1-2007-2016\/\" aria-describedby=\"woocommerce_loop_add_to_cart_link_describedby_2848\" data-quantity=\"1\" class=\"button product_type_variable add_to_cart_button\" data-product_id=\"2848\" data-product_sku=\"\" aria-label=\"Seleziona le opzioni per \u201cAislantes t\u00e9rmicos oscurecedores Citro\u00ebn Jumpy L1 2007-2016\u201d\" rel=\"nofollow\" data-no-translation=\"\" data-trp-gettext=\"\" data-no-translation-aria-label=\"\">Seleziona le opzioni<\/a>\t<span id=\"woocommerce_loop_add_to_cart_link_describedby_2848\" class=\"screen-reader-text\">\n\t\tQuesto prodotto ha pi\u00f9 varianti. Le opzioni possono essere scelte nella pagina del prodotto\t<\/span>\n<\/div><\/li>\n<li class=\"product type-product post-2077 status-publish instock product_cat-citroen product_cat-aislantes product_cat-all-products has-post-thumbnail taxable shipping-taxable purchasable product-type-variable\">\n\t<div class=\"nv-card-content-wrapper\"><a href=\"https:\/\/m2camper.com\/it\/isolanti-termici-per-oscuramenti-citroen-jumpy-l2-2007-2016\/\" class=\"woocommerce-LoopProduct-link woocommerce-loop-product__link\"><div class=\"sp-product-image\"><div class=\"img-wrap\"><img loading=\"lazy\" decoding=\"async\" width=\"300\" height=\"149\" src=\"https:\/\/m2camper.com\/wp-content\/uploads\/2025\/01\/60c9aa_dac000eeb3a649b88113a1c5a1134d06mv2-300x149.png\" class=\"attachment-woocommerce_thumbnail size-woocommerce_thumbnail\" alt=\"Isolanti termici per Citro\u00ebn Jumpy L2 2007-2016\" srcset=\"https:\/\/m2camper.com\/wp-content\/uploads\/2025\/01\/60c9aa_dac000eeb3a649b88113a1c5a1134d06mv2-300x149.png 300w, https:\/\/m2camper.com\/wp-content\/uploads\/2025\/01\/60c9aa_dac000eeb3a649b88113a1c5a1134d06mv2.png 560w\" sizes=\"(max-width: 300px) 100vw, 300px\" \/><\/div><\/div><h2 class=\"woocommerce-loop-product__title\">Isolanti termici per Citro\u00ebn Jumpy L2 2007-2016<\/h2>\n\t<span class=\"price\"><span class=\"woocommerce-Price-amount amount\" aria-hidden=\"true\"><bdi>60,00&nbsp;<span class=\"woocommerce-Price-currencySymbol\">&euro;<\/span><\/bdi><\/span> <span aria-hidden=\"true\">\u2013<\/span> <span class=\"woocommerce-Price-amount amount\" aria-hidden=\"true\"><bdi>208,00&nbsp;<span class=\"woocommerce-Price-currencySymbol\">&euro;<\/span><\/bdi><\/span><span class=\"screen-reader-text\" data-no-translation=\"\" data-trp-gettext=\"\">Fascia di prezzo: da 60,00&nbsp;&euro; a 208,00&nbsp;&euro;<\/span><\/span>\n<\/a><a href=\"https:\/\/m2camper.com\/it\/isolanti-termici-per-oscuramenti-citroen-jumpy-l2-2007-2016\/\" aria-describedby=\"woocommerce_loop_add_to_cart_link_describedby_2077\" data-quantity=\"1\" class=\"button product_type_variable add_to_cart_button\" data-product_id=\"2077\" data-product_sku=\"\" aria-label=\"Seleziona le opzioni per \u201cAislantes t\u00e9rmicos oscurecedores Citro\u00ebn Jumpy L2  2007-2016\u201d\" rel=\"nofollow\" data-no-translation=\"\" data-trp-gettext=\"\" data-no-translation-aria-label=\"\">Seleziona le opzioni<\/a>\t<span id=\"woocommerce_loop_add_to_cart_link_describedby_2077\" class=\"screen-reader-text\">\n\t\tQuesto prodotto ha pi\u00f9 varianti. Le opzioni possono essere scelte nella pagina del prodotto\t<\/span>\n<\/div><\/li>\n<li class=\"product type-product post-2952 status-publish last instock product_cat-citroen product_cat-aislantes product_cat-all-products has-post-thumbnail taxable shipping-taxable purchasable product-type-variable\">\n\t<div class=\"nv-card-content-wrapper\"><a href=\"https:\/\/m2camper.com\/it\/isolamento-termico-e-oscuramento-per-la-citroen-jumpy-compatta-2016-2023\/\" class=\"woocommerce-LoopProduct-link woocommerce-loop-product__link\"><div class=\"sp-product-image\"><div class=\"img-wrap\"><img loading=\"lazy\" decoding=\"async\" width=\"300\" height=\"189\" src=\"https:\/\/m2camper.com\/wp-content\/uploads\/2025\/01\/60c9aa_8a8f4008c9014411b7c870b1836e7c83mv2-300x189.png\" class=\"attachment-woocommerce_thumbnail size-woocommerce_thumbnail\" alt=\"Isolanti termici per Citro\u00ebn Jumpy Compact 2016-2023\" srcset=\"https:\/\/m2camper.com\/wp-content\/uploads\/2025\/01\/60c9aa_8a8f4008c9014411b7c870b1836e7c83mv2-300x189.png 300w, https:\/\/m2camper.com\/wp-content\/uploads\/2025\/01\/60c9aa_8a8f4008c9014411b7c870b1836e7c83mv2-600x378.png 600w, https:\/\/m2camper.com\/wp-content\/uploads\/2025\/01\/60c9aa_8a8f4008c9014411b7c870b1836e7c83mv2.png 635w\" sizes=\"(max-width: 300px) 100vw, 300px\" \/><\/div><\/div><h2 class=\"woocommerce-loop-product__title\">Isolanti termici per Citro\u00ebn Jumpy Compact 2016-2023<\/h2>\n\t<span class=\"price\"><span class=\"woocommerce-Price-amount amount\" aria-hidden=\"true\"><bdi>60,00&nbsp;<span class=\"woocommerce-Price-currencySymbol\">&euro;<\/span><\/bdi><\/span> <span aria-hidden=\"true\">\u2013<\/span> <span class=\"woocommerce-Price-amount amount\" aria-hidden=\"true\"><bdi>195,00&nbsp;<span class=\"woocommerce-Price-currencySymbol\">&euro;<\/span><\/bdi><\/span><span class=\"screen-reader-text\" data-no-translation=\"\" data-trp-gettext=\"\">Fascia di prezzo: da 60,00&nbsp;&euro; a 195,00&nbsp;&euro;<\/span><\/span>\n<\/a><a href=\"https:\/\/m2camper.com\/it\/isolamento-termico-e-oscuramento-per-la-citroen-jumpy-compatta-2016-2023\/\" aria-describedby=\"woocommerce_loop_add_to_cart_link_describedby_2952\" data-quantity=\"1\" class=\"button product_type_variable add_to_cart_button\" data-product_id=\"2952\" data-product_sku=\"\" aria-label=\"Seleziona le opzioni per \u201cAislantes t\u00e9rmicos oscurecedores Citro\u00ebn Jumpy Compacta 2016-2023\u201d\" rel=\"nofollow\" data-no-translation=\"\" data-trp-gettext=\"\" data-no-translation-aria-label=\"\">Seleziona le opzioni<\/a>\t<span id=\"woocommerce_loop_add_to_cart_link_describedby_2952\" class=\"screen-reader-text\">\n\t\tQuesto prodotto ha pi\u00f9 varianti. Le opzioni possono essere scelte nella pagina del prodotto\t<\/span>\n<\/div><\/li>\n<li class=\"product type-product post-2922 status-publish first instock product_cat-citroen product_cat-aislantes product_cat-all-products has-post-thumbnail taxable shipping-taxable purchasable product-type-variable\">\n\t<div class=\"nv-card-content-wrapper\"><a href=\"https:\/\/m2camper.com\/it\/citroen-jumpy-medium-2016-2023-tende-isolanti-termiche\/\" class=\"woocommerce-LoopProduct-link woocommerce-loop-product__link\"><div class=\"sp-product-image\"><div class=\"img-wrap\"><img loading=\"lazy\" decoding=\"async\" width=\"300\" height=\"189\" src=\"https:\/\/m2camper.com\/wp-content\/uploads\/2025\/01\/60c9aa_8a8f4008c9014411b7c870b1836e7c83mv2-300x189.png\" class=\"attachment-woocommerce_thumbnail size-woocommerce_thumbnail\" alt=\"Citro\u00ebn Jumpy Medium 2016-2023 Tende isolanti termiche\" srcset=\"https:\/\/m2camper.com\/wp-content\/uploads\/2025\/01\/60c9aa_8a8f4008c9014411b7c870b1836e7c83mv2-300x189.png 300w, https:\/\/m2camper.com\/wp-content\/uploads\/2025\/01\/60c9aa_8a8f4008c9014411b7c870b1836e7c83mv2-600x378.png 600w, https:\/\/m2camper.com\/wp-content\/uploads\/2025\/01\/60c9aa_8a8f4008c9014411b7c870b1836e7c83mv2.png 635w\" sizes=\"(max-width: 300px) 100vw, 300px\" \/><\/div><\/div><h2 class=\"woocommerce-loop-product__title\">Citro\u00ebn Jumpy Medium 2016-2023 Tende isolanti termiche<\/h2>\n\t<span class=\"price\"><span class=\"woocommerce-Price-amount amount\" aria-hidden=\"true\"><bdi>60,00&nbsp;<span class=\"woocommerce-Price-currencySymbol\">&euro;<\/span><\/bdi><\/span> <span aria-hidden=\"true\">\u2013<\/span> <span class=\"woocommerce-Price-amount amount\" aria-hidden=\"true\"><bdi>200,00&nbsp;<span class=\"woocommerce-Price-currencySymbol\">&euro;<\/span><\/bdi><\/span><span class=\"screen-reader-text\" data-no-translation=\"\" data-trp-gettext=\"\">Fascia di prezzo: da 60,00&nbsp;&euro; a 200,00&nbsp;&euro;<\/span><\/span>\n<\/a><a href=\"https:\/\/m2camper.com\/it\/citroen-jumpy-medium-2016-2023-tende-isolanti-termiche\/\" aria-describedby=\"woocommerce_loop_add_to_cart_link_describedby_2922\" data-quantity=\"1\" class=\"button product_type_variable add_to_cart_button\" data-product_id=\"2922\" data-product_sku=\"\" aria-label=\"Seleziona le opzioni per \u201cAislantes t\u00e9rmicos oscurecedores Citro\u00ebn Jumpy Medium 2016-2023\u201d\" rel=\"nofollow\" data-no-translation=\"\" data-trp-gettext=\"\" data-no-translation-aria-label=\"\">Seleziona le opzioni<\/a>\t<span id=\"woocommerce_loop_add_to_cart_link_describedby_2922\" class=\"screen-reader-text\">\n\t\tQuesto prodotto ha pi\u00f9 varianti. Le opzioni possono essere scelte nella pagina del prodotto\t<\/span>\n<\/div><\/li>\n<li class=\"product type-product post-2892 status-publish instock product_cat-citroen product_cat-aislantes product_cat-all-products has-post-thumbnail taxable shipping-taxable purchasable product-type-variable\">\n\t<div class=\"nv-card-content-wrapper\"><a href=\"https:\/\/m2camper.com\/it\/isolamento-termico-e-oscuranti-per-citroen-jumpy-long-2016-2023\/\" class=\"woocommerce-LoopProduct-link woocommerce-loop-product__link\"><div class=\"sp-product-image\"><div class=\"img-wrap\"><img loading=\"lazy\" decoding=\"async\" width=\"290\" height=\"174\" src=\"https:\/\/m2camper.com\/wp-content\/uploads\/2025\/01\/60c9aa_f1ad854f6d144ab9b856844b30b8f711mv2.png\" class=\"attachment-woocommerce_thumbnail size-woocommerce_thumbnail\" alt=\"Isolanti termici per Citro\u00ebn Jumpy Long 2016-2023\" \/><\/div><\/div><h2 class=\"woocommerce-loop-product__title\">Isolanti termici per Citro\u00ebn Jumpy Long 2016-2023<\/h2>\n\t<span class=\"price\"><span class=\"woocommerce-Price-amount amount\" aria-hidden=\"true\"><bdi>60,00&nbsp;<span class=\"woocommerce-Price-currencySymbol\">&euro;<\/span><\/bdi><\/span> <span aria-hidden=\"true\">\u2013<\/span> <span class=\"woocommerce-Price-amount amount\" aria-hidden=\"true\"><bdi>208,00&nbsp;<span class=\"woocommerce-Price-currencySymbol\">&euro;<\/span><\/bdi><\/span><span class=\"screen-reader-text\" data-no-translation=\"\" data-trp-gettext=\"\">Fascia di prezzo: da 60,00&nbsp;&euro; a 208,00&nbsp;&euro;<\/span><\/span>\n<\/a><a href=\"https:\/\/m2camper.com\/it\/isolamento-termico-e-oscuranti-per-citroen-jumpy-long-2016-2023\/\" aria-describedby=\"woocommerce_loop_add_to_cart_link_describedby_2892\" data-quantity=\"1\" class=\"button product_type_variable add_to_cart_button\" data-product_id=\"2892\" data-product_sku=\"\" aria-label=\"Seleziona le opzioni per \u201cAislantes t\u00e9rmicos oscurecedores Citro\u00ebn Jumpy Larga 2016-2023\u201d\" rel=\"nofollow\" data-no-translation=\"\" data-trp-gettext=\"\" data-no-translation-aria-label=\"\">Seleziona le opzioni<\/a>\t<span id=\"woocommerce_loop_add_to_cart_link_describedby_2892\" class=\"screen-reader-text\">\n\t\tQuesto prodotto ha pi\u00f9 varianti. Le opzioni possono essere scelte nella pagina del prodotto\t<\/span>\n<\/div><\/li>\n<li class=\"product type-product post-4130 status-publish last instock product_cat-citroen product_cat-aislantes product_cat-all-products has-post-thumbnail taxable shipping-taxable purchasable product-type-variable\">\n\t<div class=\"nv-card-content-wrapper\"><a href=\"https:\/\/m2camper.com\/it\/isolamento-termico-e-oscuramento-per-la-citroen-spacetourer-compatta-2016-2021\/\" class=\"woocommerce-LoopProduct-link woocommerce-loop-product__link\"><div class=\"sp-product-image\"><div class=\"img-wrap\"><img loading=\"lazy\" decoding=\"async\" width=\"300\" height=\"193\" src=\"https:\/\/m2camper.com\/wp-content\/uploads\/2025\/01\/60c9aa_8647893221304ad2b614572ae297dfb6mv2-300x193.png\" class=\"attachment-woocommerce_thumbnail size-woocommerce_thumbnail\" alt=\"Isolanti termici per Citro\u00ebn SpaceTourer Compact 2016-2021\" srcset=\"https:\/\/m2camper.com\/wp-content\/uploads\/2025\/01\/60c9aa_8647893221304ad2b614572ae297dfb6mv2-300x193.png 300w, https:\/\/m2camper.com\/wp-content\/uploads\/2025\/01\/60c9aa_8647893221304ad2b614572ae297dfb6mv2.png 444w\" sizes=\"(max-width: 300px) 100vw, 300px\" \/><\/div><\/div><h2 class=\"woocommerce-loop-product__title\">Isolanti termici per Citro\u00ebn SpaceTourer Compact 2016-2021<\/h2>\n\t<span class=\"price\"><span class=\"woocommerce-Price-amount amount\" aria-hidden=\"true\"><bdi>60,00&nbsp;<span class=\"woocommerce-Price-currencySymbol\">&euro;<\/span><\/bdi><\/span> <span aria-hidden=\"true\">\u2013<\/span> <span class=\"woocommerce-Price-amount amount\" aria-hidden=\"true\"><bdi>195,00&nbsp;<span class=\"woocommerce-Price-currencySymbol\">&euro;<\/span><\/bdi><\/span><span class=\"screen-reader-text\" data-no-translation=\"\" data-trp-gettext=\"\">Fascia di prezzo: da 60,00&nbsp;&euro; a 195,00&nbsp;&euro;<\/span><\/span>\n<\/a><a href=\"https:\/\/m2camper.com\/it\/isolamento-termico-e-oscuramento-per-la-citroen-spacetourer-compatta-2016-2021\/\" aria-describedby=\"woocommerce_loop_add_to_cart_link_describedby_4130\" data-quantity=\"1\" class=\"button product_type_variable add_to_cart_button\" data-product_id=\"4130\" data-product_sku=\"\" aria-label=\"Seleziona le opzioni per \u201cAislantes t\u00e9rmicos oscurecedores Citro\u00ebn SpaceTourer Compacta 2016-2021\u201d\" rel=\"nofollow\" data-no-translation=\"\" data-trp-gettext=\"\" data-no-translation-aria-label=\"\">Seleziona le opzioni<\/a>\t<span id=\"woocommerce_loop_add_to_cart_link_describedby_4130\" class=\"screen-reader-text\">\n\t\tQuesto prodotto ha pi\u00f9 varianti. Le opzioni possono essere scelte nella pagina del prodotto\t<\/span>\n<\/div><\/li>\n<li class=\"product type-product post-4100 status-publish first instock product_cat-citroen product_cat-aislantes product_cat-all-products has-post-thumbnail taxable shipping-taxable purchasable product-type-variable\">\n\t<div class=\"nv-card-content-wrapper\"><a href=\"https:\/\/m2camper.com\/it\/citroen-spacetourer-medium-2016-2021-tende-isolanti-termiche\/\" class=\"woocommerce-LoopProduct-link woocommerce-loop-product__link\"><div class=\"sp-product-image\"><div class=\"img-wrap\"><img loading=\"lazy\" decoding=\"async\" width=\"300\" height=\"201\" src=\"https:\/\/m2camper.com\/wp-content\/uploads\/2025\/01\/60c9aa_f86f5286e9d845669322f61cd499e086mv2-300x201.png\" class=\"attachment-woocommerce_thumbnail size-woocommerce_thumbnail\" alt=\"Isolamento termico oscurante Citro\u00ebn SpaceTourer Medium 2016-2021\" srcset=\"https:\/\/m2camper.com\/wp-content\/uploads\/2025\/01\/60c9aa_f86f5286e9d845669322f61cd499e086mv2-300x201.png 300w, https:\/\/m2camper.com\/wp-content\/uploads\/2025\/01\/60c9aa_f86f5286e9d845669322f61cd499e086mv2.png 482w\" sizes=\"(max-width: 300px) 100vw, 300px\" \/><\/div><\/div><h2 class=\"woocommerce-loop-product__title\">Isolamento termico oscurante Citro\u00ebn SpaceTourer Medium 2016-2021<\/h2>\n\t<span class=\"price\"><span class=\"woocommerce-Price-amount amount\" aria-hidden=\"true\"><bdi>60,00&nbsp;<span class=\"woocommerce-Price-currencySymbol\">&euro;<\/span><\/bdi><\/span> <span aria-hidden=\"true\">\u2013<\/span> <span class=\"woocommerce-Price-amount amount\" aria-hidden=\"true\"><bdi>200,00&nbsp;<span class=\"woocommerce-Price-currencySymbol\">&euro;<\/span><\/bdi><\/span><span class=\"screen-reader-text\" data-no-translation=\"\" data-trp-gettext=\"\">Fascia di prezzo: da 60,00&nbsp;&euro; a 200,00&nbsp;&euro;<\/span><\/span>\n<\/a><a href=\"https:\/\/m2camper.com\/it\/citroen-spacetourer-medium-2016-2021-tende-isolanti-termiche\/\" aria-describedby=\"woocommerce_loop_add_to_cart_link_describedby_4100\" data-quantity=\"1\" class=\"button product_type_variable add_to_cart_button\" data-product_id=\"4100\" data-product_sku=\"\" aria-label=\"Seleziona le opzioni per \u201cAislantes t\u00e9rmicos oscurecedores Citro\u00ebn SpaceTourer Medium 2016-2021\u201d\" rel=\"nofollow\" data-no-translation=\"\" data-trp-gettext=\"\" data-no-translation-aria-label=\"\">Seleziona le opzioni<\/a>\t<span id=\"woocommerce_loop_add_to_cart_link_describedby_4100\" class=\"screen-reader-text\">\n\t\tQuesto prodotto ha pi\u00f9 varianti. Le opzioni possono essere scelte nella pagina del prodotto\t<\/span>\n<\/div><\/li>\n<li class=\"product type-product post-4069 status-publish instock product_cat-citroen product_cat-aislantes product_cat-all-products has-post-thumbnail taxable shipping-taxable purchasable product-type-variable\">\n\t<div class=\"nv-card-content-wrapper\"><a href=\"https:\/\/m2camper.com\/it\/isolamento-termico-e-oscuramento-per-citroen-spacetourer-long-2016-2021\/\" class=\"woocommerce-LoopProduct-link woocommerce-loop-product__link\"><div class=\"sp-product-image\"><div class=\"img-wrap\"><img loading=\"lazy\" decoding=\"async\" width=\"300\" height=\"189\" src=\"https:\/\/m2camper.com\/wp-content\/uploads\/2025\/01\/60c9aa_ae02699c6d864e9f905f80e545652d0fmv2-300x189.png\" class=\"attachment-woocommerce_thumbnail size-woocommerce_thumbnail\" alt=\"Isolanti termici per Citro\u00ebn SpaceTourer Long 2016-2021\" srcset=\"https:\/\/m2camper.com\/wp-content\/uploads\/2025\/01\/60c9aa_ae02699c6d864e9f905f80e545652d0fmv2-300x189.png 300w, https:\/\/m2camper.com\/wp-content\/uploads\/2025\/01\/60c9aa_ae02699c6d864e9f905f80e545652d0fmv2.png 464w\" sizes=\"(max-width: 300px) 100vw, 300px\" \/><\/div><\/div><h2 class=\"woocommerce-loop-product__title\">Isolanti termici per Citro\u00ebn SpaceTourer Long 2016-2021<\/h2>\n\t<span class=\"price\"><span class=\"woocommerce-Price-amount amount\" aria-hidden=\"true\"><bdi>60,00&nbsp;<span class=\"woocommerce-Price-currencySymbol\">&euro;<\/span><\/bdi><\/span> <span aria-hidden=\"true\">\u2013<\/span> <span class=\"woocommerce-Price-amount amount\" aria-hidden=\"true\"><bdi>208,00&nbsp;<span class=\"woocommerce-Price-currencySymbol\">&euro;<\/span><\/bdi><\/span><span class=\"screen-reader-text\" data-no-translation=\"\" data-trp-gettext=\"\">Fascia di prezzo: da 60,00&nbsp;&euro; a 208,00&nbsp;&euro;<\/span><\/span>\n<\/a><a href=\"https:\/\/m2camper.com\/it\/isolamento-termico-e-oscuramento-per-citroen-spacetourer-long-2016-2021\/\" aria-describedby=\"woocommerce_loop_add_to_cart_link_describedby_4069\" data-quantity=\"1\" class=\"button product_type_variable add_to_cart_button\" data-product_id=\"4069\" data-product_sku=\"\" aria-label=\"Seleziona le opzioni per \u201cAislantes t\u00e9rmicos oscurecedores Citro\u00ebn SpaceTourer Larga 2016-2021\u201d\" rel=\"nofollow\" data-no-translation=\"\" data-trp-gettext=\"\" data-no-translation-aria-label=\"\">Seleziona le opzioni<\/a>\t<span id=\"woocommerce_loop_add_to_cart_link_describedby_4069\" class=\"screen-reader-text\">\n\t\tQuesto prodotto ha pi\u00f9 varianti. Le opzioni possono essere scelte nella pagina del prodotto\t<\/span>\n<\/div><\/li>\n<li class=\"product type-product post-3096 status-publish last instock product_cat-citroen product_cat-aislantes product_cat-all-products has-post-thumbnail taxable shipping-taxable purchasable product-type-variable\">\n\t<div class=\"nv-card-content-wrapper\"><a href=\"https:\/\/m2camper.com\/it\/isolanti-termici-oscuranti-citroen-jumper-l1-h1\/\" class=\"woocommerce-LoopProduct-link woocommerce-loop-product__link\"><div class=\"sp-product-image\"><div class=\"img-wrap\"><img loading=\"lazy\" decoding=\"async\" width=\"300\" height=\"163\" src=\"https:\/\/m2camper.com\/wp-content\/uploads\/2025\/01\/60c9aa_d811207a3d834f0db79953c822977b7amv2-300x163.png\" class=\"attachment-woocommerce_thumbnail size-woocommerce_thumbnail\" alt=\"Isolanti termici oscuranti Citro\u00ebn Jumper L1-H1\" srcset=\"https:\/\/m2camper.com\/wp-content\/uploads\/2025\/01\/60c9aa_d811207a3d834f0db79953c822977b7amv2-300x163.png 300w, https:\/\/m2camper.com\/wp-content\/uploads\/2025\/01\/60c9aa_d811207a3d834f0db79953c822977b7amv2-600x326.png 600w, https:\/\/m2camper.com\/wp-content\/uploads\/2025\/01\/60c9aa_d811207a3d834f0db79953c822977b7amv2.png 623w\" sizes=\"(max-width: 300px) 100vw, 300px\" \/><\/div><\/div><h2 class=\"woocommerce-loop-product__title\">Isolanti termici oscuranti Citro\u00ebn Jumper L1-H1<\/h2>\n\t<span class=\"price\"><span class=\"woocommerce-Price-amount amount\" aria-hidden=\"true\"><bdi>65,00&nbsp;<span class=\"woocommerce-Price-currencySymbol\">&euro;<\/span><\/bdi><\/span> <span aria-hidden=\"true\">\u2013<\/span> <span class=\"woocommerce-Price-amount amount\" aria-hidden=\"true\"><bdi>218,00&nbsp;<span class=\"woocommerce-Price-currencySymbol\">&euro;<\/span><\/bdi><\/span><span class=\"screen-reader-text\" data-no-translation=\"\" data-trp-gettext=\"\">Fascia di prezzo: da 65,00&nbsp;&euro; a 218,00&nbsp;&euro;<\/span><\/span>\n<\/a><a href=\"https:\/\/m2camper.com\/it\/isolanti-termici-oscuranti-citroen-jumper-l1-h1\/\" aria-describedby=\"woocommerce_loop_add_to_cart_link_describedby_3096\" data-quantity=\"1\" class=\"button product_type_variable add_to_cart_button\" data-product_id=\"3096\" data-product_sku=\"\" aria-label=\"Seleziona le opzioni per \u201cAislantes t\u00e9rmicos oscurecedores Citro\u00ebn Jumper L1-H1\u201d\" rel=\"nofollow\" data-no-translation=\"\" data-trp-gettext=\"\" data-no-translation-aria-label=\"\">Seleziona le opzioni<\/a>\t<span id=\"woocommerce_loop_add_to_cart_link_describedby_3096\" class=\"screen-reader-text\">\n\t\tQuesto prodotto ha pi\u00f9 varianti. Le opzioni possono essere scelte nella pagina del prodotto\t<\/span>\n<\/div><\/li>\n<li class=\"product type-product post-4055 status-publish first instock product_cat-citroen product_cat-aislantes product_cat-all-products has-post-thumbnail taxable shipping-taxable purchasable product-type-variable\">\n\t<div class=\"nv-card-content-wrapper\"><a href=\"https:\/\/m2camper.com\/it\/isolanti-termici-per-oscuramenti-citroen-jumper-x-250-l1-h1\/\" class=\"woocommerce-LoopProduct-link woocommerce-loop-product__link\"><div class=\"sp-product-image\"><div class=\"img-wrap\"><img loading=\"lazy\" decoding=\"async\" width=\"280\" height=\"210\" src=\"https:\/\/m2camper.com\/wp-content\/uploads\/2025\/01\/60c9aa_4cc40a3048634bd380d4de9df28db7d0mv2.png\" class=\"attachment-woocommerce_thumbnail size-woocommerce_thumbnail\" alt=\"Isolanti termici oscuranti Citro\u00ebn Jumper X-250 L1-H1\" \/><\/div><\/div><h2 class=\"woocommerce-loop-product__title\">Isolanti termici oscuranti Citro\u00ebn Jumper X-250 L1-H1<\/h2>\n\t<span class=\"price\"><span class=\"woocommerce-Price-amount amount\" aria-hidden=\"true\"><bdi>65,00&nbsp;<span class=\"woocommerce-Price-currencySymbol\">&euro;<\/span><\/bdi><\/span> <span aria-hidden=\"true\">\u2013<\/span> <span class=\"woocommerce-Price-amount amount\" aria-hidden=\"true\"><bdi>218,00&nbsp;<span class=\"woocommerce-Price-currencySymbol\">&euro;<\/span><\/bdi><\/span><span class=\"screen-reader-text\" data-no-translation=\"\" data-trp-gettext=\"\">Fascia di prezzo: da 65,00&nbsp;&euro; a 218,00&nbsp;&euro;<\/span><\/span>\n<\/a><a href=\"https:\/\/m2camper.com\/it\/isolanti-termici-per-oscuramenti-citroen-jumper-x-250-l1-h1\/\" aria-describedby=\"woocommerce_loop_add_to_cart_link_describedby_4055\" data-quantity=\"1\" class=\"button product_type_variable add_to_cart_button\" data-product_id=\"4055\" data-product_sku=\"\" aria-label=\"Seleziona le opzioni per \u201cAislantes t\u00e9rmicos oscurecedores Citro\u00ebn Jumper X-250 L1-H1\u201d\" rel=\"nofollow\" data-no-translation=\"\" data-trp-gettext=\"\" data-no-translation-aria-label=\"\">Seleziona le opzioni<\/a>\t<span id=\"woocommerce_loop_add_to_cart_link_describedby_4055\" class=\"screen-reader-text\">\n\t\tQuesto prodotto ha pi\u00f9 varianti. Le opzioni possono essere scelte nella pagina del prodotto\t<\/span>\n<\/div><\/li>\n<li class=\"product type-product post-2011 status-publish instock product_cat-citroen product_cat-aislantes product_cat-all-products has-post-thumbnail taxable shipping-taxable purchasable product-type-variable\">\n\t<div class=\"nv-card-content-wrapper\"><a href=\"https:\/\/m2camper.com\/it\/isolanti-termici-per-tende-oscuranti-citroen-jumper-1994-2006\/\" class=\"woocommerce-LoopProduct-link woocommerce-loop-product__link\"><div class=\"sp-product-image\"><div class=\"img-wrap\"><img loading=\"lazy\" decoding=\"async\" width=\"300\" height=\"225\" src=\"https:\/\/m2camper.com\/wp-content\/uploads\/2024\/12\/citroen_jumper_1994-2006-300x225.webp\" class=\"attachment-woocommerce_thumbnail size-woocommerce_thumbnail\" alt=\"Citro\u00ebn Jumper 1994-2006\" srcset=\"https:\/\/m2camper.com\/wp-content\/uploads\/2024\/12\/citroen_jumper_1994-2006-300x225.webp 300w, https:\/\/m2camper.com\/wp-content\/uploads\/2024\/12\/citroen_jumper_1994-2006-16x12.webp 16w, https:\/\/m2camper.com\/wp-content\/uploads\/2024\/12\/citroen_jumper_1994-2006.webp 577w\" sizes=\"(max-width: 300px) 100vw, 300px\" \/><\/div><\/div><h2 class=\"woocommerce-loop-product__title\">Isolanti termici per Citro\u00ebn Jumper 1994-2006<\/h2>\n\t<span class=\"price\"><span class=\"woocommerce-Price-amount amount\" aria-hidden=\"true\"><bdi>65,00&nbsp;<span class=\"woocommerce-Price-currencySymbol\">&euro;<\/span><\/bdi><\/span> <span aria-hidden=\"true\">\u2013<\/span> <span class=\"woocommerce-Price-amount amount\" aria-hidden=\"true\"><bdi>218,00&nbsp;<span class=\"woocommerce-Price-currencySymbol\">&euro;<\/span><\/bdi><\/span><span class=\"screen-reader-text\" data-no-translation=\"\" data-trp-gettext=\"\">Fascia di prezzo: da 65,00&nbsp;&euro; a 218,00&nbsp;&euro;<\/span><\/span>\n<\/a><a href=\"https:\/\/m2camper.com\/it\/isolanti-termici-per-tende-oscuranti-citroen-jumper-1994-2006\/\" aria-describedby=\"woocommerce_loop_add_to_cart_link_describedby_2011\" data-quantity=\"1\" class=\"button product_type_variable add_to_cart_button\" data-product_id=\"2011\" data-product_sku=\"\" aria-label=\"Seleziona le opzioni per \u201cAislantes t\u00e9rmicos oscurecedores Citro\u00ebn Jumper 1994-2006\u201d\" rel=\"nofollow\" data-no-translation=\"\" data-trp-gettext=\"\" data-no-translation-aria-label=\"\">Seleziona le opzioni<\/a>\t<span id=\"woocommerce_loop_add_to_cart_link_describedby_2011\" class=\"screen-reader-text\">\n\t\tQuesto prodotto ha pi\u00f9 varianti. Le opzioni possono essere scelte nella pagina del prodotto\t<\/span>\n<\/div><\/li>\n<li class=\"product type-product post-2055 status-publish last instock product_cat-citroen product_cat-aislantes product_cat-all-products has-post-thumbnail taxable shipping-taxable purchasable product-type-variable\">\n\t<div class=\"nv-card-content-wrapper\"><a href=\"https:\/\/m2camper.com\/it\/citroen-jumper-l2-h2-2006-2014-isolanti-termici-per-tende-oscuranti\/\" class=\"woocommerce-LoopProduct-link woocommerce-loop-product__link\"><div class=\"sp-product-image\"><div class=\"img-wrap\"><img loading=\"lazy\" decoding=\"async\" width=\"300\" height=\"200\" src=\"https:\/\/m2camper.com\/wp-content\/uploads\/2025\/01\/60c9aa_1421dcb053044ee3ab94e5f49b0ca9d3mv2-300x200.png\" class=\"attachment-woocommerce_thumbnail size-woocommerce_thumbnail\" alt=\"Isolanti termici per Citro\u00ebn Jumper L2-H2 2006-2014\" srcset=\"https:\/\/m2camper.com\/wp-content\/uploads\/2025\/01\/60c9aa_1421dcb053044ee3ab94e5f49b0ca9d3mv2-300x200.png 300w, https:\/\/m2camper.com\/wp-content\/uploads\/2025\/01\/60c9aa_1421dcb053044ee3ab94e5f49b0ca9d3mv2-600x400.png 600w, https:\/\/m2camper.com\/wp-content\/uploads\/2025\/01\/60c9aa_1421dcb053044ee3ab94e5f49b0ca9d3mv2.png 1200w\" sizes=\"(max-width: 300px) 100vw, 300px\" \/><\/div><\/div><h2 class=\"woocommerce-loop-product__title\">Isolanti termici per Citro\u00ebn Jumper L2-H2 2006-2014<\/h2>\n\t<span class=\"price\"><span class=\"woocommerce-Price-amount amount\" aria-hidden=\"true\"><bdi>65,00&nbsp;<span class=\"woocommerce-Price-currencySymbol\">&euro;<\/span><\/bdi><\/span> <span aria-hidden=\"true\">\u2013<\/span> <span class=\"woocommerce-Price-amount amount\" aria-hidden=\"true\"><bdi>218,00&nbsp;<span class=\"woocommerce-Price-currencySymbol\">&euro;<\/span><\/bdi><\/span><span class=\"screen-reader-text\" data-no-translation=\"\" data-trp-gettext=\"\">Fascia di prezzo: da 65,00&nbsp;&euro; a 218,00&nbsp;&euro;<\/span><\/span>\n<\/a><a href=\"https:\/\/m2camper.com\/it\/citroen-jumper-l2-h2-2006-2014-isolanti-termici-per-tende-oscuranti\/\" aria-describedby=\"woocommerce_loop_add_to_cart_link_describedby_2055\" data-quantity=\"1\" class=\"button product_type_variable add_to_cart_button\" data-product_id=\"2055\" data-product_sku=\"\" aria-label=\"Seleziona le opzioni per \u201cAislantes t\u00e9rmicos oscurecedores Citro\u00ebn Jumper L2-H2 2006-2014\u201d\" rel=\"nofollow\" data-no-translation=\"\" data-trp-gettext=\"\" data-no-translation-aria-label=\"\">Seleziona le opzioni<\/a>\t<span id=\"woocommerce_loop_add_to_cart_link_describedby_2055\" class=\"screen-reader-text\">\n\t\tQuesto prodotto ha pi\u00f9 varianti. Le opzioni possono essere scelte nella pagina del prodotto\t<\/span>\n<\/div><\/li>\n<li class=\"product type-product post-2033 status-publish first instock product_cat-citroen product_cat-aislantes product_cat-all-products has-post-thumbnail taxable shipping-taxable purchasable product-type-variable\">\n\t<div class=\"nv-card-content-wrapper\"><a href=\"https:\/\/m2camper.com\/it\/isolanti-termici-per-tende-oscuranti-citroen-jumper-l2-h2-2014-2021\/\" class=\"woocommerce-LoopProduct-link woocommerce-loop-product__link\"><div class=\"sp-product-image\"><div class=\"img-wrap\"><img loading=\"lazy\" decoding=\"async\" width=\"300\" height=\"165\" src=\"https:\/\/m2camper.com\/wp-content\/uploads\/2025\/01\/60c9aa_4ba36193d5d44579870e84bb451d8349mv2-300x165.png\" class=\"attachment-woocommerce_thumbnail size-woocommerce_thumbnail\" alt=\"Isolanti termici oscuranti Citro\u00ebn Jumper L2-H2 2014-2021\" srcset=\"https:\/\/m2camper.com\/wp-content\/uploads\/2025\/01\/60c9aa_4ba36193d5d44579870e84bb451d8349mv2-300x165.png 300w, https:\/\/m2camper.com\/wp-content\/uploads\/2025\/01\/60c9aa_4ba36193d5d44579870e84bb451d8349mv2.png 303w\" sizes=\"(max-width: 300px) 100vw, 300px\" \/><\/div><\/div><h2 class=\"woocommerce-loop-product__title\">Isolanti termici oscuranti Citro\u00ebn Jumper L2-H2 2014-2021<\/h2>\n\t<span class=\"price\"><span class=\"woocommerce-Price-amount amount\" aria-hidden=\"true\"><bdi>65,00&nbsp;<span class=\"woocommerce-Price-currencySymbol\">&euro;<\/span><\/bdi><\/span> <span aria-hidden=\"true\">\u2013<\/span> <span class=\"woocommerce-Price-amount amount\" aria-hidden=\"true\"><bdi>218,00&nbsp;<span class=\"woocommerce-Price-currencySymbol\">&euro;<\/span><\/bdi><\/span><span class=\"screen-reader-text\" data-no-translation=\"\" data-trp-gettext=\"\">Fascia di prezzo: da 65,00&nbsp;&euro; a 218,00&nbsp;&euro;<\/span><\/span>\n<\/a><a href=\"https:\/\/m2camper.com\/it\/isolanti-termici-per-tende-oscuranti-citroen-jumper-l2-h2-2014-2021\/\" aria-describedby=\"woocommerce_loop_add_to_cart_link_describedby_2033\" data-quantity=\"1\" class=\"button product_type_variable add_to_cart_button\" data-product_id=\"2033\" data-product_sku=\"\" aria-label=\"Seleziona le opzioni per \u201cAislantes t\u00e9rmicos oscurecedores Citro\u00ebn Jumper L2-H2 2014-2021\u201d\" rel=\"nofollow\" data-no-translation=\"\" data-trp-gettext=\"\" data-no-translation-aria-label=\"\">Seleziona le opzioni<\/a>\t<span id=\"woocommerce_loop_add_to_cart_link_describedby_2033\" class=\"screen-reader-text\">\n\t\tQuesto prodotto ha pi\u00f9 varianti. Le opzioni possono essere scelte nella pagina del prodotto\t<\/span>\n<\/div><\/li>\n<\/ul>\n<\/div>\t\t\t\t<\/div>\n\t\t\t\t<\/div>\n\t\t\t\t<\/div>\n\t\t\t\t<\/div>\n\t\t\t\t<section class=\"elementor-section elementor-top-section elementor-element elementor-element-a180132 elementor-reverse-tablet elementor-reverse-mobile elementor-section-boxed elementor-section-height-default elementor-section-height-default\" data-id=\"a180132\" data-element_type=\"section\" data-e-type=\"section\" data-settings=\"{&quot;background_background&quot;:&quot;classic&quot;}\">\n\t\t\t\t\t\t\t<div class=\"elementor-background-overlay\"><\/div>\n\t\t\t\t\t\t\t<div class=\"elementor-container elementor-column-gap-default\">\n\t\t\t\t\t<div class=\"elementor-column elementor-col-100 elementor-top-column elementor-element elementor-element-68d88cf elementor-invisible\" data-id=\"68d88cf\" data-element_type=\"column\" data-e-type=\"column\" data-settings=\"{&quot;animation&quot;:&quot;fadeInRight&quot;}\">\n\t\t\t<div class=\"elementor-widget-wrap elementor-element-populated\">\n\t\t\t\t\t\t<div class=\"elementor-element elementor-element-8777649 elementor-widget elementor-widget-heading\" data-id=\"8777649\" data-element_type=\"widget\" data-e-type=\"widget\" data-widget_type=\"heading.default\">\n\t\t\t\t<div class=\"elementor-widget-container\">\n\t\t\t\t\t<h3 class=\"elementor-heading-title elementor-size-default\">Non riesci a trovare quello che stai cercando?<\/h3>\t\t\t\t<\/div>\n\t\t\t\t<\/div>\n\t\t\t\t<div class=\"elementor-element elementor-element-ba0406a elementor-widget elementor-widget-text-editor\" data-id=\"ba0406a\" data-element_type=\"widget\" data-e-type=\"widget\" data-widget_type=\"text-editor.default\">\n\t\t\t\t<div class=\"elementor-widget-container\">\n\t\t\t\t\t\t\t\t\t<p class=\"font_7 wixui-rich-text__text\">Se non trovi il prodotto che cerchi, non esitare a contattarci. Il nostro team \u00e8 qui per aiutarti a trovare la soluzione perfetta. La tua soddisfazione \u00e8 la nostra priorit\u00e0!<\/p>\t\t\t\t\t\t\t\t<\/div>\n\t\t\t\t<\/div>\n\t\t\t\t<div class=\"elementor-element elementor-element-080781a elementor-align-center elementor-widget elementor-widget-button\" data-id=\"080781a\" data-element_type=\"widget\" data-e-type=\"widget\" data-widget_type=\"button.default\">\n\t\t\t\t<div class=\"elementor-widget-container\">\n\t\t\t\t\t\t\t\t\t<div class=\"elementor-button-wrapper\">\n\t\t\t\t\t<a class=\"elementor-button elementor-button-link elementor-size-sm\" href=\"https:\/\/m2camper.com\/it\/contatto\/\">\n\t\t\t\t\t\t<span class=\"elementor-button-content-wrapper\">\n\t\t\t\t\t\t\t\t\t<span class=\"elementor-button-text\">Contattaci<\/span>\n\t\t\t\t\t<\/span>\n\t\t\t\t\t<\/a>\n\t\t\t\t<\/div>\n\t\t\t\t\t\t\t\t<\/div>\n\t\t\t\t<\/div>\n\t\t\t\t\t<\/div>\n\t\t<\/div>\n\t\t\t\t\t<\/div>\n\t\t<\/section>\n\t\t\t\t<\/div>","protected":false},"excerpt":{"rendered":"<p>Explora el mundo con tu Citro\u00ebn y lleva tu experiencia de viaje al siguiente nivel con nuestros aislantes t\u00e9rmicos oscurecedores de 9 capas dise\u00f1ados espec\u00edficamente para veh\u00edculos Citro\u00ebn. En nuestra tienda, nos apasiona ofrecerte soluciones que transformar\u00e1n tu veh\u00edculo en un oasis de comodidad y privacidad. Veh\u00edculos Camper a MedidaSabemos que cada modelo de Citro\u00ebn&hellip;&nbsp;<a href=\"https:\/\/m2camper.com\/it\/isolatori-oscuranti-per-citroen\/\" rel=\"bookmark\">Leggi tutto &raquo;<span class=\"screen-reader-text\">Isolanti oscuranti per Citro\u00ebn<\/span><\/a><\/p>","protected":false},"author":1,"featured_media":0,"parent":0,"menu_order":0,"comment_status":"closed","ping_status":"closed","template":"page-templates\/template-pagebuilder-full-width.php","meta":{"neve_meta_sidebar":"","neve_meta_container":"","neve_meta_enable_content_width":"off","neve_meta_content_width":100,"neve_meta_title_alignment":"","neve_meta_author_avatar":"","neve_post_elements_order":"","neve_meta_disable_header":"","neve_meta_disable_footer":"","neve_meta_disable_title":"","footnotes":""},"class_list":["post-10975","page","type-page","status-publish","hentry"],"yoast_head":"<!-- This site is optimized with the Yoast SEO plugin v27.4 - https:\/\/yoast.com\/product\/yoast-seo-wordpress\/ -->\n<title>Aislantes oscurecedores para Citro\u00ebn - M2 Camper | Aislantes t\u00e9rmicos y oscurecedores para campers<\/title>\n<meta name=\"robots\" content=\"index, follow, max-snippet:-1, max-image-preview:large, max-video-preview:-1\" \/>\n<link rel=\"canonical\" href=\"https:\/\/m2camper.com\/it\/isolatori-oscuranti-per-citroen\/\" \/>\n<meta property=\"og:locale\" content=\"it_IT\" \/>\n<meta property=\"og:type\" content=\"article\" \/>\n<meta property=\"og:title\" content=\"Aislantes oscurecedores para Citro\u00ebn - M2 Camper | Aislantes t\u00e9rmicos y oscurecedores para campers\" \/>\n<meta property=\"og:description\" content=\"Explora el mundo con tu Citro\u00ebn y lleva tu experiencia de viaje al siguiente nivel con nuestros aislantes t\u00e9rmicos oscurecedores de 9 capas dise\u00f1ados espec\u00edficamente para veh\u00edculos Citro\u00ebn. En nuestra tienda, nos apasiona ofrecerte soluciones que transformar\u00e1n tu veh\u00edculo en un oasis de comodidad y privacidad. Veh\u00edculos Camper a MedidaSabemos que cada modelo de Citro\u00ebn&hellip;&nbsp;Leggi tutto &raquo;Aislantes oscurecedores para Citro\u00ebn\" \/>\n<meta property=\"og:url\" content=\"https:\/\/m2camper.com\/it\/isolatori-oscuranti-per-citroen\/\" \/>\n<meta property=\"og:site_name\" content=\"M2 Camper | Aislantes t\u00e9rmicos y oscurecedores para campers\" \/>\n<meta property=\"article:modified_time\" content=\"2025-04-17T10:35:47+00:00\" \/>\n<meta property=\"og:image\" content=\"https:\/\/m2camper.com\/wp-content\/uploads\/2025\/01\/1_1_11zon.png\" \/>\n<meta name=\"twitter:card\" content=\"summary_large_image\" \/>\n<meta name=\"twitter:label1\" content=\"Tempo di lettura stimato\" \/>\n\t<meta name=\"twitter:data1\" content=\"12 minuti\" \/>\n<script type=\"application\/ld+json\" class=\"yoast-schema-graph\">{\"@context\":\"https:\\\/\\\/schema.org\",\"@graph\":[{\"@type\":\"WebPage\",\"@id\":\"https:\\\/\\\/m2camper.com\\\/ca\\\/aillants-enfosquidors-per-a-citroen\\\/\",\"url\":\"https:\\\/\\\/m2camper.com\\\/ca\\\/aillants-enfosquidors-per-a-citroen\\\/\",\"name\":\"Aislantes oscurecedores para Citro\u00ebn - M2 Camper | Aislantes t\u00e9rmicos y oscurecedores para campers\",\"isPartOf\":{\"@id\":\"https:\\\/\\\/m2camper.com\\\/pt\\\/#website\"},\"primaryImageOfPage\":{\"@id\":\"https:\\\/\\\/m2camper.com\\\/ca\\\/aillants-enfosquidors-per-a-citroen\\\/#primaryimage\"},\"image\":{\"@id\":\"https:\\\/\\\/m2camper.com\\\/ca\\\/aillants-enfosquidors-per-a-citroen\\\/#primaryimage\"},\"thumbnailUrl\":\"https:\\\/\\\/m2camper.com\\\/wp-content\\\/uploads\\\/2025\\\/01\\\/1_1_11zon.png\",\"datePublished\":\"2025-01-26T17:10:32+00:00\",\"dateModified\":\"2025-04-17T10:35:47+00:00\",\"breadcrumb\":{\"@id\":\"https:\\\/\\\/m2camper.com\\\/ca\\\/aillants-enfosquidors-per-a-citroen\\\/#breadcrumb\"},\"inLanguage\":\"it-IT\",\"potentialAction\":[{\"@type\":\"ReadAction\",\"target\":[\"https:\\\/\\\/m2camper.com\\\/ca\\\/aillants-enfosquidors-per-a-citroen\\\/\"]}]},{\"@type\":\"ImageObject\",\"inLanguage\":\"it-IT\",\"@id\":\"https:\\\/\\\/m2camper.com\\\/ca\\\/aillants-enfosquidors-per-a-citroen\\\/#primaryimage\",\"url\":\"https:\\\/\\\/m2camper.com\\\/wp-content\\\/uploads\\\/2025\\\/01\\\/1_1_11zon.png\",\"contentUrl\":\"https:\\\/\\\/m2camper.com\\\/wp-content\\\/uploads\\\/2025\\\/01\\\/1_1_11zon.png\"},{\"@type\":\"BreadcrumbList\",\"@id\":\"https:\\\/\\\/m2camper.com\\\/ca\\\/aillants-enfosquidors-per-a-citroen\\\/#breadcrumb\",\"itemListElement\":[{\"@type\":\"ListItem\",\"position\":1,\"name\":\"Portada\",\"item\":\"https:\\\/\\\/m2camper.com\\\/pt\\\/\"},{\"@type\":\"ListItem\",\"position\":2,\"name\":\"Aislantes oscurecedores para Citro\u00ebn\"}]},{\"@type\":\"WebSite\",\"@id\":\"https:\\\/\\\/m2camper.com\\\/pt\\\/#website\",\"url\":\"https:\\\/\\\/m2camper.com\\\/pt\\\/\",\"name\":\"M2 Campers | Aislantes t\u00e9rmicos y oscurecedores para campers\",\"description\":\"Descubre calidad y confort de nuestros aislantes t\u00e9rmicos oscurecedores y colchones para veh\u00edculos. Optimiza tu experiencia en carretera con M2 Camper.\",\"potentialAction\":[{\"@type\":\"SearchAction\",\"target\":{\"@type\":\"EntryPoint\",\"urlTemplate\":\"https:\\\/\\\/m2camper.com\\\/pt\\\/?s={search_term_string}\"},\"query-input\":{\"@type\":\"PropertyValueSpecification\",\"valueRequired\":true,\"valueName\":\"search_term_string\"}}],\"inLanguage\":\"it-IT\"}]}<\/script>\n<!-- \/ Yoast SEO plugin. -->","yoast_head_json":{"title":"Isolamento oscurante per Citro\u00ebn - M2 Camper | Isolamento termico e oscuranti per camper","robots":{"index":"index","follow":"follow","max-snippet":"max-snippet:-1","max-image-preview":"max-image-preview:large","max-video-preview":"max-video-preview:-1"},"canonical":"https:\/\/m2camper.com\/it\/isolatori-oscuranti-per-citroen\/","og_locale":"it_IT","og_type":"article","og_title":"Aislantes oscurecedores para Citro\u00ebn - M2 Camper | Aislantes t\u00e9rmicos y oscurecedores para campers","og_description":"Explora el mundo con tu Citro\u00ebn y lleva tu experiencia de viaje al siguiente nivel con nuestros aislantes t\u00e9rmicos oscurecedores de 9 capas dise\u00f1ados espec\u00edficamente para veh\u00edculos Citro\u00ebn. En nuestra tienda, nos apasiona ofrecerte soluciones que transformar\u00e1n tu veh\u00edculo en un oasis de comodidad y privacidad. Veh\u00edculos Camper a MedidaSabemos que cada modelo de Citro\u00ebn&hellip;&nbsp;Leggi tutto &raquo;Aislantes oscurecedores para Citro\u00ebn","og_url":"https:\/\/m2camper.com\/it\/isolatori-oscuranti-per-citroen\/","og_site_name":"M2 Camper | Aislantes t\u00e9rmicos y oscurecedores para campers","article_modified_time":"2025-04-17T10:35:47+00:00","og_image":[{"url":"https:\/\/m2camper.com\/wp-content\/uploads\/2025\/01\/1_1_11zon.png","type":"","width":"","height":""}],"twitter_card":"summary_large_image","twitter_misc":{"Tempo di lettura stimato":"12 minuti"},"schema":{"@context":"https:\/\/schema.org","@graph":[{"@type":"WebPage","@id":"https:\/\/m2camper.com\/ca\/aillants-enfosquidors-per-a-citroen\/","url":"https:\/\/m2camper.com\/ca\/aillants-enfosquidors-per-a-citroen\/","name":"Isolamento oscurante per Citro\u00ebn - M2 Camper | Isolamento termico e oscuranti per camper","isPartOf":{"@id":"https:\/\/m2camper.com\/pt\/#website"},"primaryImageOfPage":{"@id":"https:\/\/m2camper.com\/ca\/aillants-enfosquidors-per-a-citroen\/#primaryimage"},"image":{"@id":"https:\/\/m2camper.com\/ca\/aillants-enfosquidors-per-a-citroen\/#primaryimage"},"thumbnailUrl":"https:\/\/m2camper.com\/wp-content\/uploads\/2025\/01\/1_1_11zon.png","datePublished":"2025-01-26T17:10:32+00:00","dateModified":"2025-04-17T10:35:47+00:00","breadcrumb":{"@id":"https:\/\/m2camper.com\/ca\/aillants-enfosquidors-per-a-citroen\/#breadcrumb"},"inLanguage":"it-IT","potentialAction":[{"@type":"ReadAction","target":["https:\/\/m2camper.com\/ca\/aillants-enfosquidors-per-a-citroen\/"]}]},{"@type":"ImageObject","inLanguage":"it-IT","@id":"https:\/\/m2camper.com\/ca\/aillants-enfosquidors-per-a-citroen\/#primaryimage","url":"https:\/\/m2camper.com\/wp-content\/uploads\/2025\/01\/1_1_11zon.png","contentUrl":"https:\/\/m2camper.com\/wp-content\/uploads\/2025\/01\/1_1_11zon.png"},{"@type":"BreadcrumbList","@id":"https:\/\/m2camper.com\/ca\/aillants-enfosquidors-per-a-citroen\/#breadcrumb","itemListElement":[{"@type":"ListItem","position":1,"name":"Portada","item":"https:\/\/m2camper.com\/pt\/"},{"@type":"ListItem","position":2,"name":"Aislantes oscurecedores para Citro\u00ebn"}]},{"@type":"WebSite","@id":"https:\/\/m2camper.com\/pt\/#website","url":"https:\/\/m2camper.com\/pt\/","name":"M2 Campers | Isolamento termico e oscuranti per camper","description":"Scopri la qualit\u00e0 e il comfort del nostro isolamento termico oscurante e dei materassi per veicoli. Ottimizza la tua esperienza di viaggio con M2 Camper.","potentialAction":[{"@type":"SearchAction","target":{"@type":"EntryPoint","urlTemplate":"https:\/\/m2camper.com\/pt\/?s={search_term_string}"},"query-input":{"@type":"PropertyValueSpecification","valueRequired":true,"valueName":"search_term_string"}}],"inLanguage":"it-IT"}]}},"_links":{"self":[{"href":"https:\/\/m2camper.com\/it\/wp-json\/wp\/v2\/pages\/10975","targetHints":{"allow":["GET"]}}],"collection":[{"href":"https:\/\/m2camper.com\/it\/wp-json\/wp\/v2\/pages"}],"about":[{"href":"https:\/\/m2camper.com\/it\/wp-json\/wp\/v2\/types\/page"}],"author":[{"embeddable":true,"href":"https:\/\/m2camper.com\/it\/wp-json\/wp\/v2\/users\/1"}],"replies":[{"embeddable":true,"href":"https:\/\/m2camper.com\/it\/wp-json\/wp\/v2\/comments?post=10975"}],"version-history":[{"count":50,"href":"https:\/\/m2camper.com\/it\/wp-json\/wp\/v2\/pages\/10975\/revisions"}],"predecessor-version":[{"id":13256,"href":"https:\/\/m2camper.com\/it\/wp-json\/wp\/v2\/pages\/10975\/revisions\/13256"}],"wp:attachment":[{"href":"https:\/\/m2camper.com\/it\/wp-json\/wp\/v2\/media?parent=10975"}],"curies":[{"name":"wp","href":"https:\/\/api.w.org\/{rel}","templated":true}]}}