{"id":11422,"date":"2025-02-04T10:46:00","date_gmt":"2025-02-04T10:46:00","guid":{"rendered":"https:\/\/ultbit.com\/m2camper\/?page_id=11422"},"modified":"2026-04-08T17:38:49","modified_gmt":"2026-04-08T15:38:49","slug":"politique-de-confidentialite","status":"publish","type":"page","link":"https:\/\/m2camper.com\/fr\/politique-de-confidentialite\/","title":{"rendered":"Politique de confidentialit\u00e9"},"content":{"rendered":"<div data-elementor-type=\"wp-page\" data-elementor-id=\"11422\" class=\"elementor elementor-11422\" data-elementor-post-type=\"page\">\n\t\t\t\t<div class=\"elementor-element elementor-element-404c8f1 e-flex e-con-boxed e-con e-parent\" data-id=\"404c8f1\" data-element_type=\"container\" data-e-type=\"container\" data-settings=\"{&quot;background_background&quot;:&quot;classic&quot;}\">\n\t\t\t\t\t<div class=\"e-con-inner\">\n\t\t\t\t<div class=\"elementor-element elementor-element-0e987a4 elementor-widget elementor-widget-text-editor\" data-id=\"0e987a4\" data-element_type=\"widget\" data-e-type=\"widget\" data-widget_type=\"text-editor.default\">\n\t\t\t\t<div class=\"elementor-widget-container\">\n\t\t\t\t\t\t\t\t\t<h2 style=\"color: #000000 !important;\">POLITIQUE DE CONFIDENTIALIT\u00c9<\/h2><h3 style=\"color: #000000 !important;\">1. INFORMATIONS POUR L\u2019UTILISATEUR<\/h3><p><strong>Qui est responsable du traitement de vos donn\u00e9es personnelles ?<\/strong><\/p><p>MARIA ISABEL ARTAL MORENO (M2 CAMPER) est la RESPONSABLE du traitement des donn\u00e9es personnelles de l\u2019UTILISATEUR et l\u2019informe que ces donn\u00e9es seront trait\u00e9es conform\u00e9ment aux dispositions du R\u00e8glement (UE) 2016\/679 du 27 avril (RGPD) et de la Loi Organique 3\/2018 du 5 d\u00e9cembre (LOPDGDD).<\/p><p><strong>Pourquoi traitons-nous vos donn\u00e9es personnelles ?<\/strong><\/p><p>Afin de maintenir une relation commerciale avec l\u2019utilisateur. Les op\u00e9rations pr\u00e9vues pour le traitement sont :<\/p><ul><li>Envoi de communications commerciales publicitaires par e-mail, fax, SMS, MMS, r\u00e9seaux sociaux ou tout autre moyen \u00e9lectronique ou physique, pr\u00e9sent ou futur, permettant d\u2019effectuer des communications commerciales. Ces communications seront r\u00e9alis\u00e9es par le RESPONSABLE et seront li\u00e9es \u00e0 ses produits et services, ou \u00e0 ceux de ses collaborateurs ou fournisseurs avec lesquels un accord de promotion a \u00e9t\u00e9 conclu. Dans ce cas, les tiers n\u2019auront jamais acc\u00e8s aux donn\u00e9es personnelles.<\/li><li>R\u00e9aliser des \u00e9tudes de march\u00e9 et des analyses statistiques.<\/li><li>Traiter les demandes, r\u00e9pondre aux consultations ou \u00e0 tout type de requ\u00eate formul\u00e9e par l\u2019UTILISATEUR via l\u2019un des moyens de contact mis \u00e0 sa disposition sur le site web du RESPONSABLE.<\/li><li>Envoyer la newsletter en ligne concernant les nouveaut\u00e9s, offres et promotions li\u00e9es \u00e0 notre activit\u00e9.<\/li><\/ul><p><strong>Pour quel motif pouvons-nous traiter vos donn\u00e9es personnelles ?<\/strong><\/p><p>Parce que le traitement est l\u00e9gitim\u00e9 par l\u2019article 6 du RGPD de la mani\u00e8re suivante :<\/p><ul><li>Avec le consentement de l\u2019UTILISATEUR : envoi de communications commerciales et de la newsletter.<\/li><li>Sur la base de l\u2019int\u00e9r\u00eat l\u00e9gitime du RESPONSABLE : r\u00e9aliser des \u00e9tudes de march\u00e9, des analyses statistiques, etc., et traiter des commandes, des demandes, etc. \u00e0 la demande de l\u2019UTILISATEUR.<\/li><\/ul><p><strong>Pendant combien de temps conserverons-nous vos donn\u00e9es personnelles ?<\/strong><\/p><p>Elles seront conserv\u00e9es pendant une dur\u00e9e n\u2019exc\u00e9dant pas celle n\u00e9cessaire \u00e0 la finalit\u00e9 du traitement ou tant qu\u2019il existe des obligations l\u00e9gales imposant leur conservation, et lorsqu\u2019elles ne seront plus n\u00e9cessaires, elles seront supprim\u00e9es avec des mesures de s\u00e9curit\u00e9 appropri\u00e9es afin de garantir l\u2019anonymisation des donn\u00e9es ou leur destruction totale.<\/p><p><strong>\u00c0 qui communiquons-nous vos donn\u00e9es personnelles ?<\/strong><\/p><p>Aucune communication de donn\u00e9es personnelles \u00e0 des tiers n\u2019est pr\u00e9vue, sauf si cela est n\u00e9cessaire pour le d\u00e9veloppement et l\u2019ex\u00e9cution des finalit\u00e9s du traitement, \u00e0 nos prestataires de services li\u00e9s aux communications, avec lesquels le RESPONSABLE a formalis\u00e9 les contrats de confidentialit\u00e9 et de sous-traitance exig\u00e9s par la r\u00e9glementation en vigueur en mati\u00e8re de protection des donn\u00e9es.<\/p><p><strong>Quels sont vos droits ?<\/strong><\/p><p>Les droits dont dispose l\u2019UTILISATEUR sont :<\/p><ul><li>Droit de retirer votre consentement \u00e0 tout moment.<\/li><li>Droit d\u2019acc\u00e8s, de rectification, de portabilit\u00e9 et d\u2019effacement de vos donn\u00e9es, ainsi que de limitation ou d\u2019opposition \u00e0 leur traitement.<\/li><li>Derecho a presentar una reclamaci\u00f3n ante la autoridad de control (<a href=\"https:\/\/www.aepd.es\" target=\"_blank\" rel=\"noopener noreferrer\">www.aepd.es<\/a>) si considera que el tratamiento no se ajusta a la normativa vigente.<\/li><\/ul><p><strong>Coordonn\u00e9es pour exercer vos droits :<\/strong><\/p><p>MARIA ISABEL ARTAL MORENO (M2 CAMPER). Carrer de Num\u00e0ncia, 30 \u2013 08184 Palau-solit\u00e0 i Plegamans (Barcelona). E-mail: <a href=\"mailto:m2camper@gmail.com\">m2camper@gmail.com<\/a><\/p><h3 style=\"color: #000000 !important;\">2. CARACT\u00c8RE OBLIGATOIRE OU FACULTATIF DES INFORMATIONS FOURNIES PAR L\u2019UTILISATEUR<\/h3><p>Les UTILISATEURS, en cochant les cases correspondantes et en saisissant des donn\u00e9es dans les champs marqu\u00e9s d\u2019un ast\u00e9risque (*) dans le formulaire de contact ou pr\u00e9sent\u00e9s dans des formulaires de t\u00e9l\u00e9chargement, acceptent express\u00e9ment, librement et sans \u00e9quivoque que leurs donn\u00e9es sont n\u00e9cessaires au traitement de leur demande par le prestataire, l\u2019inclusion des donn\u00e9es dans les autres champs \u00e9tant donc facultative. L\u2019UTILISATEUR garantit que les donn\u00e9es personnelles fournies au RESPONSABLE sont exactes et s\u2019engage \u00e0 communiquer toute modification de celles-ci.<\/p><p>Le RESPONSABLE informe que toutes les donn\u00e9es demand\u00e9es via le site web sont obligatoires, car elles sont n\u00e9cessaires pour fournir un service optimal \u00e0 l\u2019UTILISATEUR. Si toutes les donn\u00e9es ne sont pas fournies, il n\u2019est pas garanti que les informations et services fournis correspondent pleinement \u00e0 ses besoins.<\/p><h3 style=\"color: #000000 !important;\">3. MESURES DE S\u00c9CURIT\u00c9<\/h3><p>Que, conform\u00e9ment aux dispositions de la r\u00e9glementation en vigueur en mati\u00e8re de protection des donn\u00e9es personnelles, le RESPONSABLE respecte l\u2019ensemble des dispositions du RGPD et de la LOPDGDD pour le traitement des donn\u00e9es personnelles dont il est responsable, et notamment les principes \u00e9nonc\u00e9s \u00e0 l\u2019article 5 du RGPD, selon lesquels ces donn\u00e9es sont trait\u00e9es de mani\u00e8re licite, loyale et transparente \u00e0 l\u2019\u00e9gard de la personne concern\u00e9e et sont ad\u00e9quates, pertinentes et limit\u00e9es \u00e0 ce qui est n\u00e9cessaire au regard des finalit\u00e9s pour lesquelles elles sont trait\u00e9es.<\/p><p>Le RESPONSABLE garantit avoir mis en \u0153uvre des politiques techniques et organisationnelles appropri\u00e9es pour appliquer les mesures de s\u00e9curit\u00e9 pr\u00e9vues par le RGPD et la LOPDGDD, afin de prot\u00e9ger les droits et libert\u00e9s des UTILISATEURS, et leur a communiqu\u00e9 les informations appropri\u00e9es pour leur permettre de les exercer.<\/p><p>Pour plus d\u2019informations sur les garanties de confidentialit\u00e9, vous pouvez contacter le RESPONSABLE par l\u2019interm\u00e9diaire de MARIA ISABEL ARTAL MORENO (M2 CAMPER). Carrer de Num\u00e0ncia, 30 \u2013 08184 Palau-solit\u00e0 i Plegamans (Barcelone). E-mail : <a href=\"mailto:m2camper@gmail.com\">m2camper@gmail.com<\/a><\/p>\t\t\t\t\t\t\t\t<\/div>\n\t\t\t\t<\/div>\n\t\t\t\t\t<\/div>\n\t\t\t\t<\/div>\n\t\t\t\t<\/div>","protected":false},"excerpt":{"rendered":"<p>POL\u00cdTICA DE PRIVACIDAD 1. INFORMACI\u00d3N PARA EL USUARIO \u00bfQui\u00e9n es el responsable del tratamiento de tus datos personales? MARIA ISABEL ARTAL MORENO (M2 CAMPER) es el RESPONSABLE del tratamiento de los datos personales del USUARIO y le informa de que estos datos ser\u00e1n tratados de conformidad con lo dispuesto en el Reglamento (UE) 2016\/679, de&hellip;&nbsp;<a href=\"https:\/\/m2camper.com\/fr\/politique-de-confidentialite\/\" rel=\"bookmark\">En savoir plus &quot;<span class=\"screen-reader-text\">Politique de confidentialit\u00e9<\/span><\/a><\/p>","protected":false},"author":5740,"featured_media":0,"parent":0,"menu_order":0,"comment_status":"closed","ping_status":"closed","template":"page-templates\/template-pagebuilder-full-width.php","meta":{"neve_meta_sidebar":"","neve_meta_container":"","neve_meta_enable_content_width":"off","neve_meta_content_width":100,"neve_meta_title_alignment":"","neve_meta_author_avatar":"","neve_post_elements_order":"","neve_meta_disable_header":"","neve_meta_disable_footer":"","neve_meta_disable_title":"","footnotes":""},"class_list":["post-11422","page","type-page","status-publish","hentry"],"yoast_head":"<!-- This site is optimized with the Yoast SEO plugin v27.4 - https:\/\/yoast.com\/product\/yoast-seo-wordpress\/ -->\n<title>Pol\u00edtica de privacidad - M2 Camper | Aislantes t\u00e9rmicos y oscurecedores para campers<\/title>\n<meta name=\"robots\" content=\"noindex, nofollow\" \/>\n<meta property=\"og:locale\" content=\"fr_FR\" \/>\n<meta property=\"og:type\" content=\"article\" \/>\n<meta property=\"og:title\" content=\"Pol\u00edtica de privacidad - M2 Camper | Aislantes t\u00e9rmicos y oscurecedores para campers\" \/>\n<meta property=\"og:description\" content=\"POL\u00cdTICA DE PRIVACIDAD 1. INFORMACI\u00d3N PARA EL USUARIO \u00bfQui\u00e9n es el responsable del tratamiento de tus datos personales? MARIA ISABEL ARTAL MORENO (M2 CAMPER) es el RESPONSABLE del tratamiento de los datos personales del USUARIO y le informa de que estos datos ser\u00e1n tratados de conformidad con lo dispuesto en el Reglamento (UE) 2016\/679, de&hellip;&nbsp;Lire la suite &raquo;Pol\u00edtica de privacidad\" \/>\n<meta property=\"og:url\" content=\"https:\/\/m2camper.com\/fr\/politique-de-confidentialite\/\" \/>\n<meta property=\"og:site_name\" content=\"M2 Camper | Aislantes t\u00e9rmicos y oscurecedores para campers\" \/>\n<meta property=\"article:modified_time\" content=\"2026-04-08T15:38:49+00:00\" \/>\n<meta name=\"twitter:card\" content=\"summary_large_image\" \/>\n<meta name=\"twitter:label1\" content=\"Dur\u00e9e de lecture estim\u00e9e\" \/>\n\t<meta name=\"twitter:data1\" content=\"4 minutes\" \/>\n<script type=\"application\/ld+json\" class=\"yoast-schema-graph\">{\"@context\":\"https:\\\/\\\/schema.org\",\"@graph\":[{\"@type\":\"WebPage\",\"@id\":\"https:\\\/\\\/m2camper.com\\\/politica-de-privacidad\\\/\",\"url\":\"https:\\\/\\\/m2camper.com\\\/politica-de-privacidad\\\/\",\"name\":\"Pol\u00edtica de privacidad - M2 Camper | Aislantes t\u00e9rmicos y oscurecedores para campers\",\"isPartOf\":{\"@id\":\"https:\\\/\\\/m2camper.com\\\/pt\\\/#website\"},\"datePublished\":\"2025-02-04T10:46:00+00:00\",\"dateModified\":\"2026-04-08T15:38:49+00:00\",\"breadcrumb\":{\"@id\":\"https:\\\/\\\/m2camper.com\\\/politica-de-privacidad\\\/#breadcrumb\"},\"inLanguage\":\"fr-FR\",\"potentialAction\":[{\"@type\":\"ReadAction\",\"target\":[\"https:\\\/\\\/m2camper.com\\\/politica-de-privacidad\\\/\"]}]},{\"@type\":\"BreadcrumbList\",\"@id\":\"https:\\\/\\\/m2camper.com\\\/politica-de-privacidad\\\/#breadcrumb\",\"itemListElement\":[{\"@type\":\"ListItem\",\"position\":1,\"name\":\"Portada\",\"item\":\"https:\\\/\\\/m2camper.com\\\/pt\\\/\"},{\"@type\":\"ListItem\",\"position\":2,\"name\":\"Pol\u00edtica de privacidad\"}]},{\"@type\":\"WebSite\",\"@id\":\"https:\\\/\\\/m2camper.com\\\/pt\\\/#website\",\"url\":\"https:\\\/\\\/m2camper.com\\\/pt\\\/\",\"name\":\"M2 Campers | Aislantes t\u00e9rmicos y oscurecedores para campers\",\"description\":\"Descubre calidad y confort de nuestros aislantes t\u00e9rmicos oscurecedores y colchones para veh\u00edculos. Optimiza tu experiencia en carretera con M2 Camper.\",\"potentialAction\":[{\"@type\":\"SearchAction\",\"target\":{\"@type\":\"EntryPoint\",\"urlTemplate\":\"https:\\\/\\\/m2camper.com\\\/pt\\\/?s={search_term_string}\"},\"query-input\":{\"@type\":\"PropertyValueSpecification\",\"valueRequired\":true,\"valueName\":\"search_term_string\"}}],\"inLanguage\":\"fr-FR\"}]}<\/script>\n<!-- \/ Yoast SEO plugin. -->","yoast_head_json":{"title":"Politique de confidentialit\u00e9 - M2 Camper | Isolation thermique et occultation pour camping-cars","robots":{"index":"noindex","follow":"nofollow"},"og_locale":"fr_FR","og_type":"article","og_title":"Pol\u00edtica de privacidad - M2 Camper | Aislantes t\u00e9rmicos y oscurecedores para campers","og_description":"POL\u00cdTICA DE PRIVACIDAD 1. INFORMACI\u00d3N PARA EL USUARIO \u00bfQui\u00e9n es el responsable del tratamiento de tus datos personales? MARIA ISABEL ARTAL MORENO (M2 CAMPER) es el RESPONSABLE del tratamiento de los datos personales del USUARIO y le informa de que estos datos ser\u00e1n tratados de conformidad con lo dispuesto en el Reglamento (UE) 2016\/679, de&hellip;&nbsp;Lire la suite &raquo;Pol\u00edtica de privacidad","og_url":"https:\/\/m2camper.com\/fr\/politique-de-confidentialite\/","og_site_name":"M2 Camper | Aislantes t\u00e9rmicos y oscurecedores para campers","article_modified_time":"2026-04-08T15:38:49+00:00","twitter_card":"summary_large_image","twitter_misc":{"Dur\u00e9e de lecture estim\u00e9e":"4 minutes"},"schema":{"@context":"https:\/\/schema.org","@graph":[{"@type":"WebPage","@id":"https:\/\/m2camper.com\/politica-de-privacidad\/","url":"https:\/\/m2camper.com\/politica-de-privacidad\/","name":"Politique de confidentialit\u00e9 - M2 Camper | Isolation thermique et occultation pour camping-cars","isPartOf":{"@id":"https:\/\/m2camper.com\/pt\/#website"},"datePublished":"2025-02-04T10:46:00+00:00","dateModified":"2026-04-08T15:38:49+00:00","breadcrumb":{"@id":"https:\/\/m2camper.com\/politica-de-privacidad\/#breadcrumb"},"inLanguage":"fr-FR","potentialAction":[{"@type":"ReadAction","target":["https:\/\/m2camper.com\/politica-de-privacidad\/"]}]},{"@type":"BreadcrumbList","@id":"https:\/\/m2camper.com\/politica-de-privacidad\/#breadcrumb","itemListElement":[{"@type":"ListItem","position":1,"name":"Portada","item":"https:\/\/m2camper.com\/pt\/"},{"@type":"ListItem","position":2,"name":"Pol\u00edtica de privacidad"}]},{"@type":"WebSite","@id":"https:\/\/m2camper.com\/pt\/#website","url":"https:\/\/m2camper.com\/pt\/","name":"M2 Campeurs | Isolation thermique et oscurecedores pour les campeurs","description":"D\u00e9couvrez la qualit\u00e9 et le confort de notre isolation thermique oscurecedores et des matelas pour les v\u00e9hicules. Optimiser votre exp\u00e9rience de la route avec M2 camping-car.","potentialAction":[{"@type":"SearchAction","target":{"@type":"EntryPoint","urlTemplate":"https:\/\/m2camper.com\/pt\/?s={search_term_string}"},"query-input":{"@type":"PropertyValueSpecification","valueRequired":true,"valueName":"search_term_string"}}],"inLanguage":"fr-FR"}]}},"_links":{"self":[{"href":"https:\/\/m2camper.com\/fr\/wp-json\/wp\/v2\/pages\/11422","targetHints":{"allow":["GET"]}}],"collection":[{"href":"https:\/\/m2camper.com\/fr\/wp-json\/wp\/v2\/pages"}],"about":[{"href":"https:\/\/m2camper.com\/fr\/wp-json\/wp\/v2\/types\/page"}],"author":[{"embeddable":true,"href":"https:\/\/m2camper.com\/fr\/wp-json\/wp\/v2\/users\/5740"}],"replies":[{"embeddable":true,"href":"https:\/\/m2camper.com\/fr\/wp-json\/wp\/v2\/comments?post=11422"}],"version-history":[{"count":22,"href":"https:\/\/m2camper.com\/fr\/wp-json\/wp\/v2\/pages\/11422\/revisions"}],"predecessor-version":[{"id":16935,"href":"https:\/\/m2camper.com\/fr\/wp-json\/wp\/v2\/pages\/11422\/revisions\/16935"}],"wp:attachment":[{"href":"https:\/\/m2camper.com\/fr\/wp-json\/wp\/v2\/media?parent=11422"}],"curies":[{"name":"wp","href":"https:\/\/api.w.org\/{rel}","templated":true}]}}