{"id":629,"date":"2007-10-31T18:42:35","date_gmt":"2007-10-31T18:42:35","guid":{"rendered":"https:\/\/m2campera.proyectosdesarrollosweb.com\/?product=aislantes-termicos-oscurecedores-audi-a3-sportback"},"modified":"2026-04-10T16:22:01","modified_gmt":"2026-04-10T14:22:01","slug":"audi-a3-sportback-warmeisolatoren-und-verdunkelungen","status":"publish","type":"product","link":"https:\/\/m2camper.com\/de\/audi-a3-sportback-warmeisolatoren-und-verdunkelungen\/","title":{"rendered":"Ma\u00dfgefertigte Camper-Verdunkelungen f\u00fcr Audi A3 Sportback"},"content":{"rendered":"<p>Camper-Verdunkelungen f\u00fcr Audi A3 Sportback sind die perfekte L\u00f6sung, um den Komfort im Innenraum Ihres Fahrzeugs zu verbessern. Entwickelt f\u00fcr alle, die gerne reisen, Ausfl\u00fcge machen oder sogar im Auto schlafen, helfen diese thermischen Isolierungen, eine angenehme Temperatur zu halten und blockieren das Licht vollst\u00e4ndig.<\/p>\n<p>Dank ihrer 9-Schicht-Struktur bieten sie sowohl im Sommer als auch im Winter eine hervorragende Isolierung und erm\u00f6glichen es Ihnen, in jeder Situation besser zu ruhen. Ob auf einer langen Reise oder bei einer spontanen Nacht \u2013 Sie werden den Unterschied ab der ersten Nutzung bemerken.<\/p>\n<p>Wenn Sie ungest\u00f6rt schlafen oder den Innenraum Ihres Fahrzeugs w\u00e4hrend Ihrer Reisen sch\u00fctzen m\u00f6chten, sind diese Verdunkelungen daf\u00fcr gemacht, Sie auf jedem Abenteuer zu begleiten.<\/p>\n<h2 style=\"color: black;\">Ma\u00dfgefertigte Camper-Verdunkelungen f\u00fcr Audi A3 Sportback<\/h2>\n<p>Diese thermischen Isolierungen wurden speziell f\u00fcr den Audi A3 Sportback entwickelt und gew\u00e4hrleisten eine passgenaue Anpassung an jede Fensterscheibe. Diese Passform erm\u00f6glicht eine vollst\u00e4ndige Abdeckung der Glasfl\u00e4chen und verbessert sowohl die Isolierung als auch die Privatsph\u00e4re.<\/p>\n<p>Da es sich um eine ma\u00dfgefertigte L\u00f6sung handelt, ist die Installation schnell und einfach, sitzt perfekt und ohne Spalten, durch die Licht oder W\u00e4rme eindringen kann.<\/p>\n<h2 style=\"color: black;\">Vorteile von Camper-Verdunkelungen<\/h2>\n<ul>\n<li>Ma\u00dfgeschneiderte Passform<\/li>\n<li>9-Schichten-W\u00e4rmeisolierung<\/li>\n<li>Vollst\u00e4ndige Verdunkelung<\/li>\n<li>Privatsph\u00e4re<\/li>\n<li>Schnelle Installation<\/li>\n<\/ul>\n<p>&nbsp;<\/p>\n<h2 style=\"color: black;\">Kompatibilit\u00e4t<\/h2>\n<p>Speziell f\u00fcr Audi A3 Sportback entwickelt, gew\u00e4hrleisten sie eine perfekte Passform an jeder Fensterscheibe des Fahrzeugs und sorgen f\u00fcr eine vollst\u00e4ndige Abdeckung zur Verbesserung des Innenraumkomforts.<\/p>\n<h2 style=\"color: black;\">Verf\u00fcgbare Optionen<\/h2>\n<ul>\n<li class=\"translation-block\"><strong>Kabine:<\/strong> umfasst die Frontscheibe und die vorderen Seitenscheiben (3 Teile, oder 5 Teile, wenn das Modell kleine Dreiecksfenster enth\u00e4lt).<\/li>\n<li class=\"translation-block\"><strong>Heckbereich:<\/strong> besteht aus den Seitenscheiben der zweiten und dritten Reihe sowie der Heckklappe oder den hinteren T\u00fcren (5 oder 6 Teile je nach Version).<\/li>\n<li class=\"translation-block\"><strong>Komplett:<\/strong> vollst\u00e4ndiges Set f\u00fcr das gesamte Fahrzeug, einschlie\u00dflich Kabine und Heckbereich (8, 9, 10 oder 11 Teile je nach Konfiguration).<\/li>\n<\/ul>\n<p>&nbsp;<\/p>\n<p>Bei M2Camper entwickeln wir spezifische L\u00f6sungen f\u00fcr jedes Fahrzeug und passen jedes Detail so an, dass das Ergebnis perfekt sitzt und den realen Bed\u00fcrfnissen derjenigen entspricht, die in ihrem Auto reisen und schlafen.<\/p>","protected":false},"excerpt":{"rendered":"<p>Disfruta de mayor privacidad y confort en tu Audi A3 Sportback con estos oscurecedores camper a medida. Ideales para viajar, descansar o dormir dentro del veh\u00edculo sin molestias de luz o temperatura.<\/p>\n<p>Convierte tu coche en un espacio m\u00e1s habitable en cualquier \u00e9poca del a\u00f1o:<\/p>\n<ul>\n<li>Vollst\u00e4ndige Dunkelheit f\u00fcr echte Erholung<\/li>\n<li>Mehr Privatsph\u00e4re \u00fcberall<\/li>\n<li>Effektive W\u00e4rmeisolierung<\/li>\n<li>Perfekt f\u00fcr Ausfl\u00fcge und lange Reisen<\/li>\n<\/ul>","protected":false},"featured_media":630,"comment_status":"open","ping_status":"closed","template":"","meta":{"neve_meta_sidebar":"","neve_meta_container":"","neve_meta_enable_content_width":"off","neve_meta_content_width":100,"neve_meta_title_alignment":"","neve_meta_author_avatar":"","neve_post_elements_order":"","neve_meta_disable_header":"","neve_meta_disable_footer":"","neve_meta_disable_title":""},"product_brand":[],"product_cat":[64,62,61],"product_tag":[],"class_list":{"0":"post-629","1":"product","2":"type-product","3":"status-publish","4":"has-post-thumbnail","6":"product_cat-audi","7":"product_cat-aislantes","8":"product_cat-all-products","9":"pa_detalles-del-producto-pstrongspanspanspanopcionesspanspanspanstrongppspanstrongspanspancabinaspanspanstrongspanspan-luna-delantera-lateral-piloto-y-copiloto-3-piezas-5-piezas-en-caso-de-que-lleve-triangulitosspanspanspanpp","10":"pa_observaciones-divplos-plazos-de-entrega-pueden-variar-segun-fechas-de-comprapdiv","12":"first","13":"instock","14":"taxable","15":"shipping-taxable","16":"purchasable","17":"product-type-variable"},"yoast_head":"<!-- This site is optimized with the Yoast SEO plugin v27.4 - https:\/\/yoast.com\/product\/yoast-seo-wordpress\/ -->\n<title>Oscurecedores camper para Audi A3 Sportback a medida<\/title>\n<meta name=\"description\" content=\"Oscurecedores camper para Audi A3 Sportback con ajuste perfecto, m\u00e1xima privacidad y aislamiento t\u00e9rmico para viajar y dormir con confort.\" \/>\n<meta name=\"robots\" content=\"index, follow, max-snippet:-1, max-image-preview:large, max-video-preview:-1\" \/>\n<link rel=\"canonical\" href=\"https:\/\/m2camper.com\/de\/audi-a3-sportback-warmeisolatoren-und-verdunkelungen\/\" \/>\n<meta property=\"og:locale\" content=\"de_DE\" \/>\n<meta property=\"og:type\" content=\"article\" \/>\n<meta property=\"og:title\" content=\"Oscurecedores camper para Audi A3 Sportback a medida\" \/>\n<meta property=\"og:description\" content=\"Oscurecedores camper para Audi A3 Sportback con ajuste perfecto, m\u00e1xima privacidad y aislamiento t\u00e9rmico para viajar y dormir con confort.\" \/>\n<meta property=\"og:url\" content=\"https:\/\/m2camper.com\/de\/audi-a3-sportback-warmeisolatoren-und-verdunkelungen\/\" \/>\n<meta property=\"og:site_name\" content=\"M2 Camper | Aislantes t\u00e9rmicos y oscurecedores para campers\" \/>\n<meta property=\"article:modified_time\" content=\"2026-04-10T14:22:01+00:00\" \/>\n<meta property=\"og:image\" content=\"https:\/\/m2camper.com\/wp-content\/uploads\/2025\/01\/60c9aa_df5d63fdadd1456385dffecac5f312famv2.png\" \/>\n\t<meta property=\"og:image:width\" content=\"666\" \/>\n\t<meta property=\"og:image:height\" content=\"375\" \/>\n\t<meta property=\"og:image:type\" content=\"image\/png\" \/>\n<meta name=\"twitter:card\" content=\"summary_large_image\" \/>\n<meta name=\"twitter:label1\" content=\"Gesch\u00e4tzte Lesezeit\" \/>\n\t<meta name=\"twitter:data1\" content=\"2\u00a0Minuten\" \/>\n<script type=\"application\/ld+json\" class=\"yoast-schema-graph\">{\"@context\":\"https:\\\/\\\/schema.org\",\"@graph\":[{\"@type\":\"WebPage\",\"@id\":\"https:\\\/\\\/m2camper.com\\\/aislantes-termicos-oscurecedores-audi-a3-sportback\\\/\",\"url\":\"https:\\\/\\\/m2camper.com\\\/aislantes-termicos-oscurecedores-audi-a3-sportback\\\/\",\"name\":\"Oscurecedores camper para Audi A3 Sportback a medida\",\"isPartOf\":{\"@id\":\"https:\\\/\\\/m2camper.com\\\/pt\\\/#website\"},\"primaryImageOfPage\":{\"@id\":\"https:\\\/\\\/m2camper.com\\\/aislantes-termicos-oscurecedores-audi-a3-sportback\\\/#primaryimage\"},\"image\":{\"@id\":\"https:\\\/\\\/m2camper.com\\\/aislantes-termicos-oscurecedores-audi-a3-sportback\\\/#primaryimage\"},\"thumbnailUrl\":\"https:\\\/\\\/m2camper.com\\\/wp-content\\\/uploads\\\/2025\\\/01\\\/60c9aa_df5d63fdadd1456385dffecac5f312famv2.png\",\"datePublished\":\"2007-10-31T18:42:35+00:00\",\"dateModified\":\"2026-04-10T14:22:01+00:00\",\"description\":\"Oscurecedores camper para Audi A3 Sportback con ajuste perfecto, m\u00e1xima privacidad y aislamiento t\u00e9rmico para viajar y dormir con confort.\",\"breadcrumb\":{\"@id\":\"https:\\\/\\\/m2camper.com\\\/aislantes-termicos-oscurecedores-audi-a3-sportback\\\/#breadcrumb\"},\"inLanguage\":\"de\",\"potentialAction\":[{\"@type\":\"ReadAction\",\"target\":[\"https:\\\/\\\/m2camper.com\\\/aislantes-termicos-oscurecedores-audi-a3-sportback\\\/\"]}]},{\"@type\":\"ImageObject\",\"inLanguage\":\"de\",\"@id\":\"https:\\\/\\\/m2camper.com\\\/aislantes-termicos-oscurecedores-audi-a3-sportback\\\/#primaryimage\",\"url\":\"https:\\\/\\\/m2camper.com\\\/wp-content\\\/uploads\\\/2025\\\/01\\\/60c9aa_df5d63fdadd1456385dffecac5f312famv2.png\",\"contentUrl\":\"https:\\\/\\\/m2camper.com\\\/wp-content\\\/uploads\\\/2025\\\/01\\\/60c9aa_df5d63fdadd1456385dffecac5f312famv2.png\",\"width\":666,\"height\":375},{\"@type\":\"BreadcrumbList\",\"@id\":\"https:\\\/\\\/m2camper.com\\\/aislantes-termicos-oscurecedores-audi-a3-sportback\\\/#breadcrumb\",\"itemListElement\":[{\"@type\":\"ListItem\",\"position\":1,\"name\":\"Portada\",\"item\":\"https:\\\/\\\/m2camper.com\\\/pt\\\/\"},{\"@type\":\"ListItem\",\"position\":2,\"name\":\"Tienda\",\"item\":\"https:\\\/\\\/m2camper.com\\\/pt\\\/loja\\\/\"},{\"@type\":\"ListItem\",\"position\":3,\"name\":\"Oscurecedores camper para Audi A3 Sportback a medida\"}]},{\"@type\":\"WebSite\",\"@id\":\"https:\\\/\\\/m2camper.com\\\/pt\\\/#website\",\"url\":\"https:\\\/\\\/m2camper.com\\\/pt\\\/\",\"name\":\"M2 Campers | Aislantes t\u00e9rmicos y oscurecedores para campers\",\"description\":\"Descubre calidad y confort de nuestros aislantes t\u00e9rmicos oscurecedores y colchones para veh\u00edculos. Optimiza tu experiencia en carretera con M2 Camper.\",\"potentialAction\":[{\"@type\":\"SearchAction\",\"target\":{\"@type\":\"EntryPoint\",\"urlTemplate\":\"https:\\\/\\\/m2camper.com\\\/pt\\\/?s={search_term_string}\"},\"query-input\":{\"@type\":\"PropertyValueSpecification\",\"valueRequired\":true,\"valueName\":\"search_term_string\"}}],\"inLanguage\":\"de\"}]}<\/script>\n<!-- \/ Yoast SEO plugin. -->","yoast_head_json":{"title":"Ma\u00dfgefertigte Camper-Verdunkelungen f\u00fcr Audi A3 Sportback","description":"Camper-Verdunkelungen f\u00fcr Audi A3 Sportback mit perfekter Passform, maximaler Privatsph\u00e4re und W\u00e4rmeisolierung f\u00fcr komfortables Reisen und Schlafen.","robots":{"index":"index","follow":"follow","max-snippet":"max-snippet:-1","max-image-preview":"max-image-preview:large","max-video-preview":"max-video-preview:-1"},"canonical":"https:\/\/m2camper.com\/de\/audi-a3-sportback-warmeisolatoren-und-verdunkelungen\/","og_locale":"de_DE","og_type":"article","og_title":"Oscurecedores camper para Audi A3 Sportback a medida","og_description":"Oscurecedores camper para Audi A3 Sportback con ajuste perfecto, m\u00e1xima privacidad y aislamiento t\u00e9rmico para viajar y dormir con confort.","og_url":"https:\/\/m2camper.com\/de\/audi-a3-sportback-warmeisolatoren-und-verdunkelungen\/","og_site_name":"M2 Camper | Aislantes t\u00e9rmicos y oscurecedores para campers","article_modified_time":"2026-04-10T14:22:01+00:00","og_image":[{"width":666,"height":375,"url":"https:\/\/m2camper.com\/wp-content\/uploads\/2025\/01\/60c9aa_df5d63fdadd1456385dffecac5f312famv2.png","type":"image\/png"}],"twitter_card":"summary_large_image","twitter_misc":{"Gesch\u00e4tzte Lesezeit":"2\u00a0Minuten"},"schema":{"@context":"https:\/\/schema.org","@graph":[{"@type":"WebPage","@id":"https:\/\/m2camper.com\/aislantes-termicos-oscurecedores-audi-a3-sportback\/","url":"https:\/\/m2camper.com\/aislantes-termicos-oscurecedores-audi-a3-sportback\/","name":"Ma\u00dfgefertigte Camper-Verdunkelungen f\u00fcr Audi A3 Sportback","isPartOf":{"@id":"https:\/\/m2camper.com\/pt\/#website"},"primaryImageOfPage":{"@id":"https:\/\/m2camper.com\/aislantes-termicos-oscurecedores-audi-a3-sportback\/#primaryimage"},"image":{"@id":"https:\/\/m2camper.com\/aislantes-termicos-oscurecedores-audi-a3-sportback\/#primaryimage"},"thumbnailUrl":"https:\/\/m2camper.com\/wp-content\/uploads\/2025\/01\/60c9aa_df5d63fdadd1456385dffecac5f312famv2.png","datePublished":"2007-10-31T18:42:35+00:00","dateModified":"2026-04-10T14:22:01+00:00","description":"Camper-Verdunkelungen f\u00fcr Audi A3 Sportback mit perfekter Passform, maximaler Privatsph\u00e4re und W\u00e4rmeisolierung f\u00fcr komfortables Reisen und Schlafen.","breadcrumb":{"@id":"https:\/\/m2camper.com\/aislantes-termicos-oscurecedores-audi-a3-sportback\/#breadcrumb"},"inLanguage":"de","potentialAction":[{"@type":"ReadAction","target":["https:\/\/m2camper.com\/aislantes-termicos-oscurecedores-audi-a3-sportback\/"]}]},{"@type":"ImageObject","inLanguage":"de","@id":"https:\/\/m2camper.com\/aislantes-termicos-oscurecedores-audi-a3-sportback\/#primaryimage","url":"https:\/\/m2camper.com\/wp-content\/uploads\/2025\/01\/60c9aa_df5d63fdadd1456385dffecac5f312famv2.png","contentUrl":"https:\/\/m2camper.com\/wp-content\/uploads\/2025\/01\/60c9aa_df5d63fdadd1456385dffecac5f312famv2.png","width":666,"height":375},{"@type":"BreadcrumbList","@id":"https:\/\/m2camper.com\/aislantes-termicos-oscurecedores-audi-a3-sportback\/#breadcrumb","itemListElement":[{"@type":"ListItem","position":1,"name":"Portada","item":"https:\/\/m2camper.com\/pt\/"},{"@type":"ListItem","position":2,"name":"Tienda","item":"https:\/\/m2camper.com\/pt\/loja\/"},{"@type":"ListItem","position":3,"name":"Oscurecedores camper para Audi A3 Sportback a medida"}]},{"@type":"WebSite","@id":"https:\/\/m2camper.com\/pt\/#website","url":"https:\/\/m2camper.com\/pt\/","name":"M2 Wohnmobile | W\u00e4rmed\u00e4mmung und Verdunkelung f\u00fcr Camper","description":"Entdecken Sie die Qualit\u00e4t und den Komfort unserer w\u00e4rmeisolierenden Verdunkelungen und Matratzen f\u00fcr Fahrzeuge. Optimieren Sie Ihren Aufenthalt auf der Stra\u00dfe mit M2 Camper.","potentialAction":[{"@type":"SearchAction","target":{"@type":"EntryPoint","urlTemplate":"https:\/\/m2camper.com\/pt\/?s={search_term_string}"},"query-input":{"@type":"PropertyValueSpecification","valueRequired":true,"valueName":"search_term_string"}}],"inLanguage":"de"}]}},"_links":{"self":[{"href":"https:\/\/m2camper.com\/de\/wp-json\/wp\/v2\/product\/629","targetHints":{"allow":["GET"]}}],"collection":[{"href":"https:\/\/m2camper.com\/de\/wp-json\/wp\/v2\/product"}],"about":[{"href":"https:\/\/m2camper.com\/de\/wp-json\/wp\/v2\/types\/product"}],"replies":[{"embeddable":true,"href":"https:\/\/m2camper.com\/de\/wp-json\/wp\/v2\/comments?post=629"}],"wp:featuredmedia":[{"embeddable":true,"href":"https:\/\/m2camper.com\/de\/wp-json\/wp\/v2\/media\/630"}],"wp:attachment":[{"href":"https:\/\/m2camper.com\/de\/wp-json\/wp\/v2\/media?parent=629"}],"wp:term":[{"taxonomy":"product_brand","embeddable":true,"href":"https:\/\/m2camper.com\/de\/wp-json\/wp\/v2\/product_brand?post=629"},{"taxonomy":"product_cat","embeddable":true,"href":"https:\/\/m2camper.com\/de\/wp-json\/wp\/v2\/product_cat?post=629"},{"taxonomy":"product_tag","embeddable":true,"href":"https:\/\/m2camper.com\/de\/wp-json\/wp\/v2\/product_tag?post=629"}],"curies":[{"name":"wp","href":"https:\/\/api.w.org\/{rel}","templated":true}]}}