{"id":1519,"date":"2022-12-12T13:52:58","date_gmt":"2022-12-12T13:52:58","guid":{"rendered":"https:\/\/m2campera.proyectosdesarrollosweb.com\/?product=aislantes-termicos-oscurecedores-mercedes-james-cook-307d"},"modified":"2025-04-25T09:32:13","modified_gmt":"2025-04-25T09:32:13","slug":"mercedes-james-cook-307d-verdunkelungs-warmeisolatoren","status":"publish","type":"product","link":"https:\/\/m2camper.com\/de\/mercedes-james-cook-307d-verdunkelungs-warmeisolatoren\/","title":{"rendered":"Mercedes James Cook 307D Verdunkelungs-W\u00e4rmeisolatoren"},"content":{"rendered":"<p>Erleben Sie unvergleichlichen Komfort in Ihrem Mercedes James Cook 307D mit unseren 9-lagigen Verdunkelungs-W\u00e4rmeisolatoren, die sorgf\u00e4ltig entwickelt wurden, um maximale Leistung und Schutz zu bieten.<\/p>\n<p>&nbsp;<\/p>\n<p><strong>Hervorgehobene Funktionen:<\/strong><\/p>\n<ul>\n<li><span><strong>\u00dcberlegene thermische Effizienz:<\/strong> Mit 9 Schichten W\u00e4rmed\u00e4mmung fungieren unsere Verdunkelungs-W\u00e4rmeisolatoren als wirksame Hitzebarriere und halten Ihr Fahrzeug selbst an den hei\u00dfesten Tagen k\u00fchl und an den k\u00e4ltesten Tagen warm.<\/span><\/li>\n<li><span><strong>Totaler Blackout:<\/strong> Genie\u00dfen Sie die Privatsph\u00e4re, die Sie brauchen, mit unseren Fensterrollos, die nicht nur direktes Sonnenlicht blockieren, sondern auch vor neugierigen Blicken sch\u00fctzen.<\/span><\/li>\n<li><span><strong>Individuelle Passform:<\/strong> Speziell f\u00fcr den Mercedes James Cook 307D entwickelt, garantieren wir eine perfekte Passform. Unsere Thermo-Verdunkelungsvorh\u00e4nge werden mit aufschraubbaren Saugn\u00e4pfen befestigt, sodass eine schnelle und sichere Montage m\u00f6glich ist.<\/span><\/li>\n<li><span><strong>Haltbarkeit und Qualit\u00e4t:<\/strong> Unsere Verdunkelungs-W\u00e4rmeisolatoren werden aus hochwertigen Materialien hergestellt, sind robust und langlebig und gew\u00e4hrleisten eine optimale Leistung \u00fcber einen langen Zeitraum.<\/span><\/li>\n<\/ul>\n<p>&nbsp;<\/p>\n<p><strong>Zus\u00e4tzliche Vorteile:<\/strong><\/p>\n<ul>\n<li><span><strong>UV-Schutz:<\/strong> Sie blockieren sch\u00e4dliche UV-Strahlen, um den Innenraum Ihres Autos zu sch\u00fctzen und die Lebensdauer Ihres Zubeh\u00f6rs zu verl\u00e4ngern.<\/span><\/li>\n<li><span><strong>Reduzierung des Energieverbrauchs:<\/strong> Durch die Aufrechterhaltung einer optimaleren Innentemperatur tragen Ihre Verdunkelungs-W\u00e4rmeisolatoren dazu bei, dass Ihre Klimaanlage oder Heizung effizienter arbeitet, was sich in einem geringeren Kraftstoffverbrauch niederschl\u00e4gt.<\/span><\/li>\n<li><span><strong>Stil und Funktionalit\u00e4t:<\/strong> Zus\u00e4tzlich zu ihren praktischen Vorteilen verleihen unsere Verdunkelungs-W\u00e4rmeisolatoren Ihrem Mercedes James Cook 307D einen Hauch von Stil und verbessern die Gesamt\u00e4sthetik des Fahrzeugs.<\/span><\/li>\n<\/ul>\n<p>&nbsp;<\/p>\n<p><span><span><span>Entscheiden Sie sich f\u00fcr Komfort, Effizienz und Stil mit unseren 9-lagigen Verdunkelungs-W\u00e4rmeisolatoren, die exklusiv f\u00fcr den Mercedes James Cook 307D entwickelt wurden. Erleben Sie zu jeder Jahreszeit die perfekte Reise.<\/span><\/span><\/span><\/p>","protected":false},"excerpt":{"rendered":"<p>Experimenta un nivel incomparable de confort en tu Mercedes James Cook 307D con nuestros aislantes t\u00e9rmicos oscurecedores de 9 capas, dise\u00f1ados meticulosamente para ofrecer el m\u00e1ximo rendimiento y protecci\u00f3n. &nbsp; Caracter\u00edsticas Destacadas: Eficiencia T\u00e9rmica Superior: Con 9 capas de aislamiento t\u00e9rmico, nuestros aislantes t\u00e9rmicos oscurecedores act\u00faan como una barrera eficaz contra el calor, manteniendo tu&hellip;&nbsp;<a href=\"https:\/\/m2camper.com\/de\/mercedes-james-cook-307d-verdunkelungs-warmeisolatoren\/\" rel=\"bookmark\">Mehr lesen &quot;<span class=\"screen-reader-text\">Mercedes James Cook 307D Verdunkelungs-W\u00e4rmeisolatoren<\/span><\/a><\/p>","protected":false},"featured_media":1520,"comment_status":"open","ping_status":"closed","template":"","meta":{"neve_meta_sidebar":"","neve_meta_container":"","neve_meta_enable_content_width":"","neve_meta_content_width":0,"neve_meta_title_alignment":"","neve_meta_author_avatar":"","neve_post_elements_order":"","neve_meta_disable_header":"","neve_meta_disable_footer":"","neve_meta_disable_title":""},"product_brand":[],"product_cat":[85,62,61],"product_tag":[],"class_list":{"0":"post-1519","1":"product","2":"type-product","3":"status-publish","4":"has-post-thumbnail","6":"product_cat-mercedes","7":"product_cat-aislantes","8":"product_cat-all-products","9":"pa_observaciones-divplos-plazos-de-entrega-pueden-variar-segun-fechas-de-comprapdiv","10":"pa_opciones-cabina","12":"first","13":"instock","14":"taxable","15":"shipping-taxable","16":"purchasable","17":"product-type-variable"},"yoast_head":"<!-- This site is optimized with the Yoast SEO plugin v27.5 - https:\/\/yoast.com\/product\/yoast-seo-wordpress\/ -->\n<title>Aislantes t\u00e9rmicos oscurecedores Mercedes James Cook 307D | M2Camper<\/title>\n<meta name=\"description\" content=\"Aumenta el confort en tu Mercedes James Cook 307D con nuestros aislantes t\u00e9rmicos oscurecedores de 9 capas. Disfruta de un viaje m\u00e1s placentero haga frio o calor.\" \/>\n<meta name=\"robots\" content=\"index, follow, max-snippet:-1, max-image-preview:large, max-video-preview:-1\" \/>\n<link rel=\"canonical\" href=\"https:\/\/m2camper.com\/de\/mercedes-james-cook-307d-verdunkelungs-warmeisolatoren\/\" \/>\n<meta property=\"og:locale\" content=\"de_DE\" \/>\n<meta property=\"og:type\" content=\"article\" \/>\n<meta property=\"og:title\" content=\"Aislantes t\u00e9rmicos oscurecedores Mercedes James Cook 307D | M2Camper\" \/>\n<meta property=\"og:description\" content=\"Aumenta el confort en tu Mercedes James Cook 307D con nuestros aislantes t\u00e9rmicos oscurecedores de 9 capas. Disfruta de un viaje m\u00e1s placentero haga frio o calor.\" \/>\n<meta property=\"og:url\" content=\"https:\/\/m2camper.com\/de\/mercedes-james-cook-307d-verdunkelungs-warmeisolatoren\/\" \/>\n<meta property=\"og:site_name\" content=\"M2 Camper | Aislantes t\u00e9rmicos y oscurecedores para campers\" \/>\n<meta property=\"article:modified_time\" content=\"2025-04-25T09:32:13+00:00\" \/>\n<meta property=\"og:image\" content=\"https:\/\/m2camper.com\/wp-content\/uploads\/2025\/01\/60c9aa_834deffcd14f4f378f92030591bcbbd6mv2.png\" \/>\n\t<meta property=\"og:image:width\" content=\"1023\" \/>\n\t<meta property=\"og:image:height\" content=\"767\" \/>\n\t<meta property=\"og:image:type\" content=\"image\/png\" \/>\n<meta name=\"twitter:card\" content=\"summary_large_image\" \/>\n<meta name=\"twitter:label1\" content=\"Gesch\u00e4tzte Lesezeit\" \/>\n\t<meta name=\"twitter:data1\" content=\"2\u00a0Minuten\" \/>\n<script type=\"application\/ld+json\" class=\"yoast-schema-graph\">{\"@context\":\"https:\\\/\\\/schema.org\",\"@graph\":[{\"@type\":\"WebPage\",\"@id\":\"https:\\\/\\\/m2camper.com\\\/aislantes-termicos-oscurecedores-mercedes-james-cook-307d\\\/\",\"url\":\"https:\\\/\\\/m2camper.com\\\/aislantes-termicos-oscurecedores-mercedes-james-cook-307d\\\/\",\"name\":\"Aislantes t\u00e9rmicos oscurecedores Mercedes James Cook 307D | M2Camper\",\"isPartOf\":{\"@id\":\"https:\\\/\\\/m2camper.com\\\/pt\\\/#website\"},\"primaryImageOfPage\":{\"@id\":\"https:\\\/\\\/m2camper.com\\\/aislantes-termicos-oscurecedores-mercedes-james-cook-307d\\\/#primaryimage\"},\"image\":{\"@id\":\"https:\\\/\\\/m2camper.com\\\/aislantes-termicos-oscurecedores-mercedes-james-cook-307d\\\/#primaryimage\"},\"thumbnailUrl\":\"https:\\\/\\\/m2camper.com\\\/wp-content\\\/uploads\\\/2025\\\/01\\\/60c9aa_834deffcd14f4f378f92030591bcbbd6mv2.png\",\"datePublished\":\"2022-12-12T13:52:58+00:00\",\"dateModified\":\"2025-04-25T09:32:13+00:00\",\"description\":\"Aumenta el confort en tu Mercedes James Cook 307D con nuestros aislantes t\u00e9rmicos oscurecedores de 9 capas. Disfruta de un viaje m\u00e1s placentero haga frio o calor.\",\"breadcrumb\":{\"@id\":\"https:\\\/\\\/m2camper.com\\\/aislantes-termicos-oscurecedores-mercedes-james-cook-307d\\\/#breadcrumb\"},\"inLanguage\":\"de\",\"potentialAction\":[{\"@type\":\"ReadAction\",\"target\":[\"https:\\\/\\\/m2camper.com\\\/aislantes-termicos-oscurecedores-mercedes-james-cook-307d\\\/\"]}]},{\"@type\":\"ImageObject\",\"inLanguage\":\"de\",\"@id\":\"https:\\\/\\\/m2camper.com\\\/aislantes-termicos-oscurecedores-mercedes-james-cook-307d\\\/#primaryimage\",\"url\":\"https:\\\/\\\/m2camper.com\\\/wp-content\\\/uploads\\\/2025\\\/01\\\/60c9aa_834deffcd14f4f378f92030591bcbbd6mv2.png\",\"contentUrl\":\"https:\\\/\\\/m2camper.com\\\/wp-content\\\/uploads\\\/2025\\\/01\\\/60c9aa_834deffcd14f4f378f92030591bcbbd6mv2.png\",\"width\":1023,\"height\":767},{\"@type\":\"BreadcrumbList\",\"@id\":\"https:\\\/\\\/m2camper.com\\\/aislantes-termicos-oscurecedores-mercedes-james-cook-307d\\\/#breadcrumb\",\"itemListElement\":[{\"@type\":\"ListItem\",\"position\":1,\"name\":\"Portada\",\"item\":\"https:\\\/\\\/m2camper.com\\\/pt\\\/\"},{\"@type\":\"ListItem\",\"position\":2,\"name\":\"Tienda\",\"item\":\"https:\\\/\\\/m2camper.com\\\/pt\\\/loja\\\/\"},{\"@type\":\"ListItem\",\"position\":3,\"name\":\"Aislantes t\u00e9rmicos oscurecedores Mercedes James Cook 307D\"}]},{\"@type\":\"WebSite\",\"@id\":\"https:\\\/\\\/m2camper.com\\\/pt\\\/#website\",\"url\":\"https:\\\/\\\/m2camper.com\\\/pt\\\/\",\"name\":\"M2 Campers | Aislantes t\u00e9rmicos y oscurecedores para campers\",\"description\":\"Descubre calidad y confort de nuestros aislantes t\u00e9rmicos oscurecedores y colchones para veh\u00edculos. Optimiza tu experiencia en carretera con M2 Camper.\",\"potentialAction\":[{\"@type\":\"SearchAction\",\"target\":{\"@type\":\"EntryPoint\",\"urlTemplate\":\"https:\\\/\\\/m2camper.com\\\/pt\\\/?s={search_term_string}\"},\"query-input\":{\"@type\":\"PropertyValueSpecification\",\"valueRequired\":true,\"valueName\":\"search_term_string\"}}],\"inLanguage\":\"de\"}]}<\/script>\n<!-- \/ Yoast SEO plugin. -->","yoast_head_json":{"title":"Aislantes t\u00e9rmicos oscurecedores Mercedes James Cook 307D | M2Camper","description":"Steigern Sie den Komfort Ihres Mercedes James Cook 307D mit unserer 9-lagigen Verdunkelungs-W\u00e4rmed\u00e4mmung. Genie\u00dfen Sie eine angenehmere Reise, egal ob es kalt oder hei\u00df ist.","robots":{"index":"index","follow":"follow","max-snippet":"max-snippet:-1","max-image-preview":"max-image-preview:large","max-video-preview":"max-video-preview:-1"},"canonical":"https:\/\/m2camper.com\/de\/mercedes-james-cook-307d-verdunkelungs-warmeisolatoren\/","og_locale":"de_DE","og_type":"article","og_title":"Aislantes t\u00e9rmicos oscurecedores Mercedes James Cook 307D | M2Camper","og_description":"Aumenta el confort en tu Mercedes James Cook 307D con nuestros aislantes t\u00e9rmicos oscurecedores de 9 capas. Disfruta de un viaje m\u00e1s placentero haga frio o calor.","og_url":"https:\/\/m2camper.com\/de\/mercedes-james-cook-307d-verdunkelungs-warmeisolatoren\/","og_site_name":"M2 Camper | Aislantes t\u00e9rmicos y oscurecedores para campers","article_modified_time":"2025-04-25T09:32:13+00:00","og_image":[{"width":1023,"height":767,"url":"https:\/\/m2camper.com\/wp-content\/uploads\/2025\/01\/60c9aa_834deffcd14f4f378f92030591bcbbd6mv2.png","type":"image\/png"}],"twitter_card":"summary_large_image","twitter_misc":{"Gesch\u00e4tzte Lesezeit":"2\u00a0Minuten"},"schema":{"@context":"https:\/\/schema.org","@graph":[{"@type":"WebPage","@id":"https:\/\/m2camper.com\/aislantes-termicos-oscurecedores-mercedes-james-cook-307d\/","url":"https:\/\/m2camper.com\/aislantes-termicos-oscurecedores-mercedes-james-cook-307d\/","name":"Aislantes t\u00e9rmicos oscurecedores Mercedes James Cook 307D | M2Camper","isPartOf":{"@id":"https:\/\/m2camper.com\/pt\/#website"},"primaryImageOfPage":{"@id":"https:\/\/m2camper.com\/aislantes-termicos-oscurecedores-mercedes-james-cook-307d\/#primaryimage"},"image":{"@id":"https:\/\/m2camper.com\/aislantes-termicos-oscurecedores-mercedes-james-cook-307d\/#primaryimage"},"thumbnailUrl":"https:\/\/m2camper.com\/wp-content\/uploads\/2025\/01\/60c9aa_834deffcd14f4f378f92030591bcbbd6mv2.png","datePublished":"2022-12-12T13:52:58+00:00","dateModified":"2025-04-25T09:32:13+00:00","description":"Steigern Sie den Komfort Ihres Mercedes James Cook 307D mit unserer 9-lagigen Verdunkelungs-W\u00e4rmed\u00e4mmung. Genie\u00dfen Sie eine angenehmere Reise, egal ob es kalt oder hei\u00df ist.","breadcrumb":{"@id":"https:\/\/m2camper.com\/aislantes-termicos-oscurecedores-mercedes-james-cook-307d\/#breadcrumb"},"inLanguage":"de","potentialAction":[{"@type":"ReadAction","target":["https:\/\/m2camper.com\/aislantes-termicos-oscurecedores-mercedes-james-cook-307d\/"]}]},{"@type":"ImageObject","inLanguage":"de","@id":"https:\/\/m2camper.com\/aislantes-termicos-oscurecedores-mercedes-james-cook-307d\/#primaryimage","url":"https:\/\/m2camper.com\/wp-content\/uploads\/2025\/01\/60c9aa_834deffcd14f4f378f92030591bcbbd6mv2.png","contentUrl":"https:\/\/m2camper.com\/wp-content\/uploads\/2025\/01\/60c9aa_834deffcd14f4f378f92030591bcbbd6mv2.png","width":1023,"height":767},{"@type":"BreadcrumbList","@id":"https:\/\/m2camper.com\/aislantes-termicos-oscurecedores-mercedes-james-cook-307d\/#breadcrumb","itemListElement":[{"@type":"ListItem","position":1,"name":"Portada","item":"https:\/\/m2camper.com\/pt\/"},{"@type":"ListItem","position":2,"name":"Tienda","item":"https:\/\/m2camper.com\/pt\/loja\/"},{"@type":"ListItem","position":3,"name":"Aislantes t\u00e9rmicos oscurecedores Mercedes James Cook 307D"}]},{"@type":"WebSite","@id":"https:\/\/m2camper.com\/pt\/#website","url":"https:\/\/m2camper.com\/pt\/","name":"M2 Wohnmobile | W\u00e4rmed\u00e4mmung und Verdunkelung f\u00fcr Camper","description":"Entdecken Sie die Qualit\u00e4t und den Komfort unserer w\u00e4rmeisolierenden Verdunkelungen und Matratzen f\u00fcr Fahrzeuge. Optimieren Sie Ihren Aufenthalt auf der Stra\u00dfe mit M2 Camper.","potentialAction":[{"@type":"SearchAction","target":{"@type":"EntryPoint","urlTemplate":"https:\/\/m2camper.com\/pt\/?s={search_term_string}"},"query-input":{"@type":"PropertyValueSpecification","valueRequired":true,"valueName":"search_term_string"}}],"inLanguage":"de"}]}},"_links":{"self":[{"href":"https:\/\/m2camper.com\/de\/wp-json\/wp\/v2\/product\/1519","targetHints":{"allow":["GET"]}}],"collection":[{"href":"https:\/\/m2camper.com\/de\/wp-json\/wp\/v2\/product"}],"about":[{"href":"https:\/\/m2camper.com\/de\/wp-json\/wp\/v2\/types\/product"}],"replies":[{"embeddable":true,"href":"https:\/\/m2camper.com\/de\/wp-json\/wp\/v2\/comments?post=1519"}],"wp:featuredmedia":[{"embeddable":true,"href":"https:\/\/m2camper.com\/de\/wp-json\/wp\/v2\/media\/1520"}],"wp:attachment":[{"href":"https:\/\/m2camper.com\/de\/wp-json\/wp\/v2\/media?parent=1519"}],"wp:term":[{"taxonomy":"product_brand","embeddable":true,"href":"https:\/\/m2camper.com\/de\/wp-json\/wp\/v2\/product_brand?post=1519"},{"taxonomy":"product_cat","embeddable":true,"href":"https:\/\/m2camper.com\/de\/wp-json\/wp\/v2\/product_cat?post=1519"},{"taxonomy":"product_tag","embeddable":true,"href":"https:\/\/m2camper.com\/de\/wp-json\/wp\/v2\/product_tag?post=1519"}],"curies":[{"name":"wp","href":"https:\/\/api.w.org\/{rel}","templated":true}]}}