{"id":11069,"date":"2025-01-26T18:33:40","date_gmt":"2025-01-26T18:33:40","guid":{"rendered":"https:\/\/ultbit.com\/m2camper\/?page_id=11069"},"modified":"2025-04-17T10:39:41","modified_gmt":"2025-04-17T10:39:41","slug":"verdunkelungsisolatoren-fur-fiat","status":"publish","type":"page","link":"https:\/\/m2camper.com\/de\/verdunkelungsisolatoren-fur-fiat\/","title":{"rendered":"Verdunkelungsisolatoren f\u00fcr Fiat"},"content":{"rendered":"<div data-elementor-type=\"wp-page\" data-elementor-id=\"11069\" class=\"elementor elementor-11069\" data-elementor-post-type=\"page\">\n\t\t\t\t\t\t<section class=\"elementor-section elementor-top-section elementor-element elementor-element-12a524b elementor-section-boxed elementor-section-height-default elementor-section-height-default\" data-id=\"12a524b\" data-element_type=\"section\" data-e-type=\"section\" data-settings=\"{&quot;background_background&quot;:&quot;classic&quot;}\">\n\t\t\t\t\t\t\t<div class=\"elementor-background-overlay\"><\/div>\n\t\t\t\t\t\t\t<div class=\"elementor-container elementor-column-gap-default\">\n\t\t\t\t\t<div class=\"elementor-column elementor-col-100 elementor-top-column elementor-element elementor-element-fcd61ff\" data-id=\"fcd61ff\" data-element_type=\"column\" data-e-type=\"column\">\n\t\t\t<div class=\"elementor-widget-wrap elementor-element-populated\">\n\t\t\t\t\t\t<section class=\"elementor-section elementor-inner-section elementor-element elementor-element-c7217c5 elementor-section-boxed elementor-section-height-default elementor-section-height-default\" data-id=\"c7217c5\" data-element_type=\"section\" data-e-type=\"section\">\n\t\t\t\t\t\t<div class=\"elementor-container elementor-column-gap-default\">\n\t\t\t\t\t<div class=\"elementor-column elementor-col-100 elementor-inner-column elementor-element elementor-element-a9625b2\" data-id=\"a9625b2\" data-element_type=\"column\" data-e-type=\"column\">\n\t\t\t<div class=\"elementor-widget-wrap elementor-element-populated\">\n\t\t\t\t\t\t\t<\/div>\n\t\t<\/div>\n\t\t\t\t\t<\/div>\n\t\t<\/section>\n\t\t\t\t\t<\/div>\n\t\t<\/div>\n\t\t\t\t\t<\/div>\n\t\t<\/section>\n\t\t\t\t<section class=\"elementor-section elementor-top-section elementor-element elementor-element-46432d8 elementor-section-boxed elementor-section-height-default elementor-section-height-default\" data-id=\"46432d8\" data-element_type=\"section\" data-e-type=\"section\" data-settings=\"{&quot;background_background&quot;:&quot;classic&quot;}\">\n\t\t\t\t\t\t\t<div class=\"elementor-background-overlay\"><\/div>\n\t\t\t\t\t\t\t<div class=\"elementor-container elementor-column-gap-default\">\n\t\t\t\t\t<div class=\"elementor-column elementor-col-100 elementor-top-column elementor-element elementor-element-adbb7cd elementor-invisible\" data-id=\"adbb7cd\" data-element_type=\"column\" data-e-type=\"column\" data-settings=\"{&quot;animation&quot;:&quot;fadeInLeft&quot;}\">\n\t\t\t<div class=\"elementor-widget-wrap elementor-element-populated\">\n\t\t\t\t<div class=\"elementor-element elementor-element-3d7fcf0 e-flex e-con-boxed e-con e-parent\" data-id=\"3d7fcf0\" data-element_type=\"container\" data-e-type=\"container\">\n\t\t\t\t\t<div class=\"e-con-inner\">\n\t\t<div class=\"elementor-element elementor-element-8721e65 e-con-full e-flex e-con e-child\" data-id=\"8721e65\" data-element_type=\"container\" data-e-type=\"container\">\n\t\t\t\t<div class=\"elementor-element elementor-element-3854079 elementor-widget elementor-widget-image\" data-id=\"3854079\" data-element_type=\"widget\" data-e-type=\"widget\" data-widget_type=\"image.default\">\n\t\t\t\t<div class=\"elementor-widget-container\">\n\t\t\t\t\t\t\t\t\t\t\t\t\t\t\t<img decoding=\"async\" width=\"69\" height=\"69\" src=\"https:\/\/m2camper.com\/wp-content\/uploads\/2025\/01\/4_4_11zon.png\" class=\"attachment-large size-large wp-image-10874\" alt=\"\" \/>\t\t\t\t\t\t\t\t\t\t\t\t\t\t\t<\/div>\n\t\t\t\t<\/div>\n\t\t\t\t<\/div>\n\t\t<div class=\"elementor-element elementor-element-ec1c3fe e-con-full e-flex e-con e-child\" data-id=\"ec1c3fe\" data-element_type=\"container\" data-e-type=\"container\">\n\t\t\t\t<div class=\"elementor-element elementor-element-e526ce4 elementor-widget elementor-widget-text-editor\" data-id=\"e526ce4\" data-element_type=\"widget\" data-e-type=\"widget\" data-widget_type=\"text-editor.default\">\n\t\t\t\t<div class=\"elementor-widget-container\">\n\t\t\t\t\t\t\t\t\t<p>Erkunden Sie die Welt mit Ihrem Fiat und bringen Sie Ihr Reiseerlebnis auf die n\u00e4chste Stufe mit unseren 9-lagigen Verdunkelungs-W\u00e4rmeisolatoren, die speziell f\u00fcr Fiat-Fahrzeuge entwickelt wurden. In unserem Gesch\u00e4ft bieten wir Ihnen mit Leidenschaft L\u00f6sungen an, die Ihr Fahrzeug in eine Oase des Komforts und der Privatsph\u00e4re verwandeln.<\/p><p><strong>Individuell gestaltete Wohnmobile<\/strong><br \/>Wir wissen, dass jedes Fiat-Modell einzigartig ist. Deshalb bieten wir ma\u00dfgeschneiderte L\u00f6sungen zur Verbesserung Ihres Fahrkomforts. Entdecken Sie unser Sortiment an Produkten, die speziell f\u00fcr Ihr Fahrzeug entwickelt wurden und eine perfekte Passform gew\u00e4hrleisten.<\/p><p><strong>Vorteile unserer Produkte<\/strong><\/p><ul><li><strong>Sonderanfertigung:<\/strong> Unsere Produkte sind speziell f\u00fcr Fiat-Modelle konzipiert und gew\u00e4hrleisten eine perfekte Passform und ein elegantes Erscheinungsbild.<\/li><li><strong>\u00dcberlegene W\u00e4rmed\u00e4mmung:<\/strong> Erleben Sie au\u00dfergew\u00f6hnlichen W\u00e4rmekomfort mit unseren hochwertigen Verdunkelungs-W\u00e4rmeisolatoren.<\/li><li><strong>Einfache Installation:<\/strong> Unsere Produkte lassen sich dank des aufschraubbaren Saugnapfsystems ganz einfach installieren.<\/li><\/ul>\t\t\t\t\t\t\t\t<\/div>\n\t\t\t\t<\/div>\n\t\t\t\t<\/div>\n\t\t\t\t\t<\/div>\n\t\t\t\t<\/div>\n\t\t\t\t\t<\/div>\n\t\t<\/div>\n\t\t\t\t\t<\/div>\n\t\t<\/section>\n\t\t<div class=\"elementor-element elementor-element-4cb6bf6 e-con-full e-flex e-con e-parent\" data-id=\"4cb6bf6\" data-element_type=\"container\" data-e-type=\"container\" data-settings=\"{&quot;background_background&quot;:&quot;classic&quot;}\">\n\t\t<div class=\"elementor-element elementor-element-c92a320 e-con-full elementor-hidden-tablet elementor-hidden-mobile e-flex e-con e-child\" data-id=\"c92a320\" data-element_type=\"container\" data-e-type=\"container\">\n\t\t\t\t<div class=\"elementor-element elementor-element-6cb4bc8 elementor-hidden-tablet elementor-hidden-mobile elementor-widget elementor-widget-elementskit-page-list\" data-id=\"6cb4bc8\" data-element_type=\"widget\" data-e-type=\"widget\" data-widget_type=\"elementskit-page-list.default\">\n\t\t\t\t<div class=\"elementor-widget-container\">\n\t\t\t\t\t<div class=\"ekit-wid-con\" >\t\t<div class=\"elementor-icon-list-items\">\n\t\t\t\t\t\t\t<div class=\"elementor-icon-list-item\">\n\t\t\t\t\t\t<a class=\"elementor-repeater-item-d0811d6 ekit_badge_left\" href=\"https:\/\/m2camper.com\/de\/verdunkelungsisolatoren-fur-audi\/\">\n\t\t\t\t\t\t\t<div class=\"ekit_page_list_content\">\n\t\t\t\t\t\t\t\t\t\t\t\t\t\t\t\t<span class=\"elementor-icon-list-text\">\n\t\t\t\t\t\t\t\t\t<span class=\"ekit_page_list_title_title\">Audi<\/span>\n\t\t\t\t\t\t\t\t\t\t\t\t\t\t\t\t\t<\/span>\n\t\t\t\t\t\t\t<\/div>\n\t\t\t\t\t\t\t\t\t\t\t\t\t<\/a>\n\t\t\t\t\t<\/div>\n\t\t\t\t\t\t\t\t<div class=\"elementor-icon-list-item\">\n\t\t\t\t\t\t<a class=\"elementor-repeater-item-ea8a091 ekit_badge_left\" href=\"https:\/\/m2camper.com\/de\/verdunkelungsisolatoren-fur-bmw\/\">\n\t\t\t\t\t\t\t<div class=\"ekit_page_list_content\">\n\t\t\t\t\t\t\t\t\t\t\t\t\t\t\t\t<span class=\"elementor-icon-list-text\">\n\t\t\t\t\t\t\t\t\t<span class=\"ekit_page_list_title_title\">BMW<\/span>\n\t\t\t\t\t\t\t\t\t\t\t\t\t\t\t\t\t<\/span>\n\t\t\t\t\t\t\t<\/div>\n\t\t\t\t\t\t\t\t\t\t\t\t\t<\/a>\n\t\t\t\t\t<\/div>\n\t\t\t\t\t\t\t\t<div class=\"elementor-icon-list-item\">\n\t\t\t\t\t\t<a class=\"elementor-repeater-item-172e267 ekit_badge_left\" href=\"https:\/\/m2camper.com\/de\/verdunkelungsisolatoren-fur-chevrolet\/\">\n\t\t\t\t\t\t\t<div class=\"ekit_page_list_content\">\n\t\t\t\t\t\t\t\t\t\t\t\t\t\t\t\t<span class=\"elementor-icon-list-text\">\n\t\t\t\t\t\t\t\t\t<span class=\"ekit_page_list_title_title\">Chevrolet<\/span>\n\t\t\t\t\t\t\t\t\t\t\t\t\t\t\t\t\t<\/span>\n\t\t\t\t\t\t\t<\/div>\n\t\t\t\t\t\t\t\t\t\t\t\t\t<\/a>\n\t\t\t\t\t<\/div>\n\t\t\t\t\t\t\t\t<div class=\"elementor-icon-list-item\">\n\t\t\t\t\t\t<a class=\"elementor-repeater-item-efd62c3 ekit_badge_left\" href=\"https:\/\/m2camper.com\/de\/verdunkelungsisolatoren-fur-chrysler\/\">\n\t\t\t\t\t\t\t<div class=\"ekit_page_list_content\">\n\t\t\t\t\t\t\t\t\t\t\t\t\t\t\t\t<span class=\"elementor-icon-list-text\">\n\t\t\t\t\t\t\t\t\t<span class=\"ekit_page_list_title_title\">Chrysler<\/span>\n\t\t\t\t\t\t\t\t\t\t\t\t\t\t\t\t\t<\/span>\n\t\t\t\t\t\t\t<\/div>\n\t\t\t\t\t\t\t\t\t\t\t\t\t<\/a>\n\t\t\t\t\t<\/div>\n\t\t\t\t\t\t\t\t<div class=\"elementor-icon-list-item\">\n\t\t\t\t\t\t<a class=\"elementor-repeater-item-72021d8 ekit_badge_left\" href=\"https:\/\/m2camper.com\/de\/verdunkelungsisolatoren-fur-citroen\/\">\n\t\t\t\t\t\t\t<div class=\"ekit_page_list_content\">\n\t\t\t\t\t\t\t\t\t\t\t\t\t\t\t\t<span class=\"elementor-icon-list-text\">\n\t\t\t\t\t\t\t\t\t<span class=\"ekit_page_list_title_title\">Citro\u00ebn<\/span>\n\t\t\t\t\t\t\t\t\t\t\t\t\t\t\t\t\t<\/span>\n\t\t\t\t\t\t\t<\/div>\n\t\t\t\t\t\t\t\t\t\t\t\t\t<\/a>\n\t\t\t\t\t<\/div>\n\t\t\t\t\t\t\t\t<div class=\"elementor-icon-list-item\">\n\t\t\t\t\t\t<a class=\"elementor-repeater-item-cb33de3 ekit_badge_left\" href=\"https:\/\/m2camper.com\/de\/verdunkelungsisolatoren-fur-dacia\/\">\n\t\t\t\t\t\t\t<div class=\"ekit_page_list_content\">\n\t\t\t\t\t\t\t\t\t\t\t\t\t\t\t\t<span class=\"elementor-icon-list-text\">\n\t\t\t\t\t\t\t\t\t<span class=\"ekit_page_list_title_title\">Dacia<\/span>\n\t\t\t\t\t\t\t\t\t\t\t\t\t\t\t\t\t<\/span>\n\t\t\t\t\t\t\t<\/div>\n\t\t\t\t\t\t\t\t\t\t\t\t\t<\/a>\n\t\t\t\t\t<\/div>\n\t\t\t\t\t\t\t\t<div class=\"elementor-icon-list-item\">\n\t\t\t\t\t\t<a class=\"elementor-repeater-item-1b65a80 ekit_badge_left\" href=\"https:\/\/m2camper.com\/de\/verdunkelungsisolatoren-fur-fiat\/\">\n\t\t\t\t\t\t\t<div class=\"ekit_page_list_content\">\n\t\t\t\t\t\t\t\t\t\t\t\t\t\t\t\t<span class=\"elementor-icon-list-text\">\n\t\t\t\t\t\t\t\t\t<span class=\"ekit_page_list_title_title\">Fiat<\/span>\n\t\t\t\t\t\t\t\t\t\t\t\t\t\t\t\t\t<\/span>\n\t\t\t\t\t\t\t<\/div>\n\t\t\t\t\t\t\t\t\t\t\t\t\t<\/a>\n\t\t\t\t\t<\/div>\n\t\t\t\t\t\t\t\t<div class=\"elementor-icon-list-item\">\n\t\t\t\t\t\t<a class=\"elementor-repeater-item-7308ca1 ekit_badge_left\" href=\"https:\/\/m2camper.com\/de\/verdunkelungsisolatoren-fur-ford\/\">\n\t\t\t\t\t\t\t<div class=\"ekit_page_list_content\">\n\t\t\t\t\t\t\t\t\t\t\t\t\t\t\t\t<span class=\"elementor-icon-list-text\">\n\t\t\t\t\t\t\t\t\t<span class=\"ekit_page_list_title_title\">Ford<\/span>\n\t\t\t\t\t\t\t\t\t\t\t\t\t\t\t\t\t<\/span>\n\t\t\t\t\t\t\t<\/div>\n\t\t\t\t\t\t\t\t\t\t\t\t\t<\/a>\n\t\t\t\t\t<\/div>\n\t\t\t\t\t\t\t\t<div class=\"elementor-icon-list-item\">\n\t\t\t\t\t\t<a class=\"elementor-repeater-item-d05c877 ekit_badge_left\" href=\"https:\/\/m2camper.com\/de\/verdunkelungsisolatoren-fur-honda\/\">\n\t\t\t\t\t\t\t<div class=\"ekit_page_list_content\">\n\t\t\t\t\t\t\t\t\t\t\t\t\t\t\t\t<span class=\"elementor-icon-list-text\">\n\t\t\t\t\t\t\t\t\t<span class=\"ekit_page_list_title_title\">Honda<\/span>\n\t\t\t\t\t\t\t\t\t\t\t\t\t\t\t\t\t<\/span>\n\t\t\t\t\t\t\t<\/div>\n\t\t\t\t\t\t\t\t\t\t\t\t\t<\/a>\n\t\t\t\t\t<\/div>\n\t\t\t\t\t\t\t\t<div class=\"elementor-icon-list-item\">\n\t\t\t\t\t\t<a class=\"elementor-repeater-item-ea070ed ekit_badge_left\" href=\"https:\/\/m2camper.com\/de\/verdunkelungsisolatoren-fur-hymer\/\">\n\t\t\t\t\t\t\t<div class=\"ekit_page_list_content\">\n\t\t\t\t\t\t\t\t\t\t\t\t\t\t\t\t<span class=\"elementor-icon-list-text\">\n\t\t\t\t\t\t\t\t\t<span class=\"ekit_page_list_title_title\">Hymer<\/span>\n\t\t\t\t\t\t\t\t\t\t\t\t\t\t\t\t\t<\/span>\n\t\t\t\t\t\t\t<\/div>\n\t\t\t\t\t\t\t\t\t\t\t\t\t<\/a>\n\t\t\t\t\t<\/div>\n\t\t\t\t\t\t\t\t<div class=\"elementor-icon-list-item\">\n\t\t\t\t\t\t<a class=\"elementor-repeater-item-9912345 ekit_badge_left\" href=\"https:\/\/m2camper.com\/de\/verdunkelungsisolatoren-fur-hyundai\/\">\n\t\t\t\t\t\t\t<div class=\"ekit_page_list_content\">\n\t\t\t\t\t\t\t\t\t\t\t\t\t\t\t\t<span class=\"elementor-icon-list-text\">\n\t\t\t\t\t\t\t\t\t<span class=\"ekit_page_list_title_title\">Hyundai<\/span>\n\t\t\t\t\t\t\t\t\t\t\t\t\t\t\t\t\t<\/span>\n\t\t\t\t\t\t\t<\/div>\n\t\t\t\t\t\t\t\t\t\t\t\t\t<\/a>\n\t\t\t\t\t<\/div>\n\t\t\t\t\t\t\t\t<div class=\"elementor-icon-list-item\">\n\t\t\t\t\t\t<a class=\"elementor-repeater-item-d31a97c ekit_badge_left\" href=\"https:\/\/m2camper.com\/de\/verdunkelungsisolatoren-fur-iveco\/\">\n\t\t\t\t\t\t\t<div class=\"ekit_page_list_content\">\n\t\t\t\t\t\t\t\t\t\t\t\t\t\t\t\t<span class=\"elementor-icon-list-text\">\n\t\t\t\t\t\t\t\t\t<span class=\"ekit_page_list_title_title\">Iveco<\/span>\n\t\t\t\t\t\t\t\t\t\t\t\t\t\t\t\t\t<\/span>\n\t\t\t\t\t\t\t<\/div>\n\t\t\t\t\t\t\t\t\t\t\t\t\t<\/a>\n\t\t\t\t\t<\/div>\n\t\t\t\t\t\t\t\t<div class=\"elementor-icon-list-item\">\n\t\t\t\t\t\t<a class=\"elementor-repeater-item-a6b942a ekit_badge_left\" href=\"https:\/\/m2camper.com\/de\/verdunkelungsisolatoren-fur-jeep\/\">\n\t\t\t\t\t\t\t<div class=\"ekit_page_list_content\">\n\t\t\t\t\t\t\t\t\t\t\t\t\t\t\t\t<span class=\"elementor-icon-list-text\">\n\t\t\t\t\t\t\t\t\t<span class=\"ekit_page_list_title_title\">Jeep<\/span>\n\t\t\t\t\t\t\t\t\t\t\t\t\t\t\t\t\t<\/span>\n\t\t\t\t\t\t\t<\/div>\n\t\t\t\t\t\t\t\t\t\t\t\t\t<\/a>\n\t\t\t\t\t<\/div>\n\t\t\t\t\t\t\t\t<div class=\"elementor-icon-list-item\">\n\t\t\t\t\t\t<a class=\"elementor-repeater-item-02af42a ekit_badge_left\" href=\"https:\/\/m2camper.com\/de\/verdunkelungsisolatoren-fur-land-rover\/\">\n\t\t\t\t\t\t\t<div class=\"ekit_page_list_content\">\n\t\t\t\t\t\t\t\t\t\t\t\t\t\t\t\t<span class=\"elementor-icon-list-text\">\n\t\t\t\t\t\t\t\t\t<span class=\"ekit_page_list_title_title\">Land Rover<\/span>\n\t\t\t\t\t\t\t\t\t\t\t\t\t\t\t\t\t<\/span>\n\t\t\t\t\t\t\t<\/div>\n\t\t\t\t\t\t\t\t\t\t\t\t\t<\/a>\n\t\t\t\t\t<\/div>\n\t\t\t\t\t\t\t\t<div class=\"elementor-icon-list-item\">\n\t\t\t\t\t\t<a class=\"elementor-repeater-item-85661e4 ekit_badge_left\" href=\"https:\/\/m2camper.com\/de\/verdunkelungsisolatoren-fur-kia\/\">\n\t\t\t\t\t\t\t<div class=\"ekit_page_list_content\">\n\t\t\t\t\t\t\t\t\t\t\t\t\t\t\t\t<span class=\"elementor-icon-list-text\">\n\t\t\t\t\t\t\t\t\t<span class=\"ekit_page_list_title_title\">Kia<\/span>\n\t\t\t\t\t\t\t\t\t\t\t\t\t\t\t\t\t<\/span>\n\t\t\t\t\t\t\t<\/div>\n\t\t\t\t\t\t\t\t\t\t\t\t\t<\/a>\n\t\t\t\t\t<\/div>\n\t\t\t\t\t\t\t\t<div class=\"elementor-icon-list-item\">\n\t\t\t\t\t\t<a class=\"elementor-repeater-item-10929c4 ekit_badge_left\" href=\"https:\/\/m2camper.com\/de\/blackout-isolatoren-fur-mahindra\/\">\n\t\t\t\t\t\t\t<div class=\"ekit_page_list_content\">\n\t\t\t\t\t\t\t\t\t\t\t\t\t\t\t\t<span class=\"elementor-icon-list-text\">\n\t\t\t\t\t\t\t\t\t<span class=\"ekit_page_list_title_title\">Mahindra<\/span>\n\t\t\t\t\t\t\t\t\t\t\t\t\t\t\t\t\t<\/span>\n\t\t\t\t\t\t\t<\/div>\n\t\t\t\t\t\t\t\t\t\t\t\t\t<\/a>\n\t\t\t\t\t<\/div>\n\t\t\t\t\t\t\t\t<div class=\"elementor-icon-list-item\">\n\t\t\t\t\t\t<a class=\"elementor-repeater-item-78a6604 ekit_badge_left\" href=\"https:\/\/m2camper.com\/de\/verdunkelungsisolatoren-fur-die-hande\/\">\n\t\t\t\t\t\t\t<div class=\"ekit_page_list_content\">\n\t\t\t\t\t\t\t\t\t\t\t\t\t\t\t\t<span class=\"elementor-icon-list-text\">\n\t\t\t\t\t\t\t\t\t<span class=\"ekit_page_list_title_title\">MAN<\/span>\n\t\t\t\t\t\t\t\t\t\t\t\t\t\t\t\t\t<\/span>\n\t\t\t\t\t\t\t<\/div>\n\t\t\t\t\t\t\t\t\t\t\t\t\t<\/a>\n\t\t\t\t\t<\/div>\n\t\t\t\t\t\t\t\t<div class=\"elementor-icon-list-item\">\n\t\t\t\t\t\t<a class=\"elementor-repeater-item-7b1a506 ekit_badge_left\" href=\"https:\/\/m2camper.com\/de\/verdunkelungsisolatoren-fur-maxus\/\">\n\t\t\t\t\t\t\t<div class=\"ekit_page_list_content\">\n\t\t\t\t\t\t\t\t\t\t\t\t\t\t\t\t<span class=\"elementor-icon-list-text\">\n\t\t\t\t\t\t\t\t\t<span class=\"ekit_page_list_title_title\">Maxus<\/span>\n\t\t\t\t\t\t\t\t\t\t\t\t\t\t\t\t\t<\/span>\n\t\t\t\t\t\t\t<\/div>\n\t\t\t\t\t\t\t\t\t\t\t\t\t<\/a>\n\t\t\t\t\t<\/div>\n\t\t\t\t\t\t\t\t<div class=\"elementor-icon-list-item\">\n\t\t\t\t\t\t<a class=\"elementor-repeater-item-2383061 ekit_badge_left\" href=\"https:\/\/m2camper.com\/de\/verdunkelungsisolatoren-fur-mazda\/\">\n\t\t\t\t\t\t\t<div class=\"ekit_page_list_content\">\n\t\t\t\t\t\t\t\t\t\t\t\t\t\t\t\t<span class=\"elementor-icon-list-text\">\n\t\t\t\t\t\t\t\t\t<span class=\"ekit_page_list_title_title\">Mazda<\/span>\n\t\t\t\t\t\t\t\t\t\t\t\t\t\t\t\t\t<\/span>\n\t\t\t\t\t\t\t<\/div>\n\t\t\t\t\t\t\t\t\t\t\t\t\t<\/a>\n\t\t\t\t\t<\/div>\n\t\t\t\t\t\t\t\t<div class=\"elementor-icon-list-item\">\n\t\t\t\t\t\t<a class=\"elementor-repeater-item-3c64da2 ekit_badge_left\" href=\"https:\/\/m2camper.com\/de\/verdunkelungsisolatoren-fur-mercedes\/\">\n\t\t\t\t\t\t\t<div class=\"ekit_page_list_content\">\n\t\t\t\t\t\t\t\t\t\t\t\t\t\t\t\t<span class=\"elementor-icon-list-text\">\n\t\t\t\t\t\t\t\t\t<span class=\"ekit_page_list_title_title\">Mercedes<\/span>\n\t\t\t\t\t\t\t\t\t\t\t\t\t\t\t\t\t<\/span>\n\t\t\t\t\t\t\t<\/div>\n\t\t\t\t\t\t\t\t\t\t\t\t\t<\/a>\n\t\t\t\t\t<\/div>\n\t\t\t\t\t\t\t\t<div class=\"elementor-icon-list-item\">\n\t\t\t\t\t\t<a class=\"elementor-repeater-item-8389c31 ekit_badge_left\" href=\"https:\/\/m2camper.com\/de\/verdunkelungsisolatoren-fur-mitsubishi\/\">\n\t\t\t\t\t\t\t<div class=\"ekit_page_list_content\">\n\t\t\t\t\t\t\t\t\t\t\t\t\t\t\t\t<span class=\"elementor-icon-list-text\">\n\t\t\t\t\t\t\t\t\t<span class=\"ekit_page_list_title_title\">Mitsubishi<\/span>\n\t\t\t\t\t\t\t\t\t\t\t\t\t\t\t\t\t<\/span>\n\t\t\t\t\t\t\t<\/div>\n\t\t\t\t\t\t\t\t\t\t\t\t\t<\/a>\n\t\t\t\t\t<\/div>\n\t\t\t\t\t\t\t\t<div class=\"elementor-icon-list-item\">\n\t\t\t\t\t\t<a class=\"elementor-repeater-item-1b36eb5 ekit_badge_left\" href=\"https:\/\/m2camper.com\/de\/verdunkelungsisolatoren-fur-nissan\/\">\n\t\t\t\t\t\t\t<div class=\"ekit_page_list_content\">\n\t\t\t\t\t\t\t\t\t\t\t\t\t\t\t\t<span class=\"elementor-icon-list-text\">\n\t\t\t\t\t\t\t\t\t<span class=\"ekit_page_list_title_title\">Nissan<\/span>\n\t\t\t\t\t\t\t\t\t\t\t\t\t\t\t\t\t<\/span>\n\t\t\t\t\t\t\t<\/div>\n\t\t\t\t\t\t\t\t\t\t\t\t\t<\/a>\n\t\t\t\t\t<\/div>\n\t\t\t\t\t\t\t\t<div class=\"elementor-icon-list-item\">\n\t\t\t\t\t\t<a class=\"elementor-repeater-item-5ca25b5 ekit_badge_left\" href=\"https:\/\/m2camper.com\/de\/verdunkelungsisolatoren-fur-opel\/\">\n\t\t\t\t\t\t\t<div class=\"ekit_page_list_content\">\n\t\t\t\t\t\t\t\t\t\t\t\t\t\t\t\t<span class=\"elementor-icon-list-text\">\n\t\t\t\t\t\t\t\t\t<span class=\"ekit_page_list_title_title\">Opel<\/span>\n\t\t\t\t\t\t\t\t\t\t\t\t\t\t\t\t\t<\/span>\n\t\t\t\t\t\t\t<\/div>\n\t\t\t\t\t\t\t\t\t\t\t\t\t<\/a>\n\t\t\t\t\t<\/div>\n\t\t\t\t\t\t\t\t<div class=\"elementor-icon-list-item\">\n\t\t\t\t\t\t<a class=\"elementor-repeater-item-1c8dc86 ekit_badge_left\" href=\"https:\/\/m2camper.com\/de\/verdunkelungsisolatoren-fur-peugeot\/\">\n\t\t\t\t\t\t\t<div class=\"ekit_page_list_content\">\n\t\t\t\t\t\t\t\t\t\t\t\t\t\t\t\t<span class=\"elementor-icon-list-text\">\n\t\t\t\t\t\t\t\t\t<span class=\"ekit_page_list_title_title\">Peugeot<\/span>\n\t\t\t\t\t\t\t\t\t\t\t\t\t\t\t\t\t<\/span>\n\t\t\t\t\t\t\t<\/div>\n\t\t\t\t\t\t\t\t\t\t\t\t\t<\/a>\n\t\t\t\t\t<\/div>\n\t\t\t\t\t\t\t\t<div class=\"elementor-icon-list-item\">\n\t\t\t\t\t\t<a class=\"elementor-repeater-item-b9fbdc9 ekit_badge_left\" href=\"https:\/\/m2camper.com\/de\/verdunkelungsisolatoren-fur-porsche\/\">\n\t\t\t\t\t\t\t<div class=\"ekit_page_list_content\">\n\t\t\t\t\t\t\t\t\t\t\t\t\t\t\t\t<span class=\"elementor-icon-list-text\">\n\t\t\t\t\t\t\t\t\t<span class=\"ekit_page_list_title_title\">Porsche<\/span>\n\t\t\t\t\t\t\t\t\t\t\t\t\t\t\t\t\t<\/span>\n\t\t\t\t\t\t\t<\/div>\n\t\t\t\t\t\t\t\t\t\t\t\t\t<\/a>\n\t\t\t\t\t<\/div>\n\t\t\t\t\t\t\t\t<div class=\"elementor-icon-list-item\">\n\t\t\t\t\t\t<a class=\"elementor-repeater-item-81459e4 ekit_badge_left\" href=\"https:\/\/m2camper.com\/de\/verdunkelungsisolatoren-fur-renault\/\">\n\t\t\t\t\t\t\t<div class=\"ekit_page_list_content\">\n\t\t\t\t\t\t\t\t\t\t\t\t\t\t\t\t<span class=\"elementor-icon-list-text\">\n\t\t\t\t\t\t\t\t\t<span class=\"ekit_page_list_title_title\">Renault<\/span>\n\t\t\t\t\t\t\t\t\t\t\t\t\t\t\t\t\t<\/span>\n\t\t\t\t\t\t\t<\/div>\n\t\t\t\t\t\t\t\t\t\t\t\t\t<\/a>\n\t\t\t\t\t<\/div>\n\t\t\t\t\t\t\t\t<div class=\"elementor-icon-list-item\">\n\t\t\t\t\t\t<a class=\"elementor-repeater-item-cb0323b ekit_badge_left\" href=\"https:\/\/m2camper.com\/de\/verdunkelungsisolatoren-fur-scania\/\">\n\t\t\t\t\t\t\t<div class=\"ekit_page_list_content\">\n\t\t\t\t\t\t\t\t\t\t\t\t\t\t\t\t<span class=\"elementor-icon-list-text\">\n\t\t\t\t\t\t\t\t\t<span class=\"ekit_page_list_title_title\">Scania<\/span>\n\t\t\t\t\t\t\t\t\t\t\t\t\t\t\t\t\t<\/span>\n\t\t\t\t\t\t\t<\/div>\n\t\t\t\t\t\t\t\t\t\t\t\t\t<\/a>\n\t\t\t\t\t<\/div>\n\t\t\t\t\t\t\t\t<div class=\"elementor-icon-list-item\">\n\t\t\t\t\t\t<a class=\"elementor-repeater-item-1aac998 ekit_badge_left\" href=\"https:\/\/m2camper.com\/de\/verdunkelungsisolatoren-fur-seat\/\">\n\t\t\t\t\t\t\t<div class=\"ekit_page_list_content\">\n\t\t\t\t\t\t\t\t\t\t\t\t\t\t\t\t<span class=\"elementor-icon-list-text\">\n\t\t\t\t\t\t\t\t\t<span class=\"ekit_page_list_title_title\">Seat<\/span>\n\t\t\t\t\t\t\t\t\t\t\t\t\t\t\t\t\t<\/span>\n\t\t\t\t\t\t\t<\/div>\n\t\t\t\t\t\t\t\t\t\t\t\t\t<\/a>\n\t\t\t\t\t<\/div>\n\t\t\t\t\t\t\t\t<div class=\"elementor-icon-list-item\">\n\t\t\t\t\t\t<a class=\"elementor-repeater-item-36beee6 ekit_badge_left\" href=\"https:\/\/m2camper.com\/de\/verdunkelungsisolatoren-fur-skoda\/\">\n\t\t\t\t\t\t\t<div class=\"ekit_page_list_content\">\n\t\t\t\t\t\t\t\t\t\t\t\t\t\t\t\t<span class=\"elementor-icon-list-text\">\n\t\t\t\t\t\t\t\t\t<span class=\"ekit_page_list_title_title\">Skoda<\/span>\n\t\t\t\t\t\t\t\t\t\t\t\t\t\t\t\t\t<\/span>\n\t\t\t\t\t\t\t<\/div>\n\t\t\t\t\t\t\t\t\t\t\t\t\t<\/a>\n\t\t\t\t\t<\/div>\n\t\t\t\t\t\t\t\t<div class=\"elementor-icon-list-item\">\n\t\t\t\t\t\t<a class=\"elementor-repeater-item-10f697d ekit_badge_left\" href=\"https:\/\/m2camper.com\/de\/verdunkelungsisolatoren-fur-ssangyong\/\">\n\t\t\t\t\t\t\t<div class=\"ekit_page_list_content\">\n\t\t\t\t\t\t\t\t\t\t\t\t\t\t\t\t<span class=\"elementor-icon-list-text\">\n\t\t\t\t\t\t\t\t\t<span class=\"ekit_page_list_title_title\">Ssangyong<\/span>\n\t\t\t\t\t\t\t\t\t\t\t\t\t\t\t\t\t<\/span>\n\t\t\t\t\t\t\t<\/div>\n\t\t\t\t\t\t\t\t\t\t\t\t\t<\/a>\n\t\t\t\t\t<\/div>\n\t\t\t\t\t\t\t\t<div class=\"elementor-icon-list-item\">\n\t\t\t\t\t\t<a class=\"elementor-repeater-item-4eb0074 ekit_badge_left\" href=\"https:\/\/m2camper.com\/de\/verdunkelungsisolatoren-fur-subaru\/\">\n\t\t\t\t\t\t\t<div class=\"ekit_page_list_content\">\n\t\t\t\t\t\t\t\t\t\t\t\t\t\t\t\t<span class=\"elementor-icon-list-text\">\n\t\t\t\t\t\t\t\t\t<span class=\"ekit_page_list_title_title\">Subaru<\/span>\n\t\t\t\t\t\t\t\t\t\t\t\t\t\t\t\t\t<\/span>\n\t\t\t\t\t\t\t<\/div>\n\t\t\t\t\t\t\t\t\t\t\t\t\t<\/a>\n\t\t\t\t\t<\/div>\n\t\t\t\t\t\t\t\t<div class=\"elementor-icon-list-item\">\n\t\t\t\t\t\t<a class=\"elementor-repeater-item-d3f4d60 ekit_badge_left\" href=\"https:\/\/m2camper.com\/de\/verdunkelungsisolatoren-fur-suzuki\/\">\n\t\t\t\t\t\t\t<div class=\"ekit_page_list_content\">\n\t\t\t\t\t\t\t\t\t\t\t\t\t\t\t\t<span class=\"elementor-icon-list-text\">\n\t\t\t\t\t\t\t\t\t<span class=\"ekit_page_list_title_title\">Suzuki<\/span>\n\t\t\t\t\t\t\t\t\t\t\t\t\t\t\t\t\t<\/span>\n\t\t\t\t\t\t\t<\/div>\n\t\t\t\t\t\t\t\t\t\t\t\t\t<\/a>\n\t\t\t\t\t<\/div>\n\t\t\t\t\t\t\t\t<div class=\"elementor-icon-list-item\">\n\t\t\t\t\t\t<a class=\"elementor-repeater-item-2e49d7f ekit_badge_left\" href=\"https:\/\/m2camper.com\/de\/verdunkelungsisolatoren-fur-toyota\/\">\n\t\t\t\t\t\t\t<div class=\"ekit_page_list_content\">\n\t\t\t\t\t\t\t\t\t\t\t\t\t\t\t\t<span class=\"elementor-icon-list-text\">\n\t\t\t\t\t\t\t\t\t<span class=\"ekit_page_list_title_title\">Toyota<\/span>\n\t\t\t\t\t\t\t\t\t\t\t\t\t\t\t\t\t<\/span>\n\t\t\t\t\t\t\t<\/div>\n\t\t\t\t\t\t\t\t\t\t\t\t\t<\/a>\n\t\t\t\t\t<\/div>\n\t\t\t\t\t\t\t\t<div class=\"elementor-icon-list-item\">\n\t\t\t\t\t\t<a class=\"elementor-repeater-item-3c58ebe ekit_badge_left\" href=\"https:\/\/m2camper.com\/de\/verdunkelungsisolatoren-fur-volkswagen\/\">\n\t\t\t\t\t\t\t<div class=\"ekit_page_list_content\">\n\t\t\t\t\t\t\t\t\t\t\t\t\t\t\t\t<span class=\"elementor-icon-list-text\">\n\t\t\t\t\t\t\t\t\t<span class=\"ekit_page_list_title_title\">Volkswagen<\/span>\n\t\t\t\t\t\t\t\t\t\t\t\t\t\t\t\t\t<\/span>\n\t\t\t\t\t\t\t<\/div>\n\t\t\t\t\t\t\t\t\t\t\t\t\t<\/a>\n\t\t\t\t\t<\/div>\n\t\t\t\t\t\t\t\t<div class=\"elementor-icon-list-item\">\n\t\t\t\t\t\t<a class=\"elementor-repeater-item-d5429e7 ekit_badge_left\" href=\"https:\/\/m2camper.com\/de\/verdunkelungsisolatoren-fur-volvo\/\">\n\t\t\t\t\t\t\t<div class=\"ekit_page_list_content\">\n\t\t\t\t\t\t\t\t\t\t\t\t\t\t\t\t<span class=\"elementor-icon-list-text\">\n\t\t\t\t\t\t\t\t\t<span class=\"ekit_page_list_title_title\">Volvo<\/span>\n\t\t\t\t\t\t\t\t\t\t\t\t\t\t\t\t\t<\/span>\n\t\t\t\t\t\t\t<\/div>\n\t\t\t\t\t\t\t\t\t\t\t\t\t<\/a>\n\t\t\t\t\t<\/div>\n\t\t\t\t\t\t<\/div>\n\t\t<\/div>\t\t\t\t<\/div>\n\t\t\t\t<\/div>\n\t\t\t\t<div class=\"elementor-element elementor-element-04bba11 elementor-icon-list--layout-traditional elementor-list-item-link-full_width elementor-widget elementor-widget-icon-list\" data-id=\"04bba11\" data-element_type=\"widget\" data-e-type=\"widget\" data-widget_type=\"icon-list.default\">\n\t\t\t\t<div class=\"elementor-widget-container\">\n\t\t\t\t\t\t\t<ul class=\"elementor-icon-list-items\">\n\t\t\t\t\t\t\t<li class=\"elementor-icon-list-item\">\n\t\t\t\t\t\t\t\t\t\t\t<a href=\"https:\/\/m2camper.com\/de\/saugnapfmuttern\/\">\n\n\t\t\t\t\t\t\t\t\t\t\t<span class=\"elementor-icon-list-text\">Saugn\u00e4pfe + Muttern<\/span>\n\t\t\t\t\t\t\t\t\t\t\t<\/a>\n\t\t\t\t\t\t\t\t\t<\/li>\n\t\t\t\t\t\t\t\t<li class=\"elementor-icon-list-item\">\n\t\t\t\t\t\t\t\t\t\t\t<a href=\"https:\/\/m2camper.com\/de\/warmeisolatoren-lose-teile-2\/\">\n\n\t\t\t\t\t\t\t\t\t\t\t<span class=\"elementor-icon-list-text\">W\u00e4rmeisolatoren, lose Teile<\/span>\n\t\t\t\t\t\t\t\t\t\t\t<\/a>\n\t\t\t\t\t\t\t\t\t<\/li>\n\t\t\t\t\t\t\t\t<li class=\"elementor-icon-list-item\">\n\t\t\t\t\t\t\t\t\t\t\t<a href=\"https:\/\/m2camper.com\/de\/taschen-2\/\">\n\n\t\t\t\t\t\t\t\t\t\t\t<span class=\"elementor-icon-list-text\">Taschen<\/span>\n\t\t\t\t\t\t\t\t\t\t\t<\/a>\n\t\t\t\t\t\t\t\t\t<\/li>\n\t\t\t\t\t\t<\/ul>\n\t\t\t\t\t\t<\/div>\n\t\t\t\t<\/div>\n\t\t\t\t<\/div>\n\t\t<div class=\"elementor-element elementor-element-e48e7e3 e-con-full e-flex e-con e-child\" data-id=\"e48e7e3\" data-element_type=\"container\" data-e-type=\"container\">\n\t\t<div class=\"elementor-element elementor-element-7d8aa44 e-con-full elementor-hidden-desktop e-flex e-con e-child\" data-id=\"7d8aa44\" data-element_type=\"container\" data-e-type=\"container\">\n\t\t\t\t<div class=\"elementor-element elementor-element-c72ea56 elementor-align-right elementor-widget elementor-widget-button\" data-id=\"c72ea56\" data-element_type=\"widget\" data-e-type=\"widget\" data-widget_type=\"button.default\">\n\t\t\t\t<div class=\"elementor-widget-container\">\n\t\t\t\t\t\t\t\t\t<div class=\"elementor-button-wrapper\">\n\t\t\t\t\t<a class=\"elementor-button elementor-button-link elementor-size-sm\" href=\"#elementor-action%3Aaction%3Doff_canvas%3Aopen%26settings%3DeyJpZCI6IjhiNDRlMTQiLCJkaXNwbGF5TW9kZSI6Im9wZW4ifQ%3D%3D\">\n\t\t\t\t\t\t<span class=\"elementor-button-content-wrapper\">\n\t\t\t\t\t\t<span class=\"elementor-button-icon\">\n\t\t\t\t<i aria-hidden=\"true\" class=\"ti-filter\"><\/i>\t\t\t<\/span>\n\t\t\t\t\t\t\t\t\t<span class=\"elementor-button-text\">Produkte filtern<\/span>\n\t\t\t\t\t<\/span>\n\t\t\t\t\t<\/a>\n\t\t\t\t<\/div>\n\t\t\t\t\t\t\t\t<\/div>\n\t\t\t\t<\/div>\n\t\t\t\t<div class=\"elementor-element elementor-element-8b44e14 elementor-widget elementor-widget-off-canvas\" data-id=\"8b44e14\" data-element_type=\"widget\" data-e-type=\"widget\" data-widget_type=\"off-canvas.default\">\n\t\t\t\t<div class=\"elementor-widget-container\">\n\t\t\t\t\t\t\t<div id=\"off-canvas-8b44e14\" class=\"e-off-canvas\" role=\"dialog\" aria-hidden=\"true\" aria-label=\"Au\u00dferhalb der Leinwand\" aria-modal=\"true\" inert=\"\" data-delay-child-handlers=\"true\">\n\t\t\t<div class=\"e-off-canvas__overlay\"><\/div>\n\t\t\t<div class=\"e-off-canvas__main\">\n\t\t\t\t<div class=\"e-off-canvas__content\">\n\t\t\t\t\t<div class=\"elementor-element elementor-element-3b45681 e-con-full e-flex e-con e-child\" data-id=\"3b45681\" data-element_type=\"container\" data-e-type=\"container\">\n\t\t<div class=\"elementor-element elementor-element-3fce415 e-con-full e-flex e-con e-child\" data-id=\"3fce415\" data-element_type=\"container\" data-e-type=\"container\">\n\t\t\t\t<div class=\"elementor-element elementor-element-842d540 elementor-widget elementor-widget-elementskit-page-list\" data-id=\"842d540\" data-element_type=\"widget\" data-e-type=\"widget\" data-widget_type=\"elementskit-page-list.default\">\n\t\t\t\t<div class=\"elementor-widget-container\">\n\t\t\t\t\t<div class=\"ekit-wid-con\" >\t\t<div class=\"elementor-icon-list-items\">\n\t\t\t\t\t\t\t<div class=\"elementor-icon-list-item\">\n\t\t\t\t\t\t<a class=\"elementor-repeater-item-d0811d6 ekit_badge_left\" href=\"https:\/\/m2camper.com\/de\/verdunkelungsisolatoren-fur-audi\/\">\n\t\t\t\t\t\t\t<div class=\"ekit_page_list_content\">\n\t\t\t\t\t\t\t\t\t\t\t\t\t\t\t\t<span class=\"elementor-icon-list-text\">\n\t\t\t\t\t\t\t\t\t<span class=\"ekit_page_list_title_title\">Audi<\/span>\n\t\t\t\t\t\t\t\t\t\t\t\t\t\t\t\t\t<\/span>\n\t\t\t\t\t\t\t<\/div>\n\t\t\t\t\t\t\t\t\t\t\t\t\t<\/a>\n\t\t\t\t\t<\/div>\n\t\t\t\t\t\t\t\t<div class=\"elementor-icon-list-item\">\n\t\t\t\t\t\t<a class=\"elementor-repeater-item-ea8a091 ekit_badge_left\" href=\"https:\/\/m2camper.com\/de\/verdunkelungsisolatoren-fur-bmw\/\">\n\t\t\t\t\t\t\t<div class=\"ekit_page_list_content\">\n\t\t\t\t\t\t\t\t\t\t\t\t\t\t\t\t<span class=\"elementor-icon-list-text\">\n\t\t\t\t\t\t\t\t\t<span class=\"ekit_page_list_title_title\">BMW<\/span>\n\t\t\t\t\t\t\t\t\t\t\t\t\t\t\t\t\t<\/span>\n\t\t\t\t\t\t\t<\/div>\n\t\t\t\t\t\t\t\t\t\t\t\t\t<\/a>\n\t\t\t\t\t<\/div>\n\t\t\t\t\t\t\t\t<div class=\"elementor-icon-list-item\">\n\t\t\t\t\t\t<a class=\"elementor-repeater-item-172e267 ekit_badge_left\" href=\"https:\/\/m2camper.com\/de\/verdunkelungsisolatoren-fur-chevrolet\/\">\n\t\t\t\t\t\t\t<div class=\"ekit_page_list_content\">\n\t\t\t\t\t\t\t\t\t\t\t\t\t\t\t\t<span class=\"elementor-icon-list-text\">\n\t\t\t\t\t\t\t\t\t<span class=\"ekit_page_list_title_title\">Chevrolet<\/span>\n\t\t\t\t\t\t\t\t\t\t\t\t\t\t\t\t\t<\/span>\n\t\t\t\t\t\t\t<\/div>\n\t\t\t\t\t\t\t\t\t\t\t\t\t<\/a>\n\t\t\t\t\t<\/div>\n\t\t\t\t\t\t\t\t<div class=\"elementor-icon-list-item\">\n\t\t\t\t\t\t<a class=\"elementor-repeater-item-efd62c3 ekit_badge_left\" href=\"https:\/\/m2camper.com\/de\/verdunkelungsisolatoren-fur-chrysler\/\">\n\t\t\t\t\t\t\t<div class=\"ekit_page_list_content\">\n\t\t\t\t\t\t\t\t\t\t\t\t\t\t\t\t<span class=\"elementor-icon-list-text\">\n\t\t\t\t\t\t\t\t\t<span class=\"ekit_page_list_title_title\">Chrysler<\/span>\n\t\t\t\t\t\t\t\t\t\t\t\t\t\t\t\t\t<\/span>\n\t\t\t\t\t\t\t<\/div>\n\t\t\t\t\t\t\t\t\t\t\t\t\t<\/a>\n\t\t\t\t\t<\/div>\n\t\t\t\t\t\t\t\t<div class=\"elementor-icon-list-item\">\n\t\t\t\t\t\t<a class=\"elementor-repeater-item-72021d8 ekit_badge_left\" href=\"https:\/\/m2camper.com\/de\/verdunkelungsisolatoren-fur-citroen\/\">\n\t\t\t\t\t\t\t<div class=\"ekit_page_list_content\">\n\t\t\t\t\t\t\t\t\t\t\t\t\t\t\t\t<span class=\"elementor-icon-list-text\">\n\t\t\t\t\t\t\t\t\t<span class=\"ekit_page_list_title_title\">Citro\u00ebn<\/span>\n\t\t\t\t\t\t\t\t\t\t\t\t\t\t\t\t\t<\/span>\n\t\t\t\t\t\t\t<\/div>\n\t\t\t\t\t\t\t\t\t\t\t\t\t<\/a>\n\t\t\t\t\t<\/div>\n\t\t\t\t\t\t\t\t<div class=\"elementor-icon-list-item\">\n\t\t\t\t\t\t<a class=\"elementor-repeater-item-cb33de3 ekit_badge_left\" href=\"https:\/\/m2camper.com\/de\/verdunkelungsisolatoren-fur-dacia\/\">\n\t\t\t\t\t\t\t<div class=\"ekit_page_list_content\">\n\t\t\t\t\t\t\t\t\t\t\t\t\t\t\t\t<span class=\"elementor-icon-list-text\">\n\t\t\t\t\t\t\t\t\t<span class=\"ekit_page_list_title_title\">Dacia<\/span>\n\t\t\t\t\t\t\t\t\t\t\t\t\t\t\t\t\t<\/span>\n\t\t\t\t\t\t\t<\/div>\n\t\t\t\t\t\t\t\t\t\t\t\t\t<\/a>\n\t\t\t\t\t<\/div>\n\t\t\t\t\t\t\t\t<div class=\"elementor-icon-list-item\">\n\t\t\t\t\t\t<a class=\"elementor-repeater-item-1b65a80 ekit_badge_left\" href=\"https:\/\/m2camper.com\/de\/verdunkelungsisolatoren-fur-fiat\/\">\n\t\t\t\t\t\t\t<div class=\"ekit_page_list_content\">\n\t\t\t\t\t\t\t\t\t\t\t\t\t\t\t\t<span class=\"elementor-icon-list-text\">\n\t\t\t\t\t\t\t\t\t<span class=\"ekit_page_list_title_title\">Fiat<\/span>\n\t\t\t\t\t\t\t\t\t\t\t\t\t\t\t\t\t<\/span>\n\t\t\t\t\t\t\t<\/div>\n\t\t\t\t\t\t\t\t\t\t\t\t\t<\/a>\n\t\t\t\t\t<\/div>\n\t\t\t\t\t\t\t\t<div class=\"elementor-icon-list-item\">\n\t\t\t\t\t\t<a class=\"elementor-repeater-item-7308ca1 ekit_badge_left\" href=\"https:\/\/m2camper.com\/de\/verdunkelungsisolatoren-fur-ford\/\">\n\t\t\t\t\t\t\t<div class=\"ekit_page_list_content\">\n\t\t\t\t\t\t\t\t\t\t\t\t\t\t\t\t<span class=\"elementor-icon-list-text\">\n\t\t\t\t\t\t\t\t\t<span class=\"ekit_page_list_title_title\">Ford<\/span>\n\t\t\t\t\t\t\t\t\t\t\t\t\t\t\t\t\t<\/span>\n\t\t\t\t\t\t\t<\/div>\n\t\t\t\t\t\t\t\t\t\t\t\t\t<\/a>\n\t\t\t\t\t<\/div>\n\t\t\t\t\t\t\t\t<div class=\"elementor-icon-list-item\">\n\t\t\t\t\t\t<a class=\"elementor-repeater-item-d05c877 ekit_badge_left\" href=\"https:\/\/m2camper.com\/de\/verdunkelungsisolatoren-fur-honda\/\">\n\t\t\t\t\t\t\t<div class=\"ekit_page_list_content\">\n\t\t\t\t\t\t\t\t\t\t\t\t\t\t\t\t<span class=\"elementor-icon-list-text\">\n\t\t\t\t\t\t\t\t\t<span class=\"ekit_page_list_title_title\">Honda<\/span>\n\t\t\t\t\t\t\t\t\t\t\t\t\t\t\t\t\t<\/span>\n\t\t\t\t\t\t\t<\/div>\n\t\t\t\t\t\t\t\t\t\t\t\t\t<\/a>\n\t\t\t\t\t<\/div>\n\t\t\t\t\t\t\t\t<div class=\"elementor-icon-list-item\">\n\t\t\t\t\t\t<a class=\"elementor-repeater-item-ea070ed ekit_badge_left\" href=\"https:\/\/m2camper.com\/de\/verdunkelungsisolatoren-fur-hymer\/\">\n\t\t\t\t\t\t\t<div class=\"ekit_page_list_content\">\n\t\t\t\t\t\t\t\t\t\t\t\t\t\t\t\t<span class=\"elementor-icon-list-text\">\n\t\t\t\t\t\t\t\t\t<span class=\"ekit_page_list_title_title\">Hymer<\/span>\n\t\t\t\t\t\t\t\t\t\t\t\t\t\t\t\t\t<\/span>\n\t\t\t\t\t\t\t<\/div>\n\t\t\t\t\t\t\t\t\t\t\t\t\t<\/a>\n\t\t\t\t\t<\/div>\n\t\t\t\t\t\t\t\t<div class=\"elementor-icon-list-item\">\n\t\t\t\t\t\t<a class=\"elementor-repeater-item-9912345 ekit_badge_left\" href=\"https:\/\/m2camper.com\/de\/verdunkelungsisolatoren-fur-hyundai\/\">\n\t\t\t\t\t\t\t<div class=\"ekit_page_list_content\">\n\t\t\t\t\t\t\t\t\t\t\t\t\t\t\t\t<span class=\"elementor-icon-list-text\">\n\t\t\t\t\t\t\t\t\t<span class=\"ekit_page_list_title_title\">Hyundai<\/span>\n\t\t\t\t\t\t\t\t\t\t\t\t\t\t\t\t\t<\/span>\n\t\t\t\t\t\t\t<\/div>\n\t\t\t\t\t\t\t\t\t\t\t\t\t<\/a>\n\t\t\t\t\t<\/div>\n\t\t\t\t\t\t\t\t<div class=\"elementor-icon-list-item\">\n\t\t\t\t\t\t<a class=\"elementor-repeater-item-d31a97c ekit_badge_left\" href=\"https:\/\/m2camper.com\/de\/verdunkelungsisolatoren-fur-iveco\/\">\n\t\t\t\t\t\t\t<div class=\"ekit_page_list_content\">\n\t\t\t\t\t\t\t\t\t\t\t\t\t\t\t\t<span class=\"elementor-icon-list-text\">\n\t\t\t\t\t\t\t\t\t<span class=\"ekit_page_list_title_title\">Iveco<\/span>\n\t\t\t\t\t\t\t\t\t\t\t\t\t\t\t\t\t<\/span>\n\t\t\t\t\t\t\t<\/div>\n\t\t\t\t\t\t\t\t\t\t\t\t\t<\/a>\n\t\t\t\t\t<\/div>\n\t\t\t\t\t\t\t\t<div class=\"elementor-icon-list-item\">\n\t\t\t\t\t\t<a class=\"elementor-repeater-item-a6b942a ekit_badge_left\" href=\"https:\/\/m2camper.com\/de\/verdunkelungsisolatoren-fur-jeep\/\">\n\t\t\t\t\t\t\t<div class=\"ekit_page_list_content\">\n\t\t\t\t\t\t\t\t\t\t\t\t\t\t\t\t<span class=\"elementor-icon-list-text\">\n\t\t\t\t\t\t\t\t\t<span class=\"ekit_page_list_title_title\">Jeep<\/span>\n\t\t\t\t\t\t\t\t\t\t\t\t\t\t\t\t\t<\/span>\n\t\t\t\t\t\t\t<\/div>\n\t\t\t\t\t\t\t\t\t\t\t\t\t<\/a>\n\t\t\t\t\t<\/div>\n\t\t\t\t\t\t\t\t<div class=\"elementor-icon-list-item\">\n\t\t\t\t\t\t<a class=\"elementor-repeater-item-02af42a ekit_badge_left\" href=\"https:\/\/m2camper.com\/de\/verdunkelungsisolatoren-fur-land-rover\/\">\n\t\t\t\t\t\t\t<div class=\"ekit_page_list_content\">\n\t\t\t\t\t\t\t\t\t\t\t\t\t\t\t\t<span class=\"elementor-icon-list-text\">\n\t\t\t\t\t\t\t\t\t<span class=\"ekit_page_list_title_title\">Land Rover<\/span>\n\t\t\t\t\t\t\t\t\t\t\t\t\t\t\t\t\t<\/span>\n\t\t\t\t\t\t\t<\/div>\n\t\t\t\t\t\t\t\t\t\t\t\t\t<\/a>\n\t\t\t\t\t<\/div>\n\t\t\t\t\t\t\t\t<div class=\"elementor-icon-list-item\">\n\t\t\t\t\t\t<a class=\"elementor-repeater-item-85661e4 ekit_badge_left\" href=\"https:\/\/m2camper.com\/de\/verdunkelungsisolatoren-fur-kia\/\">\n\t\t\t\t\t\t\t<div class=\"ekit_page_list_content\">\n\t\t\t\t\t\t\t\t\t\t\t\t\t\t\t\t<span class=\"elementor-icon-list-text\">\n\t\t\t\t\t\t\t\t\t<span class=\"ekit_page_list_title_title\">Kia<\/span>\n\t\t\t\t\t\t\t\t\t\t\t\t\t\t\t\t\t<\/span>\n\t\t\t\t\t\t\t<\/div>\n\t\t\t\t\t\t\t\t\t\t\t\t\t<\/a>\n\t\t\t\t\t<\/div>\n\t\t\t\t\t\t\t\t<div class=\"elementor-icon-list-item\">\n\t\t\t\t\t\t<a class=\"elementor-repeater-item-10929c4 ekit_badge_left\" href=\"https:\/\/m2camper.com\/de\/blackout-isolatoren-fur-mahindra\/\">\n\t\t\t\t\t\t\t<div class=\"ekit_page_list_content\">\n\t\t\t\t\t\t\t\t\t\t\t\t\t\t\t\t<span class=\"elementor-icon-list-text\">\n\t\t\t\t\t\t\t\t\t<span class=\"ekit_page_list_title_title\">Mahindra<\/span>\n\t\t\t\t\t\t\t\t\t\t\t\t\t\t\t\t\t<\/span>\n\t\t\t\t\t\t\t<\/div>\n\t\t\t\t\t\t\t\t\t\t\t\t\t<\/a>\n\t\t\t\t\t<\/div>\n\t\t\t\t\t\t\t\t<div class=\"elementor-icon-list-item\">\n\t\t\t\t\t\t<a class=\"elementor-repeater-item-78a6604 ekit_badge_left\" href=\"https:\/\/m2camper.com\/de\/verdunkelungsisolatoren-fur-die-hande\/\">\n\t\t\t\t\t\t\t<div class=\"ekit_page_list_content\">\n\t\t\t\t\t\t\t\t\t\t\t\t\t\t\t\t<span class=\"elementor-icon-list-text\">\n\t\t\t\t\t\t\t\t\t<span class=\"ekit_page_list_title_title\">MAN<\/span>\n\t\t\t\t\t\t\t\t\t\t\t\t\t\t\t\t\t<\/span>\n\t\t\t\t\t\t\t<\/div>\n\t\t\t\t\t\t\t\t\t\t\t\t\t<\/a>\n\t\t\t\t\t<\/div>\n\t\t\t\t\t\t\t\t<div class=\"elementor-icon-list-item\">\n\t\t\t\t\t\t<a class=\"elementor-repeater-item-7b1a506 ekit_badge_left\" href=\"https:\/\/m2camper.com\/de\/verdunkelungsisolatoren-fur-maxus\/\">\n\t\t\t\t\t\t\t<div class=\"ekit_page_list_content\">\n\t\t\t\t\t\t\t\t\t\t\t\t\t\t\t\t<span class=\"elementor-icon-list-text\">\n\t\t\t\t\t\t\t\t\t<span class=\"ekit_page_list_title_title\">Maxus<\/span>\n\t\t\t\t\t\t\t\t\t\t\t\t\t\t\t\t\t<\/span>\n\t\t\t\t\t\t\t<\/div>\n\t\t\t\t\t\t\t\t\t\t\t\t\t<\/a>\n\t\t\t\t\t<\/div>\n\t\t\t\t\t\t\t\t<div class=\"elementor-icon-list-item\">\n\t\t\t\t\t\t<a class=\"elementor-repeater-item-2383061 ekit_badge_left\" href=\"https:\/\/m2camper.com\/de\/verdunkelungsisolatoren-fur-mazda\/\">\n\t\t\t\t\t\t\t<div class=\"ekit_page_list_content\">\n\t\t\t\t\t\t\t\t\t\t\t\t\t\t\t\t<span class=\"elementor-icon-list-text\">\n\t\t\t\t\t\t\t\t\t<span class=\"ekit_page_list_title_title\">Mazda<\/span>\n\t\t\t\t\t\t\t\t\t\t\t\t\t\t\t\t\t<\/span>\n\t\t\t\t\t\t\t<\/div>\n\t\t\t\t\t\t\t\t\t\t\t\t\t<\/a>\n\t\t\t\t\t<\/div>\n\t\t\t\t\t\t\t\t<div class=\"elementor-icon-list-item\">\n\t\t\t\t\t\t<a class=\"elementor-repeater-item-3c64da2 ekit_badge_left\" href=\"https:\/\/m2camper.com\/de\/verdunkelungsisolatoren-fur-mercedes\/\">\n\t\t\t\t\t\t\t<div class=\"ekit_page_list_content\">\n\t\t\t\t\t\t\t\t\t\t\t\t\t\t\t\t<span class=\"elementor-icon-list-text\">\n\t\t\t\t\t\t\t\t\t<span class=\"ekit_page_list_title_title\">Mercedes<\/span>\n\t\t\t\t\t\t\t\t\t\t\t\t\t\t\t\t\t<\/span>\n\t\t\t\t\t\t\t<\/div>\n\t\t\t\t\t\t\t\t\t\t\t\t\t<\/a>\n\t\t\t\t\t<\/div>\n\t\t\t\t\t\t\t\t<div class=\"elementor-icon-list-item\">\n\t\t\t\t\t\t<a class=\"elementor-repeater-item-8389c31 ekit_badge_left\" href=\"https:\/\/m2camper.com\/de\/verdunkelungsisolatoren-fur-mitsubishi\/\">\n\t\t\t\t\t\t\t<div class=\"ekit_page_list_content\">\n\t\t\t\t\t\t\t\t\t\t\t\t\t\t\t\t<span class=\"elementor-icon-list-text\">\n\t\t\t\t\t\t\t\t\t<span class=\"ekit_page_list_title_title\">Mitsubishi<\/span>\n\t\t\t\t\t\t\t\t\t\t\t\t\t\t\t\t\t<\/span>\n\t\t\t\t\t\t\t<\/div>\n\t\t\t\t\t\t\t\t\t\t\t\t\t<\/a>\n\t\t\t\t\t<\/div>\n\t\t\t\t\t\t\t\t<div class=\"elementor-icon-list-item\">\n\t\t\t\t\t\t<a class=\"elementor-repeater-item-1b36eb5 ekit_badge_left\" href=\"https:\/\/m2camper.com\/de\/verdunkelungsisolatoren-fur-nissan\/\">\n\t\t\t\t\t\t\t<div class=\"ekit_page_list_content\">\n\t\t\t\t\t\t\t\t\t\t\t\t\t\t\t\t<span class=\"elementor-icon-list-text\">\n\t\t\t\t\t\t\t\t\t<span class=\"ekit_page_list_title_title\">Nissan<\/span>\n\t\t\t\t\t\t\t\t\t\t\t\t\t\t\t\t\t<\/span>\n\t\t\t\t\t\t\t<\/div>\n\t\t\t\t\t\t\t\t\t\t\t\t\t<\/a>\n\t\t\t\t\t<\/div>\n\t\t\t\t\t\t\t\t<div class=\"elementor-icon-list-item\">\n\t\t\t\t\t\t<a class=\"elementor-repeater-item-5ca25b5 ekit_badge_left\" href=\"https:\/\/m2camper.com\/de\/verdunkelungsisolatoren-fur-opel\/\">\n\t\t\t\t\t\t\t<div class=\"ekit_page_list_content\">\n\t\t\t\t\t\t\t\t\t\t\t\t\t\t\t\t<span class=\"elementor-icon-list-text\">\n\t\t\t\t\t\t\t\t\t<span class=\"ekit_page_list_title_title\">Opel<\/span>\n\t\t\t\t\t\t\t\t\t\t\t\t\t\t\t\t\t<\/span>\n\t\t\t\t\t\t\t<\/div>\n\t\t\t\t\t\t\t\t\t\t\t\t\t<\/a>\n\t\t\t\t\t<\/div>\n\t\t\t\t\t\t\t\t<div class=\"elementor-icon-list-item\">\n\t\t\t\t\t\t<a class=\"elementor-repeater-item-1c8dc86 ekit_badge_left\" href=\"https:\/\/m2camper.com\/de\/verdunkelungsisolatoren-fur-peugeot\/\">\n\t\t\t\t\t\t\t<div class=\"ekit_page_list_content\">\n\t\t\t\t\t\t\t\t\t\t\t\t\t\t\t\t<span class=\"elementor-icon-list-text\">\n\t\t\t\t\t\t\t\t\t<span class=\"ekit_page_list_title_title\">Peugeot<\/span>\n\t\t\t\t\t\t\t\t\t\t\t\t\t\t\t\t\t<\/span>\n\t\t\t\t\t\t\t<\/div>\n\t\t\t\t\t\t\t\t\t\t\t\t\t<\/a>\n\t\t\t\t\t<\/div>\n\t\t\t\t\t\t\t\t<div class=\"elementor-icon-list-item\">\n\t\t\t\t\t\t<a class=\"elementor-repeater-item-b9fbdc9 ekit_badge_left\" href=\"https:\/\/m2camper.com\/de\/verdunkelungsisolatoren-fur-porsche\/\">\n\t\t\t\t\t\t\t<div class=\"ekit_page_list_content\">\n\t\t\t\t\t\t\t\t\t\t\t\t\t\t\t\t<span class=\"elementor-icon-list-text\">\n\t\t\t\t\t\t\t\t\t<span class=\"ekit_page_list_title_title\">Porsche<\/span>\n\t\t\t\t\t\t\t\t\t\t\t\t\t\t\t\t\t<\/span>\n\t\t\t\t\t\t\t<\/div>\n\t\t\t\t\t\t\t\t\t\t\t\t\t<\/a>\n\t\t\t\t\t<\/div>\n\t\t\t\t\t\t\t\t<div class=\"elementor-icon-list-item\">\n\t\t\t\t\t\t<a class=\"elementor-repeater-item-81459e4 ekit_badge_left\" href=\"https:\/\/m2camper.com\/de\/verdunkelungsisolatoren-fur-renault\/\">\n\t\t\t\t\t\t\t<div class=\"ekit_page_list_content\">\n\t\t\t\t\t\t\t\t\t\t\t\t\t\t\t\t<span class=\"elementor-icon-list-text\">\n\t\t\t\t\t\t\t\t\t<span class=\"ekit_page_list_title_title\">Renault<\/span>\n\t\t\t\t\t\t\t\t\t\t\t\t\t\t\t\t\t<\/span>\n\t\t\t\t\t\t\t<\/div>\n\t\t\t\t\t\t\t\t\t\t\t\t\t<\/a>\n\t\t\t\t\t<\/div>\n\t\t\t\t\t\t\t\t<div class=\"elementor-icon-list-item\">\n\t\t\t\t\t\t<a class=\"elementor-repeater-item-cb0323b ekit_badge_left\" href=\"https:\/\/m2camper.com\/de\/verdunkelungsisolatoren-fur-scania\/\">\n\t\t\t\t\t\t\t<div class=\"ekit_page_list_content\">\n\t\t\t\t\t\t\t\t\t\t\t\t\t\t\t\t<span class=\"elementor-icon-list-text\">\n\t\t\t\t\t\t\t\t\t<span class=\"ekit_page_list_title_title\">Scania<\/span>\n\t\t\t\t\t\t\t\t\t\t\t\t\t\t\t\t\t<\/span>\n\t\t\t\t\t\t\t<\/div>\n\t\t\t\t\t\t\t\t\t\t\t\t\t<\/a>\n\t\t\t\t\t<\/div>\n\t\t\t\t\t\t\t\t<div class=\"elementor-icon-list-item\">\n\t\t\t\t\t\t<a class=\"elementor-repeater-item-1aac998 ekit_badge_left\" href=\"https:\/\/m2camper.com\/de\/verdunkelungsisolatoren-fur-seat\/\">\n\t\t\t\t\t\t\t<div class=\"ekit_page_list_content\">\n\t\t\t\t\t\t\t\t\t\t\t\t\t\t\t\t<span class=\"elementor-icon-list-text\">\n\t\t\t\t\t\t\t\t\t<span class=\"ekit_page_list_title_title\">Seat<\/span>\n\t\t\t\t\t\t\t\t\t\t\t\t\t\t\t\t\t<\/span>\n\t\t\t\t\t\t\t<\/div>\n\t\t\t\t\t\t\t\t\t\t\t\t\t<\/a>\n\t\t\t\t\t<\/div>\n\t\t\t\t\t\t\t\t<div class=\"elementor-icon-list-item\">\n\t\t\t\t\t\t<a class=\"elementor-repeater-item-36beee6 ekit_badge_left\" href=\"https:\/\/m2camper.com\/de\/verdunkelungsisolatoren-fur-skoda\/\">\n\t\t\t\t\t\t\t<div class=\"ekit_page_list_content\">\n\t\t\t\t\t\t\t\t\t\t\t\t\t\t\t\t<span class=\"elementor-icon-list-text\">\n\t\t\t\t\t\t\t\t\t<span class=\"ekit_page_list_title_title\">Skoda<\/span>\n\t\t\t\t\t\t\t\t\t\t\t\t\t\t\t\t\t<\/span>\n\t\t\t\t\t\t\t<\/div>\n\t\t\t\t\t\t\t\t\t\t\t\t\t<\/a>\n\t\t\t\t\t<\/div>\n\t\t\t\t\t\t\t\t<div class=\"elementor-icon-list-item\">\n\t\t\t\t\t\t<a class=\"elementor-repeater-item-10f697d ekit_badge_left\" href=\"https:\/\/m2camper.com\/de\/verdunkelungsisolatoren-fur-ssangyong\/\">\n\t\t\t\t\t\t\t<div class=\"ekit_page_list_content\">\n\t\t\t\t\t\t\t\t\t\t\t\t\t\t\t\t<span class=\"elementor-icon-list-text\">\n\t\t\t\t\t\t\t\t\t<span class=\"ekit_page_list_title_title\">Ssangyong<\/span>\n\t\t\t\t\t\t\t\t\t\t\t\t\t\t\t\t\t<\/span>\n\t\t\t\t\t\t\t<\/div>\n\t\t\t\t\t\t\t\t\t\t\t\t\t<\/a>\n\t\t\t\t\t<\/div>\n\t\t\t\t\t\t\t\t<div class=\"elementor-icon-list-item\">\n\t\t\t\t\t\t<a class=\"elementor-repeater-item-4eb0074 ekit_badge_left\" href=\"https:\/\/m2camper.com\/de\/verdunkelungsisolatoren-fur-subaru\/\">\n\t\t\t\t\t\t\t<div class=\"ekit_page_list_content\">\n\t\t\t\t\t\t\t\t\t\t\t\t\t\t\t\t<span class=\"elementor-icon-list-text\">\n\t\t\t\t\t\t\t\t\t<span class=\"ekit_page_list_title_title\">Subaru<\/span>\n\t\t\t\t\t\t\t\t\t\t\t\t\t\t\t\t\t<\/span>\n\t\t\t\t\t\t\t<\/div>\n\t\t\t\t\t\t\t\t\t\t\t\t\t<\/a>\n\t\t\t\t\t<\/div>\n\t\t\t\t\t\t\t\t<div class=\"elementor-icon-list-item\">\n\t\t\t\t\t\t<a class=\"elementor-repeater-item-d3f4d60 ekit_badge_left\" href=\"https:\/\/m2camper.com\/de\/verdunkelungsisolatoren-fur-suzuki\/\">\n\t\t\t\t\t\t\t<div class=\"ekit_page_list_content\">\n\t\t\t\t\t\t\t\t\t\t\t\t\t\t\t\t<span class=\"elementor-icon-list-text\">\n\t\t\t\t\t\t\t\t\t<span class=\"ekit_page_list_title_title\">Suzuki<\/span>\n\t\t\t\t\t\t\t\t\t\t\t\t\t\t\t\t\t<\/span>\n\t\t\t\t\t\t\t<\/div>\n\t\t\t\t\t\t\t\t\t\t\t\t\t<\/a>\n\t\t\t\t\t<\/div>\n\t\t\t\t\t\t\t\t<div class=\"elementor-icon-list-item\">\n\t\t\t\t\t\t<a class=\"elementor-repeater-item-2e49d7f ekit_badge_left\" href=\"https:\/\/m2camper.com\/de\/verdunkelungsisolatoren-fur-toyota\/\">\n\t\t\t\t\t\t\t<div class=\"ekit_page_list_content\">\n\t\t\t\t\t\t\t\t\t\t\t\t\t\t\t\t<span class=\"elementor-icon-list-text\">\n\t\t\t\t\t\t\t\t\t<span class=\"ekit_page_list_title_title\">Toyota<\/span>\n\t\t\t\t\t\t\t\t\t\t\t\t\t\t\t\t\t<\/span>\n\t\t\t\t\t\t\t<\/div>\n\t\t\t\t\t\t\t\t\t\t\t\t\t<\/a>\n\t\t\t\t\t<\/div>\n\t\t\t\t\t\t\t\t<div class=\"elementor-icon-list-item\">\n\t\t\t\t\t\t<a class=\"elementor-repeater-item-3c58ebe ekit_badge_left\" href=\"https:\/\/m2camper.com\/de\/verdunkelungsisolatoren-fur-volkswagen\/\">\n\t\t\t\t\t\t\t<div class=\"ekit_page_list_content\">\n\t\t\t\t\t\t\t\t\t\t\t\t\t\t\t\t<span class=\"elementor-icon-list-text\">\n\t\t\t\t\t\t\t\t\t<span class=\"ekit_page_list_title_title\">Volkswagen<\/span>\n\t\t\t\t\t\t\t\t\t\t\t\t\t\t\t\t\t<\/span>\n\t\t\t\t\t\t\t<\/div>\n\t\t\t\t\t\t\t\t\t\t\t\t\t<\/a>\n\t\t\t\t\t<\/div>\n\t\t\t\t\t\t\t\t<div class=\"elementor-icon-list-item\">\n\t\t\t\t\t\t<a class=\"elementor-repeater-item-d5429e7 ekit_badge_left\" href=\"https:\/\/m2camper.com\/de\/verdunkelungsisolatoren-fur-volvo\/\">\n\t\t\t\t\t\t\t<div class=\"ekit_page_list_content\">\n\t\t\t\t\t\t\t\t\t\t\t\t\t\t\t\t<span class=\"elementor-icon-list-text\">\n\t\t\t\t\t\t\t\t\t<span class=\"ekit_page_list_title_title\">Volvo<\/span>\n\t\t\t\t\t\t\t\t\t\t\t\t\t\t\t\t\t<\/span>\n\t\t\t\t\t\t\t<\/div>\n\t\t\t\t\t\t\t\t\t\t\t\t\t<\/a>\n\t\t\t\t\t<\/div>\n\t\t\t\t\t\t<\/div>\n\t\t<\/div>\t\t\t\t<\/div>\n\t\t\t\t<\/div>\n\t\t\t\t<div class=\"elementor-element elementor-element-73b2c94 elementor-icon-list--layout-traditional elementor-list-item-link-full_width elementor-widget elementor-widget-icon-list\" data-id=\"73b2c94\" data-element_type=\"widget\" data-e-type=\"widget\" data-widget_type=\"icon-list.default\">\n\t\t\t\t<div class=\"elementor-widget-container\">\n\t\t\t\t\t\t\t<ul class=\"elementor-icon-list-items\">\n\t\t\t\t\t\t\t<li class=\"elementor-icon-list-item\">\n\t\t\t\t\t\t\t\t\t\t\t<a href=\"https:\/\/m2camper.com\/de\/saugnapfmuttern\/\">\n\n\t\t\t\t\t\t\t\t\t\t\t<span class=\"elementor-icon-list-text\">Saugn\u00e4pfe + Muttern<\/span>\n\t\t\t\t\t\t\t\t\t\t\t<\/a>\n\t\t\t\t\t\t\t\t\t<\/li>\n\t\t\t\t\t\t\t\t<li class=\"elementor-icon-list-item\">\n\t\t\t\t\t\t\t\t\t\t\t<a href=\"https:\/\/m2camper.com\/de\/warmeisolatoren-lose-teile-2\/\">\n\n\t\t\t\t\t\t\t\t\t\t\t<span class=\"elementor-icon-list-text\">W\u00e4rmeisolatoren, lose Teile<\/span>\n\t\t\t\t\t\t\t\t\t\t\t<\/a>\n\t\t\t\t\t\t\t\t\t<\/li>\n\t\t\t\t\t\t\t\t<li class=\"elementor-icon-list-item\">\n\t\t\t\t\t\t\t\t\t\t\t<a href=\"https:\/\/m2camper.com\/de\/taschen-2\/\">\n\n\t\t\t\t\t\t\t\t\t\t\t<span class=\"elementor-icon-list-text\">Taschen<\/span>\n\t\t\t\t\t\t\t\t\t\t\t<\/a>\n\t\t\t\t\t\t\t\t\t<\/li>\n\t\t\t\t\t\t<\/ul>\n\t\t\t\t\t\t<\/div>\n\t\t\t\t<\/div>\n\t\t\t\t<\/div>\n\t\t\t\t<\/div>\n\t\t\t\t\t\t<\/div>\n\t\t\t<\/div>\n\t\t<\/div>\n\t\t\t\t\t\t<\/div>\n\t\t\t\t<\/div>\n\t\t\t\t<\/div>\n\t\t\t\t<div class=\"elementor-element elementor-element-ff60438 elementor-grid-3 elementor-product-loop-item--align-center elementor-grid-mobile-1 elementor-grid-tablet-3 elementor-products-grid elementor-wc-products elementor-widget elementor-widget-woocommerce-products\" data-id=\"ff60438\" data-element_type=\"widget\" data-e-type=\"widget\" data-widget_type=\"woocommerce-products.default\">\n\t\t\t\t<div class=\"elementor-widget-container\">\n\t\t\t\t\t<div class=\"woocommerce columns-3\"><span class=\"wpfHidden\" data-shortcode-attribute=\"{&quot;limit&quot;:&quot;-1&quot;,&quot;columns&quot;:3,&quot;rows&quot;:999,&quot;orderby&quot;:&quot;&quot;,&quot;order&quot;:&quot;&quot;,&quot;ids&quot;:&quot;&quot;,&quot;skus&quot;:&quot;&quot;,&quot;category&quot;:&quot;&quot;,&quot;cat_operator&quot;:&quot;IN&quot;,&quot;attribute&quot;:&quot;&quot;,&quot;terms&quot;:&quot;&quot;,&quot;terms_operator&quot;:&quot;IN&quot;,&quot;tag&quot;:&quot;&quot;,&quot;tag_operator&quot;:&quot;IN&quot;,&quot;visibility&quot;:&quot;visible&quot;,&quot;class&quot;:&quot;&quot;,&quot;page&quot;:1,&quot;paginate&quot;:&quot;&quot;,&quot;cache&quot;:false}\"><\/span><ul class=\"products elementor-grid columns-3\">\n<li class=\"product type-product post-579 status-publish first instock product_cat-fiat product_cat-aislantes product_cat-all-products has-post-thumbnail taxable shipping-taxable purchasable product-type-variable\">\n\t<div class=\"nv-card-content-wrapper\"><a href=\"https:\/\/m2camper.com\/de\/fiat-500-warmeisolatoren-fur-verdunkelungen\/\" class=\"woocommerce-LoopProduct-link woocommerce-loop-product__link\"><div class=\"sp-product-image\"><div class=\"img-wrap\"><img fetchpriority=\"high\" decoding=\"async\" width=\"300\" height=\"200\" src=\"https:\/\/m2camper.com\/wp-content\/uploads\/2025\/01\/60c9aa_eb5ade2df705400196c351c2c9f7d2demv2-300x200.png\" class=\"attachment-woocommerce_thumbnail size-woocommerce_thumbnail\" alt=\"Fiat 500 Verdunkelungs-W\u00e4rmeisolatoren\" srcset=\"https:\/\/m2camper.com\/wp-content\/uploads\/2025\/01\/60c9aa_eb5ade2df705400196c351c2c9f7d2demv2-300x200.png 300w, https:\/\/m2camper.com\/wp-content\/uploads\/2025\/01\/60c9aa_eb5ade2df705400196c351c2c9f7d2demv2-600x400.png 600w, https:\/\/m2camper.com\/wp-content\/uploads\/2025\/01\/60c9aa_eb5ade2df705400196c351c2c9f7d2demv2.png 612w\" sizes=\"(max-width: 300px) 100vw, 300px\" \/><\/div><\/div><h2 class=\"woocommerce-loop-product__title\">Fiat 500 Verdunkelungs-W\u00e4rmeisolatoren<\/h2>\n\t<span class=\"price\"><span class=\"woocommerce-Price-amount amount\" aria-hidden=\"true\"><bdi>32,00&nbsp;<span class=\"woocommerce-Price-currencySymbol\">&euro;<\/span><\/bdi><\/span> <span aria-hidden=\"true\"> \u2013 <\/span> <span class=\"woocommerce-Price-amount amount\" aria-hidden=\"true\"><bdi>48,00&nbsp;<span class=\"woocommerce-Price-currencySymbol\">&euro;<\/span><\/bdi><\/span><span class=\"screen-reader-text\" data-no-translation=\"\" data-trp-gettext=\"\">Preisspanne: 32,00&nbsp;&euro; bis 48,00&nbsp;&euro;<\/span><\/span>\n<\/a><a href=\"https:\/\/m2camper.com\/de\/fiat-500-warmeisolatoren-fur-verdunkelungen\/\" aria-describedby=\"woocommerce_loop_add_to_cart_link_describedby_579\" data-quantity=\"1\" class=\"button product_type_variable add_to_cart_button\" data-product_id=\"579\" data-product_sku=\"\" aria-label=\"W\u00e4hle Optionen f\u00fcr \u201eAislantes t\u00e9rmicos oscurecedores Fiat 500\u201c\" rel=\"nofollow\" data-no-translation=\"\" data-trp-gettext=\"\" data-no-translation-aria-label=\"\">Ausf\u00fchrung w\u00e4hlen<\/a>\t<span id=\"woocommerce_loop_add_to_cart_link_describedby_579\" class=\"screen-reader-text\">\n\t\tDieses Produkt weist mehrere Varianten auf. Die Optionen k\u00f6nnen auf der Produktseite gew\u00e4hlt werden\t<\/span>\n<\/div><\/li>\n<li class=\"product type-product post-1373 status-publish instock product_cat-fiat product_cat-aislantes product_cat-all-products has-post-thumbnail taxable shipping-taxable purchasable product-type-variable\">\n\t<div class=\"nv-card-content-wrapper\"><a href=\"https:\/\/m2camper.com\/de\/warmeisolatoren-fur-verdunkelungen-fur-den-fiat-panda-2003-2012\/\" class=\"woocommerce-LoopProduct-link woocommerce-loop-product__link\"><div class=\"sp-product-image\"><div class=\"img-wrap\"><img decoding=\"async\" width=\"300\" height=\"175\" src=\"https:\/\/m2camper.com\/wp-content\/uploads\/2025\/01\/60c9aa_9dd38861dfcc4692b05f3ace183576f4mv2-300x175.png\" class=\"attachment-woocommerce_thumbnail size-woocommerce_thumbnail\" alt=\"W\u00e4rmeisolatoren f\u00fcr den Fiat Panda 2003-2012\" srcset=\"https:\/\/m2camper.com\/wp-content\/uploads\/2025\/01\/60c9aa_9dd38861dfcc4692b05f3ace183576f4mv2-300x175.png 300w, https:\/\/m2camper.com\/wp-content\/uploads\/2025\/01\/60c9aa_9dd38861dfcc4692b05f3ace183576f4mv2-600x349.png 600w, https:\/\/m2camper.com\/wp-content\/uploads\/2025\/01\/60c9aa_9dd38861dfcc4692b05f3ace183576f4mv2.png 655w\" sizes=\"(max-width: 300px) 100vw, 300px\" \/><\/div><\/div><h2 class=\"woocommerce-loop-product__title\">W\u00e4rmeisolatoren f\u00fcr den Fiat Panda 2003-2012<\/h2>\n\t<span class=\"price\"><span class=\"woocommerce-Price-amount amount\" aria-hidden=\"true\"><bdi>143,00&nbsp;<span class=\"woocommerce-Price-currencySymbol\">&euro;<\/span><\/bdi><\/span> <span aria-hidden=\"true\"> \u2013 <\/span> <span class=\"woocommerce-Price-amount amount\" aria-hidden=\"true\"><bdi>195,00&nbsp;<span class=\"woocommerce-Price-currencySymbol\">&euro;<\/span><\/bdi><\/span><span class=\"screen-reader-text\" data-no-translation=\"\" data-trp-gettext=\"\">Preisspanne: 143,00&nbsp;&euro; bis 195,00&nbsp;&euro;<\/span><\/span>\n<\/a><a href=\"https:\/\/m2camper.com\/de\/warmeisolatoren-fur-verdunkelungen-fur-den-fiat-panda-2003-2012\/\" aria-describedby=\"woocommerce_loop_add_to_cart_link_describedby_1373\" data-quantity=\"1\" class=\"button product_type_variable add_to_cart_button\" data-product_id=\"1373\" data-product_sku=\"\" aria-label=\"W\u00e4hle Optionen f\u00fcr \u201eAislantes t\u00e9rmicos oscurecedores Fiat Panda 2003-2012\u201c\" rel=\"nofollow\" data-no-translation=\"\" data-trp-gettext=\"\" data-no-translation-aria-label=\"\">Ausf\u00fchrung w\u00e4hlen<\/a>\t<span id=\"woocommerce_loop_add_to_cart_link_describedby_1373\" class=\"screen-reader-text\">\n\t\tDieses Produkt weist mehrere Varianten auf. Die Optionen k\u00f6nnen auf der Produktseite gew\u00e4hlt werden\t<\/span>\n<\/div><\/li>\n<li class=\"product type-product post-1367 status-publish last instock product_cat-fiat product_cat-aislantes product_cat-all-products has-post-thumbnail taxable shipping-taxable purchasable product-type-variable\">\n\t<div class=\"nv-card-content-wrapper\"><a href=\"https:\/\/m2camper.com\/de\/warmedammung-fur-verdunkelungen-fur-den-fiat-panda-2012-2023\/\" class=\"woocommerce-LoopProduct-link woocommerce-loop-product__link\"><div class=\"sp-product-image\"><div class=\"img-wrap\"><img loading=\"lazy\" decoding=\"async\" width=\"300\" height=\"190\" src=\"https:\/\/m2camper.com\/wp-content\/uploads\/2025\/01\/60c9aa_bd25c76aefb24feba8628240909aa8d7mv2-300x190.png\" class=\"attachment-woocommerce_thumbnail size-woocommerce_thumbnail\" alt=\"Thermische Verdunkelungsisolatoren f\u00fcr den Fiat Panda 2012-2023\" srcset=\"https:\/\/m2camper.com\/wp-content\/uploads\/2025\/01\/60c9aa_bd25c76aefb24feba8628240909aa8d7mv2-300x190.png 300w, https:\/\/m2camper.com\/wp-content\/uploads\/2025\/01\/60c9aa_bd25c76aefb24feba8628240909aa8d7mv2-600x379.png 600w, https:\/\/m2camper.com\/wp-content\/uploads\/2025\/01\/60c9aa_bd25c76aefb24feba8628240909aa8d7mv2.png 680w\" sizes=\"(max-width: 300px) 100vw, 300px\" \/><\/div><\/div><h2 class=\"woocommerce-loop-product__title\">Thermische Verdunkelungsisolatoren f\u00fcr den Fiat Panda 2012-2023<\/h2>\n\t<span class=\"price\"><span class=\"woocommerce-Price-amount amount\" aria-hidden=\"true\"><bdi>143,00&nbsp;<span class=\"woocommerce-Price-currencySymbol\">&euro;<\/span><\/bdi><\/span> <span aria-hidden=\"true\"> \u2013 <\/span> <span class=\"woocommerce-Price-amount amount\" aria-hidden=\"true\"><bdi>195,00&nbsp;<span class=\"woocommerce-Price-currencySymbol\">&euro;<\/span><\/bdi><\/span><span class=\"screen-reader-text\" data-no-translation=\"\" data-trp-gettext=\"\">Preisspanne: 143,00&nbsp;&euro; bis 195,00&nbsp;&euro;<\/span><\/span>\n<\/a><a href=\"https:\/\/m2camper.com\/de\/warmedammung-fur-verdunkelungen-fur-den-fiat-panda-2012-2023\/\" aria-describedby=\"woocommerce_loop_add_to_cart_link_describedby_1367\" data-quantity=\"1\" class=\"button product_type_variable add_to_cart_button\" data-product_id=\"1367\" data-product_sku=\"\" aria-label=\"W\u00e4hle Optionen f\u00fcr \u201eAislantes t\u00e9rmicos oscurecedores Fiat Panda 2012-2023\u201c\" rel=\"nofollow\" data-no-translation=\"\" data-trp-gettext=\"\" data-no-translation-aria-label=\"\">Ausf\u00fchrung w\u00e4hlen<\/a>\t<span id=\"woocommerce_loop_add_to_cart_link_describedby_1367\" class=\"screen-reader-text\">\n\t\tDieses Produkt weist mehrere Varianten auf. Die Optionen k\u00f6nnen auf der Produktseite gew\u00e4hlt werden\t<\/span>\n<\/div><\/li>\n<li class=\"product type-product post-1765 status-publish first instock product_cat-fiat product_cat-aislantes product_cat-all-products has-post-thumbnail taxable shipping-taxable purchasable product-type-variable\">\n\t<div class=\"nv-card-content-wrapper\"><a href=\"https:\/\/m2camper.com\/de\/fiat-ulysse-warmeisolatoren-mit-verdunkelungsrollos\/\" class=\"woocommerce-LoopProduct-link woocommerce-loop-product__link\"><div class=\"sp-product-image\"><div class=\"img-wrap\"><img loading=\"lazy\" decoding=\"async\" width=\"300\" height=\"188\" src=\"https:\/\/m2camper.com\/wp-content\/uploads\/2025\/01\/60c9aa_81a560de6c554116998aa2566289a2c7mv2-300x188.png\" class=\"attachment-woocommerce_thumbnail size-woocommerce_thumbnail\" alt=\"Fiat Ulysse Verdunkelungs-W\u00e4rmeisolatoren\" srcset=\"https:\/\/m2camper.com\/wp-content\/uploads\/2025\/01\/60c9aa_81a560de6c554116998aa2566289a2c7mv2-300x188.png 300w, https:\/\/m2camper.com\/wp-content\/uploads\/2025\/01\/60c9aa_81a560de6c554116998aa2566289a2c7mv2.png 390w\" sizes=\"(max-width: 300px) 100vw, 300px\" \/><\/div><\/div><h2 class=\"woocommerce-loop-product__title\">Fiat Ulysse Verdunkelungs-W\u00e4rmeisolatoren<\/h2>\n\t<span class=\"price\"><span class=\"woocommerce-Price-amount amount\" aria-hidden=\"true\"><bdi>148,00&nbsp;<span class=\"woocommerce-Price-currencySymbol\">&euro;<\/span><\/bdi><\/span> <span aria-hidden=\"true\"> \u2013 <\/span> <span class=\"woocommerce-Price-amount amount\" aria-hidden=\"true\"><bdi>200,00&nbsp;<span class=\"woocommerce-Price-currencySymbol\">&euro;<\/span><\/bdi><\/span><span class=\"screen-reader-text\" data-no-translation=\"\" data-trp-gettext=\"\">Preisspanne: 148,00&nbsp;&euro; bis 200,00&nbsp;&euro;<\/span><\/span>\n<\/a><a href=\"https:\/\/m2camper.com\/de\/fiat-ulysse-warmeisolatoren-mit-verdunkelungsrollos\/\" aria-describedby=\"woocommerce_loop_add_to_cart_link_describedby_1765\" data-quantity=\"1\" class=\"button product_type_variable add_to_cart_button\" data-product_id=\"1765\" data-product_sku=\"\" aria-label=\"W\u00e4hle Optionen f\u00fcr \u201eAislantes t\u00e9rmicos oscurecedores Fiat Ulysse\u201c\" rel=\"nofollow\" data-no-translation=\"\" data-trp-gettext=\"\" data-no-translation-aria-label=\"\">Ausf\u00fchrung w\u00e4hlen<\/a>\t<span id=\"woocommerce_loop_add_to_cart_link_describedby_1765\" class=\"screen-reader-text\">\n\t\tDieses Produkt weist mehrere Varianten auf. Die Optionen k\u00f6nnen auf der Produktseite gew\u00e4hlt werden\t<\/span>\n<\/div><\/li>\n<li class=\"product type-product post-282 status-publish instock product_cat-fiat product_cat-aislantes product_cat-all-products has-post-thumbnail taxable shipping-taxable purchasable product-type-variable\">\n\t<div class=\"nv-card-content-wrapper\"><a href=\"https:\/\/m2camper.com\/de\/fiat-fiorinoqubo-warmeisolatoren-mit-verdunkelungsrollos\/\" class=\"woocommerce-LoopProduct-link woocommerce-loop-product__link\"><div class=\"sp-product-image\"><div class=\"img-wrap\"><img loading=\"lazy\" decoding=\"async\" width=\"300\" height=\"165\" src=\"https:\/\/m2camper.com\/wp-content\/uploads\/2025\/01\/60c9aa_bcaaf32683fc4d348b5815376f8af220mv2-300x165.png\" class=\"attachment-woocommerce_thumbnail size-woocommerce_thumbnail\" alt=\"Fiat Fiorino\/Qubo Verdunkelungs-W\u00e4rmeisolatoren\" srcset=\"https:\/\/m2camper.com\/wp-content\/uploads\/2025\/01\/60c9aa_bcaaf32683fc4d348b5815376f8af220mv2-300x165.png 300w, https:\/\/m2camper.com\/wp-content\/uploads\/2025\/01\/60c9aa_bcaaf32683fc4d348b5815376f8af220mv2.png 574w\" sizes=\"(max-width: 300px) 100vw, 300px\" \/><\/div><\/div><h2 class=\"woocommerce-loop-product__title\">Fiat Fiorino\/Qubo Verdunkelungs-W\u00e4rmeisolatoren<\/h2>\n\t<span class=\"price\"><span class=\"woocommerce-Price-amount amount\" aria-hidden=\"true\"><bdi>60,00&nbsp;<span class=\"woocommerce-Price-currencySymbol\">&euro;<\/span><\/bdi><\/span> <span aria-hidden=\"true\"> \u2013 <\/span> <span class=\"woocommerce-Price-amount amount\" aria-hidden=\"true\"><bdi>175,00&nbsp;<span class=\"woocommerce-Price-currencySymbol\">&euro;<\/span><\/bdi><\/span><span class=\"screen-reader-text\" data-no-translation=\"\" data-trp-gettext=\"\">Preisspanne: 60,00&nbsp;&euro; bis 175,00&nbsp;&euro;<\/span><\/span>\n<\/a><a href=\"https:\/\/m2camper.com\/de\/fiat-fiorinoqubo-warmeisolatoren-mit-verdunkelungsrollos\/\" aria-describedby=\"woocommerce_loop_add_to_cart_link_describedby_282\" data-quantity=\"1\" class=\"button product_type_variable add_to_cart_button\" data-product_id=\"282\" data-product_sku=\"\" aria-label=\"W\u00e4hle Optionen f\u00fcr \u201eAislantes t\u00e9rmicos oscurecedores Fiat Fiorino\/Qubo\u201c\" rel=\"nofollow\" data-no-translation=\"\" data-trp-gettext=\"\" data-no-translation-aria-label=\"\">Ausf\u00fchrung w\u00e4hlen<\/a>\t<span id=\"woocommerce_loop_add_to_cart_link_describedby_282\" class=\"screen-reader-text\">\n\t\tDieses Produkt weist mehrere Varianten auf. Die Optionen k\u00f6nnen auf der Produktseite gew\u00e4hlt werden\t<\/span>\n<\/div><\/li>\n<li class=\"product type-product post-5735 status-publish last instock product_cat-fiat product_cat-aislantes product_cat-all-products has-post-thumbnail taxable shipping-taxable purchasable product-type-variable\">\n\t<div class=\"nv-card-content-wrapper\"><a href=\"https:\/\/m2camper.com\/de\/warmeisolatoren-fur-verdunkelungen-beim-fiat-doblo-i-2000-2009\/\" class=\"woocommerce-LoopProduct-link woocommerce-loop-product__link\"><div class=\"sp-product-image\"><div class=\"img-wrap\"><img loading=\"lazy\" decoding=\"async\" width=\"300\" height=\"230\" src=\"https:\/\/m2camper.com\/wp-content\/uploads\/2025\/01\/60c9aa_d369d517b1f2476e91e22de47c4cfbdemv2-300x230.png\" class=\"attachment-woocommerce_thumbnail size-woocommerce_thumbnail\" alt=\"W\u00e4rmed\u00e4mmende Rollos Fiat Doblo I 2000-2009\" srcset=\"https:\/\/m2camper.com\/wp-content\/uploads\/2025\/01\/60c9aa_d369d517b1f2476e91e22de47c4cfbdemv2-300x230.png 300w, https:\/\/m2camper.com\/wp-content\/uploads\/2025\/01\/60c9aa_d369d517b1f2476e91e22de47c4cfbdemv2-600x460.png 600w, https:\/\/m2camper.com\/wp-content\/uploads\/2025\/01\/60c9aa_d369d517b1f2476e91e22de47c4cfbdemv2.png 812w\" sizes=\"(max-width: 300px) 100vw, 300px\" \/><\/div><\/div><h2 class=\"woocommerce-loop-product__title\">W\u00e4rmed\u00e4mmende Rollos Fiat Doblo I 2000-2009<\/h2>\n\t<span class=\"price\"><span class=\"woocommerce-Price-amount amount\" aria-hidden=\"true\"><bdi>60,00&nbsp;<span class=\"woocommerce-Price-currencySymbol\">&euro;<\/span><\/bdi><\/span> <span aria-hidden=\"true\"> \u2013 <\/span> <span class=\"woocommerce-Price-amount amount\" aria-hidden=\"true\"><bdi>190,00&nbsp;<span class=\"woocommerce-Price-currencySymbol\">&euro;<\/span><\/bdi><\/span><span class=\"screen-reader-text\" data-no-translation=\"\" data-trp-gettext=\"\">Preisspanne: 60,00&nbsp;&euro; bis 190,00&nbsp;&euro;<\/span><\/span>\n<\/a><a href=\"https:\/\/m2camper.com\/de\/warmeisolatoren-fur-verdunkelungen-beim-fiat-doblo-i-2000-2009\/\" aria-describedby=\"woocommerce_loop_add_to_cart_link_describedby_5735\" data-quantity=\"1\" class=\"button product_type_variable add_to_cart_button\" data-product_id=\"5735\" data-product_sku=\"\" aria-label=\"W\u00e4hle Optionen f\u00fcr \u201eAislantes t\u00e9rmicos oscurecedores Fiat Doblo I 2000-2009\u201c\" rel=\"nofollow\" data-no-translation=\"\" data-trp-gettext=\"\" data-no-translation-aria-label=\"\">Ausf\u00fchrung w\u00e4hlen<\/a>\t<span id=\"woocommerce_loop_add_to_cart_link_describedby_5735\" class=\"screen-reader-text\">\n\t\tDieses Produkt weist mehrere Varianten auf. Die Optionen k\u00f6nnen auf der Produktseite gew\u00e4hlt werden\t<\/span>\n<\/div><\/li>\n<li class=\"product type-product post-3531 status-publish first instock product_cat-fiat product_cat-aislantes product_cat-all-products has-post-thumbnail taxable shipping-taxable purchasable product-type-variable\">\n\t<div class=\"nv-card-content-wrapper\"><a href=\"https:\/\/m2camper.com\/de\/warmeisolatoren-fur-fiat-doblo-ii-2009-2022\/\" class=\"woocommerce-LoopProduct-link woocommerce-loop-product__link\"><div class=\"sp-product-image\"><div class=\"img-wrap\"><img loading=\"lazy\" decoding=\"async\" width=\"300\" height=\"174\" src=\"https:\/\/m2camper.com\/wp-content\/uploads\/2025\/01\/60c9aa_af4061a4dd4140709a29cc3e0e6baf9dmv2-300x174.png\" class=\"attachment-woocommerce_thumbnail size-woocommerce_thumbnail\" alt=\"Thermische Verdunkelungsisolatoren f\u00fcr den Fiat Doblo II 2009-2022\" srcset=\"https:\/\/m2camper.com\/wp-content\/uploads\/2025\/01\/60c9aa_af4061a4dd4140709a29cc3e0e6baf9dmv2-300x174.png 300w, https:\/\/m2camper.com\/wp-content\/uploads\/2025\/01\/60c9aa_af4061a4dd4140709a29cc3e0e6baf9dmv2-600x348.png 600w, https:\/\/m2camper.com\/wp-content\/uploads\/2025\/01\/60c9aa_af4061a4dd4140709a29cc3e0e6baf9dmv2.png 825w\" sizes=\"(max-width: 300px) 100vw, 300px\" \/><\/div><\/div><h2 class=\"woocommerce-loop-product__title\">Thermische Verdunkelungsisolatoren f\u00fcr den Fiat Doblo II 2009-2022<\/h2>\n\t<span class=\"price\"><span class=\"woocommerce-Price-amount amount\" aria-hidden=\"true\"><bdi>60,00&nbsp;<span class=\"woocommerce-Price-currencySymbol\">&euro;<\/span><\/bdi><\/span> <span aria-hidden=\"true\"> \u2013 <\/span> <span class=\"woocommerce-Price-amount amount\" aria-hidden=\"true\"><bdi>190,00&nbsp;<span class=\"woocommerce-Price-currencySymbol\">&euro;<\/span><\/bdi><\/span><span class=\"screen-reader-text\" data-no-translation=\"\" data-trp-gettext=\"\">Preisspanne: 60,00&nbsp;&euro; bis 190,00&nbsp;&euro;<\/span><\/span>\n<\/a><a href=\"https:\/\/m2camper.com\/de\/warmeisolatoren-fur-fiat-doblo-ii-2009-2022\/\" aria-describedby=\"woocommerce_loop_add_to_cart_link_describedby_3531\" data-quantity=\"1\" class=\"button product_type_variable add_to_cart_button\" data-product_id=\"3531\" data-product_sku=\"\" aria-label=\"W\u00e4hle Optionen f\u00fcr \u201eAislantes t\u00e9rmicos oscurecedores Fiat Doblo II 2009-2022\u201c\" rel=\"nofollow\" data-no-translation=\"\" data-trp-gettext=\"\" data-no-translation-aria-label=\"\">Ausf\u00fchrung w\u00e4hlen<\/a>\t<span id=\"woocommerce_loop_add_to_cart_link_describedby_3531\" class=\"screen-reader-text\">\n\t\tDieses Produkt weist mehrere Varianten auf. Die Optionen k\u00f6nnen auf der Produktseite gew\u00e4hlt werden\t<\/span>\n<\/div><\/li>\n<li class=\"product type-product post-5604 status-publish instock product_cat-fiat product_cat-aislantes product_cat-all-products has-post-thumbnail taxable shipping-taxable purchasable product-type-variable\">\n\t<div class=\"nv-card-content-wrapper\"><a href=\"https:\/\/m2camper.com\/de\/warmedammung-und-verdunkelung-fur-den-fiat-doblo-maxi-2009-2022\/\" class=\"woocommerce-LoopProduct-link woocommerce-loop-product__link\"><div class=\"sp-product-image\"><div class=\"img-wrap\"><img loading=\"lazy\" decoding=\"async\" width=\"300\" height=\"169\" src=\"https:\/\/m2camper.com\/wp-content\/uploads\/2025\/01\/60c9aa_97b69dea6e8645c4bd388a6ec9356493mv2-300x169.png\" class=\"attachment-woocommerce_thumbnail size-woocommerce_thumbnail\" alt=\"Thermische Verdunkelungsisolatoren Fiat Doblo Maxi 2009-2022\" srcset=\"https:\/\/m2camper.com\/wp-content\/uploads\/2025\/01\/60c9aa_97b69dea6e8645c4bd388a6ec9356493mv2-300x169.png 300w, https:\/\/m2camper.com\/wp-content\/uploads\/2025\/01\/60c9aa_97b69dea6e8645c4bd388a6ec9356493mv2-600x338.png 600w, https:\/\/m2camper.com\/wp-content\/uploads\/2025\/01\/60c9aa_97b69dea6e8645c4bd388a6ec9356493mv2.png 720w\" sizes=\"(max-width: 300px) 100vw, 300px\" \/><\/div><\/div><h2 class=\"woocommerce-loop-product__title\">Thermische Verdunkelungsisolatoren Fiat Doblo Maxi 2009-2022<\/h2>\n\t<span class=\"price\"><span class=\"woocommerce-Price-amount amount\" aria-hidden=\"true\"><bdi>60,00&nbsp;<span class=\"woocommerce-Price-currencySymbol\">&euro;<\/span><\/bdi><\/span> <span aria-hidden=\"true\"> \u2013 <\/span> <span class=\"woocommerce-Price-amount amount\" aria-hidden=\"true\"><bdi>195,00&nbsp;<span class=\"woocommerce-Price-currencySymbol\">&euro;<\/span><\/bdi><\/span><span class=\"screen-reader-text\" data-no-translation=\"\" data-trp-gettext=\"\">Preisspanne: 60,00&nbsp;&euro; bis 195,00&nbsp;&euro;<\/span><\/span>\n<\/a><a href=\"https:\/\/m2camper.com\/de\/warmedammung-und-verdunkelung-fur-den-fiat-doblo-maxi-2009-2022\/\" aria-describedby=\"woocommerce_loop_add_to_cart_link_describedby_5604\" data-quantity=\"1\" class=\"button product_type_variable add_to_cart_button\" data-product_id=\"5604\" data-product_sku=\"\" aria-label=\"W\u00e4hle Optionen f\u00fcr \u201eAislantes t\u00e9rmicos oscurecedores Fiat Doblo Maxi 2009-2022\u201c\" rel=\"nofollow\" data-no-translation=\"\" data-trp-gettext=\"\" data-no-translation-aria-label=\"\">Ausf\u00fchrung w\u00e4hlen<\/a>\t<span id=\"woocommerce_loop_add_to_cart_link_describedby_5604\" class=\"screen-reader-text\">\n\t\tDieses Produkt weist mehrere Varianten auf. Die Optionen k\u00f6nnen auf der Produktseite gew\u00e4hlt werden\t<\/span>\n<\/div><\/li>\n<li class=\"product type-product post-1045 status-publish last instock product_cat-fiat product_cat-aislantes product_cat-all-products has-post-thumbnail taxable shipping-taxable purchasable product-type-variable\">\n\t<div class=\"nv-card-content-wrapper\"><a href=\"https:\/\/m2camper.com\/de\/warmedammung-und-verdunkelung-fur-den-fiat-doblo-iii-2022-2024\/\" class=\"woocommerce-LoopProduct-link woocommerce-loop-product__link\"><div class=\"sp-product-image\"><div class=\"img-wrap\"><img loading=\"lazy\" decoding=\"async\" width=\"300\" height=\"190\" src=\"https:\/\/m2camper.com\/wp-content\/uploads\/2025\/01\/60c9aa_1aeface2e5994e469f519751ca43ecc8mv2-300x190.png\" class=\"attachment-woocommerce_thumbnail size-woocommerce_thumbnail\" alt=\"Thermische Verdunkelungsisolatoren f\u00fcr den Fiat E-Doblo III 2022-2024\" srcset=\"https:\/\/m2camper.com\/wp-content\/uploads\/2025\/01\/60c9aa_1aeface2e5994e469f519751ca43ecc8mv2-300x190.png 300w, https:\/\/m2camper.com\/wp-content\/uploads\/2025\/01\/60c9aa_1aeface2e5994e469f519751ca43ecc8mv2-600x379.png 600w, https:\/\/m2camper.com\/wp-content\/uploads\/2025\/01\/60c9aa_1aeface2e5994e469f519751ca43ecc8mv2.png 628w\" sizes=\"(max-width: 300px) 100vw, 300px\" \/><\/div><\/div><h2 class=\"woocommerce-loop-product__title\">Thermische Verdunkelungsisolatoren f\u00fcr den Fiat E-Doblo III 2022-2024<\/h2>\n\t<span class=\"price\"><span class=\"woocommerce-Price-amount amount\" aria-hidden=\"true\"><bdi>60,00&nbsp;<span class=\"woocommerce-Price-currencySymbol\">&euro;<\/span><\/bdi><\/span> <span aria-hidden=\"true\"> \u2013 <\/span> <span class=\"woocommerce-Price-amount amount\" aria-hidden=\"true\"><bdi>190,00&nbsp;<span class=\"woocommerce-Price-currencySymbol\">&euro;<\/span><\/bdi><\/span><span class=\"screen-reader-text\" data-no-translation=\"\" data-trp-gettext=\"\">Preisspanne: 60,00&nbsp;&euro; bis 190,00&nbsp;&euro;<\/span><\/span>\n<\/a><a href=\"https:\/\/m2camper.com\/de\/warmedammung-und-verdunkelung-fur-den-fiat-doblo-iii-2022-2024\/\" aria-describedby=\"woocommerce_loop_add_to_cart_link_describedby_1045\" data-quantity=\"1\" class=\"button product_type_variable add_to_cart_button\" data-product_id=\"1045\" data-product_sku=\"\" aria-label=\"W\u00e4hle Optionen f\u00fcr \u201eAislantes t\u00e9rmicos oscurecedores Fiat E-Doblo III 2022-2024\u201c\" rel=\"nofollow\" data-no-translation=\"\" data-trp-gettext=\"\" data-no-translation-aria-label=\"\">Ausf\u00fchrung w\u00e4hlen<\/a>\t<span id=\"woocommerce_loop_add_to_cart_link_describedby_1045\" class=\"screen-reader-text\">\n\t\tDieses Produkt weist mehrere Varianten auf. Die Optionen k\u00f6nnen auf der Produktseite gew\u00e4hlt werden\t<\/span>\n<\/div><\/li>\n<li class=\"product type-product post-359 status-publish first instock product_cat-fiat product_cat-aislantes product_cat-all-products has-post-thumbnail taxable shipping-taxable purchasable product-type-variable\">\n\t<div class=\"nv-card-content-wrapper\"><a href=\"https:\/\/m2camper.com\/de\/warmedammung-und-verdunkelung-fur-den-fiat-doblo-iii-lang-2022-2024\/\" class=\"woocommerce-LoopProduct-link woocommerce-loop-product__link\"><div class=\"sp-product-image\"><div class=\"img-wrap\"><img loading=\"lazy\" decoding=\"async\" width=\"300\" height=\"120\" src=\"https:\/\/m2camper.com\/wp-content\/uploads\/2025\/01\/60c9aa_7f16a51426b34446b4fd3cbdf0c9f338mv2-300x120.png\" class=\"attachment-woocommerce_thumbnail size-woocommerce_thumbnail\" alt=\"W\u00e4rmeisolatoren f\u00fcr den Fiat E-Doblo III Long 2022-2024\" srcset=\"https:\/\/m2camper.com\/wp-content\/uploads\/2025\/01\/60c9aa_7f16a51426b34446b4fd3cbdf0c9f338mv2-300x120.png 300w, https:\/\/m2camper.com\/wp-content\/uploads\/2025\/01\/60c9aa_7f16a51426b34446b4fd3cbdf0c9f338mv2-600x240.png 600w, https:\/\/m2camper.com\/wp-content\/uploads\/2025\/01\/60c9aa_7f16a51426b34446b4fd3cbdf0c9f338mv2.png 790w\" sizes=\"(max-width: 300px) 100vw, 300px\" \/><\/div><\/div><h2 class=\"woocommerce-loop-product__title\">W\u00e4rmeisolatoren f\u00fcr den Fiat E-Doblo III Long 2022-2024<\/h2>\n\t<span class=\"price\"><span class=\"woocommerce-Price-amount amount\" aria-hidden=\"true\"><bdi>60,00&nbsp;<span class=\"woocommerce-Price-currencySymbol\">&euro;<\/span><\/bdi><\/span> <span aria-hidden=\"true\"> \u2013 <\/span> <span class=\"woocommerce-Price-amount amount\" aria-hidden=\"true\"><bdi>195,00&nbsp;<span class=\"woocommerce-Price-currencySymbol\">&euro;<\/span><\/bdi><\/span><span class=\"screen-reader-text\" data-no-translation=\"\" data-trp-gettext=\"\">Preisspanne: 60,00&nbsp;&euro; bis 195,00&nbsp;&euro;<\/span><\/span>\n<\/a><a href=\"https:\/\/m2camper.com\/de\/warmedammung-und-verdunkelung-fur-den-fiat-doblo-iii-lang-2022-2024\/\" aria-describedby=\"woocommerce_loop_add_to_cart_link_describedby_359\" data-quantity=\"1\" class=\"button product_type_variable add_to_cart_button\" data-product_id=\"359\" data-product_sku=\"\" aria-label=\"W\u00e4hle Optionen f\u00fcr \u201eAislantes t\u00e9rmicos oscurecedores Fiat E-Doblo III Larga 2022-2024\u201c\" rel=\"nofollow\" data-no-translation=\"\" data-trp-gettext=\"\" data-no-translation-aria-label=\"\">Ausf\u00fchrung w\u00e4hlen<\/a>\t<span id=\"woocommerce_loop_add_to_cart_link_describedby_359\" class=\"screen-reader-text\">\n\t\tDieses Produkt weist mehrere Varianten auf. Die Optionen k\u00f6nnen auf der Produktseite gew\u00e4hlt werden\t<\/span>\n<\/div><\/li>\n<li class=\"product type-product post-1038 status-publish instock product_cat-fiat product_cat-aislantes product_cat-all-products has-post-thumbnail taxable shipping-taxable purchasable product-type-variable\">\n\t<div class=\"nv-card-content-wrapper\"><a href=\"https:\/\/m2camper.com\/de\/warmedammung-und-verdunkelung-fur-das-fiat-doblo-iii-modutop-dach\/\" class=\"woocommerce-LoopProduct-link woocommerce-loop-product__link\"><div class=\"sp-product-image\"><div class=\"img-wrap\"><img loading=\"lazy\" decoding=\"async\" width=\"300\" height=\"242\" src=\"https:\/\/m2camper.com\/wp-content\/uploads\/2025\/01\/60c9aa_795de909565f4a8aa5fc3367904b8d51mv2-300x242.webp\" class=\"attachment-woocommerce_thumbnail size-woocommerce_thumbnail\" alt=\"Fiat E-Doblo III Modutop Dach-W\u00e4rmed\u00e4mmrollos\" srcset=\"https:\/\/m2camper.com\/wp-content\/uploads\/2025\/01\/60c9aa_795de909565f4a8aa5fc3367904b8d51mv2-300x242.webp 300w, https:\/\/m2camper.com\/wp-content\/uploads\/2025\/01\/60c9aa_795de909565f4a8aa5fc3367904b8d51mv2.webp 432w\" sizes=\"(max-width: 300px) 100vw, 300px\" \/><\/div><\/div><h2 class=\"woocommerce-loop-product__title\">Fiat E-Doblo III Modutop Dach-W\u00e4rmed\u00e4mmrollos<\/h2>\n\t<span class=\"price\"><span class=\"woocommerce-Price-amount amount\" aria-hidden=\"true\"><bdi>32,00&nbsp;<span class=\"woocommerce-Price-currencySymbol\">&euro;<\/span><\/bdi><\/span> <span aria-hidden=\"true\"> \u2013 <\/span> <span class=\"woocommerce-Price-amount amount\" aria-hidden=\"true\"><bdi>45,00&nbsp;<span class=\"woocommerce-Price-currencySymbol\">&euro;<\/span><\/bdi><\/span><span class=\"screen-reader-text\" data-no-translation=\"\" data-trp-gettext=\"\">Preisspanne: 32,00&nbsp;&euro; bis 45,00&nbsp;&euro;<\/span><\/span>\n<\/a><a href=\"https:\/\/m2camper.com\/de\/warmedammung-und-verdunkelung-fur-das-fiat-doblo-iii-modutop-dach\/\" aria-describedby=\"woocommerce_loop_add_to_cart_link_describedby_1038\" data-quantity=\"1\" class=\"button product_type_variable add_to_cart_button\" data-product_id=\"1038\" data-product_sku=\"\" aria-label=\"W\u00e4hle Optionen f\u00fcr \u201eAislantes t\u00e9rmicos oscurecedores Fiat E-Doblo III Techo Modutop\u201c\" rel=\"nofollow\" data-no-translation=\"\" data-trp-gettext=\"\" data-no-translation-aria-label=\"\">Ausf\u00fchrung w\u00e4hlen<\/a>\t<span id=\"woocommerce_loop_add_to_cart_link_describedby_1038\" class=\"screen-reader-text\">\n\t\tDieses Produkt weist mehrere Varianten auf. Die Optionen k\u00f6nnen auf der Produktseite gew\u00e4hlt werden\t<\/span>\n<\/div><\/li>\n<li class=\"product type-product post-1607 status-publish last instock product_cat-fiat product_cat-aislantes product_cat-all-products has-post-thumbnail taxable shipping-taxable purchasable product-type-variable\">\n\t<div class=\"nv-card-content-wrapper\"><a href=\"https:\/\/m2camper.com\/de\/fiat-scudo-i-warmeisolatoren\/\" class=\"woocommerce-LoopProduct-link woocommerce-loop-product__link\"><div class=\"sp-product-image\"><div class=\"img-wrap\"><img loading=\"lazy\" decoding=\"async\" width=\"300\" height=\"195\" src=\"https:\/\/m2camper.com\/wp-content\/uploads\/2025\/01\/60c9aa_1f40c94f0d6c426d8e80ed0f71aa710bmv2-300x195.png\" class=\"attachment-woocommerce_thumbnail size-woocommerce_thumbnail\" alt=\"Fiat Scudo I Verdunkelungs-W\u00e4rmeisolatoren\" srcset=\"https:\/\/m2camper.com\/wp-content\/uploads\/2025\/01\/60c9aa_1f40c94f0d6c426d8e80ed0f71aa710bmv2-300x195.png 300w, https:\/\/m2camper.com\/wp-content\/uploads\/2025\/01\/60c9aa_1f40c94f0d6c426d8e80ed0f71aa710bmv2-600x391.png 600w, https:\/\/m2camper.com\/wp-content\/uploads\/2025\/01\/60c9aa_1f40c94f0d6c426d8e80ed0f71aa710bmv2.png 1875w\" sizes=\"(max-width: 300px) 100vw, 300px\" \/><\/div><\/div><h2 class=\"woocommerce-loop-product__title\">Fiat Scudo I Verdunkelungs-W\u00e4rmeisolatoren<\/h2>\n\t<span class=\"price\"><span class=\"woocommerce-Price-amount amount\" aria-hidden=\"true\"><bdi>60,00&nbsp;<span class=\"woocommerce-Price-currencySymbol\">&euro;<\/span><\/bdi><\/span> <span aria-hidden=\"true\"> \u2013 <\/span> <span class=\"woocommerce-Price-amount amount\" aria-hidden=\"true\"><bdi>200,00&nbsp;<span class=\"woocommerce-Price-currencySymbol\">&euro;<\/span><\/bdi><\/span><span class=\"screen-reader-text\" data-no-translation=\"\" data-trp-gettext=\"\">Preisspanne: 60,00&nbsp;&euro; bis 200,00&nbsp;&euro;<\/span><\/span>\n<\/a><a href=\"https:\/\/m2camper.com\/de\/fiat-scudo-i-warmeisolatoren\/\" aria-describedby=\"woocommerce_loop_add_to_cart_link_describedby_1607\" data-quantity=\"1\" class=\"button product_type_variable add_to_cart_button\" data-product_id=\"1607\" data-product_sku=\"\" aria-label=\"W\u00e4hle Optionen f\u00fcr \u201eAislantes t\u00e9rmicos oscurecedores Fiat Scudo I\u201c\" rel=\"nofollow\" data-no-translation=\"\" data-trp-gettext=\"\" data-no-translation-aria-label=\"\">Ausf\u00fchrung w\u00e4hlen<\/a>\t<span id=\"woocommerce_loop_add_to_cart_link_describedby_1607\" class=\"screen-reader-text\">\n\t\tDieses Produkt weist mehrere Varianten auf. Die Optionen k\u00f6nnen auf der Produktseite gew\u00e4hlt werden\t<\/span>\n<\/div><\/li>\n<li class=\"product type-product post-3505 status-publish first instock product_cat-fiat product_cat-aislantes product_cat-all-products has-post-thumbnail taxable shipping-taxable purchasable product-type-variable\">\n\t<div class=\"nv-card-content-wrapper\"><a href=\"https:\/\/m2camper.com\/de\/fiat-scudo-ii-l1-warmeisolatoren-zur-verdunkelung\/\" class=\"woocommerce-LoopProduct-link woocommerce-loop-product__link\"><div class=\"sp-product-image\"><div class=\"img-wrap\"><img loading=\"lazy\" decoding=\"async\" width=\"300\" height=\"205\" src=\"https:\/\/m2camper.com\/wp-content\/uploads\/2025\/01\/60c9aa_b1e6cc70c6134ca48c5040a1fa8f8357mv2-300x205.png\" class=\"attachment-woocommerce_thumbnail size-woocommerce_thumbnail\" alt=\"Fiat Scudo II L1 Verdunkelungs-W\u00e4rmeisolatoren\" srcset=\"https:\/\/m2camper.com\/wp-content\/uploads\/2025\/01\/60c9aa_b1e6cc70c6134ca48c5040a1fa8f8357mv2-300x205.png 300w, https:\/\/m2camper.com\/wp-content\/uploads\/2025\/01\/60c9aa_b1e6cc70c6134ca48c5040a1fa8f8357mv2-600x410.png 600w, https:\/\/m2camper.com\/wp-content\/uploads\/2025\/01\/60c9aa_b1e6cc70c6134ca48c5040a1fa8f8357mv2.png 1107w\" sizes=\"(max-width: 300px) 100vw, 300px\" \/><\/div><\/div><h2 class=\"woocommerce-loop-product__title\">Fiat Scudo II L1 Verdunkelungs-W\u00e4rmeisolatoren<\/h2>\n\t<span class=\"price\"><span class=\"woocommerce-Price-amount amount\" aria-hidden=\"true\"><bdi>60,00&nbsp;<span class=\"woocommerce-Price-currencySymbol\">&euro;<\/span><\/bdi><\/span> <span aria-hidden=\"true\"> \u2013 <\/span> <span class=\"woocommerce-Price-amount amount\" aria-hidden=\"true\"><bdi>200,00&nbsp;<span class=\"woocommerce-Price-currencySymbol\">&euro;<\/span><\/bdi><\/span><span class=\"screen-reader-text\" data-no-translation=\"\" data-trp-gettext=\"\">Preisspanne: 60,00&nbsp;&euro; bis 200,00&nbsp;&euro;<\/span><\/span>\n<\/a><a href=\"https:\/\/m2camper.com\/de\/fiat-scudo-ii-l1-warmeisolatoren-zur-verdunkelung\/\" aria-describedby=\"woocommerce_loop_add_to_cart_link_describedby_3505\" data-quantity=\"1\" class=\"button product_type_variable add_to_cart_button\" data-product_id=\"3505\" data-product_sku=\"\" aria-label=\"W\u00e4hle Optionen f\u00fcr \u201eAislantes t\u00e9rmicos oscurecedores Fiat Scudo II L1\u201c\" rel=\"nofollow\" data-no-translation=\"\" data-trp-gettext=\"\" data-no-translation-aria-label=\"\">Ausf\u00fchrung w\u00e4hlen<\/a>\t<span id=\"woocommerce_loop_add_to_cart_link_describedby_3505\" class=\"screen-reader-text\">\n\t\tDieses Produkt weist mehrere Varianten auf. Die Optionen k\u00f6nnen auf der Produktseite gew\u00e4hlt werden\t<\/span>\n<\/div><\/li>\n<li class=\"product type-product post-1733 status-publish instock product_cat-fiat product_cat-aislantes product_cat-all-products has-post-thumbnail taxable shipping-taxable purchasable product-type-variable\">\n\t<div class=\"nv-card-content-wrapper\"><a href=\"https:\/\/m2camper.com\/de\/fiat-scudo-ii-l2-warmeisolatoren-zur-verdunkelung\/\" class=\"woocommerce-LoopProduct-link woocommerce-loop-product__link\"><div class=\"sp-product-image\"><div class=\"img-wrap\"><img loading=\"lazy\" decoding=\"async\" width=\"300\" height=\"300\" src=\"https:\/\/m2camper.com\/wp-content\/uploads\/2025\/01\/60c9aa_be39b58a01094588a63e66a7920535bfmv2-300x300.png\" class=\"attachment-woocommerce_thumbnail size-woocommerce_thumbnail\" alt=\"Fiat Scudo II L2 Verdunkelungs-W\u00e4rmeisolatoren\" srcset=\"https:\/\/m2camper.com\/wp-content\/uploads\/2025\/01\/60c9aa_be39b58a01094588a63e66a7920535bfmv2-300x300.png 300w, https:\/\/m2camper.com\/wp-content\/uploads\/2025\/01\/60c9aa_be39b58a01094588a63e66a7920535bfmv2-100x100.png 100w, https:\/\/m2camper.com\/wp-content\/uploads\/2025\/01\/60c9aa_be39b58a01094588a63e66a7920535bfmv2-600x600.png 600w, https:\/\/m2camper.com\/wp-content\/uploads\/2025\/01\/60c9aa_be39b58a01094588a63e66a7920535bfmv2.png 1000w\" sizes=\"(max-width: 300px) 100vw, 300px\" \/><\/div><\/div><h2 class=\"woocommerce-loop-product__title\">Fiat Scudo II L2 Verdunkelungs-W\u00e4rmeisolatoren<\/h2>\n\t<span class=\"price\"><span class=\"woocommerce-Price-amount amount\" aria-hidden=\"true\"><bdi>60,00&nbsp;<span class=\"woocommerce-Price-currencySymbol\">&euro;<\/span><\/bdi><\/span> <span aria-hidden=\"true\"> \u2013 <\/span> <span class=\"woocommerce-Price-amount amount\" aria-hidden=\"true\"><bdi>208,00&nbsp;<span class=\"woocommerce-Price-currencySymbol\">&euro;<\/span><\/bdi><\/span><span class=\"screen-reader-text\" data-no-translation=\"\" data-trp-gettext=\"\">Preisspanne: 60,00&nbsp;&euro; bis 208,00&nbsp;&euro;<\/span><\/span>\n<\/a><a href=\"https:\/\/m2camper.com\/de\/fiat-scudo-ii-l2-warmeisolatoren-zur-verdunkelung\/\" aria-describedby=\"woocommerce_loop_add_to_cart_link_describedby_1733\" data-quantity=\"1\" class=\"button product_type_variable add_to_cart_button\" data-product_id=\"1733\" data-product_sku=\"\" aria-label=\"W\u00e4hle Optionen f\u00fcr \u201eAislantes t\u00e9rmicos oscurecedores Fiat Scudo II L2\u201c\" rel=\"nofollow\" data-no-translation=\"\" data-trp-gettext=\"\" data-no-translation-aria-label=\"\">Ausf\u00fchrung w\u00e4hlen<\/a>\t<span id=\"woocommerce_loop_add_to_cart_link_describedby_1733\" class=\"screen-reader-text\">\n\t\tDieses Produkt weist mehrere Varianten auf. Die Optionen k\u00f6nnen auf der Produktseite gew\u00e4hlt werden\t<\/span>\n<\/div><\/li>\n<li class=\"product type-product post-5701 status-publish last instock product_cat-fiat product_cat-aislantes product_cat-all-products has-post-thumbnail taxable shipping-taxable purchasable product-type-variable\">\n\t<div class=\"nv-card-content-wrapper\"><a href=\"https:\/\/m2camper.com\/de\/fiat-talento-kurze-warmeisolatoren\/\" class=\"woocommerce-LoopProduct-link woocommerce-loop-product__link\"><div class=\"sp-product-image\"><div class=\"img-wrap\"><img loading=\"lazy\" decoding=\"async\" width=\"300\" height=\"302\" src=\"https:\/\/m2camper.com\/wp-content\/uploads\/2025\/01\/60c9aa_8f5958c2e1314279a784312c690ec520mv2-300x302.png\" class=\"attachment-woocommerce_thumbnail size-woocommerce_thumbnail\" alt=\"Thermische Verdunkelungsisolatoren f\u00fcr Fiat Talento Corta\" srcset=\"https:\/\/m2camper.com\/wp-content\/uploads\/2025\/01\/60c9aa_8f5958c2e1314279a784312c690ec520mv2-300x302.png 300w, https:\/\/m2camper.com\/wp-content\/uploads\/2025\/01\/60c9aa_8f5958c2e1314279a784312c690ec520mv2-100x100.png 100w, https:\/\/m2camper.com\/wp-content\/uploads\/2025\/01\/60c9aa_8f5958c2e1314279a784312c690ec520mv2-600x603.png 600w, https:\/\/m2camper.com\/wp-content\/uploads\/2025\/01\/60c9aa_8f5958c2e1314279a784312c690ec520mv2.png 750w\" sizes=\"(max-width: 300px) 100vw, 300px\" \/><\/div><\/div><h2 class=\"woocommerce-loop-product__title\">Thermische Verdunkelungsisolatoren f\u00fcr Fiat Talento Corta<\/h2>\n\t<span class=\"price\"><span class=\"woocommerce-Price-amount amount\" aria-hidden=\"true\"><bdi>60,00&nbsp;<span class=\"woocommerce-Price-currencySymbol\">&euro;<\/span><\/bdi><\/span> <span aria-hidden=\"true\"> \u2013 <\/span> <span class=\"woocommerce-Price-amount amount\" aria-hidden=\"true\"><bdi>200,00&nbsp;<span class=\"woocommerce-Price-currencySymbol\">&euro;<\/span><\/bdi><\/span><span class=\"screen-reader-text\" data-no-translation=\"\" data-trp-gettext=\"\">Preisspanne: 60,00&nbsp;&euro; bis 200,00&nbsp;&euro;<\/span><\/span>\n<\/a><a href=\"https:\/\/m2camper.com\/de\/fiat-talento-kurze-warmeisolatoren\/\" aria-describedby=\"woocommerce_loop_add_to_cart_link_describedby_5701\" data-quantity=\"1\" class=\"button product_type_variable add_to_cart_button\" data-product_id=\"5701\" data-product_sku=\"\" aria-label=\"W\u00e4hle Optionen f\u00fcr \u201eAislantes t\u00e9rmicos oscurecedores Fiat Talento Corta\u201c\" rel=\"nofollow\" data-no-translation=\"\" data-trp-gettext=\"\" data-no-translation-aria-label=\"\">Ausf\u00fchrung w\u00e4hlen<\/a>\t<span id=\"woocommerce_loop_add_to_cart_link_describedby_5701\" class=\"screen-reader-text\">\n\t\tDieses Produkt weist mehrere Varianten auf. Die Optionen k\u00f6nnen auf der Produktseite gew\u00e4hlt werden\t<\/span>\n<\/div><\/li>\n<li class=\"product type-product post-5633 status-publish first instock product_cat-fiat product_cat-aislantes product_cat-all-products has-post-thumbnail taxable shipping-taxable purchasable product-type-variable\">\n\t<div class=\"nv-card-content-wrapper\"><a href=\"https:\/\/m2camper.com\/de\/fiat-talento-gemischte-warmeisolatoren\/\" class=\"woocommerce-LoopProduct-link woocommerce-loop-product__link\"><div class=\"sp-product-image\"><div class=\"img-wrap\"><img loading=\"lazy\" decoding=\"async\" width=\"300\" height=\"225\" src=\"https:\/\/m2camper.com\/wp-content\/uploads\/2025\/01\/60c9aa_85aa3ae481b44da7a2928ca0ceb322d3mv2-300x225.png\" class=\"attachment-woocommerce_thumbnail size-woocommerce_thumbnail\" alt=\"Thermische Verdunkelungsisolatoren f\u00fcr Fiat Talento Mixta\" srcset=\"https:\/\/m2camper.com\/wp-content\/uploads\/2025\/01\/60c9aa_85aa3ae481b44da7a2928ca0ceb322d3mv2-300x225.png 300w, https:\/\/m2camper.com\/wp-content\/uploads\/2025\/01\/60c9aa_85aa3ae481b44da7a2928ca0ceb322d3mv2.png 600w\" sizes=\"(max-width: 300px) 100vw, 300px\" \/><\/div><\/div><h2 class=\"woocommerce-loop-product__title\">Thermische Verdunkelungsisolatoren f\u00fcr Fiat Talento Mixta<\/h2>\n\t<span class=\"price\"><span class=\"woocommerce-Price-amount amount\" aria-hidden=\"true\"><bdi>60,00&nbsp;<span class=\"woocommerce-Price-currencySymbol\">&euro;<\/span><\/bdi><\/span> <span aria-hidden=\"true\"> \u2013 <\/span> <span class=\"woocommerce-Price-amount amount\" aria-hidden=\"true\"><bdi>175,00&nbsp;<span class=\"woocommerce-Price-currencySymbol\">&euro;<\/span><\/bdi><\/span><span class=\"screen-reader-text\" data-no-translation=\"\" data-trp-gettext=\"\">Preisspanne: 60,00&nbsp;&euro; bis 175,00&nbsp;&euro;<\/span><\/span>\n<\/a><a href=\"https:\/\/m2camper.com\/de\/fiat-talento-gemischte-warmeisolatoren\/\" aria-describedby=\"woocommerce_loop_add_to_cart_link_describedby_5633\" data-quantity=\"1\" class=\"button product_type_variable add_to_cart_button\" data-product_id=\"5633\" data-product_sku=\"\" aria-label=\"W\u00e4hle Optionen f\u00fcr \u201eAislantes t\u00e9rmicos oscurecedores Fiat Talento Mixta\u201c\" rel=\"nofollow\" data-no-translation=\"\" data-trp-gettext=\"\" data-no-translation-aria-label=\"\">Ausf\u00fchrung w\u00e4hlen<\/a>\t<span id=\"woocommerce_loop_add_to_cart_link_describedby_5633\" class=\"screen-reader-text\">\n\t\tDieses Produkt weist mehrere Varianten auf. Die Optionen k\u00f6nnen auf der Produktseite gew\u00e4hlt werden\t<\/span>\n<\/div><\/li>\n<li class=\"product type-product post-5667 status-publish instock product_cat-fiat product_cat-aislantes product_cat-all-products has-post-thumbnail taxable shipping-taxable purchasable product-type-variable\">\n\t<div class=\"nv-card-content-wrapper\"><a href=\"https:\/\/m2camper.com\/de\/warmeisolatoren-fur-fiat-talento-longa-blackouts\/\" class=\"woocommerce-LoopProduct-link woocommerce-loop-product__link\"><div class=\"sp-product-image\"><div class=\"img-wrap\"><img loading=\"lazy\" decoding=\"async\" width=\"300\" height=\"152\" src=\"https:\/\/m2camper.com\/wp-content\/uploads\/2025\/01\/60c9aa_f8070d1e29f54141b00f84f0458886fcmv2-300x152.png\" class=\"attachment-woocommerce_thumbnail size-woocommerce_thumbnail\" alt=\"Thermische Verdunkelungsisolatoren Fiat Talento Larga\" srcset=\"https:\/\/m2camper.com\/wp-content\/uploads\/2025\/01\/60c9aa_f8070d1e29f54141b00f84f0458886fcmv2-300x152.png 300w, https:\/\/m2camper.com\/wp-content\/uploads\/2025\/01\/60c9aa_f8070d1e29f54141b00f84f0458886fcmv2.png 496w\" sizes=\"(max-width: 300px) 100vw, 300px\" \/><\/div><\/div><h2 class=\"woocommerce-loop-product__title\">Thermische Verdunkelungsisolatoren Fiat Talento Larga<\/h2>\n\t<span class=\"price\"><span class=\"woocommerce-Price-amount amount\" aria-hidden=\"true\"><bdi>60,00&nbsp;<span class=\"woocommerce-Price-currencySymbol\">&euro;<\/span><\/bdi><\/span> <span aria-hidden=\"true\"> \u2013 <\/span> <span class=\"woocommerce-Price-amount amount\" aria-hidden=\"true\"><bdi>216,00&nbsp;<span class=\"woocommerce-Price-currencySymbol\">&euro;<\/span><\/bdi><\/span><span class=\"screen-reader-text\" data-no-translation=\"\" data-trp-gettext=\"\">Preisspanne: 60,00&nbsp;&euro; bis 216,00&nbsp;&euro;<\/span><\/span>\n<\/a><a href=\"https:\/\/m2camper.com\/de\/warmeisolatoren-fur-fiat-talento-longa-blackouts\/\" aria-describedby=\"woocommerce_loop_add_to_cart_link_describedby_5667\" data-quantity=\"1\" class=\"button product_type_variable add_to_cart_button\" data-product_id=\"5667\" data-product_sku=\"\" aria-label=\"W\u00e4hle Optionen f\u00fcr \u201eAislantes t\u00e9rmicos oscurecedores Fiat Talento Larga\u201c\" rel=\"nofollow\" data-no-translation=\"\" data-trp-gettext=\"\" data-no-translation-aria-label=\"\">Ausf\u00fchrung w\u00e4hlen<\/a>\t<span id=\"woocommerce_loop_add_to_cart_link_describedby_5667\" class=\"screen-reader-text\">\n\t\tDieses Produkt weist mehrere Varianten auf. Die Optionen k\u00f6nnen auf der Produktseite gew\u00e4hlt werden\t<\/span>\n<\/div><\/li>\n<li class=\"product type-product post-3295 status-publish last instock product_cat-fiat product_cat-aislantes product_cat-all-products has-post-thumbnail taxable shipping-taxable purchasable product-type-variable\">\n\t<div class=\"nv-card-content-wrapper\"><a href=\"https:\/\/m2camper.com\/de\/warmeisolatoren-fur-verdunkelungen-fur-den-fiat-ducato-1994-2006\/\" class=\"woocommerce-LoopProduct-link woocommerce-loop-product__link\"><div class=\"sp-product-image\"><div class=\"img-wrap\"><img loading=\"lazy\" decoding=\"async\" width=\"300\" height=\"216\" src=\"https:\/\/m2camper.com\/wp-content\/uploads\/2025\/01\/60c9aa_a07da8c998174861b13abd840dd0e105mv2-300x216.png\" class=\"attachment-woocommerce_thumbnail size-woocommerce_thumbnail\" alt=\"W\u00e4rmeisolatoren f\u00fcr den Fiat Ducato 1994-2006\" srcset=\"https:\/\/m2camper.com\/wp-content\/uploads\/2025\/01\/60c9aa_a07da8c998174861b13abd840dd0e105mv2-300x216.png 300w, https:\/\/m2camper.com\/wp-content\/uploads\/2025\/01\/60c9aa_a07da8c998174861b13abd840dd0e105mv2-600x432.png 600w, https:\/\/m2camper.com\/wp-content\/uploads\/2025\/01\/60c9aa_a07da8c998174861b13abd840dd0e105mv2.png 1024w\" sizes=\"(max-width: 300px) 100vw, 300px\" \/><\/div><\/div><h2 class=\"woocommerce-loop-product__title\">W\u00e4rmeisolatoren f\u00fcr den Fiat Ducato 1994-2006<\/h2>\n\t<span class=\"price\"><span class=\"woocommerce-Price-amount amount\" aria-hidden=\"true\"><bdi>65,00&nbsp;<span class=\"woocommerce-Price-currencySymbol\">&euro;<\/span><\/bdi><\/span> <span aria-hidden=\"true\"> \u2013 <\/span> <span class=\"woocommerce-Price-amount amount\" aria-hidden=\"true\"><bdi>218,00&nbsp;<span class=\"woocommerce-Price-currencySymbol\">&euro;<\/span><\/bdi><\/span><span class=\"screen-reader-text\" data-no-translation=\"\" data-trp-gettext=\"\">Preisspanne: 65,00&nbsp;&euro; bis 218,00&nbsp;&euro;<\/span><\/span>\n<\/a><a href=\"https:\/\/m2camper.com\/de\/warmeisolatoren-fur-verdunkelungen-fur-den-fiat-ducato-1994-2006\/\" aria-describedby=\"woocommerce_loop_add_to_cart_link_describedby_3295\" data-quantity=\"1\" class=\"button product_type_variable add_to_cart_button\" data-product_id=\"3295\" data-product_sku=\"\" aria-label=\"W\u00e4hle Optionen f\u00fcr \u201eAislantes t\u00e9rmicos oscurecedores Fiat Ducato 1994-2006\u201c\" rel=\"nofollow\" data-no-translation=\"\" data-trp-gettext=\"\" data-no-translation-aria-label=\"\">Ausf\u00fchrung w\u00e4hlen<\/a>\t<span id=\"woocommerce_loop_add_to_cart_link_describedby_3295\" class=\"screen-reader-text\">\n\t\tDieses Produkt weist mehrere Varianten auf. Die Optionen k\u00f6nnen auf der Produktseite gew\u00e4hlt werden\t<\/span>\n<\/div><\/li>\n<li class=\"product type-product post-2161 status-publish first instock product_cat-fiat product_cat-aislantes product_cat-all-products has-post-thumbnail taxable shipping-taxable purchasable product-type-variable\">\n\t<div class=\"nv-card-content-wrapper\"><a href=\"https:\/\/m2camper.com\/de\/warmeisolatoren-fur-den-fiat-ducato-l1-h1-2006-2014\/\" class=\"woocommerce-LoopProduct-link woocommerce-loop-product__link\"><div class=\"sp-product-image\"><div class=\"img-wrap\"><img loading=\"lazy\" decoding=\"async\" width=\"300\" height=\"225\" src=\"https:\/\/m2camper.com\/wp-content\/uploads\/2025\/01\/60c9aa_d70f9d07a65145cc9692b052bf89e83emv2-300x225.png\" class=\"attachment-woocommerce_thumbnail size-woocommerce_thumbnail\" alt=\"W\u00e4rmeisolatoren f\u00fcr den Fiat Ducato L1 H1 2006-2014\" srcset=\"https:\/\/m2camper.com\/wp-content\/uploads\/2025\/01\/60c9aa_d70f9d07a65145cc9692b052bf89e83emv2-300x225.png 300w, https:\/\/m2camper.com\/wp-content\/uploads\/2025\/01\/60c9aa_d70f9d07a65145cc9692b052bf89e83emv2-600x450.png 600w, https:\/\/m2camper.com\/wp-content\/uploads\/2025\/01\/60c9aa_d70f9d07a65145cc9692b052bf89e83emv2.png 640w\" sizes=\"(max-width: 300px) 100vw, 300px\" \/><\/div><\/div><h2 class=\"woocommerce-loop-product__title\">W\u00e4rmeisolatoren f\u00fcr den Fiat Ducato L1 H1 2006-2014<\/h2>\n\t<span class=\"price\"><span class=\"woocommerce-Price-amount amount\" aria-hidden=\"true\"><bdi>65,00&nbsp;<span class=\"woocommerce-Price-currencySymbol\">&euro;<\/span><\/bdi><\/span> <span aria-hidden=\"true\"> \u2013 <\/span> <span class=\"woocommerce-Price-amount amount\" aria-hidden=\"true\"><bdi>218,00&nbsp;<span class=\"woocommerce-Price-currencySymbol\">&euro;<\/span><\/bdi><\/span><span class=\"screen-reader-text\" data-no-translation=\"\" data-trp-gettext=\"\">Preisspanne: 65,00&nbsp;&euro; bis 218,00&nbsp;&euro;<\/span><\/span>\n<\/a><a href=\"https:\/\/m2camper.com\/de\/warmeisolatoren-fur-den-fiat-ducato-l1-h1-2006-2014\/\" aria-describedby=\"woocommerce_loop_add_to_cart_link_describedby_2161\" data-quantity=\"1\" class=\"button product_type_variable add_to_cart_button\" data-product_id=\"2161\" data-product_sku=\"\" aria-label=\"W\u00e4hle Optionen f\u00fcr \u201eAislantes t\u00e9rmicos oscurecedores Fiat Ducato L1 H1 2006-2014\u201c\" rel=\"nofollow\" data-no-translation=\"\" data-trp-gettext=\"\" data-no-translation-aria-label=\"\">Ausf\u00fchrung w\u00e4hlen<\/a>\t<span id=\"woocommerce_loop_add_to_cart_link_describedby_2161\" class=\"screen-reader-text\">\n\t\tDieses Produkt weist mehrere Varianten auf. Die Optionen k\u00f6nnen auf der Produktseite gew\u00e4hlt werden\t<\/span>\n<\/div><\/li>\n<li class=\"product type-product post-5582 status-publish instock product_cat-fiat product_cat-aislantes product_cat-all-products has-post-thumbnail taxable shipping-taxable purchasable product-type-variable\">\n\t<div class=\"nv-card-content-wrapper\"><a href=\"https:\/\/m2camper.com\/de\/warmeisolatoren-fur-verdunkelungen-beim-fiat-ducato-290-l1-h1-2014-2023\/\" class=\"woocommerce-LoopProduct-link woocommerce-loop-product__link\"><div class=\"sp-product-image\"><div class=\"img-wrap\"><img loading=\"lazy\" decoding=\"async\" width=\"260\" height=\"194\" src=\"https:\/\/m2camper.com\/wp-content\/uploads\/2025\/01\/60c9aa_3151bd593ebf49cbae91016ce37fe3b1mv2.png\" class=\"attachment-woocommerce_thumbnail size-woocommerce_thumbnail\" alt=\"Thermische Verdunkelungsisolatoren f\u00fcr den Fiat Ducato 290 L1 H1 2014-2023\" \/><\/div><\/div><h2 class=\"woocommerce-loop-product__title\">Thermische Verdunkelungsisolatoren f\u00fcr den Fiat Ducato 290 L1 H1 2014-2023<\/h2>\n\t<span class=\"price\"><span class=\"woocommerce-Price-amount amount\" aria-hidden=\"true\"><bdi>65,00&nbsp;<span class=\"woocommerce-Price-currencySymbol\">&euro;<\/span><\/bdi><\/span> <span aria-hidden=\"true\"> \u2013 <\/span> <span class=\"woocommerce-Price-amount amount\" aria-hidden=\"true\"><bdi>218,00&nbsp;<span class=\"woocommerce-Price-currencySymbol\">&euro;<\/span><\/bdi><\/span><span class=\"screen-reader-text\" data-no-translation=\"\" data-trp-gettext=\"\">Preisspanne: 65,00&nbsp;&euro; bis 218,00&nbsp;&euro;<\/span><\/span>\n<\/a><a href=\"https:\/\/m2camper.com\/de\/warmeisolatoren-fur-verdunkelungen-beim-fiat-ducato-290-l1-h1-2014-2023\/\" aria-describedby=\"woocommerce_loop_add_to_cart_link_describedby_5582\" data-quantity=\"1\" class=\"button product_type_variable add_to_cart_button\" data-product_id=\"5582\" data-product_sku=\"\" aria-label=\"W\u00e4hle Optionen f\u00fcr \u201eAislantes t\u00e9rmicos oscurecedores Fiat Ducato 290 L1 H1 2014-2023\u201c\" rel=\"nofollow\" data-no-translation=\"\" data-trp-gettext=\"\" data-no-translation-aria-label=\"\">Ausf\u00fchrung w\u00e4hlen<\/a>\t<span id=\"woocommerce_loop_add_to_cart_link_describedby_5582\" class=\"screen-reader-text\">\n\t\tDieses Produkt weist mehrere Varianten auf. Die Optionen k\u00f6nnen auf der Produktseite gew\u00e4hlt werden\t<\/span>\n<\/div><\/li>\n<li class=\"product type-product post-2125 status-publish last instock product_cat-fiat product_cat-aislantes product_cat-all-products has-post-thumbnail taxable shipping-taxable purchasable product-type-variable\">\n\t<div class=\"nv-card-content-wrapper\"><a href=\"https:\/\/m2camper.com\/de\/warmeisolatoren-fur-den-fiat-ducato-l2-h2-von-2006-bis-2014\/\" class=\"woocommerce-LoopProduct-link woocommerce-loop-product__link\"><div class=\"sp-product-image\"><div class=\"img-wrap\"><img loading=\"lazy\" decoding=\"async\" width=\"300\" height=\"194\" src=\"https:\/\/m2camper.com\/wp-content\/uploads\/2025\/01\/60c9aa_307c6676b32a4e44a24128d3d06eef7bmv2-300x194.png\" class=\"attachment-woocommerce_thumbnail size-woocommerce_thumbnail\" alt=\"W\u00e4rmeisolatoren f\u00fcr den Fiat Ducato L2 H2 2006-2014\" srcset=\"https:\/\/m2camper.com\/wp-content\/uploads\/2025\/01\/60c9aa_307c6676b32a4e44a24128d3d06eef7bmv2-300x194.png 300w, https:\/\/m2camper.com\/wp-content\/uploads\/2025\/01\/60c9aa_307c6676b32a4e44a24128d3d06eef7bmv2-600x388.png 600w, https:\/\/m2camper.com\/wp-content\/uploads\/2025\/01\/60c9aa_307c6676b32a4e44a24128d3d06eef7bmv2.png 640w\" sizes=\"(max-width: 300px) 100vw, 300px\" \/><\/div><\/div><h2 class=\"woocommerce-loop-product__title\">W\u00e4rmeisolatoren f\u00fcr den Fiat Ducato L2 H2 2006-2014<\/h2>\n\t<span class=\"price\"><span class=\"woocommerce-Price-amount amount\" aria-hidden=\"true\"><bdi>65,00&nbsp;<span class=\"woocommerce-Price-currencySymbol\">&euro;<\/span><\/bdi><\/span> <span aria-hidden=\"true\"> \u2013 <\/span> <span class=\"woocommerce-Price-amount amount\" aria-hidden=\"true\"><bdi>218,00&nbsp;<span class=\"woocommerce-Price-currencySymbol\">&euro;<\/span><\/bdi><\/span><span class=\"screen-reader-text\" data-no-translation=\"\" data-trp-gettext=\"\">Preisspanne: 65,00&nbsp;&euro; bis 218,00&nbsp;&euro;<\/span><\/span>\n<\/a><a href=\"https:\/\/m2camper.com\/de\/warmeisolatoren-fur-den-fiat-ducato-l2-h2-von-2006-bis-2014\/\" aria-describedby=\"woocommerce_loop_add_to_cart_link_describedby_2125\" data-quantity=\"1\" class=\"button product_type_variable add_to_cart_button\" data-product_id=\"2125\" data-product_sku=\"\" aria-label=\"W\u00e4hle Optionen f\u00fcr \u201eAislantes t\u00e9rmicos oscurecedores Fiat Ducato L2 H2 2006-2014\u201c\" rel=\"nofollow\" data-no-translation=\"\" data-trp-gettext=\"\" data-no-translation-aria-label=\"\">Ausf\u00fchrung w\u00e4hlen<\/a>\t<span id=\"woocommerce_loop_add_to_cart_link_describedby_2125\" class=\"screen-reader-text\">\n\t\tDieses Produkt weist mehrere Varianten auf. Die Optionen k\u00f6nnen auf der Produktseite gew\u00e4hlt werden\t<\/span>\n<\/div><\/li>\n<li class=\"product type-product post-2103 status-publish first instock product_cat-fiat product_cat-aislantes product_cat-all-products has-post-thumbnail taxable shipping-taxable purchasable product-type-variable\">\n\t<div class=\"nv-card-content-wrapper\"><a href=\"https:\/\/m2camper.com\/de\/warmeisolatoren-fur-den-fiat-ducato-l2-h2-2014-2023\/\" class=\"woocommerce-LoopProduct-link woocommerce-loop-product__link\"><div class=\"sp-product-image\"><div class=\"img-wrap\"><img loading=\"lazy\" decoding=\"async\" width=\"300\" height=\"225\" src=\"https:\/\/m2camper.com\/wp-content\/uploads\/2025\/01\/60c9aa_c98e3256bf434284a013824aa4ea599emv2-300x225.png\" class=\"attachment-woocommerce_thumbnail size-woocommerce_thumbnail\" alt=\"Thermische Verdunkelungsisolatoren f\u00fcr den Fiat Ducato L2 H2 2014-2023\" srcset=\"https:\/\/m2camper.com\/wp-content\/uploads\/2025\/01\/60c9aa_c98e3256bf434284a013824aa4ea599emv2-300x225.png 300w, https:\/\/m2camper.com\/wp-content\/uploads\/2025\/01\/60c9aa_c98e3256bf434284a013824aa4ea599emv2-600x450.png 600w, https:\/\/m2camper.com\/wp-content\/uploads\/2025\/01\/60c9aa_c98e3256bf434284a013824aa4ea599emv2.png 800w\" sizes=\"(max-width: 300px) 100vw, 300px\" \/><\/div><\/div><h2 class=\"woocommerce-loop-product__title\">Thermische Verdunkelungsisolatoren f\u00fcr den Fiat Ducato L2 H2 2014-2023<\/h2>\n\t<span class=\"price\"><span class=\"woocommerce-Price-amount amount\" aria-hidden=\"true\"><bdi>65,00&nbsp;<span class=\"woocommerce-Price-currencySymbol\">&euro;<\/span><\/bdi><\/span> <span aria-hidden=\"true\"> \u2013 <\/span> <span class=\"woocommerce-Price-amount amount\" aria-hidden=\"true\"><bdi>218,00&nbsp;<span class=\"woocommerce-Price-currencySymbol\">&euro;<\/span><\/bdi><\/span><span class=\"screen-reader-text\" data-no-translation=\"\" data-trp-gettext=\"\">Preisspanne: 65,00&nbsp;&euro; bis 218,00&nbsp;&euro;<\/span><\/span>\n<\/a><a href=\"https:\/\/m2camper.com\/de\/warmeisolatoren-fur-den-fiat-ducato-l2-h2-2014-2023\/\" aria-describedby=\"woocommerce_loop_add_to_cart_link_describedby_2103\" data-quantity=\"1\" class=\"button product_type_variable add_to_cart_button\" data-product_id=\"2103\" data-product_sku=\"\" aria-label=\"W\u00e4hle Optionen f\u00fcr \u201eAislantes t\u00e9rmicos oscurecedores Fiat Ducato L2 H2 2014-2023\u201c\" rel=\"nofollow\" data-no-translation=\"\" data-trp-gettext=\"\" data-no-translation-aria-label=\"\">Ausf\u00fchrung w\u00e4hlen<\/a>\t<span id=\"woocommerce_loop_add_to_cart_link_describedby_2103\" class=\"screen-reader-text\">\n\t\tDieses Produkt weist mehrere Varianten auf. Die Optionen k\u00f6nnen auf der Produktseite gew\u00e4hlt werden\t<\/span>\n<\/div><\/li>\n<\/ul>\n<\/div>\t\t\t\t<\/div>\n\t\t\t\t<\/div>\n\t\t\t\t<\/div>\n\t\t\t\t<\/div>\n\t\t\t\t<section class=\"elementor-section elementor-top-section elementor-element elementor-element-a180132 elementor-reverse-tablet elementor-reverse-mobile elementor-section-boxed elementor-section-height-default elementor-section-height-default\" data-id=\"a180132\" data-element_type=\"section\" data-e-type=\"section\" data-settings=\"{&quot;background_background&quot;:&quot;classic&quot;}\">\n\t\t\t\t\t\t\t<div class=\"elementor-background-overlay\"><\/div>\n\t\t\t\t\t\t\t<div class=\"elementor-container elementor-column-gap-default\">\n\t\t\t\t\t<div class=\"elementor-column elementor-col-100 elementor-top-column elementor-element elementor-element-68d88cf elementor-invisible\" data-id=\"68d88cf\" data-element_type=\"column\" data-e-type=\"column\" data-settings=\"{&quot;animation&quot;:&quot;fadeInRight&quot;}\">\n\t\t\t<div class=\"elementor-widget-wrap elementor-element-populated\">\n\t\t\t\t\t\t<div class=\"elementor-element elementor-element-8777649 elementor-widget elementor-widget-heading\" data-id=\"8777649\" data-element_type=\"widget\" data-e-type=\"widget\" data-widget_type=\"heading.default\">\n\t\t\t\t<div class=\"elementor-widget-container\">\n\t\t\t\t\t<h3 class=\"elementor-heading-title elementor-size-default\">Sie finden nicht, wonach Sie suchen?<\/h3>\t\t\t\t<\/div>\n\t\t\t\t<\/div>\n\t\t\t\t<div class=\"elementor-element elementor-element-ba0406a elementor-widget elementor-widget-text-editor\" data-id=\"ba0406a\" data-element_type=\"widget\" data-e-type=\"widget\" data-widget_type=\"text-editor.default\">\n\t\t\t\t<div class=\"elementor-widget-container\">\n\t\t\t\t\t\t\t\t\t<p class=\"font_7 wixui-rich-text__text\">Wenn Sie das gew\u00fcnschte Produkt nicht finden k\u00f6nnen, nehmen Sie gerne Kontakt mit uns auf. Unser Team ist hier, um Ihnen zu helfen, die perfekte L\u00f6sung f\u00fcr Sie zu finden. Ihre Zufriedenheit ist unsere Priorit\u00e4t!<\/p>\t\t\t\t\t\t\t\t<\/div>\n\t\t\t\t<\/div>\n\t\t\t\t<div class=\"elementor-element elementor-element-080781a elementor-align-center elementor-widget elementor-widget-button\" data-id=\"080781a\" data-element_type=\"widget\" data-e-type=\"widget\" data-widget_type=\"button.default\">\n\t\t\t\t<div class=\"elementor-widget-container\">\n\t\t\t\t\t\t\t\t\t<div class=\"elementor-button-wrapper\">\n\t\t\t\t\t<a class=\"elementor-button elementor-button-link elementor-size-sm\" href=\"https:\/\/m2camper.com\/de\/kontakt\/\">\n\t\t\t\t\t\t<span class=\"elementor-button-content-wrapper\">\n\t\t\t\t\t\t\t\t\t<span class=\"elementor-button-text\">Kontaktieren Sie uns<\/span>\n\t\t\t\t\t<\/span>\n\t\t\t\t\t<\/a>\n\t\t\t\t<\/div>\n\t\t\t\t\t\t\t\t<\/div>\n\t\t\t\t<\/div>\n\t\t\t\t\t<\/div>\n\t\t<\/div>\n\t\t\t\t\t<\/div>\n\t\t<\/section>\n\t\t\t\t<\/div>","protected":false},"excerpt":{"rendered":"<p>Explora el mundo con tu Fiat y lleva tu experiencia de viaje al siguiente nivel con nuestros aislantes t\u00e9rmicos oscurecedores de 9 capas, dise\u00f1ados espec\u00edficamente para veh\u00edculos Fiat. En nuestra tienda, nos apasiona ofrecerte soluciones que transformar\u00e1n tu veh\u00edculo en un oasis de comodidad y privacidad. Veh\u00edculos Camper a MedidaSabemos que cada modelo de Fiat&hellip;&nbsp;<a href=\"https:\/\/m2camper.com\/de\/verdunkelungsisolatoren-fur-fiat\/\" rel=\"bookmark\">Mehr lesen &quot;<span class=\"screen-reader-text\">Verdunkelungsisolatoren f\u00fcr Fiat<\/span><\/a><\/p>","protected":false},"author":1,"featured_media":0,"parent":0,"menu_order":0,"comment_status":"closed","ping_status":"closed","template":"page-templates\/template-pagebuilder-full-width.php","meta":{"neve_meta_sidebar":"","neve_meta_container":"","neve_meta_enable_content_width":"off","neve_meta_content_width":100,"neve_meta_title_alignment":"","neve_meta_author_avatar":"","neve_post_elements_order":"","neve_meta_disable_header":"","neve_meta_disable_footer":"","neve_meta_disable_title":"","footnotes":""},"class_list":["post-11069","page","type-page","status-publish","hentry"],"yoast_head":"<!-- This site is optimized with the Yoast SEO plugin v27.4 - https:\/\/yoast.com\/product\/yoast-seo-wordpress\/ -->\n<title>Aislantes oscurecedores para Fiat - M2 Camper | Aislantes t\u00e9rmicos y oscurecedores para campers<\/title>\n<meta name=\"robots\" content=\"index, follow, max-snippet:-1, max-image-preview:large, max-video-preview:-1\" \/>\n<link rel=\"canonical\" href=\"https:\/\/m2camper.com\/de\/verdunkelungsisolatoren-fur-fiat\/\" \/>\n<meta property=\"og:locale\" content=\"de_DE\" \/>\n<meta property=\"og:type\" content=\"article\" \/>\n<meta property=\"og:title\" content=\"Aislantes oscurecedores para Fiat - M2 Camper | Aislantes t\u00e9rmicos y oscurecedores para campers\" \/>\n<meta property=\"og:description\" content=\"Explora el mundo con tu Fiat y lleva tu experiencia de viaje al siguiente nivel con nuestros aislantes t\u00e9rmicos oscurecedores de 9 capas, dise\u00f1ados espec\u00edficamente para veh\u00edculos Fiat. En nuestra tienda, nos apasiona ofrecerte soluciones que transformar\u00e1n tu veh\u00edculo en un oasis de comodidad y privacidad. Veh\u00edculos Camper a MedidaSabemos que cada modelo de Fiat&hellip;&nbsp;Weiterlesen &raquo;Aislantes oscurecedores para Fiat\" \/>\n<meta property=\"og:url\" content=\"https:\/\/m2camper.com\/de\/verdunkelungsisolatoren-fur-fiat\/\" \/>\n<meta property=\"og:site_name\" content=\"M2 Camper | Aislantes t\u00e9rmicos y oscurecedores para campers\" \/>\n<meta property=\"article:modified_time\" content=\"2025-04-17T10:39:41+00:00\" \/>\n<meta property=\"og:image\" content=\"https:\/\/m2camper.com\/wp-content\/uploads\/2025\/01\/4_4_11zon.png\" \/>\n<meta name=\"twitter:card\" content=\"summary_large_image\" \/>\n<meta name=\"twitter:label1\" content=\"Gesch\u00e4tzte Lesezeit\" \/>\n\t<meta name=\"twitter:data1\" content=\"9\u00a0Minuten\" \/>\n<script type=\"application\/ld+json\" class=\"yoast-schema-graph\">{\"@context\":\"https:\\\/\\\/schema.org\",\"@graph\":[{\"@type\":\"WebPage\",\"@id\":\"https:\\\/\\\/m2camper.com\\\/aislantes-oscurecedores-para-fiat\\\/\",\"url\":\"https:\\\/\\\/m2camper.com\\\/aislantes-oscurecedores-para-fiat\\\/\",\"name\":\"Aislantes oscurecedores para Fiat - M2 Camper | Aislantes t\u00e9rmicos y oscurecedores para campers\",\"isPartOf\":{\"@id\":\"https:\\\/\\\/m2camper.com\\\/pt\\\/#website\"},\"primaryImageOfPage\":{\"@id\":\"https:\\\/\\\/m2camper.com\\\/aislantes-oscurecedores-para-fiat\\\/#primaryimage\"},\"image\":{\"@id\":\"https:\\\/\\\/m2camper.com\\\/aislantes-oscurecedores-para-fiat\\\/#primaryimage\"},\"thumbnailUrl\":\"https:\\\/\\\/m2camper.com\\\/wp-content\\\/uploads\\\/2025\\\/01\\\/4_4_11zon.png\",\"datePublished\":\"2025-01-26T18:33:40+00:00\",\"dateModified\":\"2025-04-17T10:39:41+00:00\",\"breadcrumb\":{\"@id\":\"https:\\\/\\\/m2camper.com\\\/aislantes-oscurecedores-para-fiat\\\/#breadcrumb\"},\"inLanguage\":\"de\",\"potentialAction\":[{\"@type\":\"ReadAction\",\"target\":[\"https:\\\/\\\/m2camper.com\\\/aislantes-oscurecedores-para-fiat\\\/\"]}]},{\"@type\":\"ImageObject\",\"inLanguage\":\"de\",\"@id\":\"https:\\\/\\\/m2camper.com\\\/aislantes-oscurecedores-para-fiat\\\/#primaryimage\",\"url\":\"https:\\\/\\\/m2camper.com\\\/wp-content\\\/uploads\\\/2025\\\/01\\\/4_4_11zon.png\",\"contentUrl\":\"https:\\\/\\\/m2camper.com\\\/wp-content\\\/uploads\\\/2025\\\/01\\\/4_4_11zon.png\"},{\"@type\":\"BreadcrumbList\",\"@id\":\"https:\\\/\\\/m2camper.com\\\/aislantes-oscurecedores-para-fiat\\\/#breadcrumb\",\"itemListElement\":[{\"@type\":\"ListItem\",\"position\":1,\"name\":\"Portada\",\"item\":\"https:\\\/\\\/m2camper.com\\\/pt\\\/\"},{\"@type\":\"ListItem\",\"position\":2,\"name\":\"Aislantes oscurecedores para Fiat\"}]},{\"@type\":\"WebSite\",\"@id\":\"https:\\\/\\\/m2camper.com\\\/pt\\\/#website\",\"url\":\"https:\\\/\\\/m2camper.com\\\/pt\\\/\",\"name\":\"M2 Campers | Aislantes t\u00e9rmicos y oscurecedores para campers\",\"description\":\"Descubre calidad y confort de nuestros aislantes t\u00e9rmicos oscurecedores y colchones para veh\u00edculos. Optimiza tu experiencia en carretera con M2 Camper.\",\"potentialAction\":[{\"@type\":\"SearchAction\",\"target\":{\"@type\":\"EntryPoint\",\"urlTemplate\":\"https:\\\/\\\/m2camper.com\\\/pt\\\/?s={search_term_string}\"},\"query-input\":{\"@type\":\"PropertyValueSpecification\",\"valueRequired\":true,\"valueName\":\"search_term_string\"}}],\"inLanguage\":\"de\"}]}<\/script>\n<!-- \/ Yoast SEO plugin. -->","yoast_head_json":{"title":"Verdunkelungsisolatoren f\u00fcr Fiat - M2 Camper | W\u00e4rmed\u00e4mmung und Verdunkelung f\u00fcr Camper","robots":{"index":"index","follow":"follow","max-snippet":"max-snippet:-1","max-image-preview":"max-image-preview:large","max-video-preview":"max-video-preview:-1"},"canonical":"https:\/\/m2camper.com\/de\/verdunkelungsisolatoren-fur-fiat\/","og_locale":"de_DE","og_type":"article","og_title":"Aislantes oscurecedores para Fiat - M2 Camper | Aislantes t\u00e9rmicos y oscurecedores para campers","og_description":"Explora el mundo con tu Fiat y lleva tu experiencia de viaje al siguiente nivel con nuestros aislantes t\u00e9rmicos oscurecedores de 9 capas, dise\u00f1ados espec\u00edficamente para veh\u00edculos Fiat. En nuestra tienda, nos apasiona ofrecerte soluciones que transformar\u00e1n tu veh\u00edculo en un oasis de comodidad y privacidad. Veh\u00edculos Camper a MedidaSabemos que cada modelo de Fiat&hellip;&nbsp;Weiterlesen &raquo;Aislantes oscurecedores para Fiat","og_url":"https:\/\/m2camper.com\/de\/verdunkelungsisolatoren-fur-fiat\/","og_site_name":"M2 Camper | Aislantes t\u00e9rmicos y oscurecedores para campers","article_modified_time":"2025-04-17T10:39:41+00:00","og_image":[{"url":"https:\/\/m2camper.com\/wp-content\/uploads\/2025\/01\/4_4_11zon.png","type":"","width":"","height":""}],"twitter_card":"summary_large_image","twitter_misc":{"Gesch\u00e4tzte Lesezeit":"9\u00a0Minuten"},"schema":{"@context":"https:\/\/schema.org","@graph":[{"@type":"WebPage","@id":"https:\/\/m2camper.com\/aislantes-oscurecedores-para-fiat\/","url":"https:\/\/m2camper.com\/aislantes-oscurecedores-para-fiat\/","name":"Verdunkelungsisolatoren f\u00fcr Fiat - M2 Camper | W\u00e4rmed\u00e4mmung und Verdunkelung f\u00fcr Camper","isPartOf":{"@id":"https:\/\/m2camper.com\/pt\/#website"},"primaryImageOfPage":{"@id":"https:\/\/m2camper.com\/aislantes-oscurecedores-para-fiat\/#primaryimage"},"image":{"@id":"https:\/\/m2camper.com\/aislantes-oscurecedores-para-fiat\/#primaryimage"},"thumbnailUrl":"https:\/\/m2camper.com\/wp-content\/uploads\/2025\/01\/4_4_11zon.png","datePublished":"2025-01-26T18:33:40+00:00","dateModified":"2025-04-17T10:39:41+00:00","breadcrumb":{"@id":"https:\/\/m2camper.com\/aislantes-oscurecedores-para-fiat\/#breadcrumb"},"inLanguage":"de","potentialAction":[{"@type":"ReadAction","target":["https:\/\/m2camper.com\/aislantes-oscurecedores-para-fiat\/"]}]},{"@type":"ImageObject","inLanguage":"de","@id":"https:\/\/m2camper.com\/aislantes-oscurecedores-para-fiat\/#primaryimage","url":"https:\/\/m2camper.com\/wp-content\/uploads\/2025\/01\/4_4_11zon.png","contentUrl":"https:\/\/m2camper.com\/wp-content\/uploads\/2025\/01\/4_4_11zon.png"},{"@type":"BreadcrumbList","@id":"https:\/\/m2camper.com\/aislantes-oscurecedores-para-fiat\/#breadcrumb","itemListElement":[{"@type":"ListItem","position":1,"name":"Portada","item":"https:\/\/m2camper.com\/pt\/"},{"@type":"ListItem","position":2,"name":"Aislantes oscurecedores para Fiat"}]},{"@type":"WebSite","@id":"https:\/\/m2camper.com\/pt\/#website","url":"https:\/\/m2camper.com\/pt\/","name":"M2 Wohnmobile | W\u00e4rmed\u00e4mmung und Verdunkelung f\u00fcr Camper","description":"Entdecken Sie die Qualit\u00e4t und den Komfort unserer w\u00e4rmeisolierenden Verdunkelungen und Matratzen f\u00fcr Fahrzeuge. Optimieren Sie Ihren Aufenthalt auf der Stra\u00dfe mit M2 Camper.","potentialAction":[{"@type":"SearchAction","target":{"@type":"EntryPoint","urlTemplate":"https:\/\/m2camper.com\/pt\/?s={search_term_string}"},"query-input":{"@type":"PropertyValueSpecification","valueRequired":true,"valueName":"search_term_string"}}],"inLanguage":"de"}]}},"_links":{"self":[{"href":"https:\/\/m2camper.com\/de\/wp-json\/wp\/v2\/pages\/11069","targetHints":{"allow":["GET"]}}],"collection":[{"href":"https:\/\/m2camper.com\/de\/wp-json\/wp\/v2\/pages"}],"about":[{"href":"https:\/\/m2camper.com\/de\/wp-json\/wp\/v2\/types\/page"}],"author":[{"embeddable":true,"href":"https:\/\/m2camper.com\/de\/wp-json\/wp\/v2\/users\/1"}],"replies":[{"embeddable":true,"href":"https:\/\/m2camper.com\/de\/wp-json\/wp\/v2\/comments?post=11069"}],"version-history":[{"count":35,"href":"https:\/\/m2camper.com\/de\/wp-json\/wp\/v2\/pages\/11069\/revisions"}],"predecessor-version":[{"id":13261,"href":"https:\/\/m2camper.com\/de\/wp-json\/wp\/v2\/pages\/11069\/revisions\/13261"}],"wp:attachment":[{"href":"https:\/\/m2camper.com\/de\/wp-json\/wp\/v2\/media?parent=11069"}],"curies":[{"name":"wp","href":"https:\/\/api.w.org\/{rel}","templated":true}]}}