{"id":11064,"date":"2025-01-26T18:32:20","date_gmt":"2025-01-26T18:32:20","guid":{"rendered":"https:\/\/ultbit.com\/m2camper\/?page_id=11064"},"modified":"2025-04-17T10:26:15","modified_gmt":"2025-04-17T10:26:15","slug":"verdunkelungsisolatoren-fur-mercedes","status":"publish","type":"page","link":"https:\/\/m2camper.com\/de\/verdunkelungsisolatoren-fur-mercedes\/","title":{"rendered":"Verdunkelungsisolatoren f\u00fcr Mercedes"},"content":{"rendered":"<div data-elementor-type=\"wp-page\" data-elementor-id=\"11064\" class=\"elementor elementor-11064\" data-elementor-post-type=\"page\">\n\t\t\t\t\t\t<section class=\"elementor-section elementor-top-section elementor-element elementor-element-12a524b elementor-section-boxed elementor-section-height-default elementor-section-height-default\" data-id=\"12a524b\" data-element_type=\"section\" data-e-type=\"section\" data-settings=\"{&quot;background_background&quot;:&quot;classic&quot;}\">\n\t\t\t\t\t\t\t<div class=\"elementor-background-overlay\"><\/div>\n\t\t\t\t\t\t\t<div class=\"elementor-container elementor-column-gap-default\">\n\t\t\t\t\t<div class=\"elementor-column elementor-col-100 elementor-top-column elementor-element elementor-element-fcd61ff\" data-id=\"fcd61ff\" data-element_type=\"column\" data-e-type=\"column\">\n\t\t\t<div class=\"elementor-widget-wrap elementor-element-populated\">\n\t\t\t\t\t\t<section class=\"elementor-section elementor-inner-section elementor-element elementor-element-c7217c5 elementor-section-boxed elementor-section-height-default elementor-section-height-default\" data-id=\"c7217c5\" data-element_type=\"section\" data-e-type=\"section\">\n\t\t\t\t\t\t<div class=\"elementor-container elementor-column-gap-default\">\n\t\t\t\t\t<div class=\"elementor-column elementor-col-100 elementor-inner-column elementor-element elementor-element-a9625b2\" data-id=\"a9625b2\" data-element_type=\"column\" data-e-type=\"column\">\n\t\t\t<div class=\"elementor-widget-wrap elementor-element-populated\">\n\t\t\t\t\t\t\t<\/div>\n\t\t<\/div>\n\t\t\t\t\t<\/div>\n\t\t<\/section>\n\t\t\t\t\t<\/div>\n\t\t<\/div>\n\t\t\t\t\t<\/div>\n\t\t<\/section>\n\t\t\t\t<section class=\"elementor-section elementor-top-section elementor-element elementor-element-46432d8 elementor-section-boxed elementor-section-height-default elementor-section-height-default\" data-id=\"46432d8\" data-element_type=\"section\" data-e-type=\"section\" data-settings=\"{&quot;background_background&quot;:&quot;classic&quot;}\">\n\t\t\t\t\t\t\t<div class=\"elementor-background-overlay\"><\/div>\n\t\t\t\t\t\t\t<div class=\"elementor-container elementor-column-gap-default\">\n\t\t\t\t\t<div class=\"elementor-column elementor-col-100 elementor-top-column elementor-element elementor-element-adbb7cd elementor-invisible\" data-id=\"adbb7cd\" data-element_type=\"column\" data-e-type=\"column\" data-settings=\"{&quot;animation&quot;:&quot;fadeInLeft&quot;}\">\n\t\t\t<div class=\"elementor-widget-wrap elementor-element-populated\">\n\t\t\t\t<div class=\"elementor-element elementor-element-3d7fcf0 e-flex e-con-boxed e-con e-parent\" data-id=\"3d7fcf0\" data-element_type=\"container\" data-e-type=\"container\">\n\t\t\t\t\t<div class=\"e-con-inner\">\n\t\t<div class=\"elementor-element elementor-element-8721e65 e-con-full e-flex e-con e-child\" data-id=\"8721e65\" data-element_type=\"container\" data-e-type=\"container\">\n\t\t\t\t<div class=\"elementor-element elementor-element-3854079 elementor-widget elementor-widget-image\" data-id=\"3854079\" data-element_type=\"widget\" data-e-type=\"widget\" data-widget_type=\"image.default\">\n\t\t\t\t<div class=\"elementor-widget-container\">\n\t\t\t\t\t\t\t\t\t\t\t\t\t\t\t<img decoding=\"async\" width=\"79\" height=\"79\" src=\"https:\/\/m2camper.com\/wp-content\/uploads\/2025\/01\/3_3_11zon.png\" class=\"attachment-large size-large wp-image-10873\" alt=\"\" \/>\t\t\t\t\t\t\t\t\t\t\t\t\t\t\t<\/div>\n\t\t\t\t<\/div>\n\t\t\t\t<\/div>\n\t\t<div class=\"elementor-element elementor-element-ec1c3fe e-con-full e-flex e-con e-child\" data-id=\"ec1c3fe\" data-element_type=\"container\" data-e-type=\"container\">\n\t\t\t\t<div class=\"elementor-element elementor-element-e526ce4 elementor-widget elementor-widget-text-editor\" data-id=\"e526ce4\" data-element_type=\"widget\" data-e-type=\"widget\" data-widget_type=\"text-editor.default\">\n\t\t\t\t<div class=\"elementor-widget-container\">\n\t\t\t\t\t\t\t\t\t<p>Erkunden Sie die Welt mit Ihrem Mercedes und heben Sie Ihr Reiseerlebnis auf die n\u00e4chste Stufe mit unseren 9-lagigen Verdunkelungs-W\u00e4rmeisolatoren, die speziell f\u00fcr Mercedes-Fahrzeuge entwickelt wurden. In unserem Gesch\u00e4ft bieten wir Ihnen mit Leidenschaft L\u00f6sungen an, die Ihr Fahrzeug in eine Oase des Komforts und der Privatsph\u00e4re verwandeln.<\/p><p><strong>Individuell gestaltete Wohnmobile<\/strong><br \/>Wir wissen, dass jedes Mercedes-Modell einzigartig ist. Deshalb bieten wir ma\u00dfgeschneiderte L\u00f6sungen zur Verbesserung Ihres Fahrkomforts. Entdecken Sie unser Sortiment an Produkten, die speziell f\u00fcr Ihr Fahrzeug entwickelt wurden und eine perfekte Passform gew\u00e4hrleisten.<\/p><p><strong>Vorteile unserer Produkte<\/strong><\/p><ul><li><strong>Sonderanfertigung:<\/strong> Unsere Produkte sind speziell f\u00fcr Mercedes-Modelle konzipiert und gew\u00e4hrleisten eine perfekte Passform und ein elegantes Erscheinungsbild.<\/li><li><strong>\u00dcberlegene W\u00e4rmed\u00e4mmung:<\/strong> Erleben Sie au\u00dfergew\u00f6hnlichen W\u00e4rmekomfort mit unseren hochwertigen Verdunkelungs-W\u00e4rmeisolatoren.<\/li><li><strong>Einfache Installation:<\/strong> Unsere Produkte lassen sich dank des aufschraubbaren Saugnapfsystems ganz einfach installieren.<\/li><\/ul>\t\t\t\t\t\t\t\t<\/div>\n\t\t\t\t<\/div>\n\t\t\t\t<\/div>\n\t\t\t\t\t<\/div>\n\t\t\t\t<\/div>\n\t\t\t\t\t<\/div>\n\t\t<\/div>\n\t\t\t\t\t<\/div>\n\t\t<\/section>\n\t\t<div class=\"elementor-element elementor-element-4cb6bf6 e-con-full e-flex e-con e-parent\" data-id=\"4cb6bf6\" data-element_type=\"container\" data-e-type=\"container\" data-settings=\"{&quot;background_background&quot;:&quot;classic&quot;}\">\n\t\t<div class=\"elementor-element elementor-element-b2ebe3b e-con-full elementor-hidden-tablet elementor-hidden-mobile e-flex e-con e-child\" data-id=\"b2ebe3b\" data-element_type=\"container\" data-e-type=\"container\">\n\t\t\t\t<div class=\"elementor-element elementor-element-5b1c06c elementor-hidden-tablet elementor-hidden-mobile elementor-widget elementor-widget-elementskit-page-list\" data-id=\"5b1c06c\" data-element_type=\"widget\" data-e-type=\"widget\" data-widget_type=\"elementskit-page-list.default\">\n\t\t\t\t<div class=\"elementor-widget-container\">\n\t\t\t\t\t<div class=\"ekit-wid-con\" >\t\t<div class=\"elementor-icon-list-items\">\n\t\t\t\t\t\t\t<div class=\"elementor-icon-list-item\">\n\t\t\t\t\t\t<a class=\"elementor-repeater-item-d0811d6 ekit_badge_left\" href=\"https:\/\/m2camper.com\/de\/verdunkelungsisolatoren-fur-audi\/\">\n\t\t\t\t\t\t\t<div class=\"ekit_page_list_content\">\n\t\t\t\t\t\t\t\t\t\t\t\t\t\t\t\t<span class=\"elementor-icon-list-text\">\n\t\t\t\t\t\t\t\t\t<span class=\"ekit_page_list_title_title\">Audi<\/span>\n\t\t\t\t\t\t\t\t\t\t\t\t\t\t\t\t\t<\/span>\n\t\t\t\t\t\t\t<\/div>\n\t\t\t\t\t\t\t\t\t\t\t\t\t<\/a>\n\t\t\t\t\t<\/div>\n\t\t\t\t\t\t\t\t<div class=\"elementor-icon-list-item\">\n\t\t\t\t\t\t<a class=\"elementor-repeater-item-ea8a091 ekit_badge_left\" href=\"https:\/\/m2camper.com\/de\/verdunkelungsisolatoren-fur-bmw\/\">\n\t\t\t\t\t\t\t<div class=\"ekit_page_list_content\">\n\t\t\t\t\t\t\t\t\t\t\t\t\t\t\t\t<span class=\"elementor-icon-list-text\">\n\t\t\t\t\t\t\t\t\t<span class=\"ekit_page_list_title_title\">BMW<\/span>\n\t\t\t\t\t\t\t\t\t\t\t\t\t\t\t\t\t<\/span>\n\t\t\t\t\t\t\t<\/div>\n\t\t\t\t\t\t\t\t\t\t\t\t\t<\/a>\n\t\t\t\t\t<\/div>\n\t\t\t\t\t\t\t\t<div class=\"elementor-icon-list-item\">\n\t\t\t\t\t\t<a class=\"elementor-repeater-item-172e267 ekit_badge_left\" href=\"https:\/\/m2camper.com\/de\/verdunkelungsisolatoren-fur-chevrolet\/\">\n\t\t\t\t\t\t\t<div class=\"ekit_page_list_content\">\n\t\t\t\t\t\t\t\t\t\t\t\t\t\t\t\t<span class=\"elementor-icon-list-text\">\n\t\t\t\t\t\t\t\t\t<span class=\"ekit_page_list_title_title\">Chevrolet<\/span>\n\t\t\t\t\t\t\t\t\t\t\t\t\t\t\t\t\t<\/span>\n\t\t\t\t\t\t\t<\/div>\n\t\t\t\t\t\t\t\t\t\t\t\t\t<\/a>\n\t\t\t\t\t<\/div>\n\t\t\t\t\t\t\t\t<div class=\"elementor-icon-list-item\">\n\t\t\t\t\t\t<a class=\"elementor-repeater-item-efd62c3 ekit_badge_left\" href=\"https:\/\/m2camper.com\/de\/verdunkelungsisolatoren-fur-chrysler\/\">\n\t\t\t\t\t\t\t<div class=\"ekit_page_list_content\">\n\t\t\t\t\t\t\t\t\t\t\t\t\t\t\t\t<span class=\"elementor-icon-list-text\">\n\t\t\t\t\t\t\t\t\t<span class=\"ekit_page_list_title_title\">Chrysler<\/span>\n\t\t\t\t\t\t\t\t\t\t\t\t\t\t\t\t\t<\/span>\n\t\t\t\t\t\t\t<\/div>\n\t\t\t\t\t\t\t\t\t\t\t\t\t<\/a>\n\t\t\t\t\t<\/div>\n\t\t\t\t\t\t\t\t<div class=\"elementor-icon-list-item\">\n\t\t\t\t\t\t<a class=\"elementor-repeater-item-72021d8 ekit_badge_left\" href=\"https:\/\/m2camper.com\/de\/verdunkelungsisolatoren-fur-citroen\/\">\n\t\t\t\t\t\t\t<div class=\"ekit_page_list_content\">\n\t\t\t\t\t\t\t\t\t\t\t\t\t\t\t\t<span class=\"elementor-icon-list-text\">\n\t\t\t\t\t\t\t\t\t<span class=\"ekit_page_list_title_title\">Citro\u00ebn<\/span>\n\t\t\t\t\t\t\t\t\t\t\t\t\t\t\t\t\t<\/span>\n\t\t\t\t\t\t\t<\/div>\n\t\t\t\t\t\t\t\t\t\t\t\t\t<\/a>\n\t\t\t\t\t<\/div>\n\t\t\t\t\t\t\t\t<div class=\"elementor-icon-list-item\">\n\t\t\t\t\t\t<a class=\"elementor-repeater-item-cb33de3 ekit_badge_left\" href=\"https:\/\/m2camper.com\/de\/verdunkelungsisolatoren-fur-dacia\/\">\n\t\t\t\t\t\t\t<div class=\"ekit_page_list_content\">\n\t\t\t\t\t\t\t\t\t\t\t\t\t\t\t\t<span class=\"elementor-icon-list-text\">\n\t\t\t\t\t\t\t\t\t<span class=\"ekit_page_list_title_title\">Dacia<\/span>\n\t\t\t\t\t\t\t\t\t\t\t\t\t\t\t\t\t<\/span>\n\t\t\t\t\t\t\t<\/div>\n\t\t\t\t\t\t\t\t\t\t\t\t\t<\/a>\n\t\t\t\t\t<\/div>\n\t\t\t\t\t\t\t\t<div class=\"elementor-icon-list-item\">\n\t\t\t\t\t\t<a class=\"elementor-repeater-item-1b65a80 ekit_badge_left\" href=\"https:\/\/m2camper.com\/de\/verdunkelungsisolatoren-fur-fiat\/\">\n\t\t\t\t\t\t\t<div class=\"ekit_page_list_content\">\n\t\t\t\t\t\t\t\t\t\t\t\t\t\t\t\t<span class=\"elementor-icon-list-text\">\n\t\t\t\t\t\t\t\t\t<span class=\"ekit_page_list_title_title\">Fiat<\/span>\n\t\t\t\t\t\t\t\t\t\t\t\t\t\t\t\t\t<\/span>\n\t\t\t\t\t\t\t<\/div>\n\t\t\t\t\t\t\t\t\t\t\t\t\t<\/a>\n\t\t\t\t\t<\/div>\n\t\t\t\t\t\t\t\t<div class=\"elementor-icon-list-item\">\n\t\t\t\t\t\t<a class=\"elementor-repeater-item-7308ca1 ekit_badge_left\" href=\"https:\/\/m2camper.com\/de\/verdunkelungsisolatoren-fur-ford\/\">\n\t\t\t\t\t\t\t<div class=\"ekit_page_list_content\">\n\t\t\t\t\t\t\t\t\t\t\t\t\t\t\t\t<span class=\"elementor-icon-list-text\">\n\t\t\t\t\t\t\t\t\t<span class=\"ekit_page_list_title_title\">Ford<\/span>\n\t\t\t\t\t\t\t\t\t\t\t\t\t\t\t\t\t<\/span>\n\t\t\t\t\t\t\t<\/div>\n\t\t\t\t\t\t\t\t\t\t\t\t\t<\/a>\n\t\t\t\t\t<\/div>\n\t\t\t\t\t\t\t\t<div class=\"elementor-icon-list-item\">\n\t\t\t\t\t\t<a class=\"elementor-repeater-item-d05c877 ekit_badge_left\" href=\"https:\/\/m2camper.com\/de\/verdunkelungsisolatoren-fur-honda\/\">\n\t\t\t\t\t\t\t<div class=\"ekit_page_list_content\">\n\t\t\t\t\t\t\t\t\t\t\t\t\t\t\t\t<span class=\"elementor-icon-list-text\">\n\t\t\t\t\t\t\t\t\t<span class=\"ekit_page_list_title_title\">Honda<\/span>\n\t\t\t\t\t\t\t\t\t\t\t\t\t\t\t\t\t<\/span>\n\t\t\t\t\t\t\t<\/div>\n\t\t\t\t\t\t\t\t\t\t\t\t\t<\/a>\n\t\t\t\t\t<\/div>\n\t\t\t\t\t\t\t\t<div class=\"elementor-icon-list-item\">\n\t\t\t\t\t\t<a class=\"elementor-repeater-item-ea070ed ekit_badge_left\" href=\"https:\/\/m2camper.com\/de\/verdunkelungsisolatoren-fur-hymer\/\">\n\t\t\t\t\t\t\t<div class=\"ekit_page_list_content\">\n\t\t\t\t\t\t\t\t\t\t\t\t\t\t\t\t<span class=\"elementor-icon-list-text\">\n\t\t\t\t\t\t\t\t\t<span class=\"ekit_page_list_title_title\">Hymer<\/span>\n\t\t\t\t\t\t\t\t\t\t\t\t\t\t\t\t\t<\/span>\n\t\t\t\t\t\t\t<\/div>\n\t\t\t\t\t\t\t\t\t\t\t\t\t<\/a>\n\t\t\t\t\t<\/div>\n\t\t\t\t\t\t\t\t<div class=\"elementor-icon-list-item\">\n\t\t\t\t\t\t<a class=\"elementor-repeater-item-9912345 ekit_badge_left\" href=\"https:\/\/m2camper.com\/de\/verdunkelungsisolatoren-fur-hyundai\/\">\n\t\t\t\t\t\t\t<div class=\"ekit_page_list_content\">\n\t\t\t\t\t\t\t\t\t\t\t\t\t\t\t\t<span class=\"elementor-icon-list-text\">\n\t\t\t\t\t\t\t\t\t<span class=\"ekit_page_list_title_title\">Hyundai<\/span>\n\t\t\t\t\t\t\t\t\t\t\t\t\t\t\t\t\t<\/span>\n\t\t\t\t\t\t\t<\/div>\n\t\t\t\t\t\t\t\t\t\t\t\t\t<\/a>\n\t\t\t\t\t<\/div>\n\t\t\t\t\t\t\t\t<div class=\"elementor-icon-list-item\">\n\t\t\t\t\t\t<a class=\"elementor-repeater-item-d31a97c ekit_badge_left\" href=\"https:\/\/m2camper.com\/de\/verdunkelungsisolatoren-fur-iveco\/\">\n\t\t\t\t\t\t\t<div class=\"ekit_page_list_content\">\n\t\t\t\t\t\t\t\t\t\t\t\t\t\t\t\t<span class=\"elementor-icon-list-text\">\n\t\t\t\t\t\t\t\t\t<span class=\"ekit_page_list_title_title\">Iveco<\/span>\n\t\t\t\t\t\t\t\t\t\t\t\t\t\t\t\t\t<\/span>\n\t\t\t\t\t\t\t<\/div>\n\t\t\t\t\t\t\t\t\t\t\t\t\t<\/a>\n\t\t\t\t\t<\/div>\n\t\t\t\t\t\t\t\t<div class=\"elementor-icon-list-item\">\n\t\t\t\t\t\t<a class=\"elementor-repeater-item-a6b942a ekit_badge_left\" href=\"https:\/\/m2camper.com\/de\/verdunkelungsisolatoren-fur-jeep\/\">\n\t\t\t\t\t\t\t<div class=\"ekit_page_list_content\">\n\t\t\t\t\t\t\t\t\t\t\t\t\t\t\t\t<span class=\"elementor-icon-list-text\">\n\t\t\t\t\t\t\t\t\t<span class=\"ekit_page_list_title_title\">Jeep<\/span>\n\t\t\t\t\t\t\t\t\t\t\t\t\t\t\t\t\t<\/span>\n\t\t\t\t\t\t\t<\/div>\n\t\t\t\t\t\t\t\t\t\t\t\t\t<\/a>\n\t\t\t\t\t<\/div>\n\t\t\t\t\t\t\t\t<div class=\"elementor-icon-list-item\">\n\t\t\t\t\t\t<a class=\"elementor-repeater-item-02af42a ekit_badge_left\" href=\"https:\/\/m2camper.com\/de\/verdunkelungsisolatoren-fur-land-rover\/\">\n\t\t\t\t\t\t\t<div class=\"ekit_page_list_content\">\n\t\t\t\t\t\t\t\t\t\t\t\t\t\t\t\t<span class=\"elementor-icon-list-text\">\n\t\t\t\t\t\t\t\t\t<span class=\"ekit_page_list_title_title\">Land Rover<\/span>\n\t\t\t\t\t\t\t\t\t\t\t\t\t\t\t\t\t<\/span>\n\t\t\t\t\t\t\t<\/div>\n\t\t\t\t\t\t\t\t\t\t\t\t\t<\/a>\n\t\t\t\t\t<\/div>\n\t\t\t\t\t\t\t\t<div class=\"elementor-icon-list-item\">\n\t\t\t\t\t\t<a class=\"elementor-repeater-item-85661e4 ekit_badge_left\" href=\"https:\/\/m2camper.com\/de\/verdunkelungsisolatoren-fur-kia\/\">\n\t\t\t\t\t\t\t<div class=\"ekit_page_list_content\">\n\t\t\t\t\t\t\t\t\t\t\t\t\t\t\t\t<span class=\"elementor-icon-list-text\">\n\t\t\t\t\t\t\t\t\t<span class=\"ekit_page_list_title_title\">Kia<\/span>\n\t\t\t\t\t\t\t\t\t\t\t\t\t\t\t\t\t<\/span>\n\t\t\t\t\t\t\t<\/div>\n\t\t\t\t\t\t\t\t\t\t\t\t\t<\/a>\n\t\t\t\t\t<\/div>\n\t\t\t\t\t\t\t\t<div class=\"elementor-icon-list-item\">\n\t\t\t\t\t\t<a class=\"elementor-repeater-item-10929c4 ekit_badge_left\" href=\"https:\/\/m2camper.com\/de\/blackout-isolatoren-fur-mahindra\/\">\n\t\t\t\t\t\t\t<div class=\"ekit_page_list_content\">\n\t\t\t\t\t\t\t\t\t\t\t\t\t\t\t\t<span class=\"elementor-icon-list-text\">\n\t\t\t\t\t\t\t\t\t<span class=\"ekit_page_list_title_title\">Mahindra<\/span>\n\t\t\t\t\t\t\t\t\t\t\t\t\t\t\t\t\t<\/span>\n\t\t\t\t\t\t\t<\/div>\n\t\t\t\t\t\t\t\t\t\t\t\t\t<\/a>\n\t\t\t\t\t<\/div>\n\t\t\t\t\t\t\t\t<div class=\"elementor-icon-list-item\">\n\t\t\t\t\t\t<a class=\"elementor-repeater-item-78a6604 ekit_badge_left\" href=\"https:\/\/m2camper.com\/de\/verdunkelungsisolatoren-fur-die-hande\/\">\n\t\t\t\t\t\t\t<div class=\"ekit_page_list_content\">\n\t\t\t\t\t\t\t\t\t\t\t\t\t\t\t\t<span class=\"elementor-icon-list-text\">\n\t\t\t\t\t\t\t\t\t<span class=\"ekit_page_list_title_title\">MAN<\/span>\n\t\t\t\t\t\t\t\t\t\t\t\t\t\t\t\t\t<\/span>\n\t\t\t\t\t\t\t<\/div>\n\t\t\t\t\t\t\t\t\t\t\t\t\t<\/a>\n\t\t\t\t\t<\/div>\n\t\t\t\t\t\t\t\t<div class=\"elementor-icon-list-item\">\n\t\t\t\t\t\t<a class=\"elementor-repeater-item-7b1a506 ekit_badge_left\" href=\"https:\/\/m2camper.com\/de\/verdunkelungsisolatoren-fur-maxus\/\">\n\t\t\t\t\t\t\t<div class=\"ekit_page_list_content\">\n\t\t\t\t\t\t\t\t\t\t\t\t\t\t\t\t<span class=\"elementor-icon-list-text\">\n\t\t\t\t\t\t\t\t\t<span class=\"ekit_page_list_title_title\">Maxus<\/span>\n\t\t\t\t\t\t\t\t\t\t\t\t\t\t\t\t\t<\/span>\n\t\t\t\t\t\t\t<\/div>\n\t\t\t\t\t\t\t\t\t\t\t\t\t<\/a>\n\t\t\t\t\t<\/div>\n\t\t\t\t\t\t\t\t<div class=\"elementor-icon-list-item\">\n\t\t\t\t\t\t<a class=\"elementor-repeater-item-2383061 ekit_badge_left\" href=\"https:\/\/m2camper.com\/de\/verdunkelungsisolatoren-fur-mazda\/\">\n\t\t\t\t\t\t\t<div class=\"ekit_page_list_content\">\n\t\t\t\t\t\t\t\t\t\t\t\t\t\t\t\t<span class=\"elementor-icon-list-text\">\n\t\t\t\t\t\t\t\t\t<span class=\"ekit_page_list_title_title\">Mazda<\/span>\n\t\t\t\t\t\t\t\t\t\t\t\t\t\t\t\t\t<\/span>\n\t\t\t\t\t\t\t<\/div>\n\t\t\t\t\t\t\t\t\t\t\t\t\t<\/a>\n\t\t\t\t\t<\/div>\n\t\t\t\t\t\t\t\t<div class=\"elementor-icon-list-item\">\n\t\t\t\t\t\t<a class=\"elementor-repeater-item-3c64da2 ekit_badge_left\" href=\"https:\/\/m2camper.com\/de\/verdunkelungsisolatoren-fur-mercedes\/\">\n\t\t\t\t\t\t\t<div class=\"ekit_page_list_content\">\n\t\t\t\t\t\t\t\t\t\t\t\t\t\t\t\t<span class=\"elementor-icon-list-text\">\n\t\t\t\t\t\t\t\t\t<span class=\"ekit_page_list_title_title\">Mercedes<\/span>\n\t\t\t\t\t\t\t\t\t\t\t\t\t\t\t\t\t<\/span>\n\t\t\t\t\t\t\t<\/div>\n\t\t\t\t\t\t\t\t\t\t\t\t\t<\/a>\n\t\t\t\t\t<\/div>\n\t\t\t\t\t\t\t\t<div class=\"elementor-icon-list-item\">\n\t\t\t\t\t\t<a class=\"elementor-repeater-item-8389c31 ekit_badge_left\" href=\"https:\/\/m2camper.com\/de\/verdunkelungsisolatoren-fur-mitsubishi\/\">\n\t\t\t\t\t\t\t<div class=\"ekit_page_list_content\">\n\t\t\t\t\t\t\t\t\t\t\t\t\t\t\t\t<span class=\"elementor-icon-list-text\">\n\t\t\t\t\t\t\t\t\t<span class=\"ekit_page_list_title_title\">Mitsubishi<\/span>\n\t\t\t\t\t\t\t\t\t\t\t\t\t\t\t\t\t<\/span>\n\t\t\t\t\t\t\t<\/div>\n\t\t\t\t\t\t\t\t\t\t\t\t\t<\/a>\n\t\t\t\t\t<\/div>\n\t\t\t\t\t\t\t\t<div class=\"elementor-icon-list-item\">\n\t\t\t\t\t\t<a class=\"elementor-repeater-item-1b36eb5 ekit_badge_left\" href=\"https:\/\/m2camper.com\/de\/verdunkelungsisolatoren-fur-nissan\/\">\n\t\t\t\t\t\t\t<div class=\"ekit_page_list_content\">\n\t\t\t\t\t\t\t\t\t\t\t\t\t\t\t\t<span class=\"elementor-icon-list-text\">\n\t\t\t\t\t\t\t\t\t<span class=\"ekit_page_list_title_title\">Nissan<\/span>\n\t\t\t\t\t\t\t\t\t\t\t\t\t\t\t\t\t<\/span>\n\t\t\t\t\t\t\t<\/div>\n\t\t\t\t\t\t\t\t\t\t\t\t\t<\/a>\n\t\t\t\t\t<\/div>\n\t\t\t\t\t\t\t\t<div class=\"elementor-icon-list-item\">\n\t\t\t\t\t\t<a class=\"elementor-repeater-item-5ca25b5 ekit_badge_left\" href=\"https:\/\/m2camper.com\/de\/verdunkelungsisolatoren-fur-opel\/\">\n\t\t\t\t\t\t\t<div class=\"ekit_page_list_content\">\n\t\t\t\t\t\t\t\t\t\t\t\t\t\t\t\t<span class=\"elementor-icon-list-text\">\n\t\t\t\t\t\t\t\t\t<span class=\"ekit_page_list_title_title\">Opel<\/span>\n\t\t\t\t\t\t\t\t\t\t\t\t\t\t\t\t\t<\/span>\n\t\t\t\t\t\t\t<\/div>\n\t\t\t\t\t\t\t\t\t\t\t\t\t<\/a>\n\t\t\t\t\t<\/div>\n\t\t\t\t\t\t\t\t<div class=\"elementor-icon-list-item\">\n\t\t\t\t\t\t<a class=\"elementor-repeater-item-1c8dc86 ekit_badge_left\" href=\"https:\/\/m2camper.com\/de\/verdunkelungsisolatoren-fur-peugeot\/\">\n\t\t\t\t\t\t\t<div class=\"ekit_page_list_content\">\n\t\t\t\t\t\t\t\t\t\t\t\t\t\t\t\t<span class=\"elementor-icon-list-text\">\n\t\t\t\t\t\t\t\t\t<span class=\"ekit_page_list_title_title\">Peugeot<\/span>\n\t\t\t\t\t\t\t\t\t\t\t\t\t\t\t\t\t<\/span>\n\t\t\t\t\t\t\t<\/div>\n\t\t\t\t\t\t\t\t\t\t\t\t\t<\/a>\n\t\t\t\t\t<\/div>\n\t\t\t\t\t\t\t\t<div class=\"elementor-icon-list-item\">\n\t\t\t\t\t\t<a class=\"elementor-repeater-item-b9fbdc9 ekit_badge_left\" href=\"https:\/\/m2camper.com\/de\/verdunkelungsisolatoren-fur-porsche\/\">\n\t\t\t\t\t\t\t<div class=\"ekit_page_list_content\">\n\t\t\t\t\t\t\t\t\t\t\t\t\t\t\t\t<span class=\"elementor-icon-list-text\">\n\t\t\t\t\t\t\t\t\t<span class=\"ekit_page_list_title_title\">Porsche<\/span>\n\t\t\t\t\t\t\t\t\t\t\t\t\t\t\t\t\t<\/span>\n\t\t\t\t\t\t\t<\/div>\n\t\t\t\t\t\t\t\t\t\t\t\t\t<\/a>\n\t\t\t\t\t<\/div>\n\t\t\t\t\t\t\t\t<div class=\"elementor-icon-list-item\">\n\t\t\t\t\t\t<a class=\"elementor-repeater-item-81459e4 ekit_badge_left\" href=\"https:\/\/m2camper.com\/de\/verdunkelungsisolatoren-fur-renault\/\">\n\t\t\t\t\t\t\t<div class=\"ekit_page_list_content\">\n\t\t\t\t\t\t\t\t\t\t\t\t\t\t\t\t<span class=\"elementor-icon-list-text\">\n\t\t\t\t\t\t\t\t\t<span class=\"ekit_page_list_title_title\">Renault<\/span>\n\t\t\t\t\t\t\t\t\t\t\t\t\t\t\t\t\t<\/span>\n\t\t\t\t\t\t\t<\/div>\n\t\t\t\t\t\t\t\t\t\t\t\t\t<\/a>\n\t\t\t\t\t<\/div>\n\t\t\t\t\t\t\t\t<div class=\"elementor-icon-list-item\">\n\t\t\t\t\t\t<a class=\"elementor-repeater-item-cb0323b ekit_badge_left\" href=\"https:\/\/m2camper.com\/de\/verdunkelungsisolatoren-fur-scania\/\">\n\t\t\t\t\t\t\t<div class=\"ekit_page_list_content\">\n\t\t\t\t\t\t\t\t\t\t\t\t\t\t\t\t<span class=\"elementor-icon-list-text\">\n\t\t\t\t\t\t\t\t\t<span class=\"ekit_page_list_title_title\">Scania<\/span>\n\t\t\t\t\t\t\t\t\t\t\t\t\t\t\t\t\t<\/span>\n\t\t\t\t\t\t\t<\/div>\n\t\t\t\t\t\t\t\t\t\t\t\t\t<\/a>\n\t\t\t\t\t<\/div>\n\t\t\t\t\t\t\t\t<div class=\"elementor-icon-list-item\">\n\t\t\t\t\t\t<a class=\"elementor-repeater-item-1aac998 ekit_badge_left\" href=\"https:\/\/m2camper.com\/de\/verdunkelungsisolatoren-fur-seat\/\">\n\t\t\t\t\t\t\t<div class=\"ekit_page_list_content\">\n\t\t\t\t\t\t\t\t\t\t\t\t\t\t\t\t<span class=\"elementor-icon-list-text\">\n\t\t\t\t\t\t\t\t\t<span class=\"ekit_page_list_title_title\">Seat<\/span>\n\t\t\t\t\t\t\t\t\t\t\t\t\t\t\t\t\t<\/span>\n\t\t\t\t\t\t\t<\/div>\n\t\t\t\t\t\t\t\t\t\t\t\t\t<\/a>\n\t\t\t\t\t<\/div>\n\t\t\t\t\t\t\t\t<div class=\"elementor-icon-list-item\">\n\t\t\t\t\t\t<a class=\"elementor-repeater-item-36beee6 ekit_badge_left\" href=\"https:\/\/m2camper.com\/de\/verdunkelungsisolatoren-fur-skoda\/\">\n\t\t\t\t\t\t\t<div class=\"ekit_page_list_content\">\n\t\t\t\t\t\t\t\t\t\t\t\t\t\t\t\t<span class=\"elementor-icon-list-text\">\n\t\t\t\t\t\t\t\t\t<span class=\"ekit_page_list_title_title\">Skoda<\/span>\n\t\t\t\t\t\t\t\t\t\t\t\t\t\t\t\t\t<\/span>\n\t\t\t\t\t\t\t<\/div>\n\t\t\t\t\t\t\t\t\t\t\t\t\t<\/a>\n\t\t\t\t\t<\/div>\n\t\t\t\t\t\t\t\t<div class=\"elementor-icon-list-item\">\n\t\t\t\t\t\t<a class=\"elementor-repeater-item-10f697d ekit_badge_left\" href=\"https:\/\/m2camper.com\/de\/verdunkelungsisolatoren-fur-ssangyong\/\">\n\t\t\t\t\t\t\t<div class=\"ekit_page_list_content\">\n\t\t\t\t\t\t\t\t\t\t\t\t\t\t\t\t<span class=\"elementor-icon-list-text\">\n\t\t\t\t\t\t\t\t\t<span class=\"ekit_page_list_title_title\">Ssangyong<\/span>\n\t\t\t\t\t\t\t\t\t\t\t\t\t\t\t\t\t<\/span>\n\t\t\t\t\t\t\t<\/div>\n\t\t\t\t\t\t\t\t\t\t\t\t\t<\/a>\n\t\t\t\t\t<\/div>\n\t\t\t\t\t\t\t\t<div class=\"elementor-icon-list-item\">\n\t\t\t\t\t\t<a class=\"elementor-repeater-item-4eb0074 ekit_badge_left\" href=\"https:\/\/m2camper.com\/de\/verdunkelungsisolatoren-fur-subaru\/\">\n\t\t\t\t\t\t\t<div class=\"ekit_page_list_content\">\n\t\t\t\t\t\t\t\t\t\t\t\t\t\t\t\t<span class=\"elementor-icon-list-text\">\n\t\t\t\t\t\t\t\t\t<span class=\"ekit_page_list_title_title\">Subaru<\/span>\n\t\t\t\t\t\t\t\t\t\t\t\t\t\t\t\t\t<\/span>\n\t\t\t\t\t\t\t<\/div>\n\t\t\t\t\t\t\t\t\t\t\t\t\t<\/a>\n\t\t\t\t\t<\/div>\n\t\t\t\t\t\t\t\t<div class=\"elementor-icon-list-item\">\n\t\t\t\t\t\t<a class=\"elementor-repeater-item-d3f4d60 ekit_badge_left\" href=\"https:\/\/m2camper.com\/de\/verdunkelungsisolatoren-fur-suzuki\/\">\n\t\t\t\t\t\t\t<div class=\"ekit_page_list_content\">\n\t\t\t\t\t\t\t\t\t\t\t\t\t\t\t\t<span class=\"elementor-icon-list-text\">\n\t\t\t\t\t\t\t\t\t<span class=\"ekit_page_list_title_title\">Suzuki<\/span>\n\t\t\t\t\t\t\t\t\t\t\t\t\t\t\t\t\t<\/span>\n\t\t\t\t\t\t\t<\/div>\n\t\t\t\t\t\t\t\t\t\t\t\t\t<\/a>\n\t\t\t\t\t<\/div>\n\t\t\t\t\t\t\t\t<div class=\"elementor-icon-list-item\">\n\t\t\t\t\t\t<a class=\"elementor-repeater-item-2e49d7f ekit_badge_left\" href=\"https:\/\/m2camper.com\/de\/verdunkelungsisolatoren-fur-toyota\/\">\n\t\t\t\t\t\t\t<div class=\"ekit_page_list_content\">\n\t\t\t\t\t\t\t\t\t\t\t\t\t\t\t\t<span class=\"elementor-icon-list-text\">\n\t\t\t\t\t\t\t\t\t<span class=\"ekit_page_list_title_title\">Toyota<\/span>\n\t\t\t\t\t\t\t\t\t\t\t\t\t\t\t\t\t<\/span>\n\t\t\t\t\t\t\t<\/div>\n\t\t\t\t\t\t\t\t\t\t\t\t\t<\/a>\n\t\t\t\t\t<\/div>\n\t\t\t\t\t\t\t\t<div class=\"elementor-icon-list-item\">\n\t\t\t\t\t\t<a class=\"elementor-repeater-item-3c58ebe ekit_badge_left\" href=\"https:\/\/m2camper.com\/de\/verdunkelungsisolatoren-fur-volkswagen\/\">\n\t\t\t\t\t\t\t<div class=\"ekit_page_list_content\">\n\t\t\t\t\t\t\t\t\t\t\t\t\t\t\t\t<span class=\"elementor-icon-list-text\">\n\t\t\t\t\t\t\t\t\t<span class=\"ekit_page_list_title_title\">Volkswagen<\/span>\n\t\t\t\t\t\t\t\t\t\t\t\t\t\t\t\t\t<\/span>\n\t\t\t\t\t\t\t<\/div>\n\t\t\t\t\t\t\t\t\t\t\t\t\t<\/a>\n\t\t\t\t\t<\/div>\n\t\t\t\t\t\t\t\t<div class=\"elementor-icon-list-item\">\n\t\t\t\t\t\t<a class=\"elementor-repeater-item-d5429e7 ekit_badge_left\" href=\"https:\/\/m2camper.com\/de\/verdunkelungsisolatoren-fur-volvo\/\">\n\t\t\t\t\t\t\t<div class=\"ekit_page_list_content\">\n\t\t\t\t\t\t\t\t\t\t\t\t\t\t\t\t<span class=\"elementor-icon-list-text\">\n\t\t\t\t\t\t\t\t\t<span class=\"ekit_page_list_title_title\">Volvo<\/span>\n\t\t\t\t\t\t\t\t\t\t\t\t\t\t\t\t\t<\/span>\n\t\t\t\t\t\t\t<\/div>\n\t\t\t\t\t\t\t\t\t\t\t\t\t<\/a>\n\t\t\t\t\t<\/div>\n\t\t\t\t\t\t<\/div>\n\t\t<\/div>\t\t\t\t<\/div>\n\t\t\t\t<\/div>\n\t\t\t\t<div class=\"elementor-element elementor-element-527c891 elementor-icon-list--layout-traditional elementor-list-item-link-full_width elementor-widget elementor-widget-icon-list\" data-id=\"527c891\" data-element_type=\"widget\" data-e-type=\"widget\" data-widget_type=\"icon-list.default\">\n\t\t\t\t<div class=\"elementor-widget-container\">\n\t\t\t\t\t\t\t<ul class=\"elementor-icon-list-items\">\n\t\t\t\t\t\t\t<li class=\"elementor-icon-list-item\">\n\t\t\t\t\t\t\t\t\t\t\t<a href=\"https:\/\/m2camper.com\/de\/saugnapfmuttern\/\">\n\n\t\t\t\t\t\t\t\t\t\t\t<span class=\"elementor-icon-list-text\">Saugn\u00e4pfe + Muttern<\/span>\n\t\t\t\t\t\t\t\t\t\t\t<\/a>\n\t\t\t\t\t\t\t\t\t<\/li>\n\t\t\t\t\t\t\t\t<li class=\"elementor-icon-list-item\">\n\t\t\t\t\t\t\t\t\t\t\t<a href=\"https:\/\/m2camper.com\/de\/warmeisolatoren-lose-teile-2\/\">\n\n\t\t\t\t\t\t\t\t\t\t\t<span class=\"elementor-icon-list-text\">W\u00e4rmeisolatoren, lose Teile<\/span>\n\t\t\t\t\t\t\t\t\t\t\t<\/a>\n\t\t\t\t\t\t\t\t\t<\/li>\n\t\t\t\t\t\t\t\t<li class=\"elementor-icon-list-item\">\n\t\t\t\t\t\t\t\t\t\t\t<a href=\"https:\/\/m2camper.com\/de\/taschen-2\/\">\n\n\t\t\t\t\t\t\t\t\t\t\t<span class=\"elementor-icon-list-text\">Taschen<\/span>\n\t\t\t\t\t\t\t\t\t\t\t<\/a>\n\t\t\t\t\t\t\t\t\t<\/li>\n\t\t\t\t\t\t<\/ul>\n\t\t\t\t\t\t<\/div>\n\t\t\t\t<\/div>\n\t\t\t\t<\/div>\n\t\t<div class=\"elementor-element elementor-element-e48e7e3 e-con-full e-flex e-con e-child\" data-id=\"e48e7e3\" data-element_type=\"container\" data-e-type=\"container\">\n\t\t<div class=\"elementor-element elementor-element-7d8aa44 e-con-full elementor-hidden-desktop e-flex e-con e-child\" data-id=\"7d8aa44\" data-element_type=\"container\" data-e-type=\"container\">\n\t\t\t\t<div class=\"elementor-element elementor-element-c72ea56 elementor-align-right elementor-widget elementor-widget-button\" data-id=\"c72ea56\" data-element_type=\"widget\" data-e-type=\"widget\" data-widget_type=\"button.default\">\n\t\t\t\t<div class=\"elementor-widget-container\">\n\t\t\t\t\t\t\t\t\t<div class=\"elementor-button-wrapper\">\n\t\t\t\t\t<a class=\"elementor-button elementor-button-link elementor-size-sm\" href=\"#elementor-action%3Aaction%3Doff_canvas%3Aopen%26settings%3DeyJpZCI6IjhiNDRlMTQiLCJkaXNwbGF5TW9kZSI6Im9wZW4ifQ%3D%3D\">\n\t\t\t\t\t\t<span class=\"elementor-button-content-wrapper\">\n\t\t\t\t\t\t<span class=\"elementor-button-icon\">\n\t\t\t\t<i aria-hidden=\"true\" class=\"ti-filter\"><\/i>\t\t\t<\/span>\n\t\t\t\t\t\t\t\t\t<span class=\"elementor-button-text\">Produkte filtern<\/span>\n\t\t\t\t\t<\/span>\n\t\t\t\t\t<\/a>\n\t\t\t\t<\/div>\n\t\t\t\t\t\t\t\t<\/div>\n\t\t\t\t<\/div>\n\t\t\t\t<div class=\"elementor-element elementor-element-8b44e14 elementor-widget elementor-widget-off-canvas\" data-id=\"8b44e14\" data-element_type=\"widget\" data-e-type=\"widget\" data-widget_type=\"off-canvas.default\">\n\t\t\t\t<div class=\"elementor-widget-container\">\n\t\t\t\t\t\t\t<div id=\"off-canvas-8b44e14\" class=\"e-off-canvas\" role=\"dialog\" aria-hidden=\"true\" aria-label=\"Au\u00dferhalb der Leinwand\" aria-modal=\"true\" inert=\"\" data-delay-child-handlers=\"true\">\n\t\t\t<div class=\"e-off-canvas__overlay\"><\/div>\n\t\t\t<div class=\"e-off-canvas__main\">\n\t\t\t\t<div class=\"e-off-canvas__content\">\n\t\t\t\t\t<div class=\"elementor-element elementor-element-3b45681 e-con-full e-flex e-con e-child\" data-id=\"3b45681\" data-element_type=\"container\" data-e-type=\"container\">\n\t\t<div class=\"elementor-element elementor-element-864c819 e-con-full e-flex e-con e-child\" data-id=\"864c819\" data-element_type=\"container\" data-e-type=\"container\">\n\t\t\t\t<div class=\"elementor-element elementor-element-7cca480 elementor-widget elementor-widget-elementskit-page-list\" data-id=\"7cca480\" data-element_type=\"widget\" data-e-type=\"widget\" data-widget_type=\"elementskit-page-list.default\">\n\t\t\t\t<div class=\"elementor-widget-container\">\n\t\t\t\t\t<div class=\"ekit-wid-con\" >\t\t<div class=\"elementor-icon-list-items\">\n\t\t\t\t\t\t\t<div class=\"elementor-icon-list-item\">\n\t\t\t\t\t\t<a class=\"elementor-repeater-item-d0811d6 ekit_badge_left\" href=\"https:\/\/m2camper.com\/de\/verdunkelungsisolatoren-fur-audi\/\">\n\t\t\t\t\t\t\t<div class=\"ekit_page_list_content\">\n\t\t\t\t\t\t\t\t\t\t\t\t\t\t\t\t<span class=\"elementor-icon-list-text\">\n\t\t\t\t\t\t\t\t\t<span class=\"ekit_page_list_title_title\">Audi<\/span>\n\t\t\t\t\t\t\t\t\t\t\t\t\t\t\t\t\t<\/span>\n\t\t\t\t\t\t\t<\/div>\n\t\t\t\t\t\t\t\t\t\t\t\t\t<\/a>\n\t\t\t\t\t<\/div>\n\t\t\t\t\t\t\t\t<div class=\"elementor-icon-list-item\">\n\t\t\t\t\t\t<a class=\"elementor-repeater-item-ea8a091 ekit_badge_left\" href=\"https:\/\/m2camper.com\/de\/verdunkelungsisolatoren-fur-bmw\/\">\n\t\t\t\t\t\t\t<div class=\"ekit_page_list_content\">\n\t\t\t\t\t\t\t\t\t\t\t\t\t\t\t\t<span class=\"elementor-icon-list-text\">\n\t\t\t\t\t\t\t\t\t<span class=\"ekit_page_list_title_title\">BMW<\/span>\n\t\t\t\t\t\t\t\t\t\t\t\t\t\t\t\t\t<\/span>\n\t\t\t\t\t\t\t<\/div>\n\t\t\t\t\t\t\t\t\t\t\t\t\t<\/a>\n\t\t\t\t\t<\/div>\n\t\t\t\t\t\t\t\t<div class=\"elementor-icon-list-item\">\n\t\t\t\t\t\t<a class=\"elementor-repeater-item-172e267 ekit_badge_left\" href=\"https:\/\/m2camper.com\/de\/verdunkelungsisolatoren-fur-chevrolet\/\">\n\t\t\t\t\t\t\t<div class=\"ekit_page_list_content\">\n\t\t\t\t\t\t\t\t\t\t\t\t\t\t\t\t<span class=\"elementor-icon-list-text\">\n\t\t\t\t\t\t\t\t\t<span class=\"ekit_page_list_title_title\">Chevrolet<\/span>\n\t\t\t\t\t\t\t\t\t\t\t\t\t\t\t\t\t<\/span>\n\t\t\t\t\t\t\t<\/div>\n\t\t\t\t\t\t\t\t\t\t\t\t\t<\/a>\n\t\t\t\t\t<\/div>\n\t\t\t\t\t\t\t\t<div class=\"elementor-icon-list-item\">\n\t\t\t\t\t\t<a class=\"elementor-repeater-item-efd62c3 ekit_badge_left\" href=\"https:\/\/m2camper.com\/de\/verdunkelungsisolatoren-fur-chrysler\/\">\n\t\t\t\t\t\t\t<div class=\"ekit_page_list_content\">\n\t\t\t\t\t\t\t\t\t\t\t\t\t\t\t\t<span class=\"elementor-icon-list-text\">\n\t\t\t\t\t\t\t\t\t<span class=\"ekit_page_list_title_title\">Chrysler<\/span>\n\t\t\t\t\t\t\t\t\t\t\t\t\t\t\t\t\t<\/span>\n\t\t\t\t\t\t\t<\/div>\n\t\t\t\t\t\t\t\t\t\t\t\t\t<\/a>\n\t\t\t\t\t<\/div>\n\t\t\t\t\t\t\t\t<div class=\"elementor-icon-list-item\">\n\t\t\t\t\t\t<a class=\"elementor-repeater-item-72021d8 ekit_badge_left\" href=\"https:\/\/m2camper.com\/de\/verdunkelungsisolatoren-fur-citroen\/\">\n\t\t\t\t\t\t\t<div class=\"ekit_page_list_content\">\n\t\t\t\t\t\t\t\t\t\t\t\t\t\t\t\t<span class=\"elementor-icon-list-text\">\n\t\t\t\t\t\t\t\t\t<span class=\"ekit_page_list_title_title\">Citro\u00ebn<\/span>\n\t\t\t\t\t\t\t\t\t\t\t\t\t\t\t\t\t<\/span>\n\t\t\t\t\t\t\t<\/div>\n\t\t\t\t\t\t\t\t\t\t\t\t\t<\/a>\n\t\t\t\t\t<\/div>\n\t\t\t\t\t\t\t\t<div class=\"elementor-icon-list-item\">\n\t\t\t\t\t\t<a class=\"elementor-repeater-item-cb33de3 ekit_badge_left\" href=\"https:\/\/m2camper.com\/de\/verdunkelungsisolatoren-fur-dacia\/\">\n\t\t\t\t\t\t\t<div class=\"ekit_page_list_content\">\n\t\t\t\t\t\t\t\t\t\t\t\t\t\t\t\t<span class=\"elementor-icon-list-text\">\n\t\t\t\t\t\t\t\t\t<span class=\"ekit_page_list_title_title\">Dacia<\/span>\n\t\t\t\t\t\t\t\t\t\t\t\t\t\t\t\t\t<\/span>\n\t\t\t\t\t\t\t<\/div>\n\t\t\t\t\t\t\t\t\t\t\t\t\t<\/a>\n\t\t\t\t\t<\/div>\n\t\t\t\t\t\t\t\t<div class=\"elementor-icon-list-item\">\n\t\t\t\t\t\t<a class=\"elementor-repeater-item-1b65a80 ekit_badge_left\" href=\"https:\/\/m2camper.com\/de\/verdunkelungsisolatoren-fur-fiat\/\">\n\t\t\t\t\t\t\t<div class=\"ekit_page_list_content\">\n\t\t\t\t\t\t\t\t\t\t\t\t\t\t\t\t<span class=\"elementor-icon-list-text\">\n\t\t\t\t\t\t\t\t\t<span class=\"ekit_page_list_title_title\">Fiat<\/span>\n\t\t\t\t\t\t\t\t\t\t\t\t\t\t\t\t\t<\/span>\n\t\t\t\t\t\t\t<\/div>\n\t\t\t\t\t\t\t\t\t\t\t\t\t<\/a>\n\t\t\t\t\t<\/div>\n\t\t\t\t\t\t\t\t<div class=\"elementor-icon-list-item\">\n\t\t\t\t\t\t<a class=\"elementor-repeater-item-7308ca1 ekit_badge_left\" href=\"https:\/\/m2camper.com\/de\/verdunkelungsisolatoren-fur-ford\/\">\n\t\t\t\t\t\t\t<div class=\"ekit_page_list_content\">\n\t\t\t\t\t\t\t\t\t\t\t\t\t\t\t\t<span class=\"elementor-icon-list-text\">\n\t\t\t\t\t\t\t\t\t<span class=\"ekit_page_list_title_title\">Ford<\/span>\n\t\t\t\t\t\t\t\t\t\t\t\t\t\t\t\t\t<\/span>\n\t\t\t\t\t\t\t<\/div>\n\t\t\t\t\t\t\t\t\t\t\t\t\t<\/a>\n\t\t\t\t\t<\/div>\n\t\t\t\t\t\t\t\t<div class=\"elementor-icon-list-item\">\n\t\t\t\t\t\t<a class=\"elementor-repeater-item-d05c877 ekit_badge_left\" href=\"https:\/\/m2camper.com\/de\/verdunkelungsisolatoren-fur-honda\/\">\n\t\t\t\t\t\t\t<div class=\"ekit_page_list_content\">\n\t\t\t\t\t\t\t\t\t\t\t\t\t\t\t\t<span class=\"elementor-icon-list-text\">\n\t\t\t\t\t\t\t\t\t<span class=\"ekit_page_list_title_title\">Honda<\/span>\n\t\t\t\t\t\t\t\t\t\t\t\t\t\t\t\t\t<\/span>\n\t\t\t\t\t\t\t<\/div>\n\t\t\t\t\t\t\t\t\t\t\t\t\t<\/a>\n\t\t\t\t\t<\/div>\n\t\t\t\t\t\t\t\t<div class=\"elementor-icon-list-item\">\n\t\t\t\t\t\t<a class=\"elementor-repeater-item-ea070ed ekit_badge_left\" href=\"https:\/\/m2camper.com\/de\/verdunkelungsisolatoren-fur-hymer\/\">\n\t\t\t\t\t\t\t<div class=\"ekit_page_list_content\">\n\t\t\t\t\t\t\t\t\t\t\t\t\t\t\t\t<span class=\"elementor-icon-list-text\">\n\t\t\t\t\t\t\t\t\t<span class=\"ekit_page_list_title_title\">Hymer<\/span>\n\t\t\t\t\t\t\t\t\t\t\t\t\t\t\t\t\t<\/span>\n\t\t\t\t\t\t\t<\/div>\n\t\t\t\t\t\t\t\t\t\t\t\t\t<\/a>\n\t\t\t\t\t<\/div>\n\t\t\t\t\t\t\t\t<div class=\"elementor-icon-list-item\">\n\t\t\t\t\t\t<a class=\"elementor-repeater-item-9912345 ekit_badge_left\" href=\"https:\/\/m2camper.com\/de\/verdunkelungsisolatoren-fur-hyundai\/\">\n\t\t\t\t\t\t\t<div class=\"ekit_page_list_content\">\n\t\t\t\t\t\t\t\t\t\t\t\t\t\t\t\t<span class=\"elementor-icon-list-text\">\n\t\t\t\t\t\t\t\t\t<span class=\"ekit_page_list_title_title\">Hyundai<\/span>\n\t\t\t\t\t\t\t\t\t\t\t\t\t\t\t\t\t<\/span>\n\t\t\t\t\t\t\t<\/div>\n\t\t\t\t\t\t\t\t\t\t\t\t\t<\/a>\n\t\t\t\t\t<\/div>\n\t\t\t\t\t\t\t\t<div class=\"elementor-icon-list-item\">\n\t\t\t\t\t\t<a class=\"elementor-repeater-item-d31a97c ekit_badge_left\" href=\"https:\/\/m2camper.com\/de\/verdunkelungsisolatoren-fur-iveco\/\">\n\t\t\t\t\t\t\t<div class=\"ekit_page_list_content\">\n\t\t\t\t\t\t\t\t\t\t\t\t\t\t\t\t<span class=\"elementor-icon-list-text\">\n\t\t\t\t\t\t\t\t\t<span class=\"ekit_page_list_title_title\">Iveco<\/span>\n\t\t\t\t\t\t\t\t\t\t\t\t\t\t\t\t\t<\/span>\n\t\t\t\t\t\t\t<\/div>\n\t\t\t\t\t\t\t\t\t\t\t\t\t<\/a>\n\t\t\t\t\t<\/div>\n\t\t\t\t\t\t\t\t<div class=\"elementor-icon-list-item\">\n\t\t\t\t\t\t<a class=\"elementor-repeater-item-a6b942a ekit_badge_left\" href=\"https:\/\/m2camper.com\/de\/verdunkelungsisolatoren-fur-jeep\/\">\n\t\t\t\t\t\t\t<div class=\"ekit_page_list_content\">\n\t\t\t\t\t\t\t\t\t\t\t\t\t\t\t\t<span class=\"elementor-icon-list-text\">\n\t\t\t\t\t\t\t\t\t<span class=\"ekit_page_list_title_title\">Jeep<\/span>\n\t\t\t\t\t\t\t\t\t\t\t\t\t\t\t\t\t<\/span>\n\t\t\t\t\t\t\t<\/div>\n\t\t\t\t\t\t\t\t\t\t\t\t\t<\/a>\n\t\t\t\t\t<\/div>\n\t\t\t\t\t\t\t\t<div class=\"elementor-icon-list-item\">\n\t\t\t\t\t\t<a class=\"elementor-repeater-item-02af42a ekit_badge_left\" href=\"https:\/\/m2camper.com\/de\/verdunkelungsisolatoren-fur-land-rover\/\">\n\t\t\t\t\t\t\t<div class=\"ekit_page_list_content\">\n\t\t\t\t\t\t\t\t\t\t\t\t\t\t\t\t<span class=\"elementor-icon-list-text\">\n\t\t\t\t\t\t\t\t\t<span class=\"ekit_page_list_title_title\">Land Rover<\/span>\n\t\t\t\t\t\t\t\t\t\t\t\t\t\t\t\t\t<\/span>\n\t\t\t\t\t\t\t<\/div>\n\t\t\t\t\t\t\t\t\t\t\t\t\t<\/a>\n\t\t\t\t\t<\/div>\n\t\t\t\t\t\t\t\t<div class=\"elementor-icon-list-item\">\n\t\t\t\t\t\t<a class=\"elementor-repeater-item-85661e4 ekit_badge_left\" href=\"https:\/\/m2camper.com\/de\/verdunkelungsisolatoren-fur-kia\/\">\n\t\t\t\t\t\t\t<div class=\"ekit_page_list_content\">\n\t\t\t\t\t\t\t\t\t\t\t\t\t\t\t\t<span class=\"elementor-icon-list-text\">\n\t\t\t\t\t\t\t\t\t<span class=\"ekit_page_list_title_title\">Kia<\/span>\n\t\t\t\t\t\t\t\t\t\t\t\t\t\t\t\t\t<\/span>\n\t\t\t\t\t\t\t<\/div>\n\t\t\t\t\t\t\t\t\t\t\t\t\t<\/a>\n\t\t\t\t\t<\/div>\n\t\t\t\t\t\t\t\t<div class=\"elementor-icon-list-item\">\n\t\t\t\t\t\t<a class=\"elementor-repeater-item-10929c4 ekit_badge_left\" href=\"https:\/\/m2camper.com\/de\/blackout-isolatoren-fur-mahindra\/\">\n\t\t\t\t\t\t\t<div class=\"ekit_page_list_content\">\n\t\t\t\t\t\t\t\t\t\t\t\t\t\t\t\t<span class=\"elementor-icon-list-text\">\n\t\t\t\t\t\t\t\t\t<span class=\"ekit_page_list_title_title\">Mahindra<\/span>\n\t\t\t\t\t\t\t\t\t\t\t\t\t\t\t\t\t<\/span>\n\t\t\t\t\t\t\t<\/div>\n\t\t\t\t\t\t\t\t\t\t\t\t\t<\/a>\n\t\t\t\t\t<\/div>\n\t\t\t\t\t\t\t\t<div class=\"elementor-icon-list-item\">\n\t\t\t\t\t\t<a class=\"elementor-repeater-item-78a6604 ekit_badge_left\" href=\"https:\/\/m2camper.com\/de\/verdunkelungsisolatoren-fur-die-hande\/\">\n\t\t\t\t\t\t\t<div class=\"ekit_page_list_content\">\n\t\t\t\t\t\t\t\t\t\t\t\t\t\t\t\t<span class=\"elementor-icon-list-text\">\n\t\t\t\t\t\t\t\t\t<span class=\"ekit_page_list_title_title\">MAN<\/span>\n\t\t\t\t\t\t\t\t\t\t\t\t\t\t\t\t\t<\/span>\n\t\t\t\t\t\t\t<\/div>\n\t\t\t\t\t\t\t\t\t\t\t\t\t<\/a>\n\t\t\t\t\t<\/div>\n\t\t\t\t\t\t\t\t<div class=\"elementor-icon-list-item\">\n\t\t\t\t\t\t<a class=\"elementor-repeater-item-7b1a506 ekit_badge_left\" href=\"https:\/\/m2camper.com\/de\/verdunkelungsisolatoren-fur-maxus\/\">\n\t\t\t\t\t\t\t<div class=\"ekit_page_list_content\">\n\t\t\t\t\t\t\t\t\t\t\t\t\t\t\t\t<span class=\"elementor-icon-list-text\">\n\t\t\t\t\t\t\t\t\t<span class=\"ekit_page_list_title_title\">Maxus<\/span>\n\t\t\t\t\t\t\t\t\t\t\t\t\t\t\t\t\t<\/span>\n\t\t\t\t\t\t\t<\/div>\n\t\t\t\t\t\t\t\t\t\t\t\t\t<\/a>\n\t\t\t\t\t<\/div>\n\t\t\t\t\t\t\t\t<div class=\"elementor-icon-list-item\">\n\t\t\t\t\t\t<a class=\"elementor-repeater-item-2383061 ekit_badge_left\" href=\"https:\/\/m2camper.com\/de\/verdunkelungsisolatoren-fur-mazda\/\">\n\t\t\t\t\t\t\t<div class=\"ekit_page_list_content\">\n\t\t\t\t\t\t\t\t\t\t\t\t\t\t\t\t<span class=\"elementor-icon-list-text\">\n\t\t\t\t\t\t\t\t\t<span class=\"ekit_page_list_title_title\">Mazda<\/span>\n\t\t\t\t\t\t\t\t\t\t\t\t\t\t\t\t\t<\/span>\n\t\t\t\t\t\t\t<\/div>\n\t\t\t\t\t\t\t\t\t\t\t\t\t<\/a>\n\t\t\t\t\t<\/div>\n\t\t\t\t\t\t\t\t<div class=\"elementor-icon-list-item\">\n\t\t\t\t\t\t<a class=\"elementor-repeater-item-3c64da2 ekit_badge_left\" href=\"https:\/\/m2camper.com\/de\/verdunkelungsisolatoren-fur-mercedes\/\">\n\t\t\t\t\t\t\t<div class=\"ekit_page_list_content\">\n\t\t\t\t\t\t\t\t\t\t\t\t\t\t\t\t<span class=\"elementor-icon-list-text\">\n\t\t\t\t\t\t\t\t\t<span class=\"ekit_page_list_title_title\">Mercedes<\/span>\n\t\t\t\t\t\t\t\t\t\t\t\t\t\t\t\t\t<\/span>\n\t\t\t\t\t\t\t<\/div>\n\t\t\t\t\t\t\t\t\t\t\t\t\t<\/a>\n\t\t\t\t\t<\/div>\n\t\t\t\t\t\t\t\t<div class=\"elementor-icon-list-item\">\n\t\t\t\t\t\t<a class=\"elementor-repeater-item-8389c31 ekit_badge_left\" href=\"https:\/\/m2camper.com\/de\/verdunkelungsisolatoren-fur-mitsubishi\/\">\n\t\t\t\t\t\t\t<div class=\"ekit_page_list_content\">\n\t\t\t\t\t\t\t\t\t\t\t\t\t\t\t\t<span class=\"elementor-icon-list-text\">\n\t\t\t\t\t\t\t\t\t<span class=\"ekit_page_list_title_title\">Mitsubishi<\/span>\n\t\t\t\t\t\t\t\t\t\t\t\t\t\t\t\t\t<\/span>\n\t\t\t\t\t\t\t<\/div>\n\t\t\t\t\t\t\t\t\t\t\t\t\t<\/a>\n\t\t\t\t\t<\/div>\n\t\t\t\t\t\t\t\t<div class=\"elementor-icon-list-item\">\n\t\t\t\t\t\t<a class=\"elementor-repeater-item-1b36eb5 ekit_badge_left\" href=\"https:\/\/m2camper.com\/de\/verdunkelungsisolatoren-fur-nissan\/\">\n\t\t\t\t\t\t\t<div class=\"ekit_page_list_content\">\n\t\t\t\t\t\t\t\t\t\t\t\t\t\t\t\t<span class=\"elementor-icon-list-text\">\n\t\t\t\t\t\t\t\t\t<span class=\"ekit_page_list_title_title\">Nissan<\/span>\n\t\t\t\t\t\t\t\t\t\t\t\t\t\t\t\t\t<\/span>\n\t\t\t\t\t\t\t<\/div>\n\t\t\t\t\t\t\t\t\t\t\t\t\t<\/a>\n\t\t\t\t\t<\/div>\n\t\t\t\t\t\t\t\t<div class=\"elementor-icon-list-item\">\n\t\t\t\t\t\t<a class=\"elementor-repeater-item-5ca25b5 ekit_badge_left\" href=\"https:\/\/m2camper.com\/de\/verdunkelungsisolatoren-fur-opel\/\">\n\t\t\t\t\t\t\t<div class=\"ekit_page_list_content\">\n\t\t\t\t\t\t\t\t\t\t\t\t\t\t\t\t<span class=\"elementor-icon-list-text\">\n\t\t\t\t\t\t\t\t\t<span class=\"ekit_page_list_title_title\">Opel<\/span>\n\t\t\t\t\t\t\t\t\t\t\t\t\t\t\t\t\t<\/span>\n\t\t\t\t\t\t\t<\/div>\n\t\t\t\t\t\t\t\t\t\t\t\t\t<\/a>\n\t\t\t\t\t<\/div>\n\t\t\t\t\t\t\t\t<div class=\"elementor-icon-list-item\">\n\t\t\t\t\t\t<a class=\"elementor-repeater-item-1c8dc86 ekit_badge_left\" href=\"https:\/\/m2camper.com\/de\/verdunkelungsisolatoren-fur-peugeot\/\">\n\t\t\t\t\t\t\t<div class=\"ekit_page_list_content\">\n\t\t\t\t\t\t\t\t\t\t\t\t\t\t\t\t<span class=\"elementor-icon-list-text\">\n\t\t\t\t\t\t\t\t\t<span class=\"ekit_page_list_title_title\">Peugeot<\/span>\n\t\t\t\t\t\t\t\t\t\t\t\t\t\t\t\t\t<\/span>\n\t\t\t\t\t\t\t<\/div>\n\t\t\t\t\t\t\t\t\t\t\t\t\t<\/a>\n\t\t\t\t\t<\/div>\n\t\t\t\t\t\t\t\t<div class=\"elementor-icon-list-item\">\n\t\t\t\t\t\t<a class=\"elementor-repeater-item-b9fbdc9 ekit_badge_left\" href=\"https:\/\/m2camper.com\/de\/verdunkelungsisolatoren-fur-porsche\/\">\n\t\t\t\t\t\t\t<div class=\"ekit_page_list_content\">\n\t\t\t\t\t\t\t\t\t\t\t\t\t\t\t\t<span class=\"elementor-icon-list-text\">\n\t\t\t\t\t\t\t\t\t<span class=\"ekit_page_list_title_title\">Porsche<\/span>\n\t\t\t\t\t\t\t\t\t\t\t\t\t\t\t\t\t<\/span>\n\t\t\t\t\t\t\t<\/div>\n\t\t\t\t\t\t\t\t\t\t\t\t\t<\/a>\n\t\t\t\t\t<\/div>\n\t\t\t\t\t\t\t\t<div class=\"elementor-icon-list-item\">\n\t\t\t\t\t\t<a class=\"elementor-repeater-item-81459e4 ekit_badge_left\" href=\"https:\/\/m2camper.com\/de\/verdunkelungsisolatoren-fur-renault\/\">\n\t\t\t\t\t\t\t<div class=\"ekit_page_list_content\">\n\t\t\t\t\t\t\t\t\t\t\t\t\t\t\t\t<span class=\"elementor-icon-list-text\">\n\t\t\t\t\t\t\t\t\t<span class=\"ekit_page_list_title_title\">Renault<\/span>\n\t\t\t\t\t\t\t\t\t\t\t\t\t\t\t\t\t<\/span>\n\t\t\t\t\t\t\t<\/div>\n\t\t\t\t\t\t\t\t\t\t\t\t\t<\/a>\n\t\t\t\t\t<\/div>\n\t\t\t\t\t\t\t\t<div class=\"elementor-icon-list-item\">\n\t\t\t\t\t\t<a class=\"elementor-repeater-item-cb0323b ekit_badge_left\" href=\"https:\/\/m2camper.com\/de\/verdunkelungsisolatoren-fur-scania\/\">\n\t\t\t\t\t\t\t<div class=\"ekit_page_list_content\">\n\t\t\t\t\t\t\t\t\t\t\t\t\t\t\t\t<span class=\"elementor-icon-list-text\">\n\t\t\t\t\t\t\t\t\t<span class=\"ekit_page_list_title_title\">Scania<\/span>\n\t\t\t\t\t\t\t\t\t\t\t\t\t\t\t\t\t<\/span>\n\t\t\t\t\t\t\t<\/div>\n\t\t\t\t\t\t\t\t\t\t\t\t\t<\/a>\n\t\t\t\t\t<\/div>\n\t\t\t\t\t\t\t\t<div class=\"elementor-icon-list-item\">\n\t\t\t\t\t\t<a class=\"elementor-repeater-item-1aac998 ekit_badge_left\" href=\"https:\/\/m2camper.com\/de\/verdunkelungsisolatoren-fur-seat\/\">\n\t\t\t\t\t\t\t<div class=\"ekit_page_list_content\">\n\t\t\t\t\t\t\t\t\t\t\t\t\t\t\t\t<span class=\"elementor-icon-list-text\">\n\t\t\t\t\t\t\t\t\t<span class=\"ekit_page_list_title_title\">Seat<\/span>\n\t\t\t\t\t\t\t\t\t\t\t\t\t\t\t\t\t<\/span>\n\t\t\t\t\t\t\t<\/div>\n\t\t\t\t\t\t\t\t\t\t\t\t\t<\/a>\n\t\t\t\t\t<\/div>\n\t\t\t\t\t\t\t\t<div class=\"elementor-icon-list-item\">\n\t\t\t\t\t\t<a class=\"elementor-repeater-item-36beee6 ekit_badge_left\" href=\"https:\/\/m2camper.com\/de\/verdunkelungsisolatoren-fur-skoda\/\">\n\t\t\t\t\t\t\t<div class=\"ekit_page_list_content\">\n\t\t\t\t\t\t\t\t\t\t\t\t\t\t\t\t<span class=\"elementor-icon-list-text\">\n\t\t\t\t\t\t\t\t\t<span class=\"ekit_page_list_title_title\">Skoda<\/span>\n\t\t\t\t\t\t\t\t\t\t\t\t\t\t\t\t\t<\/span>\n\t\t\t\t\t\t\t<\/div>\n\t\t\t\t\t\t\t\t\t\t\t\t\t<\/a>\n\t\t\t\t\t<\/div>\n\t\t\t\t\t\t\t\t<div class=\"elementor-icon-list-item\">\n\t\t\t\t\t\t<a class=\"elementor-repeater-item-10f697d ekit_badge_left\" href=\"https:\/\/m2camper.com\/de\/verdunkelungsisolatoren-fur-ssangyong\/\">\n\t\t\t\t\t\t\t<div class=\"ekit_page_list_content\">\n\t\t\t\t\t\t\t\t\t\t\t\t\t\t\t\t<span class=\"elementor-icon-list-text\">\n\t\t\t\t\t\t\t\t\t<span class=\"ekit_page_list_title_title\">Ssangyong<\/span>\n\t\t\t\t\t\t\t\t\t\t\t\t\t\t\t\t\t<\/span>\n\t\t\t\t\t\t\t<\/div>\n\t\t\t\t\t\t\t\t\t\t\t\t\t<\/a>\n\t\t\t\t\t<\/div>\n\t\t\t\t\t\t\t\t<div class=\"elementor-icon-list-item\">\n\t\t\t\t\t\t<a class=\"elementor-repeater-item-4eb0074 ekit_badge_left\" href=\"https:\/\/m2camper.com\/de\/verdunkelungsisolatoren-fur-subaru\/\">\n\t\t\t\t\t\t\t<div class=\"ekit_page_list_content\">\n\t\t\t\t\t\t\t\t\t\t\t\t\t\t\t\t<span class=\"elementor-icon-list-text\">\n\t\t\t\t\t\t\t\t\t<span class=\"ekit_page_list_title_title\">Subaru<\/span>\n\t\t\t\t\t\t\t\t\t\t\t\t\t\t\t\t\t<\/span>\n\t\t\t\t\t\t\t<\/div>\n\t\t\t\t\t\t\t\t\t\t\t\t\t<\/a>\n\t\t\t\t\t<\/div>\n\t\t\t\t\t\t\t\t<div class=\"elementor-icon-list-item\">\n\t\t\t\t\t\t<a class=\"elementor-repeater-item-d3f4d60 ekit_badge_left\" href=\"https:\/\/m2camper.com\/de\/verdunkelungsisolatoren-fur-suzuki\/\">\n\t\t\t\t\t\t\t<div class=\"ekit_page_list_content\">\n\t\t\t\t\t\t\t\t\t\t\t\t\t\t\t\t<span class=\"elementor-icon-list-text\">\n\t\t\t\t\t\t\t\t\t<span class=\"ekit_page_list_title_title\">Suzuki<\/span>\n\t\t\t\t\t\t\t\t\t\t\t\t\t\t\t\t\t<\/span>\n\t\t\t\t\t\t\t<\/div>\n\t\t\t\t\t\t\t\t\t\t\t\t\t<\/a>\n\t\t\t\t\t<\/div>\n\t\t\t\t\t\t\t\t<div class=\"elementor-icon-list-item\">\n\t\t\t\t\t\t<a class=\"elementor-repeater-item-2e49d7f ekit_badge_left\" href=\"https:\/\/m2camper.com\/de\/verdunkelungsisolatoren-fur-toyota\/\">\n\t\t\t\t\t\t\t<div class=\"ekit_page_list_content\">\n\t\t\t\t\t\t\t\t\t\t\t\t\t\t\t\t<span class=\"elementor-icon-list-text\">\n\t\t\t\t\t\t\t\t\t<span class=\"ekit_page_list_title_title\">Toyota<\/span>\n\t\t\t\t\t\t\t\t\t\t\t\t\t\t\t\t\t<\/span>\n\t\t\t\t\t\t\t<\/div>\n\t\t\t\t\t\t\t\t\t\t\t\t\t<\/a>\n\t\t\t\t\t<\/div>\n\t\t\t\t\t\t\t\t<div class=\"elementor-icon-list-item\">\n\t\t\t\t\t\t<a class=\"elementor-repeater-item-3c58ebe ekit_badge_left\" href=\"https:\/\/m2camper.com\/de\/verdunkelungsisolatoren-fur-volkswagen\/\">\n\t\t\t\t\t\t\t<div class=\"ekit_page_list_content\">\n\t\t\t\t\t\t\t\t\t\t\t\t\t\t\t\t<span class=\"elementor-icon-list-text\">\n\t\t\t\t\t\t\t\t\t<span class=\"ekit_page_list_title_title\">Volkswagen<\/span>\n\t\t\t\t\t\t\t\t\t\t\t\t\t\t\t\t\t<\/span>\n\t\t\t\t\t\t\t<\/div>\n\t\t\t\t\t\t\t\t\t\t\t\t\t<\/a>\n\t\t\t\t\t<\/div>\n\t\t\t\t\t\t\t\t<div class=\"elementor-icon-list-item\">\n\t\t\t\t\t\t<a class=\"elementor-repeater-item-d5429e7 ekit_badge_left\" href=\"https:\/\/m2camper.com\/de\/verdunkelungsisolatoren-fur-volvo\/\">\n\t\t\t\t\t\t\t<div class=\"ekit_page_list_content\">\n\t\t\t\t\t\t\t\t\t\t\t\t\t\t\t\t<span class=\"elementor-icon-list-text\">\n\t\t\t\t\t\t\t\t\t<span class=\"ekit_page_list_title_title\">Volvo<\/span>\n\t\t\t\t\t\t\t\t\t\t\t\t\t\t\t\t\t<\/span>\n\t\t\t\t\t\t\t<\/div>\n\t\t\t\t\t\t\t\t\t\t\t\t\t<\/a>\n\t\t\t\t\t<\/div>\n\t\t\t\t\t\t<\/div>\n\t\t<\/div>\t\t\t\t<\/div>\n\t\t\t\t<\/div>\n\t\t\t\t<div class=\"elementor-element elementor-element-31c1a9c elementor-icon-list--layout-traditional elementor-list-item-link-full_width elementor-widget elementor-widget-icon-list\" data-id=\"31c1a9c\" data-element_type=\"widget\" data-e-type=\"widget\" data-widget_type=\"icon-list.default\">\n\t\t\t\t<div class=\"elementor-widget-container\">\n\t\t\t\t\t\t\t<ul class=\"elementor-icon-list-items\">\n\t\t\t\t\t\t\t<li class=\"elementor-icon-list-item\">\n\t\t\t\t\t\t\t\t\t\t\t<a href=\"https:\/\/m2camper.com\/de\/saugnapfmuttern\/\">\n\n\t\t\t\t\t\t\t\t\t\t\t<span class=\"elementor-icon-list-text\">Saugn\u00e4pfe + Muttern<\/span>\n\t\t\t\t\t\t\t\t\t\t\t<\/a>\n\t\t\t\t\t\t\t\t\t<\/li>\n\t\t\t\t\t\t\t\t<li class=\"elementor-icon-list-item\">\n\t\t\t\t\t\t\t\t\t\t\t<a href=\"https:\/\/m2camper.com\/de\/warmeisolatoren-lose-teile-2\/\">\n\n\t\t\t\t\t\t\t\t\t\t\t<span class=\"elementor-icon-list-text\">W\u00e4rmeisolatoren, lose Teile<\/span>\n\t\t\t\t\t\t\t\t\t\t\t<\/a>\n\t\t\t\t\t\t\t\t\t<\/li>\n\t\t\t\t\t\t\t\t<li class=\"elementor-icon-list-item\">\n\t\t\t\t\t\t\t\t\t\t\t<a href=\"https:\/\/m2camper.com\/de\/taschen-2\/\">\n\n\t\t\t\t\t\t\t\t\t\t\t<span class=\"elementor-icon-list-text\">Taschen<\/span>\n\t\t\t\t\t\t\t\t\t\t\t<\/a>\n\t\t\t\t\t\t\t\t\t<\/li>\n\t\t\t\t\t\t<\/ul>\n\t\t\t\t\t\t<\/div>\n\t\t\t\t<\/div>\n\t\t\t\t<\/div>\n\t\t\t\t<\/div>\n\t\t\t\t\t\t<\/div>\n\t\t\t<\/div>\n\t\t<\/div>\n\t\t\t\t\t\t<\/div>\n\t\t\t\t<\/div>\n\t\t\t\t<\/div>\n\t\t\t\t<div class=\"elementor-element elementor-element-ff60438 elementor-grid-3 elementor-product-loop-item--align-center elementor-grid-mobile-1 elementor-grid-tablet-3 elementor-products-grid elementor-wc-products elementor-widget elementor-widget-woocommerce-products\" data-id=\"ff60438\" data-element_type=\"widget\" data-e-type=\"widget\" data-widget_type=\"woocommerce-products.default\">\n\t\t\t\t<div class=\"elementor-widget-container\">\n\t\t\t\t\t<div class=\"woocommerce columns-3\"><span class=\"wpfHidden\" data-shortcode-attribute=\"{&quot;limit&quot;:&quot;-1&quot;,&quot;columns&quot;:3,&quot;rows&quot;:999,&quot;orderby&quot;:&quot;&quot;,&quot;order&quot;:&quot;&quot;,&quot;ids&quot;:&quot;&quot;,&quot;skus&quot;:&quot;&quot;,&quot;category&quot;:&quot;&quot;,&quot;cat_operator&quot;:&quot;IN&quot;,&quot;attribute&quot;:&quot;&quot;,&quot;terms&quot;:&quot;&quot;,&quot;terms_operator&quot;:&quot;IN&quot;,&quot;tag&quot;:&quot;&quot;,&quot;tag_operator&quot;:&quot;IN&quot;,&quot;visibility&quot;:&quot;visible&quot;,&quot;class&quot;:&quot;&quot;,&quot;page&quot;:1,&quot;paginate&quot;:&quot;&quot;,&quot;cache&quot;:false}\"><\/span><ul class=\"products elementor-grid columns-3\">\n<li class=\"product type-product post-541 status-publish first instock product_cat-mercedes product_cat-aislantes product_cat-all-products has-post-thumbnail taxable shipping-taxable purchasable product-type-variable\">\n\t<div class=\"nv-card-content-wrapper\"><a href=\"https:\/\/m2camper.com\/de\/warmeisolatoren-fur-den-mercedes-glc-220-2015-2023\/\" class=\"woocommerce-LoopProduct-link woocommerce-loop-product__link\"><div class=\"sp-product-image\"><div class=\"img-wrap\"><img fetchpriority=\"high\" decoding=\"async\" width=\"300\" height=\"169\" src=\"https:\/\/m2camper.com\/wp-content\/uploads\/2025\/01\/60c9aa_4d8f2ab5a16f431285d0cb39311cd428mv2-300x169.png\" class=\"attachment-woocommerce_thumbnail size-woocommerce_thumbnail\" alt=\"Thermische Verdunkelungsisolatoren Mercedes GLC 220 2015-2023\" srcset=\"https:\/\/m2camper.com\/wp-content\/uploads\/2025\/01\/60c9aa_4d8f2ab5a16f431285d0cb39311cd428mv2-300x169.png 300w, https:\/\/m2camper.com\/wp-content\/uploads\/2025\/01\/60c9aa_4d8f2ab5a16f431285d0cb39311cd428mv2-600x338.png 600w, https:\/\/m2camper.com\/wp-content\/uploads\/2025\/01\/60c9aa_4d8f2ab5a16f431285d0cb39311cd428mv2.png 666w\" sizes=\"(max-width: 300px) 100vw, 300px\" \/><\/div><\/div><h2 class=\"woocommerce-loop-product__title\">Thermische Verdunkelungsisolatoren Mercedes GLC 220 2015-2023<\/h2>\n\t<span class=\"price\"><span class=\"woocommerce-Price-amount amount\" aria-hidden=\"true\"><bdi>148,00&nbsp;<span class=\"woocommerce-Price-currencySymbol\">&euro;<\/span><\/bdi><\/span> <span aria-hidden=\"true\"> \u2013 <\/span> <span class=\"woocommerce-Price-amount amount\" aria-hidden=\"true\"><bdi>200,00&nbsp;<span class=\"woocommerce-Price-currencySymbol\">&euro;<\/span><\/bdi><\/span><span class=\"screen-reader-text\" data-no-translation=\"\" data-trp-gettext=\"\">Preisspanne: 148,00&nbsp;&euro; bis 200,00&nbsp;&euro;<\/span><\/span>\n<\/a><a href=\"https:\/\/m2camper.com\/de\/warmeisolatoren-fur-den-mercedes-glc-220-2015-2023\/\" aria-describedby=\"woocommerce_loop_add_to_cart_link_describedby_541\" data-quantity=\"1\" class=\"button product_type_variable add_to_cart_button\" data-product_id=\"541\" data-product_sku=\"\" aria-label=\"W\u00e4hle Optionen f\u00fcr \u201eAislantes t\u00e9rmicos oscurecedores Mercedes  GLC 220  2015-2023\u201c\" rel=\"nofollow\" data-no-translation=\"\" data-trp-gettext=\"\" data-no-translation-aria-label=\"\">Ausf\u00fchrung w\u00e4hlen<\/a>\t<span id=\"woocommerce_loop_add_to_cart_link_describedby_541\" class=\"screen-reader-text\">\n\t\tDieses Produkt weist mehrere Varianten auf. Die Optionen k\u00f6nnen auf der Produktseite gew\u00e4hlt werden\t<\/span>\n<\/div><\/li>\n<li class=\"product type-product post-653 status-publish instock product_cat-mercedes product_cat-aislantes product_cat-all-products has-post-thumbnail taxable shipping-taxable purchasable product-type-variable\">\n\t<div class=\"nv-card-content-wrapper\"><a href=\"https:\/\/m2camper.com\/de\/warmeisolatoren-fur-mercedes-citan-2012-2021\/\" class=\"woocommerce-LoopProduct-link woocommerce-loop-product__link\"><div class=\"sp-product-image\"><div class=\"img-wrap\"><img decoding=\"async\" width=\"300\" height=\"225\" src=\"https:\/\/m2camper.com\/wp-content\/uploads\/2025\/01\/60c9aa_705bf9049058476a9206fea8106976e4mv2-300x225.png\" class=\"attachment-woocommerce_thumbnail size-woocommerce_thumbnail\" alt=\"Thermische Verdunkelungsisolatoren f\u00fcr den Mercedes Citan 2012-2021\" srcset=\"https:\/\/m2camper.com\/wp-content\/uploads\/2025\/01\/60c9aa_705bf9049058476a9206fea8106976e4mv2-300x225.png 300w, https:\/\/m2camper.com\/wp-content\/uploads\/2025\/01\/60c9aa_705bf9049058476a9206fea8106976e4mv2.png 577w\" sizes=\"(max-width: 300px) 100vw, 300px\" \/><\/div><\/div><h2 class=\"woocommerce-loop-product__title\">Thermische Verdunkelungsisolatoren f\u00fcr den Mercedes Citan 2012-2021<\/h2>\n\t<span class=\"price\"><span class=\"woocommerce-Price-amount amount\" aria-hidden=\"true\"><bdi>60,00&nbsp;<span class=\"woocommerce-Price-currencySymbol\">&euro;<\/span><\/bdi><\/span> <span aria-hidden=\"true\"> \u2013 <\/span> <span class=\"woocommerce-Price-amount amount\" aria-hidden=\"true\"><bdi>190,00&nbsp;<span class=\"woocommerce-Price-currencySymbol\">&euro;<\/span><\/bdi><\/span><span class=\"screen-reader-text\" data-no-translation=\"\" data-trp-gettext=\"\">Preisspanne: 60,00&nbsp;&euro; bis 190,00&nbsp;&euro;<\/span><\/span>\n<\/a><a href=\"https:\/\/m2camper.com\/de\/warmeisolatoren-fur-mercedes-citan-2012-2021\/\" aria-describedby=\"woocommerce_loop_add_to_cart_link_describedby_653\" data-quantity=\"1\" class=\"button product_type_variable add_to_cart_button\" data-product_id=\"653\" data-product_sku=\"\" aria-label=\"W\u00e4hle Optionen f\u00fcr \u201eAislantes t\u00e9rmicos oscurecedores Mercedes Citan 2012-2021\u201c\" rel=\"nofollow\" data-no-translation=\"\" data-trp-gettext=\"\" data-no-translation-aria-label=\"\">Ausf\u00fchrung w\u00e4hlen<\/a>\t<span id=\"woocommerce_loop_add_to_cart_link_describedby_653\" class=\"screen-reader-text\">\n\t\tDieses Produkt weist mehrere Varianten auf. Die Optionen k\u00f6nnen auf der Produktseite gew\u00e4hlt werden\t<\/span>\n<\/div><\/li>\n<li class=\"product type-product post-1151 status-publish last instock product_cat-mercedes product_cat-aislantes product_cat-all-products has-post-thumbnail taxable shipping-taxable purchasable product-type-variable\">\n\t<div class=\"nv-card-content-wrapper\"><a href=\"https:\/\/m2camper.com\/de\/warmeisolatoren-fur-mercedes-citan-2021-2023-blackouts\/\" class=\"woocommerce-LoopProduct-link woocommerce-loop-product__link\"><div class=\"sp-product-image\"><div class=\"img-wrap\"><img loading=\"lazy\" decoding=\"async\" width=\"300\" height=\"150\" src=\"https:\/\/m2camper.com\/wp-content\/uploads\/2025\/01\/60c9aa_8beae98284844e658089598f9a136bd1mv2-300x150.png\" class=\"attachment-woocommerce_thumbnail size-woocommerce_thumbnail\" alt=\"Thermische Verdunkelungsisolatoren Mercedes Citan 2021-2023\" srcset=\"https:\/\/m2camper.com\/wp-content\/uploads\/2025\/01\/60c9aa_8beae98284844e658089598f9a136bd1mv2-300x150.png 300w, https:\/\/m2camper.com\/wp-content\/uploads\/2025\/01\/60c9aa_8beae98284844e658089598f9a136bd1mv2-600x300.png 600w, https:\/\/m2camper.com\/wp-content\/uploads\/2025\/01\/60c9aa_8beae98284844e658089598f9a136bd1mv2.png 1152w\" sizes=\"(max-width: 300px) 100vw, 300px\" \/><\/div><\/div><h2 class=\"woocommerce-loop-product__title\">Thermische Verdunkelungsisolatoren Mercedes Citan 2021-2023<\/h2>\n\t<span class=\"price\"><span class=\"woocommerce-Price-amount amount\" aria-hidden=\"true\"><bdi>60,00&nbsp;<span class=\"woocommerce-Price-currencySymbol\">&euro;<\/span><\/bdi><\/span> <span aria-hidden=\"true\"> \u2013 <\/span> <span class=\"woocommerce-Price-amount amount\" aria-hidden=\"true\"><bdi>190,00&nbsp;<span class=\"woocommerce-Price-currencySymbol\">&euro;<\/span><\/bdi><\/span><span class=\"screen-reader-text\" data-no-translation=\"\" data-trp-gettext=\"\">Preisspanne: 60,00&nbsp;&euro; bis 190,00&nbsp;&euro;<\/span><\/span>\n<\/a><a href=\"https:\/\/m2camper.com\/de\/warmeisolatoren-fur-mercedes-citan-2021-2023-blackouts\/\" aria-describedby=\"woocommerce_loop_add_to_cart_link_describedby_1151\" data-quantity=\"1\" class=\"button product_type_variable add_to_cart_button\" data-product_id=\"1151\" data-product_sku=\"\" aria-label=\"W\u00e4hle Optionen f\u00fcr \u201eAislantes t\u00e9rmicos oscurecedores Mercedes Citan 2021-2023\u201c\" rel=\"nofollow\" data-no-translation=\"\" data-trp-gettext=\"\" data-no-translation-aria-label=\"\">Ausf\u00fchrung w\u00e4hlen<\/a>\t<span id=\"woocommerce_loop_add_to_cart_link_describedby_1151\" class=\"screen-reader-text\">\n\t\tDieses Produkt weist mehrere Varianten auf. Die Optionen k\u00f6nnen auf der Produktseite gew\u00e4hlt werden\t<\/span>\n<\/div><\/li>\n<li class=\"product type-product post-1291 status-publish first instock product_cat-mercedes product_cat-aislantes product_cat-all-products has-post-thumbnail taxable shipping-taxable purchasable product-type-variable\">\n\t<div class=\"nv-card-content-wrapper\"><a href=\"https:\/\/m2camper.com\/de\/warmeisolatoren-zur-verdunkelung-mercedes-t-klasse-180\/\" class=\"woocommerce-LoopProduct-link woocommerce-loop-product__link\"><div class=\"sp-product-image\"><div class=\"img-wrap\"><img loading=\"lazy\" decoding=\"async\" width=\"300\" height=\"169\" src=\"https:\/\/m2camper.com\/wp-content\/uploads\/2025\/01\/60c9aa_b6795c8644424688bc454efa920ba9demv2-300x169.png\" class=\"attachment-woocommerce_thumbnail size-woocommerce_thumbnail\" alt=\"W\u00e4rmeisolatoren f\u00fcr die Mercedes T-Klasse 180\" srcset=\"https:\/\/m2camper.com\/wp-content\/uploads\/2025\/01\/60c9aa_b6795c8644424688bc454efa920ba9demv2-300x169.png 300w, https:\/\/m2camper.com\/wp-content\/uploads\/2025\/01\/60c9aa_b6795c8644424688bc454efa920ba9demv2-600x338.png 600w, https:\/\/m2camper.com\/wp-content\/uploads\/2025\/01\/60c9aa_b6795c8644424688bc454efa920ba9demv2.png 1280w\" sizes=\"(max-width: 300px) 100vw, 300px\" \/><\/div><\/div><h2 class=\"woocommerce-loop-product__title\">W\u00e4rmeisolatoren f\u00fcr die Mercedes T-Klasse 180<\/h2>\n\t<span class=\"price\"><span class=\"woocommerce-Price-amount amount\" aria-hidden=\"true\"><bdi>60,00&nbsp;<span class=\"woocommerce-Price-currencySymbol\">&euro;<\/span><\/bdi><\/span> <span aria-hidden=\"true\"> \u2013 <\/span> <span class=\"woocommerce-Price-amount amount\" aria-hidden=\"true\"><bdi>190,00&nbsp;<span class=\"woocommerce-Price-currencySymbol\">&euro;<\/span><\/bdi><\/span><span class=\"screen-reader-text\" data-no-translation=\"\" data-trp-gettext=\"\">Preisspanne: 60,00&nbsp;&euro; bis 190,00&nbsp;&euro;<\/span><\/span>\n<\/a><a href=\"https:\/\/m2camper.com\/de\/warmeisolatoren-zur-verdunkelung-mercedes-t-klasse-180\/\" aria-describedby=\"woocommerce_loop_add_to_cart_link_describedby_1291\" data-quantity=\"1\" class=\"button product_type_variable add_to_cart_button\" data-product_id=\"1291\" data-product_sku=\"\" aria-label=\"W\u00e4hle Optionen f\u00fcr \u201eAislantes t\u00e9rmicos oscurecedores Mercedes Clase T 180\u201c\" rel=\"nofollow\" data-no-translation=\"\" data-trp-gettext=\"\" data-no-translation-aria-label=\"\">Ausf\u00fchrung w\u00e4hlen<\/a>\t<span id=\"woocommerce_loop_add_to_cart_link_describedby_1291\" class=\"screen-reader-text\">\n\t\tDieses Produkt weist mehrere Varianten auf. Die Optionen k\u00f6nnen auf der Produktseite gew\u00e4hlt werden\t<\/span>\n<\/div><\/li>\n<li class=\"product type-product post-4630 status-publish instock product_cat-mercedes product_cat-aislantes product_cat-all-products has-post-thumbnail taxable shipping-taxable purchasable product-type-variable\">\n\t<div class=\"nv-card-content-wrapper\"><a href=\"https:\/\/m2camper.com\/de\/warmeisolatoren-fur-verdunkelungen-am-mercedes-vito-w-638d-gemischt\/\" class=\"woocommerce-LoopProduct-link woocommerce-loop-product__link\"><div class=\"sp-product-image\"><div class=\"img-wrap\"><img loading=\"lazy\" decoding=\"async\" width=\"300\" height=\"300\" src=\"https:\/\/m2camper.com\/wp-content\/uploads\/2025\/01\/60c9aa_06f760b0f0344e2f9ddaebc5cb43c5efmv2-300x300.png\" class=\"attachment-woocommerce_thumbnail size-woocommerce_thumbnail\" alt=\"W\u00e4rmeisolatoren f\u00fcr den Mercedes Vito W 638D Mixed\" srcset=\"https:\/\/m2camper.com\/wp-content\/uploads\/2025\/01\/60c9aa_06f760b0f0344e2f9ddaebc5cb43c5efmv2-300x300.png 300w, https:\/\/m2camper.com\/wp-content\/uploads\/2025\/01\/60c9aa_06f760b0f0344e2f9ddaebc5cb43c5efmv2-100x100.png 100w, https:\/\/m2camper.com\/wp-content\/uploads\/2025\/01\/60c9aa_06f760b0f0344e2f9ddaebc5cb43c5efmv2-600x600.png 600w, https:\/\/m2camper.com\/wp-content\/uploads\/2025\/01\/60c9aa_06f760b0f0344e2f9ddaebc5cb43c5efmv2.png 1000w\" sizes=\"(max-width: 300px) 100vw, 300px\" \/><\/div><\/div><h2 class=\"woocommerce-loop-product__title\">W\u00e4rmeisolatoren f\u00fcr den Mercedes Vito W 638D Mixed<\/h2>\n\t<span class=\"price\"><span class=\"woocommerce-Price-amount amount\" aria-hidden=\"true\"><bdi>60,00&nbsp;<span class=\"woocommerce-Price-currencySymbol\">&euro;<\/span><\/bdi><\/span> <span aria-hidden=\"true\"> \u2013 <\/span> <span class=\"woocommerce-Price-amount amount\" aria-hidden=\"true\"><bdi>175,00&nbsp;<span class=\"woocommerce-Price-currencySymbol\">&euro;<\/span><\/bdi><\/span><span class=\"screen-reader-text\" data-no-translation=\"\" data-trp-gettext=\"\">Preisspanne: 60,00&nbsp;&euro; bis 175,00&nbsp;&euro;<\/span><\/span>\n<\/a><a href=\"https:\/\/m2camper.com\/de\/warmeisolatoren-fur-verdunkelungen-am-mercedes-vito-w-638d-gemischt\/\" aria-describedby=\"woocommerce_loop_add_to_cart_link_describedby_4630\" data-quantity=\"1\" class=\"button product_type_variable add_to_cart_button\" data-product_id=\"4630\" data-product_sku=\"\" aria-label=\"W\u00e4hle Optionen f\u00fcr \u201eAislantes t\u00e9rmicos oscurecedores Mercedes Vito W 638D Mixta\u201c\" rel=\"nofollow\" data-no-translation=\"\" data-trp-gettext=\"\" data-no-translation-aria-label=\"\">Ausf\u00fchrung w\u00e4hlen<\/a>\t<span id=\"woocommerce_loop_add_to_cart_link_describedby_4630\" class=\"screen-reader-text\">\n\t\tDieses Produkt weist mehrere Varianten auf. Die Optionen k\u00f6nnen auf der Produktseite gew\u00e4hlt werden\t<\/span>\n<\/div><\/li>\n<li class=\"product type-product post-4608 status-publish last instock product_cat-mercedes product_cat-aislantes product_cat-all-products has-post-thumbnail taxable shipping-taxable purchasable product-type-variable\">\n\t<div class=\"nv-card-content-wrapper\"><a href=\"https:\/\/m2camper.com\/de\/warmeisolatoren-fur-verdunkelungsrollos-mercedes-vito-w638v\/\" class=\"woocommerce-LoopProduct-link woocommerce-loop-product__link\"><div class=\"sp-product-image\"><div class=\"img-wrap\"><img loading=\"lazy\" decoding=\"async\" width=\"300\" height=\"166\" src=\"https:\/\/m2camper.com\/wp-content\/uploads\/2025\/01\/60c9aa_0ebdf38d76034b459d7d075ae67d499emv2-300x166.png\" class=\"attachment-woocommerce_thumbnail size-woocommerce_thumbnail\" alt=\"Mercedes Vito W638V Verdunkelungs-W\u00e4rmeisolatoren\" srcset=\"https:\/\/m2camper.com\/wp-content\/uploads\/2025\/01\/60c9aa_0ebdf38d76034b459d7d075ae67d499emv2-300x166.png 300w, https:\/\/m2camper.com\/wp-content\/uploads\/2025\/01\/60c9aa_0ebdf38d76034b459d7d075ae67d499emv2.png 400w\" sizes=\"(max-width: 300px) 100vw, 300px\" \/><\/div><\/div><h2 class=\"woocommerce-loop-product__title\">Mercedes Vito W638V Verdunkelungs-W\u00e4rmeisolatoren<\/h2>\n\t<span class=\"price\"><span class=\"woocommerce-Price-amount amount\" aria-hidden=\"true\"><bdi>60,00&nbsp;<span class=\"woocommerce-Price-currencySymbol\">&euro;<\/span><\/bdi><\/span> <span aria-hidden=\"true\"> \u2013 <\/span> <span class=\"woocommerce-Price-amount amount\" aria-hidden=\"true\"><bdi>200,00&nbsp;<span class=\"woocommerce-Price-currencySymbol\">&euro;<\/span><\/bdi><\/span><span class=\"screen-reader-text\" data-no-translation=\"\" data-trp-gettext=\"\">Preisspanne: 60,00&nbsp;&euro; bis 200,00&nbsp;&euro;<\/span><\/span>\n<\/a><a href=\"https:\/\/m2camper.com\/de\/warmeisolatoren-fur-verdunkelungsrollos-mercedes-vito-w638v\/\" aria-describedby=\"woocommerce_loop_add_to_cart_link_describedby_4608\" data-quantity=\"1\" class=\"button product_type_variable add_to_cart_button\" data-product_id=\"4608\" data-product_sku=\"\" aria-label=\"W\u00e4hle Optionen f\u00fcr \u201eAislantes t\u00e9rmicos oscurecedores Mercedes Vito W638V\u201c\" rel=\"nofollow\" data-no-translation=\"\" data-trp-gettext=\"\" data-no-translation-aria-label=\"\">Ausf\u00fchrung w\u00e4hlen<\/a>\t<span id=\"woocommerce_loop_add_to_cart_link_describedby_4608\" class=\"screen-reader-text\">\n\t\tDieses Produkt weist mehrere Varianten auf. Die Optionen k\u00f6nnen auf der Produktseite gew\u00e4hlt werden\t<\/span>\n<\/div><\/li>\n<li class=\"product type-product post-4700 status-publish first instock product_cat-mercedes product_cat-aislantes product_cat-all-products has-post-thumbnail taxable shipping-taxable purchasable product-type-variable\">\n\t<div class=\"nv-card-content-wrapper\"><a href=\"https:\/\/m2camper.com\/de\/warmedammung-fur-den-mercedes-639-vito-viano-kompakt\/\" class=\"woocommerce-LoopProduct-link woocommerce-loop-product__link\"><div class=\"sp-product-image\"><div class=\"img-wrap\"><img loading=\"lazy\" decoding=\"async\" width=\"300\" height=\"225\" src=\"https:\/\/m2camper.com\/wp-content\/uploads\/2025\/01\/60c9aa_8f179a7ff3804d44a8c954ae26d5d5b0mv2-300x225.png\" class=\"attachment-woocommerce_thumbnail size-woocommerce_thumbnail\" alt=\"W\u00e4rmeisolatoren f\u00fcr den Mercedes 639 Vito und Viano Compact\" srcset=\"https:\/\/m2camper.com\/wp-content\/uploads\/2025\/01\/60c9aa_8f179a7ff3804d44a8c954ae26d5d5b0mv2-300x225.png 300w, https:\/\/m2camper.com\/wp-content\/uploads\/2025\/01\/60c9aa_8f179a7ff3804d44a8c954ae26d5d5b0mv2-600x450.png 600w, https:\/\/m2camper.com\/wp-content\/uploads\/2025\/01\/60c9aa_8f179a7ff3804d44a8c954ae26d5d5b0mv2.png 640w\" sizes=\"(max-width: 300px) 100vw, 300px\" \/><\/div><\/div><h2 class=\"woocommerce-loop-product__title\">W\u00e4rmeisolatoren f\u00fcr den Mercedes 639 Vito und Viano Compact<\/h2>\n\t<span class=\"price\"><span class=\"woocommerce-Price-amount amount\" aria-hidden=\"true\"><bdi>60,00&nbsp;<span class=\"woocommerce-Price-currencySymbol\">&euro;<\/span><\/bdi><\/span> <span aria-hidden=\"true\"> \u2013 <\/span> <span class=\"woocommerce-Price-amount amount\" aria-hidden=\"true\"><bdi>195,00&nbsp;<span class=\"woocommerce-Price-currencySymbol\">&euro;<\/span><\/bdi><\/span><span class=\"screen-reader-text\" data-no-translation=\"\" data-trp-gettext=\"\">Preisspanne: 60,00&nbsp;&euro; bis 195,00&nbsp;&euro;<\/span><\/span>\n<\/a><a href=\"https:\/\/m2camper.com\/de\/warmedammung-fur-den-mercedes-639-vito-viano-kompakt\/\" aria-describedby=\"woocommerce_loop_add_to_cart_link_describedby_4700\" data-quantity=\"1\" class=\"button product_type_variable add_to_cart_button\" data-product_id=\"4700\" data-product_sku=\"\" aria-label=\"W\u00e4hle Optionen f\u00fcr \u201eAislantes t\u00e9rmicos oscurecedores Mercedes 639 Vito Viano Compacta\u201c\" rel=\"nofollow\" data-no-translation=\"\" data-trp-gettext=\"\" data-no-translation-aria-label=\"\">Ausf\u00fchrung w\u00e4hlen<\/a>\t<span id=\"woocommerce_loop_add_to_cart_link_describedby_4700\" class=\"screen-reader-text\">\n\t\tDieses Produkt weist mehrere Varianten auf. Die Optionen k\u00f6nnen auf der Produktseite gew\u00e4hlt werden\t<\/span>\n<\/div><\/li>\n<li class=\"product type-product post-4678 status-publish instock product_cat-mercedes product_cat-aislantes product_cat-all-products has-post-thumbnail taxable shipping-taxable purchasable product-type-variable\">\n\t<div class=\"nv-card-content-wrapper\"><a href=\"https:\/\/m2camper.com\/de\/warmedammung-zur-verdunkelung-mercedes-639-vito-viano-lang\/\" class=\"woocommerce-LoopProduct-link woocommerce-loop-product__link\"><div class=\"sp-product-image\"><div class=\"img-wrap\"><img loading=\"lazy\" decoding=\"async\" width=\"300\" height=\"200\" src=\"https:\/\/m2camper.com\/wp-content\/uploads\/2025\/01\/60c9aa_2f8ff69f0eac4a7bb5bdce836e94b614mv2-300x200.png\" class=\"attachment-woocommerce_thumbnail size-woocommerce_thumbnail\" alt=\"W\u00e4rmeisolatoren f\u00fcr den Mercedes 639 Vito Viano Lang\" srcset=\"https:\/\/m2camper.com\/wp-content\/uploads\/2025\/01\/60c9aa_2f8ff69f0eac4a7bb5bdce836e94b614mv2-300x200.png 300w, https:\/\/m2camper.com\/wp-content\/uploads\/2025\/01\/60c9aa_2f8ff69f0eac4a7bb5bdce836e94b614mv2.png 600w\" sizes=\"(max-width: 300px) 100vw, 300px\" \/><\/div><\/div><h2 class=\"woocommerce-loop-product__title\">W\u00e4rmeisolatoren f\u00fcr den Mercedes 639 Vito Viano Lang<\/h2>\n\t<span class=\"price\"><span class=\"woocommerce-Price-amount amount\" aria-hidden=\"true\"><bdi>60,00&nbsp;<span class=\"woocommerce-Price-currencySymbol\">&euro;<\/span><\/bdi><\/span> <span aria-hidden=\"true\"> \u2013 <\/span> <span class=\"woocommerce-Price-amount amount\" aria-hidden=\"true\"><bdi>200,00&nbsp;<span class=\"woocommerce-Price-currencySymbol\">&euro;<\/span><\/bdi><\/span><span class=\"screen-reader-text\" data-no-translation=\"\" data-trp-gettext=\"\">Preisspanne: 60,00&nbsp;&euro; bis 200,00&nbsp;&euro;<\/span><\/span>\n<\/a><a href=\"https:\/\/m2camper.com\/de\/warmedammung-zur-verdunkelung-mercedes-639-vito-viano-lang\/\" aria-describedby=\"woocommerce_loop_add_to_cart_link_describedby_4678\" data-quantity=\"1\" class=\"button product_type_variable add_to_cart_button\" data-product_id=\"4678\" data-product_sku=\"\" aria-label=\"W\u00e4hle Optionen f\u00fcr \u201eAislantes t\u00e9rmicos oscurecedores Mercedes 639  Vito Viano Larga\u201c\" rel=\"nofollow\" data-no-translation=\"\" data-trp-gettext=\"\" data-no-translation-aria-label=\"\">Ausf\u00fchrung w\u00e4hlen<\/a>\t<span id=\"woocommerce_loop_add_to_cart_link_describedby_4678\" class=\"screen-reader-text\">\n\t\tDieses Produkt weist mehrere Varianten auf. Die Optionen k\u00f6nnen auf der Produktseite gew\u00e4hlt werden\t<\/span>\n<\/div><\/li>\n<li class=\"product type-product post-4656 status-publish last instock product_cat-mercedes product_cat-aislantes product_cat-all-products has-post-thumbnail taxable shipping-taxable purchasable product-type-variable\">\n\t<div class=\"nv-card-content-wrapper\"><a href=\"https:\/\/m2camper.com\/de\/warmedammung-und-verdunkelung-fur-den-mercedes-639-vito-viano-extralang\/\" class=\"woocommerce-LoopProduct-link woocommerce-loop-product__link\"><div class=\"sp-product-image\"><div class=\"img-wrap\"><img loading=\"lazy\" decoding=\"async\" width=\"300\" height=\"225\" src=\"https:\/\/m2camper.com\/wp-content\/uploads\/2025\/01\/60c9aa_87256ee8510b4f4ba3d66f714f430ed8mv2-300x225.png\" class=\"attachment-woocommerce_thumbnail size-woocommerce_thumbnail\" alt=\"W\u00e4rmed\u00e4mmung Verdunkelungsvorh\u00e4nge Mercedes 639 Vito Viano Extra Lang\" srcset=\"https:\/\/m2camper.com\/wp-content\/uploads\/2025\/01\/60c9aa_87256ee8510b4f4ba3d66f714f430ed8mv2-300x225.png 300w, https:\/\/m2camper.com\/wp-content\/uploads\/2025\/01\/60c9aa_87256ee8510b4f4ba3d66f714f430ed8mv2-600x450.png 600w, https:\/\/m2camper.com\/wp-content\/uploads\/2025\/01\/60c9aa_87256ee8510b4f4ba3d66f714f430ed8mv2.png 640w\" sizes=\"(max-width: 300px) 100vw, 300px\" \/><\/div><\/div><h2 class=\"woocommerce-loop-product__title\">W\u00e4rmed\u00e4mmung Verdunkelungsvorh\u00e4nge Mercedes 639 Vito Viano Extra Lang<\/h2>\n\t<span class=\"price\"><span class=\"woocommerce-Price-amount amount\" aria-hidden=\"true\"><bdi>60,00&nbsp;<span class=\"woocommerce-Price-currencySymbol\">&euro;<\/span><\/bdi><\/span> <span aria-hidden=\"true\"> \u2013 <\/span> <span class=\"woocommerce-Price-amount amount\" aria-hidden=\"true\"><bdi>208,00&nbsp;<span class=\"woocommerce-Price-currencySymbol\">&euro;<\/span><\/bdi><\/span><span class=\"screen-reader-text\" data-no-translation=\"\" data-trp-gettext=\"\">Preisspanne: 60,00&nbsp;&euro; bis 208,00&nbsp;&euro;<\/span><\/span>\n<\/a><a href=\"https:\/\/m2camper.com\/de\/warmedammung-und-verdunkelung-fur-den-mercedes-639-vito-viano-extralang\/\" aria-describedby=\"woocommerce_loop_add_to_cart_link_describedby_4656\" data-quantity=\"1\" class=\"button product_type_variable add_to_cart_button\" data-product_id=\"4656\" data-product_sku=\"\" aria-label=\"W\u00e4hle Optionen f\u00fcr \u201eAislantes t\u00e9rmicos oscurecedores Mercedes 639 Vito Viano Extralarga\u201c\" rel=\"nofollow\" data-no-translation=\"\" data-trp-gettext=\"\" data-no-translation-aria-label=\"\">Ausf\u00fchrung w\u00e4hlen<\/a>\t<span id=\"woocommerce_loop_add_to_cart_link_describedby_4656\" class=\"screen-reader-text\">\n\t\tDieses Produkt weist mehrere Varianten auf. Die Optionen k\u00f6nnen auf der Produktseite gew\u00e4hlt werden\t<\/span>\n<\/div><\/li>\n<li class=\"product type-product post-4741 status-publish first instock product_cat-mercedes product_cat-aislantes product_cat-all-products has-post-thumbnail taxable shipping-taxable purchasable product-type-variable\">\n\t<div class=\"nv-card-content-wrapper\"><a href=\"https:\/\/m2camper.com\/de\/warmeisolatoren-fur-verdunkelungen-beim-mercedes-marco-polo-w639\/\" class=\"woocommerce-LoopProduct-link woocommerce-loop-product__link\"><div class=\"sp-product-image\"><div class=\"img-wrap\"><img loading=\"lazy\" decoding=\"async\" width=\"300\" height=\"209\" src=\"https:\/\/m2camper.com\/wp-content\/uploads\/2025\/01\/60c9aa_48e8b463f723438b891e2230f9df9dd3mv2-300x209.png\" class=\"attachment-woocommerce_thumbnail size-woocommerce_thumbnail\" alt=\"W\u00e4rmeisolatoren f\u00fcr den Mercedes Marco Polo W 639\" srcset=\"https:\/\/m2camper.com\/wp-content\/uploads\/2025\/01\/60c9aa_48e8b463f723438b891e2230f9df9dd3mv2-300x209.png 300w, https:\/\/m2camper.com\/wp-content\/uploads\/2025\/01\/60c9aa_48e8b463f723438b891e2230f9df9dd3mv2.png 575w\" sizes=\"(max-width: 300px) 100vw, 300px\" \/><\/div><\/div><h2 class=\"woocommerce-loop-product__title\">W\u00e4rmeisolatoren f\u00fcr den Mercedes Marco Polo W 639<\/h2>\n\t<span class=\"price\"><span class=\"woocommerce-Price-amount amount\" aria-hidden=\"true\"><bdi>60,00&nbsp;<span class=\"woocommerce-Price-currencySymbol\">&euro;<\/span><\/bdi><\/span> <span aria-hidden=\"true\"> \u2013 <\/span> <span class=\"woocommerce-Price-amount amount\" aria-hidden=\"true\"><bdi>200,00&nbsp;<span class=\"woocommerce-Price-currencySymbol\">&euro;<\/span><\/bdi><\/span><span class=\"screen-reader-text\" data-no-translation=\"\" data-trp-gettext=\"\">Preisspanne: 60,00&nbsp;&euro; bis 200,00&nbsp;&euro;<\/span><\/span>\n<\/a><a href=\"https:\/\/m2camper.com\/de\/warmeisolatoren-fur-verdunkelungen-beim-mercedes-marco-polo-w639\/\" aria-describedby=\"woocommerce_loop_add_to_cart_link_describedby_4741\" data-quantity=\"1\" class=\"button product_type_variable add_to_cart_button\" data-product_id=\"4741\" data-product_sku=\"\" aria-label=\"W\u00e4hle Optionen f\u00fcr \u201eAislantes t\u00e9rmicos oscurecedores Mercedes Marco Polo W 639\u201c\" rel=\"nofollow\" data-no-translation=\"\" data-trp-gettext=\"\" data-no-translation-aria-label=\"\">Ausf\u00fchrung w\u00e4hlen<\/a>\t<span id=\"woocommerce_loop_add_to_cart_link_describedby_4741\" class=\"screen-reader-text\">\n\t\tDieses Produkt weist mehrere Varianten auf. Die Optionen k\u00f6nnen auf der Produktseite gew\u00e4hlt werden\t<\/span>\n<\/div><\/li>\n<li class=\"product type-product post-1223 status-publish instock product_cat-mercedes product_cat-aislantes product_cat-all-products has-post-thumbnail taxable shipping-taxable purchasable product-type-variable\">\n\t<div class=\"nv-card-content-wrapper\"><a href=\"https:\/\/m2camper.com\/de\/warmeisolatoren-und-verdunkelungen-fur-den-mercedes-sprinter-2006-2018\/\" class=\"woocommerce-LoopProduct-link woocommerce-loop-product__link\"><div class=\"sp-product-image\"><div class=\"img-wrap\"><img loading=\"lazy\" decoding=\"async\" width=\"300\" height=\"225\" src=\"https:\/\/m2camper.com\/wp-content\/uploads\/2025\/01\/60c9aa_527879556a6a464cb0dd087927a7e2a1mv2-300x225.png\" class=\"attachment-woocommerce_thumbnail size-woocommerce_thumbnail\" alt=\"W\u00e4rmeisolatoren f\u00fcr den Mercedes Sprinter 2006-2018\" srcset=\"https:\/\/m2camper.com\/wp-content\/uploads\/2025\/01\/60c9aa_527879556a6a464cb0dd087927a7e2a1mv2-300x225.png 300w, https:\/\/m2camper.com\/wp-content\/uploads\/2025\/01\/60c9aa_527879556a6a464cb0dd087927a7e2a1mv2-600x450.png 600w, https:\/\/m2camper.com\/wp-content\/uploads\/2025\/01\/60c9aa_527879556a6a464cb0dd087927a7e2a1mv2.png 1000w\" sizes=\"(max-width: 300px) 100vw, 300px\" \/><\/div><\/div><h2 class=\"woocommerce-loop-product__title\">W\u00e4rmeisolatoren f\u00fcr den Mercedes Sprinter 2006-2018<\/h2>\n\t<span class=\"price\"><span class=\"woocommerce-Price-amount amount\" aria-hidden=\"true\"><bdi>65,00&nbsp;<span class=\"woocommerce-Price-currencySymbol\">&euro;<\/span><\/bdi><\/span> <span aria-hidden=\"true\"> \u2013 <\/span> <span class=\"woocommerce-Price-amount amount\" aria-hidden=\"true\"><bdi>130,00&nbsp;<span class=\"woocommerce-Price-currencySymbol\">&euro;<\/span><\/bdi><\/span><span class=\"screen-reader-text\" data-no-translation=\"\" data-trp-gettext=\"\">Preisspanne: 65,00&nbsp;&euro; bis 130,00&nbsp;&euro;<\/span><\/span>\n<\/a><a href=\"https:\/\/m2camper.com\/de\/warmeisolatoren-und-verdunkelungen-fur-den-mercedes-sprinter-2006-2018\/\" aria-describedby=\"woocommerce_loop_add_to_cart_link_describedby_1223\" data-quantity=\"1\" class=\"button product_type_variable add_to_cart_button\" data-product_id=\"1223\" data-product_sku=\"\" aria-label=\"W\u00e4hle Optionen f\u00fcr \u201eAislantes t\u00e9rmicos oscurecedores Mercedes Sprinter 2006-2018\u201c\" rel=\"nofollow\" data-no-translation=\"\" data-trp-gettext=\"\" data-no-translation-aria-label=\"\">Ausf\u00fchrung w\u00e4hlen<\/a>\t<span id=\"woocommerce_loop_add_to_cart_link_describedby_1223\" class=\"screen-reader-text\">\n\t\tDieses Produkt weist mehrere Varianten auf. Die Optionen k\u00f6nnen auf der Produktseite gew\u00e4hlt werden\t<\/span>\n<\/div><\/li>\n<li class=\"product type-product post-609 status-publish last instock product_cat-mercedes product_cat-aislantes product_cat-all-products has-post-thumbnail taxable shipping-taxable purchasable product-type-variable\">\n\t<div class=\"nv-card-content-wrapper\"><a href=\"https:\/\/m2camper.com\/de\/warmeisolatoren-und-verdunkelungen-fur-den-mercedes-sprinter-l2-h2-2006-2018\/\" class=\"woocommerce-LoopProduct-link woocommerce-loop-product__link\"><div class=\"sp-product-image\"><div class=\"img-wrap\"><img loading=\"lazy\" decoding=\"async\" width=\"300\" height=\"225\" src=\"https:\/\/m2camper.com\/wp-content\/uploads\/2025\/01\/60c9aa_616b27b717ca428bbc38c85be290c803mv2-300x225.png\" class=\"attachment-woocommerce_thumbnail size-woocommerce_thumbnail\" alt=\"W\u00e4rmeisolatoren f\u00fcr den Mercedes Sprinter L2-H2 2006-2018\" srcset=\"https:\/\/m2camper.com\/wp-content\/uploads\/2025\/01\/60c9aa_616b27b717ca428bbc38c85be290c803mv2-300x225.png 300w, https:\/\/m2camper.com\/wp-content\/uploads\/2025\/01\/60c9aa_616b27b717ca428bbc38c85be290c803mv2.png 577w\" sizes=\"(max-width: 300px) 100vw, 300px\" \/><\/div><\/div><h2 class=\"woocommerce-loop-product__title\">W\u00e4rmeisolatoren f\u00fcr den Mercedes Sprinter L2-H2 2006-2018<\/h2>\n\t<span class=\"price\"><span class=\"woocommerce-Price-amount amount\" aria-hidden=\"true\"><bdi>65,00&nbsp;<span class=\"woocommerce-Price-currencySymbol\">&euro;<\/span><\/bdi><\/span> <span aria-hidden=\"true\"> \u2013 <\/span> <span class=\"woocommerce-Price-amount amount\" aria-hidden=\"true\"><bdi>253,00&nbsp;<span class=\"woocommerce-Price-currencySymbol\">&euro;<\/span><\/bdi><\/span><span class=\"screen-reader-text\" data-no-translation=\"\" data-trp-gettext=\"\">Preisspanne: 65,00&nbsp;&euro; bis 253,00&nbsp;&euro;<\/span><\/span>\n<\/a><a href=\"https:\/\/m2camper.com\/de\/warmeisolatoren-und-verdunkelungen-fur-den-mercedes-sprinter-l2-h2-2006-2018\/\" aria-describedby=\"woocommerce_loop_add_to_cart_link_describedby_609\" data-quantity=\"1\" class=\"button product_type_variable add_to_cart_button\" data-product_id=\"609\" data-product_sku=\"\" aria-label=\"W\u00e4hle Optionen f\u00fcr \u201eAislantes t\u00e9rmicos oscurecedores Mercedes Sprinter L2-H2 2006-2018\u201c\" rel=\"nofollow\" data-no-translation=\"\" data-trp-gettext=\"\" data-no-translation-aria-label=\"\">Ausf\u00fchrung w\u00e4hlen<\/a>\t<span id=\"woocommerce_loop_add_to_cart_link_describedby_609\" class=\"screen-reader-text\">\n\t\tDieses Produkt weist mehrere Varianten auf. Die Optionen k\u00f6nnen auf der Produktseite gew\u00e4hlt werden\t<\/span>\n<\/div><\/li>\n<li class=\"product type-product post-4799 status-publish first instock product_cat-mercedes product_cat-aislantes product_cat-all-products has-post-thumbnail taxable shipping-taxable purchasable product-type-variable\">\n\t<div class=\"nv-card-content-wrapper\"><a href=\"https:\/\/m2camper.com\/de\/warmedammung-fur-den-mercedes-vito-447-kompakt\/\" class=\"woocommerce-LoopProduct-link woocommerce-loop-product__link\"><div class=\"sp-product-image\"><div class=\"img-wrap\"><img loading=\"lazy\" decoding=\"async\" width=\"300\" height=\"149\" src=\"https:\/\/m2camper.com\/wp-content\/uploads\/2025\/01\/60c9aa_4692096e063442b284f062aea439c559mv2-300x149.png\" class=\"attachment-woocommerce_thumbnail size-woocommerce_thumbnail\" alt=\"W\u00e4rmeisolatoren f\u00fcr den Mercedes Vito 447 Compact\" srcset=\"https:\/\/m2camper.com\/wp-content\/uploads\/2025\/01\/60c9aa_4692096e063442b284f062aea439c559mv2-300x149.png 300w, https:\/\/m2camper.com\/wp-content\/uploads\/2025\/01\/60c9aa_4692096e063442b284f062aea439c559mv2.png 402w\" sizes=\"(max-width: 300px) 100vw, 300px\" \/><\/div><\/div><h2 class=\"woocommerce-loop-product__title\">W\u00e4rmeisolatoren f\u00fcr den Mercedes Vito 447 Compact<\/h2>\n\t<span class=\"price\"><span class=\"woocommerce-Price-amount amount\" aria-hidden=\"true\"><bdi>60,00&nbsp;<span class=\"woocommerce-Price-currencySymbol\">&euro;<\/span><\/bdi><\/span> <span aria-hidden=\"true\"> \u2013 <\/span> <span class=\"woocommerce-Price-amount amount\" aria-hidden=\"true\"><bdi>195,00&nbsp;<span class=\"woocommerce-Price-currencySymbol\">&euro;<\/span><\/bdi><\/span><span class=\"screen-reader-text\" data-no-translation=\"\" data-trp-gettext=\"\">Preisspanne: 60,00&nbsp;&euro; bis 195,00&nbsp;&euro;<\/span><\/span>\n<\/a><a href=\"https:\/\/m2camper.com\/de\/warmedammung-fur-den-mercedes-vito-447-kompakt\/\" aria-describedby=\"woocommerce_loop_add_to_cart_link_describedby_4799\" data-quantity=\"1\" class=\"button product_type_variable add_to_cart_button\" data-product_id=\"4799\" data-product_sku=\"\" aria-label=\"W\u00e4hle Optionen f\u00fcr \u201eAislantes t\u00e9rmicos oscurecedores Mercedes Vito 447 Compacta\u201c\" rel=\"nofollow\" data-no-translation=\"\" data-trp-gettext=\"\" data-no-translation-aria-label=\"\">Ausf\u00fchrung w\u00e4hlen<\/a>\t<span id=\"woocommerce_loop_add_to_cart_link_describedby_4799\" class=\"screen-reader-text\">\n\t\tDieses Produkt weist mehrere Varianten auf. Die Optionen k\u00f6nnen auf der Produktseite gew\u00e4hlt werden\t<\/span>\n<\/div><\/li>\n<li class=\"product type-product post-4755 status-publish instock product_cat-mercedes product_cat-aislantes product_cat-all-products has-post-thumbnail taxable shipping-taxable purchasable product-type-variable\">\n\t<div class=\"nv-card-content-wrapper\"><a href=\"https:\/\/m2camper.com\/de\/warmeisolatoren-fur-verdunkelungen-am-mercedes-vito-447-gemischt\/\" class=\"woocommerce-LoopProduct-link woocommerce-loop-product__link\"><div class=\"sp-product-image\"><div class=\"img-wrap\"><img loading=\"lazy\" decoding=\"async\" width=\"300\" height=\"199\" src=\"https:\/\/m2camper.com\/wp-content\/uploads\/2025\/01\/60c9aa_51657ba411e44c8c841b73a5a80389a1mv2-300x199.png\" class=\"attachment-woocommerce_thumbnail size-woocommerce_thumbnail\" alt=\"W\u00e4rmeisolatoren f\u00fcr den Mercedes Vito 447 Mixta\" srcset=\"https:\/\/m2camper.com\/wp-content\/uploads\/2025\/01\/60c9aa_51657ba411e44c8c841b73a5a80389a1mv2-300x199.png 300w, https:\/\/m2camper.com\/wp-content\/uploads\/2025\/01\/60c9aa_51657ba411e44c8c841b73a5a80389a1mv2-600x398.png 600w, https:\/\/m2camper.com\/wp-content\/uploads\/2025\/01\/60c9aa_51657ba411e44c8c841b73a5a80389a1mv2.png 904w\" sizes=\"(max-width: 300px) 100vw, 300px\" \/><\/div><\/div><h2 class=\"woocommerce-loop-product__title\">W\u00e4rmeisolatoren f\u00fcr den Mercedes Vito 447 Mixta<\/h2>\n\t<span class=\"price\"><span class=\"woocommerce-Price-amount amount\" aria-hidden=\"true\"><bdi>60,00&nbsp;<span class=\"woocommerce-Price-currencySymbol\">&euro;<\/span><\/bdi><\/span> <span aria-hidden=\"true\"> \u2013 <\/span> <span class=\"woocommerce-Price-amount amount\" aria-hidden=\"true\"><bdi>175,00&nbsp;<span class=\"woocommerce-Price-currencySymbol\">&euro;<\/span><\/bdi><\/span><span class=\"screen-reader-text\" data-no-translation=\"\" data-trp-gettext=\"\">Preisspanne: 60,00&nbsp;&euro; bis 175,00&nbsp;&euro;<\/span><\/span>\n<\/a><a href=\"https:\/\/m2camper.com\/de\/warmeisolatoren-fur-verdunkelungen-am-mercedes-vito-447-gemischt\/\" aria-describedby=\"woocommerce_loop_add_to_cart_link_describedby_4755\" data-quantity=\"1\" class=\"button product_type_variable add_to_cart_button\" data-product_id=\"4755\" data-product_sku=\"\" aria-label=\"W\u00e4hle Optionen f\u00fcr \u201eAislantes t\u00e9rmicos oscurecedores Mercedes Vito 447 Mixta\u201c\" rel=\"nofollow\" data-no-translation=\"\" data-trp-gettext=\"\" data-no-translation-aria-label=\"\">Ausf\u00fchrung w\u00e4hlen<\/a>\t<span id=\"woocommerce_loop_add_to_cart_link_describedby_4755\" class=\"screen-reader-text\">\n\t\tDieses Produkt weist mehrere Varianten auf. Die Optionen k\u00f6nnen auf der Produktseite gew\u00e4hlt werden\t<\/span>\n<\/div><\/li>\n<li class=\"product type-product post-4829 status-publish last instock product_cat-mercedes product_cat-aislantes product_cat-all-products has-post-thumbnail taxable shipping-taxable purchasable product-type-variable\">\n\t<div class=\"nv-card-content-wrapper\"><a href=\"https:\/\/m2camper.com\/de\/warmeisolatoren-zur-verdunkelung-mercedes-vito-447-lang\/\" class=\"woocommerce-LoopProduct-link woocommerce-loop-product__link\"><div class=\"sp-product-image\"><div class=\"img-wrap\"><img loading=\"lazy\" decoding=\"async\" width=\"300\" height=\"169\" src=\"https:\/\/m2camper.com\/wp-content\/uploads\/2025\/01\/60c9aa_22eaa8f7333144e28d0144c6765e18b2mv2-300x169.png\" class=\"attachment-woocommerce_thumbnail size-woocommerce_thumbnail\" alt=\"W\u00e4rmeisolatoren zur Verdunkelung Mercedes Vito 447 Lang\" srcset=\"https:\/\/m2camper.com\/wp-content\/uploads\/2025\/01\/60c9aa_22eaa8f7333144e28d0144c6765e18b2mv2-300x169.png 300w, https:\/\/m2camper.com\/wp-content\/uploads\/2025\/01\/60c9aa_22eaa8f7333144e28d0144c6765e18b2mv2-600x337.png 600w, https:\/\/m2camper.com\/wp-content\/uploads\/2025\/01\/60c9aa_22eaa8f7333144e28d0144c6765e18b2mv2.png 660w\" sizes=\"(max-width: 300px) 100vw, 300px\" \/><\/div><\/div><h2 class=\"woocommerce-loop-product__title\">W\u00e4rmeisolatoren zur Verdunkelung Mercedes Vito 447 Lang<\/h2>\n\t<span class=\"price\"><span class=\"woocommerce-Price-amount amount\" aria-hidden=\"true\"><bdi>60,00&nbsp;<span class=\"woocommerce-Price-currencySymbol\">&euro;<\/span><\/bdi><\/span> <span aria-hidden=\"true\"> \u2013 <\/span> <span class=\"woocommerce-Price-amount amount\" aria-hidden=\"true\"><bdi>200,00&nbsp;<span class=\"woocommerce-Price-currencySymbol\">&euro;<\/span><\/bdi><\/span><span class=\"screen-reader-text\" data-no-translation=\"\" data-trp-gettext=\"\">Preisspanne: 60,00&nbsp;&euro; bis 200,00&nbsp;&euro;<\/span><\/span>\n<\/a><a href=\"https:\/\/m2camper.com\/de\/warmeisolatoren-zur-verdunkelung-mercedes-vito-447-lang\/\" aria-describedby=\"woocommerce_loop_add_to_cart_link_describedby_4829\" data-quantity=\"1\" class=\"button product_type_variable add_to_cart_button\" data-product_id=\"4829\" data-product_sku=\"\" aria-label=\"W\u00e4hle Optionen f\u00fcr \u201eAislantes t\u00e9rmicos oscurecedores Mercedes Vito 447 Larga\u201c\" rel=\"nofollow\" data-no-translation=\"\" data-trp-gettext=\"\" data-no-translation-aria-label=\"\">Ausf\u00fchrung w\u00e4hlen<\/a>\t<span id=\"woocommerce_loop_add_to_cart_link_describedby_4829\" class=\"screen-reader-text\">\n\t\tDieses Produkt weist mehrere Varianten auf. Die Optionen k\u00f6nnen auf der Produktseite gew\u00e4hlt werden\t<\/span>\n<\/div><\/li>\n<li class=\"product type-product post-1305 status-publish first instock product_cat-mercedes product_cat-aislantes product_cat-all-products has-post-thumbnail taxable shipping-taxable purchasable product-type-variable\">\n\t<div class=\"nv-card-content-wrapper\"><a href=\"https:\/\/m2camper.com\/de\/warmeisolatoren-fur-verdunkelungen-beim-mercedes-vito-447-extralang\/\" class=\"woocommerce-LoopProduct-link woocommerce-loop-product__link\"><div class=\"sp-product-image\"><div class=\"img-wrap\"><img loading=\"lazy\" decoding=\"async\" width=\"300\" height=\"117\" src=\"https:\/\/m2camper.com\/wp-content\/uploads\/2025\/01\/60c9aa_d8e9a41d7cbd48ec9f62f5d59c3fad8cmv2-300x117.png\" class=\"attachment-woocommerce_thumbnail size-woocommerce_thumbnail\" alt=\"W\u00e4rmeisolatoren f\u00fcr den Mercedes Vito 447 Extra Lang\" srcset=\"https:\/\/m2camper.com\/wp-content\/uploads\/2025\/01\/60c9aa_d8e9a41d7cbd48ec9f62f5d59c3fad8cmv2-300x117.png 300w, https:\/\/m2camper.com\/wp-content\/uploads\/2025\/01\/60c9aa_d8e9a41d7cbd48ec9f62f5d59c3fad8cmv2-600x235.png 600w, https:\/\/m2camper.com\/wp-content\/uploads\/2025\/01\/60c9aa_d8e9a41d7cbd48ec9f62f5d59c3fad8cmv2.png 1100w\" sizes=\"(max-width: 300px) 100vw, 300px\" \/><\/div><\/div><h2 class=\"woocommerce-loop-product__title\">W\u00e4rmeisolatoren f\u00fcr den Mercedes Vito 447 Extra Lang<\/h2>\n\t<span class=\"price\"><span class=\"woocommerce-Price-amount amount\" aria-hidden=\"true\"><bdi>60,00&nbsp;<span class=\"woocommerce-Price-currencySymbol\">&euro;<\/span><\/bdi><\/span> <span aria-hidden=\"true\"> \u2013 <\/span> <span class=\"woocommerce-Price-amount amount\" aria-hidden=\"true\"><bdi>208,00&nbsp;<span class=\"woocommerce-Price-currencySymbol\">&euro;<\/span><\/bdi><\/span><span class=\"screen-reader-text\" data-no-translation=\"\" data-trp-gettext=\"\">Preisspanne: 60,00&nbsp;&euro; bis 208,00&nbsp;&euro;<\/span><\/span>\n<\/a><a href=\"https:\/\/m2camper.com\/de\/warmeisolatoren-fur-verdunkelungen-beim-mercedes-vito-447-extralang\/\" aria-describedby=\"woocommerce_loop_add_to_cart_link_describedby_1305\" data-quantity=\"1\" class=\"button product_type_variable add_to_cart_button\" data-product_id=\"1305\" data-product_sku=\"\" aria-label=\"W\u00e4hle Optionen f\u00fcr \u201eAislantes t\u00e9rmicos oscurecedores Mercedes Vito 447 Extralarga\u201c\" rel=\"nofollow\" data-no-translation=\"\" data-trp-gettext=\"\" data-no-translation-aria-label=\"\">Ausf\u00fchrung w\u00e4hlen<\/a>\t<span id=\"woocommerce_loop_add_to_cart_link_describedby_1305\" class=\"screen-reader-text\">\n\t\tDieses Produkt weist mehrere Varianten auf. Die Optionen k\u00f6nnen auf der Produktseite gew\u00e4hlt werden\t<\/span>\n<\/div><\/li>\n<li class=\"product type-product post-4859 status-publish instock product_cat-mercedes product_cat-aislantes product_cat-all-products has-post-thumbnail taxable shipping-taxable purchasable product-type-variable\">\n\t<div class=\"nv-card-content-wrapper\"><a href=\"https:\/\/m2camper.com\/de\/warmeisolatoren-fur-den-mercedes-vito-w447-v-klasse-marco-polo\/\" class=\"woocommerce-LoopProduct-link woocommerce-loop-product__link\"><div class=\"sp-product-image\"><div class=\"img-wrap\"><img loading=\"lazy\" decoding=\"async\" width=\"300\" height=\"160\" src=\"https:\/\/m2camper.com\/wp-content\/uploads\/2025\/01\/60c9aa_95915a50d5024cff8c7f3112404814e3mv2-300x160.png\" class=\"attachment-woocommerce_thumbnail size-woocommerce_thumbnail\" alt=\"W\u00e4rmeisolatoren f\u00fcr den Mercedes Vito W-447 V-Klasse Marco Polo\" srcset=\"https:\/\/m2camper.com\/wp-content\/uploads\/2025\/01\/60c9aa_95915a50d5024cff8c7f3112404814e3mv2-300x160.png 300w, https:\/\/m2camper.com\/wp-content\/uploads\/2025\/01\/60c9aa_95915a50d5024cff8c7f3112404814e3mv2-600x320.png 600w, https:\/\/m2camper.com\/wp-content\/uploads\/2025\/01\/60c9aa_95915a50d5024cff8c7f3112404814e3mv2.png 800w\" sizes=\"(max-width: 300px) 100vw, 300px\" \/><\/div><\/div><h2 class=\"woocommerce-loop-product__title\">W\u00e4rmeisolatoren f\u00fcr den Mercedes Vito W-447 V-Klasse Marco Polo<\/h2>\n\t<span class=\"price\"><span class=\"woocommerce-Price-amount amount\" aria-hidden=\"true\"><bdi>60,00&nbsp;<span class=\"woocommerce-Price-currencySymbol\">&euro;<\/span><\/bdi><\/span> <span aria-hidden=\"true\"> \u2013 <\/span> <span class=\"woocommerce-Price-amount amount\" aria-hidden=\"true\"><bdi>200,00&nbsp;<span class=\"woocommerce-Price-currencySymbol\">&euro;<\/span><\/bdi><\/span><span class=\"screen-reader-text\" data-no-translation=\"\" data-trp-gettext=\"\">Preisspanne: 60,00&nbsp;&euro; bis 200,00&nbsp;&euro;<\/span><\/span>\n<\/a><a href=\"https:\/\/m2camper.com\/de\/warmeisolatoren-fur-den-mercedes-vito-w447-v-klasse-marco-polo\/\" aria-describedby=\"woocommerce_loop_add_to_cart_link_describedby_4859\" data-quantity=\"1\" class=\"button product_type_variable add_to_cart_button\" data-product_id=\"4859\" data-product_sku=\"\" aria-label=\"W\u00e4hle Optionen f\u00fcr \u201eAislantes t\u00e9rmicos oscurecedores Mercedes Vito W-447 Clase V Marco Polo\u201c\" rel=\"nofollow\" data-no-translation=\"\" data-trp-gettext=\"\" data-no-translation-aria-label=\"\">Ausf\u00fchrung w\u00e4hlen<\/a>\t<span id=\"woocommerce_loop_add_to_cart_link_describedby_4859\" class=\"screen-reader-text\">\n\t\tDieses Produkt weist mehrere Varianten auf. Die Optionen k\u00f6nnen auf der Produktseite gew\u00e4hlt werden\t<\/span>\n<\/div><\/li>\n<li class=\"product type-product post-4777 status-publish last instock product_cat-mercedes product_cat-aislantes product_cat-all-products has-post-thumbnail taxable shipping-taxable purchasable product-type-variable\">\n\t<div class=\"nv-card-content-wrapper\"><a href=\"https:\/\/m2camper.com\/de\/warmedammung-fur-verdunkelungen-am-mercedes-mb-vito-marco-polo-activity-horizont\/\" class=\"woocommerce-LoopProduct-link woocommerce-loop-product__link\"><div class=\"sp-product-image\"><div class=\"img-wrap\"><img loading=\"lazy\" decoding=\"async\" width=\"300\" height=\"169\" src=\"https:\/\/m2camper.com\/wp-content\/uploads\/2025\/01\/60c9aa_28aa528dd2f94e4badb6a5d9e42d76d9mv2-300x169.png\" class=\"attachment-woocommerce_thumbnail size-woocommerce_thumbnail\" alt=\"W\u00e4rmed\u00e4mmung und Verdunkelung f\u00fcr den Mercedes MB Vito Marco Polo Activity Horizont\" srcset=\"https:\/\/m2camper.com\/wp-content\/uploads\/2025\/01\/60c9aa_28aa528dd2f94e4badb6a5d9e42d76d9mv2-300x169.png 300w, https:\/\/m2camper.com\/wp-content\/uploads\/2025\/01\/60c9aa_28aa528dd2f94e4badb6a5d9e42d76d9mv2-600x338.png 600w, https:\/\/m2camper.com\/wp-content\/uploads\/2025\/01\/60c9aa_28aa528dd2f94e4badb6a5d9e42d76d9mv2.png 1264w\" sizes=\"(max-width: 300px) 100vw, 300px\" \/><\/div><\/div><h2 class=\"woocommerce-loop-product__title\">W\u00e4rmed\u00e4mmung und Verdunkelung f\u00fcr den Mercedes MB Vito Marco Polo Activity Horizont<\/h2>\n\t<span class=\"price\"><span class=\"woocommerce-Price-amount amount\" aria-hidden=\"true\"><bdi>60,00&nbsp;<span class=\"woocommerce-Price-currencySymbol\">&euro;<\/span><\/bdi><\/span> <span aria-hidden=\"true\"> \u2013 <\/span> <span class=\"woocommerce-Price-amount amount\" aria-hidden=\"true\"><bdi>200,00&nbsp;<span class=\"woocommerce-Price-currencySymbol\">&euro;<\/span><\/bdi><\/span><span class=\"screen-reader-text\" data-no-translation=\"\" data-trp-gettext=\"\">Preisspanne: 60,00&nbsp;&euro; bis 200,00&nbsp;&euro;<\/span><\/span>\n<\/a><a href=\"https:\/\/m2camper.com\/de\/warmedammung-fur-verdunkelungen-am-mercedes-mb-vito-marco-polo-activity-horizont\/\" aria-describedby=\"woocommerce_loop_add_to_cart_link_describedby_4777\" data-quantity=\"1\" class=\"button product_type_variable add_to_cart_button\" data-product_id=\"4777\" data-product_sku=\"\" aria-label=\"W\u00e4hle Optionen f\u00fcr \u201eAislantes t\u00e9rmicos oscurecedores Mercedes MB Vito Marco Polo Activity Horizont\u201c\" rel=\"nofollow\" data-no-translation=\"\" data-trp-gettext=\"\" data-no-translation-aria-label=\"\">Ausf\u00fchrung w\u00e4hlen<\/a>\t<span id=\"woocommerce_loop_add_to_cart_link_describedby_4777\" class=\"screen-reader-text\">\n\t\tDieses Produkt weist mehrere Varianten auf. Die Optionen k\u00f6nnen auf der Produktseite gew\u00e4hlt werden\t<\/span>\n<\/div><\/li>\n<li class=\"product type-product post-3499 status-publish first instock product_cat-mercedes product_cat-aislantes product_cat-all-products has-post-thumbnail taxable shipping-taxable purchasable product-type-variable\">\n\t<div class=\"nv-card-content-wrapper\"><a href=\"https:\/\/m2camper.com\/de\/warmeisolatoren-fur-mercedes-709-d-blackouts\/\" class=\"woocommerce-LoopProduct-link woocommerce-loop-product__link\"><div class=\"sp-product-image\"><div class=\"img-wrap\"><img loading=\"lazy\" decoding=\"async\" width=\"300\" height=\"225\" src=\"https:\/\/m2camper.com\/wp-content\/uploads\/2025\/01\/60c9aa_b19dd9daf9ac49d0875a1e4841b4d886mv2-300x225.png\" class=\"attachment-woocommerce_thumbnail size-woocommerce_thumbnail\" alt=\"Mercedes 709 D Verdunkelungs-W\u00e4rmeisolatoren\" srcset=\"https:\/\/m2camper.com\/wp-content\/uploads\/2025\/01\/60c9aa_b19dd9daf9ac49d0875a1e4841b4d886mv2-300x225.png 300w, https:\/\/m2camper.com\/wp-content\/uploads\/2025\/01\/60c9aa_b19dd9daf9ac49d0875a1e4841b4d886mv2-600x450.png 600w, https:\/\/m2camper.com\/wp-content\/uploads\/2025\/01\/60c9aa_b19dd9daf9ac49d0875a1e4841b4d886mv2.png 640w\" sizes=\"(max-width: 300px) 100vw, 300px\" \/><\/div><\/div><h2 class=\"woocommerce-loop-product__title\">Mercedes 709 D Verdunkelungs-W\u00e4rmeisolatoren<\/h2>\n\t<span class=\"price\"><span class=\"woocommerce-Price-amount amount\" aria-hidden=\"true\"><bdi>82,00&nbsp;<span class=\"woocommerce-Price-currencySymbol\">&euro;<\/span><\/bdi><\/span> <span aria-hidden=\"true\"> \u2013 <\/span> <span class=\"woocommerce-Price-amount amount\" aria-hidden=\"true\"><bdi>112,00&nbsp;<span class=\"woocommerce-Price-currencySymbol\">&euro;<\/span><\/bdi><\/span><span class=\"screen-reader-text\" data-no-translation=\"\" data-trp-gettext=\"\">Preisspanne: 82,00&nbsp;&euro; bis 112,00&nbsp;&euro;<\/span><\/span>\n<\/a><a href=\"https:\/\/m2camper.com\/de\/warmeisolatoren-fur-mercedes-709-d-blackouts\/\" aria-describedby=\"woocommerce_loop_add_to_cart_link_describedby_3499\" data-quantity=\"1\" class=\"button product_type_variable add_to_cart_button\" data-product_id=\"3499\" data-product_sku=\"\" aria-label=\"W\u00e4hle Optionen f\u00fcr \u201eAislantes t\u00e9rmicos oscurecedores Mercedes 709 D\u201c\" rel=\"nofollow\" data-no-translation=\"\" data-trp-gettext=\"\" data-no-translation-aria-label=\"\">Ausf\u00fchrung w\u00e4hlen<\/a>\t<span id=\"woocommerce_loop_add_to_cart_link_describedby_3499\" class=\"screen-reader-text\">\n\t\tDieses Produkt weist mehrere Varianten auf. Die Optionen k\u00f6nnen auf der Produktseite gew\u00e4hlt werden\t<\/span>\n<\/div><\/li>\n<li class=\"product type-product post-1519 status-publish instock product_cat-mercedes product_cat-aislantes product_cat-all-products has-post-thumbnail taxable shipping-taxable purchasable product-type-variable\">\n\t<div class=\"nv-card-content-wrapper\"><a href=\"https:\/\/m2camper.com\/de\/mercedes-james-cook-307d-verdunkelungs-warmeisolatoren\/\" class=\"woocommerce-LoopProduct-link woocommerce-loop-product__link\"><div class=\"sp-product-image\"><div class=\"img-wrap\"><img loading=\"lazy\" decoding=\"async\" width=\"300\" height=\"225\" src=\"https:\/\/m2camper.com\/wp-content\/uploads\/2025\/01\/60c9aa_834deffcd14f4f378f92030591bcbbd6mv2-300x225.png\" class=\"attachment-woocommerce_thumbnail size-woocommerce_thumbnail\" alt=\"Mercedes James Cook 307D Verdunkelungs-W\u00e4rmeisolatoren\" srcset=\"https:\/\/m2camper.com\/wp-content\/uploads\/2025\/01\/60c9aa_834deffcd14f4f378f92030591bcbbd6mv2-300x225.png 300w, https:\/\/m2camper.com\/wp-content\/uploads\/2025\/01\/60c9aa_834deffcd14f4f378f92030591bcbbd6mv2-600x450.png 600w, https:\/\/m2camper.com\/wp-content\/uploads\/2025\/01\/60c9aa_834deffcd14f4f378f92030591bcbbd6mv2.png 1023w\" sizes=\"(max-width: 300px) 100vw, 300px\" \/><\/div><\/div><h2 class=\"woocommerce-loop-product__title\">Mercedes James Cook 307D Verdunkelungs-W\u00e4rmeisolatoren<\/h2>\n\t<span class=\"price\"><span class=\"woocommerce-Price-amount amount\" aria-hidden=\"true\"><bdi>75,00&nbsp;<span class=\"woocommerce-Price-currencySymbol\">&euro;<\/span><\/bdi><\/span> <span aria-hidden=\"true\"> \u2013 <\/span> <span class=\"woocommerce-Price-amount amount\" aria-hidden=\"true\"><bdi>105,00&nbsp;<span class=\"woocommerce-Price-currencySymbol\">&euro;<\/span><\/bdi><\/span><span class=\"screen-reader-text\" data-no-translation=\"\" data-trp-gettext=\"\">Preisspanne: 75,00&nbsp;&euro; bis 105,00&nbsp;&euro;<\/span><\/span>\n<\/a><a href=\"https:\/\/m2camper.com\/de\/mercedes-james-cook-307d-verdunkelungs-warmeisolatoren\/\" aria-describedby=\"woocommerce_loop_add_to_cart_link_describedby_1519\" data-quantity=\"1\" class=\"button product_type_variable add_to_cart_button\" data-product_id=\"1519\" data-product_sku=\"\" aria-label=\"W\u00e4hle Optionen f\u00fcr \u201eAislantes t\u00e9rmicos oscurecedores Mercedes James Cook 307D\u201c\" rel=\"nofollow\" data-no-translation=\"\" data-trp-gettext=\"\" data-no-translation-aria-label=\"\">Ausf\u00fchrung w\u00e4hlen<\/a>\t<span id=\"woocommerce_loop_add_to_cart_link_describedby_1519\" class=\"screen-reader-text\">\n\t\tDieses Produkt weist mehrere Varianten auf. Die Optionen k\u00f6nnen auf der Produktseite gew\u00e4hlt werden\t<\/span>\n<\/div><\/li>\n<\/ul>\n<\/div>\t\t\t\t<\/div>\n\t\t\t\t<\/div>\n\t\t\t\t<\/div>\n\t\t\t\t<\/div>\n\t\t\t\t<section class=\"elementor-section elementor-top-section elementor-element elementor-element-a180132 elementor-reverse-tablet elementor-reverse-mobile elementor-section-boxed elementor-section-height-default elementor-section-height-default\" data-id=\"a180132\" data-element_type=\"section\" data-e-type=\"section\" data-settings=\"{&quot;background_background&quot;:&quot;classic&quot;}\">\n\t\t\t\t\t\t\t<div class=\"elementor-background-overlay\"><\/div>\n\t\t\t\t\t\t\t<div class=\"elementor-container elementor-column-gap-default\">\n\t\t\t\t\t<div class=\"elementor-column elementor-col-100 elementor-top-column elementor-element elementor-element-68d88cf elementor-invisible\" data-id=\"68d88cf\" data-element_type=\"column\" data-e-type=\"column\" data-settings=\"{&quot;animation&quot;:&quot;fadeInRight&quot;}\">\n\t\t\t<div class=\"elementor-widget-wrap elementor-element-populated\">\n\t\t\t\t\t\t<div class=\"elementor-element elementor-element-8777649 elementor-widget elementor-widget-heading\" data-id=\"8777649\" data-element_type=\"widget\" data-e-type=\"widget\" data-widget_type=\"heading.default\">\n\t\t\t\t<div class=\"elementor-widget-container\">\n\t\t\t\t\t<h3 class=\"elementor-heading-title elementor-size-default\">Sie finden nicht, wonach Sie suchen?<\/h3>\t\t\t\t<\/div>\n\t\t\t\t<\/div>\n\t\t\t\t<div class=\"elementor-element elementor-element-ba0406a elementor-widget elementor-widget-text-editor\" data-id=\"ba0406a\" data-element_type=\"widget\" data-e-type=\"widget\" data-widget_type=\"text-editor.default\">\n\t\t\t\t<div class=\"elementor-widget-container\">\n\t\t\t\t\t\t\t\t\t<p class=\"font_7 wixui-rich-text__text\">Wenn Sie das gew\u00fcnschte Produkt nicht finden k\u00f6nnen, nehmen Sie gerne Kontakt mit uns auf. Unser Team ist hier, um Ihnen zu helfen, die perfekte L\u00f6sung f\u00fcr Sie zu finden. Ihre Zufriedenheit ist unsere Priorit\u00e4t!<\/p>\t\t\t\t\t\t\t\t<\/div>\n\t\t\t\t<\/div>\n\t\t\t\t<div class=\"elementor-element elementor-element-080781a elementor-align-center elementor-widget elementor-widget-button\" data-id=\"080781a\" data-element_type=\"widget\" data-e-type=\"widget\" data-widget_type=\"button.default\">\n\t\t\t\t<div class=\"elementor-widget-container\">\n\t\t\t\t\t\t\t\t\t<div class=\"elementor-button-wrapper\">\n\t\t\t\t\t<a class=\"elementor-button elementor-button-link elementor-size-sm\" href=\"https:\/\/m2camper.com\/de\/kontakt\/\">\n\t\t\t\t\t\t<span class=\"elementor-button-content-wrapper\">\n\t\t\t\t\t\t\t\t\t<span class=\"elementor-button-text\">Kontaktieren Sie uns<\/span>\n\t\t\t\t\t<\/span>\n\t\t\t\t\t<\/a>\n\t\t\t\t<\/div>\n\t\t\t\t\t\t\t\t<\/div>\n\t\t\t\t<\/div>\n\t\t\t\t\t<\/div>\n\t\t<\/div>\n\t\t\t\t\t<\/div>\n\t\t<\/section>\n\t\t\t\t<\/div>","protected":false},"excerpt":{"rendered":"<p>Explora el mundo con tu Mercedes y lleva tu experiencia de viaje al siguiente nivel con nuestros aislantes t\u00e9rmicos oscurecedores de 9 capas, dise\u00f1ados espec\u00edficamente para veh\u00edculos Mercedes. En nuestra tienda, nos apasiona ofrecerte soluciones que transformar\u00e1n tu veh\u00edculo en un oasis de comodidad y privacidad. Veh\u00edculos Camper a MedidaSabemos que cada modelo de Mercedes&hellip;&nbsp;<a href=\"https:\/\/m2camper.com\/de\/verdunkelungsisolatoren-fur-mercedes\/\" rel=\"bookmark\">Mehr lesen &quot;<span class=\"screen-reader-text\">Verdunkelungsisolatoren f\u00fcr Mercedes<\/span><\/a><\/p>","protected":false},"author":1,"featured_media":0,"parent":0,"menu_order":0,"comment_status":"closed","ping_status":"closed","template":"page-templates\/template-pagebuilder-full-width.php","meta":{"neve_meta_sidebar":"","neve_meta_container":"","neve_meta_enable_content_width":"off","neve_meta_content_width":100,"neve_meta_title_alignment":"","neve_meta_author_avatar":"","neve_post_elements_order":"","neve_meta_disable_header":"","neve_meta_disable_footer":"","neve_meta_disable_title":"","footnotes":""},"class_list":["post-11064","page","type-page","status-publish","hentry"],"yoast_head":"<!-- This site is optimized with the Yoast SEO plugin v27.4 - https:\/\/yoast.com\/product\/yoast-seo-wordpress\/ -->\n<title>Aislantes oscurecedores para Mercedes - M2 Camper | Aislantes t\u00e9rmicos y oscurecedores para campers<\/title>\n<meta name=\"robots\" content=\"index, follow, max-snippet:-1, max-image-preview:large, max-video-preview:-1\" \/>\n<link rel=\"canonical\" href=\"https:\/\/m2camper.com\/de\/verdunkelungsisolatoren-fur-mercedes\/\" \/>\n<meta property=\"og:locale\" content=\"de_DE\" \/>\n<meta property=\"og:type\" content=\"article\" \/>\n<meta property=\"og:title\" content=\"Aislantes oscurecedores para Mercedes - M2 Camper | Aislantes t\u00e9rmicos y oscurecedores para campers\" \/>\n<meta property=\"og:description\" content=\"Explora el mundo con tu Mercedes y lleva tu experiencia de viaje al siguiente nivel con nuestros aislantes t\u00e9rmicos oscurecedores de 9 capas, dise\u00f1ados espec\u00edficamente para veh\u00edculos Mercedes. En nuestra tienda, nos apasiona ofrecerte soluciones que transformar\u00e1n tu veh\u00edculo en un oasis de comodidad y privacidad. Veh\u00edculos Camper a MedidaSabemos que cada modelo de Mercedes&hellip;&nbsp;Weiterlesen &raquo;Aislantes oscurecedores para Mercedes\" \/>\n<meta property=\"og:url\" content=\"https:\/\/m2camper.com\/de\/verdunkelungsisolatoren-fur-mercedes\/\" \/>\n<meta property=\"og:site_name\" content=\"M2 Camper | Aislantes t\u00e9rmicos y oscurecedores para campers\" \/>\n<meta property=\"article:modified_time\" content=\"2025-04-17T10:26:15+00:00\" \/>\n<meta property=\"og:image\" content=\"https:\/\/m2camper.com\/wp-content\/uploads\/2025\/01\/3_3_11zon.png\" \/>\n<meta name=\"twitter:card\" content=\"summary_large_image\" \/>\n<meta name=\"twitter:label1\" content=\"Gesch\u00e4tzte Lesezeit\" \/>\n\t<meta name=\"twitter:data1\" content=\"9\u00a0Minuten\" \/>\n<script type=\"application\/ld+json\" class=\"yoast-schema-graph\">{\"@context\":\"https:\\\/\\\/schema.org\",\"@graph\":[{\"@type\":\"WebPage\",\"@id\":\"https:\\\/\\\/m2camper.com\\\/aislantes-oscurecedores-para-mercedes\\\/\",\"url\":\"https:\\\/\\\/m2camper.com\\\/aislantes-oscurecedores-para-mercedes\\\/\",\"name\":\"Aislantes oscurecedores para Mercedes - M2 Camper | Aislantes t\u00e9rmicos y oscurecedores para campers\",\"isPartOf\":{\"@id\":\"https:\\\/\\\/m2camper.com\\\/pt\\\/#website\"},\"primaryImageOfPage\":{\"@id\":\"https:\\\/\\\/m2camper.com\\\/aislantes-oscurecedores-para-mercedes\\\/#primaryimage\"},\"image\":{\"@id\":\"https:\\\/\\\/m2camper.com\\\/aislantes-oscurecedores-para-mercedes\\\/#primaryimage\"},\"thumbnailUrl\":\"https:\\\/\\\/m2camper.com\\\/wp-content\\\/uploads\\\/2025\\\/01\\\/3_3_11zon.png\",\"datePublished\":\"2025-01-26T18:32:20+00:00\",\"dateModified\":\"2025-04-17T10:26:15+00:00\",\"breadcrumb\":{\"@id\":\"https:\\\/\\\/m2camper.com\\\/aislantes-oscurecedores-para-mercedes\\\/#breadcrumb\"},\"inLanguage\":\"de\",\"potentialAction\":[{\"@type\":\"ReadAction\",\"target\":[\"https:\\\/\\\/m2camper.com\\\/aislantes-oscurecedores-para-mercedes\\\/\"]}]},{\"@type\":\"ImageObject\",\"inLanguage\":\"de\",\"@id\":\"https:\\\/\\\/m2camper.com\\\/aislantes-oscurecedores-para-mercedes\\\/#primaryimage\",\"url\":\"https:\\\/\\\/m2camper.com\\\/wp-content\\\/uploads\\\/2025\\\/01\\\/3_3_11zon.png\",\"contentUrl\":\"https:\\\/\\\/m2camper.com\\\/wp-content\\\/uploads\\\/2025\\\/01\\\/3_3_11zon.png\"},{\"@type\":\"BreadcrumbList\",\"@id\":\"https:\\\/\\\/m2camper.com\\\/aislantes-oscurecedores-para-mercedes\\\/#breadcrumb\",\"itemListElement\":[{\"@type\":\"ListItem\",\"position\":1,\"name\":\"Portada\",\"item\":\"https:\\\/\\\/m2camper.com\\\/pt\\\/\"},{\"@type\":\"ListItem\",\"position\":2,\"name\":\"Aislantes oscurecedores para Mercedes\"}]},{\"@type\":\"WebSite\",\"@id\":\"https:\\\/\\\/m2camper.com\\\/pt\\\/#website\",\"url\":\"https:\\\/\\\/m2camper.com\\\/pt\\\/\",\"name\":\"M2 Campers | Aislantes t\u00e9rmicos y oscurecedores para campers\",\"description\":\"Descubre calidad y confort de nuestros aislantes t\u00e9rmicos oscurecedores y colchones para veh\u00edculos. Optimiza tu experiencia en carretera con M2 Camper.\",\"potentialAction\":[{\"@type\":\"SearchAction\",\"target\":{\"@type\":\"EntryPoint\",\"urlTemplate\":\"https:\\\/\\\/m2camper.com\\\/pt\\\/?s={search_term_string}\"},\"query-input\":{\"@type\":\"PropertyValueSpecification\",\"valueRequired\":true,\"valueName\":\"search_term_string\"}}],\"inLanguage\":\"de\"}]}<\/script>\n<!-- \/ Yoast SEO plugin. -->","yoast_head_json":{"title":"Verdunkelungsisolatoren f\u00fcr Mercedes - M2 Camper | W\u00e4rmed\u00e4mmung und Verdunkelung f\u00fcr Camper","robots":{"index":"index","follow":"follow","max-snippet":"max-snippet:-1","max-image-preview":"max-image-preview:large","max-video-preview":"max-video-preview:-1"},"canonical":"https:\/\/m2camper.com\/de\/verdunkelungsisolatoren-fur-mercedes\/","og_locale":"de_DE","og_type":"article","og_title":"Aislantes oscurecedores para Mercedes - M2 Camper | Aislantes t\u00e9rmicos y oscurecedores para campers","og_description":"Explora el mundo con tu Mercedes y lleva tu experiencia de viaje al siguiente nivel con nuestros aislantes t\u00e9rmicos oscurecedores de 9 capas, dise\u00f1ados espec\u00edficamente para veh\u00edculos Mercedes. En nuestra tienda, nos apasiona ofrecerte soluciones que transformar\u00e1n tu veh\u00edculo en un oasis de comodidad y privacidad. Veh\u00edculos Camper a MedidaSabemos que cada modelo de Mercedes&hellip;&nbsp;Weiterlesen &raquo;Aislantes oscurecedores para Mercedes","og_url":"https:\/\/m2camper.com\/de\/verdunkelungsisolatoren-fur-mercedes\/","og_site_name":"M2 Camper | Aislantes t\u00e9rmicos y oscurecedores para campers","article_modified_time":"2025-04-17T10:26:15+00:00","og_image":[{"url":"https:\/\/m2camper.com\/wp-content\/uploads\/2025\/01\/3_3_11zon.png","type":"","width":"","height":""}],"twitter_card":"summary_large_image","twitter_misc":{"Gesch\u00e4tzte Lesezeit":"9\u00a0Minuten"},"schema":{"@context":"https:\/\/schema.org","@graph":[{"@type":"WebPage","@id":"https:\/\/m2camper.com\/aislantes-oscurecedores-para-mercedes\/","url":"https:\/\/m2camper.com\/aislantes-oscurecedores-para-mercedes\/","name":"Verdunkelungsisolatoren f\u00fcr Mercedes - M2 Camper | W\u00e4rmed\u00e4mmung und Verdunkelung f\u00fcr Camper","isPartOf":{"@id":"https:\/\/m2camper.com\/pt\/#website"},"primaryImageOfPage":{"@id":"https:\/\/m2camper.com\/aislantes-oscurecedores-para-mercedes\/#primaryimage"},"image":{"@id":"https:\/\/m2camper.com\/aislantes-oscurecedores-para-mercedes\/#primaryimage"},"thumbnailUrl":"https:\/\/m2camper.com\/wp-content\/uploads\/2025\/01\/3_3_11zon.png","datePublished":"2025-01-26T18:32:20+00:00","dateModified":"2025-04-17T10:26:15+00:00","breadcrumb":{"@id":"https:\/\/m2camper.com\/aislantes-oscurecedores-para-mercedes\/#breadcrumb"},"inLanguage":"de","potentialAction":[{"@type":"ReadAction","target":["https:\/\/m2camper.com\/aislantes-oscurecedores-para-mercedes\/"]}]},{"@type":"ImageObject","inLanguage":"de","@id":"https:\/\/m2camper.com\/aislantes-oscurecedores-para-mercedes\/#primaryimage","url":"https:\/\/m2camper.com\/wp-content\/uploads\/2025\/01\/3_3_11zon.png","contentUrl":"https:\/\/m2camper.com\/wp-content\/uploads\/2025\/01\/3_3_11zon.png"},{"@type":"BreadcrumbList","@id":"https:\/\/m2camper.com\/aislantes-oscurecedores-para-mercedes\/#breadcrumb","itemListElement":[{"@type":"ListItem","position":1,"name":"Portada","item":"https:\/\/m2camper.com\/pt\/"},{"@type":"ListItem","position":2,"name":"Aislantes oscurecedores para Mercedes"}]},{"@type":"WebSite","@id":"https:\/\/m2camper.com\/pt\/#website","url":"https:\/\/m2camper.com\/pt\/","name":"M2 Wohnmobile | W\u00e4rmed\u00e4mmung und Verdunkelung f\u00fcr Camper","description":"Entdecken Sie die Qualit\u00e4t und den Komfort unserer w\u00e4rmeisolierenden Verdunkelungen und Matratzen f\u00fcr Fahrzeuge. Optimieren Sie Ihren Aufenthalt auf der Stra\u00dfe mit M2 Camper.","potentialAction":[{"@type":"SearchAction","target":{"@type":"EntryPoint","urlTemplate":"https:\/\/m2camper.com\/pt\/?s={search_term_string}"},"query-input":{"@type":"PropertyValueSpecification","valueRequired":true,"valueName":"search_term_string"}}],"inLanguage":"de"}]}},"_links":{"self":[{"href":"https:\/\/m2camper.com\/de\/wp-json\/wp\/v2\/pages\/11064","targetHints":{"allow":["GET"]}}],"collection":[{"href":"https:\/\/m2camper.com\/de\/wp-json\/wp\/v2\/pages"}],"about":[{"href":"https:\/\/m2camper.com\/de\/wp-json\/wp\/v2\/types\/page"}],"author":[{"embeddable":true,"href":"https:\/\/m2camper.com\/de\/wp-json\/wp\/v2\/users\/1"}],"replies":[{"embeddable":true,"href":"https:\/\/m2camper.com\/de\/wp-json\/wp\/v2\/comments?post=11064"}],"version-history":[{"count":41,"href":"https:\/\/m2camper.com\/de\/wp-json\/wp\/v2\/pages\/11064\/revisions"}],"predecessor-version":[{"id":13249,"href":"https:\/\/m2camper.com\/de\/wp-json\/wp\/v2\/pages\/11064\/revisions\/13249"}],"wp:attachment":[{"href":"https:\/\/m2camper.com\/de\/wp-json\/wp\/v2\/media?parent=11064"}],"curies":[{"name":"wp","href":"https:\/\/api.w.org\/{rel}","templated":true}]}}